{"id":120,"date":"2024-11-10T19:33:57","date_gmt":"2024-11-10T19:33:57","guid":{"rendered":"https:\/\/adepolsc.org.br\/adepolsite\/?page_id=120"},"modified":"2025-01-07T14:56:42","modified_gmt":"2025-01-07T14:56:42","slug":"ex-presidentes","status":"publish","type":"page","link":"https:\/\/adepolsc.org.br\/adepolsite\/ex-presidentes\/","title":{"rendered":"Ex-Presidentes"},"content":{"rendered":"\t\t<div data-elementor-type=\"wp-page\" data-elementor-id=\"120\" class=\"elementor elementor-120\" data-elementor-post-type=\"page\">\n\t\t\t\t<div class=\"elementor-element elementor-element-20122f4 e-flex e-con-boxed e-con e-parent\" data-id=\"20122f4\" data-element_type=\"container\" data-settings=\"{&quot;background_background&quot;:&quot;classic&quot;}\">\n\t\t\t\t\t<div class=\"e-con-inner\">\n\t\t<div class=\"elementor-element elementor-element-5379d96 e-con-full e-flex e-con e-child\" data-id=\"5379d96\" data-element_type=\"container\">\n\t\t<div class=\"elementor-element elementor-element-c54d6d2 e-con-full e-flex e-con e-child\" data-id=\"c54d6d2\" data-element_type=\"container\">\n\t\t\t\t<div class=\"elementor-element elementor-element-61e666c elementor-widget elementor-widget-heading\" data-id=\"61e666c\" data-element_type=\"widget\" data-widget_type=\"heading.default\">\n\t\t\t\t<div class=\"elementor-widget-container\">\n\t\t\t\t\t<h2 class=\"elementor-heading-title elementor-size-default\">EX-PRESIDENTES<\/h2>\t\t\t\t<\/div>\n\t\t\t\t<\/div>\n\t\t\t\t<div class=\"elementor-element elementor-element-5972912 elementor-widget elementor-widget-text-editor\" data-id=\"5972912\" data-element_type=\"widget\" data-widget_type=\"text-editor.default\">\n\t\t\t\t<div class=\"elementor-widget-container\">\n\t\t\t\t\t\t\t\t\t<p>A ADEPOL-SC tem as digitais de grandes homens e grandes mulheres em sua trajet\u00f3ria. Gestores que presidiram esta entidade com conhecimento, dedica\u00e7\u00e3o, honra e disciplina. N\u00f3s reconhecemos cada gest\u00e3o como essencial para garantir a representatividade que conquistamos.<\/p>\t\t\t\t\t\t\t\t<\/div>\n\t\t\t\t<\/div>\n\t\t\t\t<\/div>\n\t\t<div class=\"elementor-element elementor-element-9f9a788 e-con-full e-flex e-con e-child\" data-id=\"9f9a788\" data-element_type=\"container\">\n\t\t\t\t<div class=\"elementor-element elementor-element-bf96b98 elementor-widget elementor-widget-heading\" data-id=\"bf96b98\" data-element_type=\"widget\" data-widget_type=\"heading.default\">\n\t\t\t\t<div class=\"elementor-widget-container\">\n\t\t\t\t\t<h2 class=\"elementor-heading-title elementor-size-default\">Parab\u00e9ns<\/h2>\t\t\t\t<\/div>\n\t\t\t\t<\/div>\n\t\t\t\t<div class=\"elementor-element elementor-element-5c942af elementor-widget elementor-widget-text-editor\" data-id=\"5c942af\" data-element_type=\"widget\" data-widget_type=\"text-editor.default\">\n\t\t\t\t<div class=\"elementor-widget-container\">\n\t\t\t\t\t\t\t\t\t<p>a cada um que j\u00e1 passou pela diretoria, pois com certeza fizeram a diferen\u00e7a!<\/p>\t\t\t\t\t\t\t\t<\/div>\n\t\t\t\t<\/div>\n\t\t\t\t<\/div>\n\t\t\t\t<\/div>\n\t\t<div class=\"elementor-element elementor-element-f30ac67 e-con-full e-flex e-con e-child\" data-id=\"f30ac67\" data-element_type=\"container\">\n\t\t<div class=\"elementor-element elementor-element-49fc517 e-con-full e-flex e-con e-child\" data-id=\"49fc517\" data-element_type=\"container\">\n\t\t\t\t<div class=\"elementor-element elementor-element-75438ec elementor-widget elementor-widget-image\" data-id=\"75438ec\" data-element_type=\"widget\" data-widget_type=\"image.default\">\n\t\t\t\t<div class=\"elementor-widget-container\">\n\t\t\t\t\t\t\t\t\t\t\t\t<figure class=\"wp-caption\">\n\t\t\t\t\t\t\t\t\t\t\t<a href=\"http:\/\/adepolsc.org.br\/adepolsite\/wp-content\/uploads\/2024\/12\/01.png\" data-elementor-open-lightbox=\"yes\" data-elementor-lightbox-title=\"Vivian Garcia Selig (2021 - 2023)\" data-elementor-lightbox-description=\"Segunda mulher a presidir a ADEPOL-SC, entre 2021 e 2023, a Delegada Vivian Garcia Selig \u00e9 formada em Direito e especialista em Ci\u00eancias Criminais, Gest\u00e3o P\u00fablica e Direitos das Mulheres. Sua primeira designa\u00e7\u00e3o foi em Joinville, onde atuou por quatro anos. Em 2009, foi promovida para Tubar\u00e3o, onde assumiu a Delegacia da Mulher - DPCAMI, coordenou a Central de Pol\u00edcia e a 5\u00aa Delegacia Regional de Tubar\u00e3o, inaugurando o Complexo da Pol\u00edcia Civil da Cidade Azul. Atuou tamb\u00e9m na DPCAMI de Laguna\/SC e criou a primeira Delegacia de Prote\u00e7\u00e3o aos Direitos das Mulheres na DEIC, em S\u00e3o Jos\u00e9\/SC. Atualmente, \u00e9 Delegada Regional de Laguna.\" data-e-action-hash=\"#elementor-action%3Aaction%3Dlightbox%26settings%3DeyJpZCI6Njc0LCJ1cmwiOiJodHRwczpcL1wvYWRlcG9sc2Mub3JnLmJyXC9hZGVwb2xzaXRlXC93cC1jb250ZW50XC91cGxvYWRzXC8yMDI0XC8xMlwvMDEucG5nIn0%3D\">\n\t\t\t\t\t\t\t<img fetchpriority=\"high\" decoding=\"async\" width=\"400\" height=\"512\" src=\"https:\/\/adepolsc.org.br\/adepolsite\/wp-content\/uploads\/2024\/12\/01.png\" class=\"attachment-large size-large wp-image-674\" alt=\"Segunda mulher a presidir a ADEPOL-SC, entre 2021 e 2023, a Delegada Vivian Garcia Selig \u00e9 formada em Direito e especialista em Ci\u00eancias Criminais, Gest\u00e3o P\u00fablica e Direitos das Mulheres. Sua primeira designa\u00e7\u00e3o foi em Joinville, onde atuou por quatro anos. Em 2009, foi promovida para Tubar\u00e3o, onde assumiu a Delegacia da Mulher - DPCAMI, coordenou a Central de Pol\u00edcia e a 5\u00aa Delegacia Regional de Tubar\u00e3o, inaugurando o Complexo da Pol\u00edcia Civil da Cidade Azul. Atuou tamb\u00e9m na DPCAMI de Laguna\/SC e criou a primeira Delegacia de Prote\u00e7\u00e3o aos Direitos das Mulheres na DEIC, em S\u00e3o Jos\u00e9\/SC. Atualmente, \u00e9 Delegada Regional de Laguna.\" srcset=\"https:\/\/adepolsc.org.br\/adepolsite\/wp-content\/uploads\/2024\/12\/01.png 400w, https:\/\/adepolsc.org.br\/adepolsite\/wp-content\/uploads\/2024\/12\/01-234x300.png 234w\" sizes=\"(max-width: 400px) 100vw, 400px\" \/>\t\t\t\t\t\t\t\t<\/a>\n\t\t\t\t\t\t\t\t\t\t\t<figcaption class=\"widget-image-caption wp-caption-text\"><\/figcaption>\n\t\t\t\t\t\t\t\t\t\t<\/figure>\n\t\t\t\t\t\t\t\t\t<\/div>\n\t\t\t\t<\/div>\n\t\t\t\t<div class=\"elementor-element elementor-element-ab69c1a elementor-widget elementor-widget-text-editor\" data-id=\"ab69c1a\" data-element_type=\"widget\" data-widget_type=\"text-editor.default\">\n\t\t\t\t<div class=\"elementor-widget-container\">\n\t\t\t\t\t\t\t\t\t<p>Vivian Garcia Selig<\/p>\t\t\t\t\t\t\t\t<\/div>\n\t\t\t\t<\/div>\n\t\t\t\t<div class=\"elementor-element elementor-element-ec825dd elementor-widget elementor-widget-text-editor\" data-id=\"ec825dd\" data-element_type=\"widget\" data-widget_type=\"text-editor.default\">\n\t\t\t\t<div class=\"elementor-widget-container\">\n\t\t\t\t\t\t\t\t\t<p>2021 &#8211; 2023<\/p>\t\t\t\t\t\t\t\t<\/div>\n\t\t\t\t<\/div>\n\t\t\t\t<\/div>\n\t\t<div class=\"elementor-element elementor-element-6d2c203 e-con-full e-flex e-con e-child\" data-id=\"6d2c203\" data-element_type=\"container\">\n\t\t\t\t<div class=\"elementor-element elementor-element-13d5b3f elementor-widget elementor-widget-image\" data-id=\"13d5b3f\" data-element_type=\"widget\" data-widget_type=\"image.default\">\n\t\t\t\t<div class=\"elementor-widget-container\">\n\t\t\t\t\t\t\t\t\t\t\t\t<figure class=\"wp-caption\">\n\t\t\t\t\t\t\t\t\t\t\t<a href=\"http:\/\/adepolsc.org.br\/adepolsite\/wp-content\/uploads\/2024\/12\/02.png\" data-elementor-open-lightbox=\"yes\" data-elementor-lightbox-title=\"Rodrigo Falck Bortolini (2019 - 2021)\" data-elementor-lightbox-description=\"Natural de Conc\u00f3rdia (SC), o Delegado Rodrigo Falck Bortolini foi presidente da ADEPOL-SC entre 2019 e 2021. Formado em Direito pela UNIVALI em 2001, com especializa\u00e7\u00f5es em Gest\u00e3o de Seguran\u00e7a P\u00fablica e Intelig\u00eancia Criminal, atua como Delegado de Pol\u00edcia desde 2003. Ao longo de sua carreira, trabalhou em diversas comarcas, incluindo Maravilha, Anchieta, Porto Belo, Santo Amaro da Imperatriz, Florian\u00f3polis e Palho\u00e7a. Destacou-se na Ger\u00eancia de Fiscaliza\u00e7\u00e3o de Jogos e Divers\u00f5es e nas Delegacias de Combate a Crimes Contra a Administra\u00e7\u00e3o P\u00fablica e Furtos e Roubos de Ve\u00edculos da DEIC. Foi Vice-Presidente da ADPJ e recebeu o t\u00edtulo de Cidad\u00e3o Honor\u00e1rio de Florian\u00f3polis em 2019, al\u00e9m da Comenda do Poder Legislativo de Santa Catarina. Atualmente, \u00e9 Coordenador do N\u00facleo de Informa\u00e7\u00e3o e Seguran\u00e7a Institucional da Assembleia Legislativa de Santa Catarina (NIS\/ALESC).\" data-e-action-hash=\"#elementor-action%3Aaction%3Dlightbox%26settings%3DeyJpZCI6Njc2LCJ1cmwiOiJodHRwczpcL1wvYWRlcG9sc2Mub3JnLmJyXC9hZGVwb2xzaXRlXC93cC1jb250ZW50XC91cGxvYWRzXC8yMDI0XC8xMlwvMDIucG5nIn0%3D\">\n\t\t\t\t\t\t\t<img decoding=\"async\" width=\"400\" height=\"512\" src=\"https:\/\/adepolsc.org.br\/adepolsite\/wp-content\/uploads\/2024\/12\/02.png\" class=\"attachment-large size-large wp-image-676\" alt=\"Natural de Conc\u00f3rdia (SC), o Delegado Rodrigo Falck Bortolini foi presidente da ADEPOL-SC entre 2019 e 2021. Formado em Direito pela UNIVALI em 2001, com especializa\u00e7\u00f5es em Gest\u00e3o de Seguran\u00e7a P\u00fablica e Intelig\u00eancia Criminal, atua como Delegado de Pol\u00edcia desde 2003. Ao longo de sua carreira, trabalhou em diversas comarcas, incluindo Maravilha, Anchieta, Porto Belo, Santo Amaro da Imperatriz, Florian\u00f3polis e Palho\u00e7a. Destacou-se na Ger\u00eancia de Fiscaliza\u00e7\u00e3o de Jogos e Divers\u00f5es e nas Delegacias de Combate a Crimes Contra a Administra\u00e7\u00e3o P\u00fablica e Furtos e Roubos de Ve\u00edculos da DEIC. Foi Vice-Presidente da ADPJ e recebeu o t\u00edtulo de Cidad\u00e3o Honor\u00e1rio de Florian\u00f3polis em 2019, al\u00e9m da Comenda do Poder Legislativo de Santa Catarina. Atualmente, \u00e9 Coordenador do N\u00facleo de Informa\u00e7\u00e3o e Seguran\u00e7a Institucional da Assembleia Legislativa de Santa Catarina (NIS\/ALESC).\" srcset=\"https:\/\/adepolsc.org.br\/adepolsite\/wp-content\/uploads\/2024\/12\/02.png 400w, https:\/\/adepolsc.org.br\/adepolsite\/wp-content\/uploads\/2024\/12\/02-234x300.png 234w\" sizes=\"(max-width: 400px) 100vw, 400px\" \/>\t\t\t\t\t\t\t\t<\/a>\n\t\t\t\t\t\t\t\t\t\t\t<figcaption class=\"widget-image-caption wp-caption-text\"><\/figcaption>\n\t\t\t\t\t\t\t\t\t\t<\/figure>\n\t\t\t\t\t\t\t\t\t<\/div>\n\t\t\t\t<\/div>\n\t\t\t\t<div class=\"elementor-element elementor-element-470b7c7 elementor-widget elementor-widget-text-editor\" data-id=\"470b7c7\" data-element_type=\"widget\" data-widget_type=\"text-editor.default\">\n\t\t\t\t<div class=\"elementor-widget-container\">\n\t\t\t\t\t\t\t\t\t<p>Rodrigo Falck Bortolini<\/p>\t\t\t\t\t\t\t\t<\/div>\n\t\t\t\t<\/div>\n\t\t\t\t<div class=\"elementor-element elementor-element-9e57259 elementor-widget elementor-widget-text-editor\" data-id=\"9e57259\" data-element_type=\"widget\" data-widget_type=\"text-editor.default\">\n\t\t\t\t<div class=\"elementor-widget-container\">\n\t\t\t\t\t\t\t\t\t<p>2019 &#8211; 2021<\/p>\t\t\t\t\t\t\t\t<\/div>\n\t\t\t\t<\/div>\n\t\t\t\t<\/div>\n\t\t<div class=\"elementor-element elementor-element-1973a79 e-con-full e-flex e-con e-child\" data-id=\"1973a79\" data-element_type=\"container\">\n\t\t\t\t<div class=\"elementor-element elementor-element-a5bcc66 elementor-widget elementor-widget-image\" data-id=\"a5bcc66\" data-element_type=\"widget\" data-widget_type=\"image.default\">\n\t\t\t\t<div class=\"elementor-widget-container\">\n\t\t\t\t\t\t\t\t\t\t\t\t<figure class=\"wp-caption\">\n\t\t\t\t\t\t\t\t\t\t\t<a href=\"http:\/\/adepolsc.org.br\/adepolsite\/wp-content\/uploads\/2024\/12\/14.png\" data-elementor-open-lightbox=\"yes\" data-elementor-lightbox-title=\"Artur Jos\u00e9 Regis Neto (2018 - 2019)\" data-elementor-lightbox-description=\"Graduado em Direito, o Dr. Artur Jos\u00e9 R\u00e9gis Neto destacou-se na Delegacia de Pol\u00edcia da Comarca de Conc\u00f3rdia, onde atuou como Delegado Regional. Ao longo de sua carreira, trabalhou em diversas delegacias de Santa Catarina, incluindo a capital, e ocupou posi\u00e7\u00f5es de destaque, como Diretor-Adjunto da ACADEPOL e Diretor da Polinter e da DIPC. Como presidente da ADEPOL-SC entre 2018 e 2019, Artur foi fundamental na aprova\u00e7\u00e3o de legisla\u00e7\u00f5es significativas em benef\u00edcio da classe dos delegados de pol\u00edcia.\" data-e-action-hash=\"#elementor-action%3Aaction%3Dlightbox%26settings%3DeyJpZCI6NjkwLCJ1cmwiOiJodHRwczpcL1wvYWRlcG9sc2Mub3JnLmJyXC9hZGVwb2xzaXRlXC93cC1jb250ZW50XC91cGxvYWRzXC8yMDI0XC8xMlwvMTQucG5nIn0%3D\">\n\t\t\t\t\t\t\t<img decoding=\"async\" width=\"400\" height=\"512\" src=\"https:\/\/adepolsc.org.br\/adepolsite\/wp-content\/uploads\/2024\/12\/14.png\" class=\"attachment-large size-large wp-image-690\" alt=\"Graduado em Direito, o Dr. Artur Jos\u00e9 R\u00e9gis Neto destacou-se na Delegacia de Pol\u00edcia da Comarca de Conc\u00f3rdia, onde atuou como Delegado Regional. Ao longo de sua carreira, trabalhou em diversas delegacias de Santa Catarina, incluindo a capital, e ocupou posi\u00e7\u00f5es de destaque, como Diretor-Adjunto da ACADEPOL e Diretor da Polinter e da DIPC. Como presidente da ADEPOL-SC entre 2018 e 2019, Artur foi fundamental na aprova\u00e7\u00e3o de legisla\u00e7\u00f5es significativas em benef\u00edcio da classe dos delegados de pol\u00edcia.\" srcset=\"https:\/\/adepolsc.org.br\/adepolsite\/wp-content\/uploads\/2024\/12\/14.png 400w, https:\/\/adepolsc.org.br\/adepolsite\/wp-content\/uploads\/2024\/12\/14-234x300.png 234w\" sizes=\"(max-width: 400px) 100vw, 400px\" \/>\t\t\t\t\t\t\t\t<\/a>\n\t\t\t\t\t\t\t\t\t\t\t<figcaption class=\"widget-image-caption wp-caption-text\"><\/figcaption>\n\t\t\t\t\t\t\t\t\t\t<\/figure>\n\t\t\t\t\t\t\t\t\t<\/div>\n\t\t\t\t<\/div>\n\t\t\t\t<div class=\"elementor-element elementor-element-5622d7d elementor-widget elementor-widget-text-editor\" data-id=\"5622d7d\" data-element_type=\"widget\" data-widget_type=\"text-editor.default\">\n\t\t\t\t<div class=\"elementor-widget-container\">\n\t\t\t\t\t\t\t\t\t<p>Artur Jos\u00e9 Regis Neto<\/p>\t\t\t\t\t\t\t\t<\/div>\n\t\t\t\t<\/div>\n\t\t\t\t<div class=\"elementor-element elementor-element-f45cb40 elementor-widget elementor-widget-text-editor\" data-id=\"f45cb40\" data-element_type=\"widget\" data-widget_type=\"text-editor.default\">\n\t\t\t\t<div class=\"elementor-widget-container\">\n\t\t\t\t\t\t\t\t\t<p>2018 &#8211; 2019<\/p>\t\t\t\t\t\t\t\t<\/div>\n\t\t\t\t<\/div>\n\t\t\t\t<\/div>\n\t\t<div class=\"elementor-element elementor-element-c7dbeeb e-con-full e-flex e-con e-child\" data-id=\"c7dbeeb\" data-element_type=\"container\">\n\t\t\t\t<div class=\"elementor-element elementor-element-12023d7 elementor-widget elementor-widget-image\" data-id=\"12023d7\" data-element_type=\"widget\" data-widget_type=\"image.default\">\n\t\t\t\t<div class=\"elementor-widget-container\">\n\t\t\t\t\t\t\t\t\t\t\t\t<figure class=\"wp-caption\">\n\t\t\t\t\t\t\t\t\t\t\t<a href=\"http:\/\/adepolsc.org.br\/adepolsite\/wp-content\/uploads\/2024\/12\/04.png\" data-elementor-open-lightbox=\"yes\" data-elementor-lightbox-title=\"Ulisses Gabriel (2015 - 2018)\" data-elementor-lightbox-description=\"Natural de Turvo\/SC, o Delegado Ulisses Gabriel ingressou na carreira de Delegado de Pol\u00edcia em 2007. Desde ent\u00e3o, desempenha um valoroso trabalho em nossa institui\u00e7\u00e3o, com grande identifica\u00e7\u00e3o na regi\u00e3o sul de Santa Catarina, onde atuou como Delegado de Pol\u00edcia nos munic\u00edpios de Ararangu\u00e1, Crici\u00fama, Orleans, Tubar\u00e3o (Delegado Regional) e Urussanga. Foi tamb\u00e9m Corregedor (2017), Coordenador Pedag\u00f3gico na Academia de Pol\u00edcia (2015-2016) e Diretor Adjunto (2012-2013). Em 2015, foi eleito presidente da ADEPOL-SC, com mandato renovado em 2017, onde deixou um legado de grandes conquistas para a categoria dos Delegados de Pol\u00edcia. Atualmente, \u00e9 Delegado-Geral da Pol\u00edcia Civil de Santa Catarina.\" data-e-action-hash=\"#elementor-action%3Aaction%3Dlightbox%26settings%3DeyJpZCI6Njc4LCJ1cmwiOiJodHRwczpcL1wvYWRlcG9sc2Mub3JnLmJyXC9hZGVwb2xzaXRlXC93cC1jb250ZW50XC91cGxvYWRzXC8yMDI0XC8xMlwvMDQucG5nIn0%3D\">\n\t\t\t\t\t\t\t<img loading=\"lazy\" decoding=\"async\" width=\"400\" height=\"512\" src=\"https:\/\/adepolsc.org.br\/adepolsite\/wp-content\/uploads\/2024\/12\/04.png\" class=\"attachment-large size-large wp-image-678\" alt=\"Natural de Turvo\/SC, o Delegado Ulisses Gabriel ingressou na carreira de Delegado de Pol\u00edcia em 2007. Desde ent\u00e3o, desempenha um valoroso trabalho em nossa institui\u00e7\u00e3o, com grande identifica\u00e7\u00e3o na regi\u00e3o sul de Santa Catarina, onde atuou como Delegado de Pol\u00edcia nos munic\u00edpios de Ararangu\u00e1, Crici\u00fama, Orleans, Tubar\u00e3o (Delegado Regional) e Urussanga. Foi tamb\u00e9m Corregedor (2017), Coordenador Pedag\u00f3gico na Academia de Pol\u00edcia (2015-2016) e Diretor Adjunto (2012-2013). Em 2015, foi eleito presidente da ADEPOL-SC, com mandato renovado em 2017, onde deixou um legado de grandes conquistas para a categoria dos Delegados de Pol\u00edcia. Atualmente, \u00e9 Delegado-Geral da Pol\u00edcia Civil de Santa Catarina.\" srcset=\"https:\/\/adepolsc.org.br\/adepolsite\/wp-content\/uploads\/2024\/12\/04.png 400w, https:\/\/adepolsc.org.br\/adepolsite\/wp-content\/uploads\/2024\/12\/04-234x300.png 234w\" sizes=\"(max-width: 400px) 100vw, 400px\" \/>\t\t\t\t\t\t\t\t<\/a>\n\t\t\t\t\t\t\t\t\t\t\t<figcaption class=\"widget-image-caption wp-caption-text\"><\/figcaption>\n\t\t\t\t\t\t\t\t\t\t<\/figure>\n\t\t\t\t\t\t\t\t\t<\/div>\n\t\t\t\t<\/div>\n\t\t\t\t<div class=\"elementor-element elementor-element-d51cd20 elementor-widget elementor-widget-text-editor\" data-id=\"d51cd20\" data-element_type=\"widget\" data-widget_type=\"text-editor.default\">\n\t\t\t\t<div class=\"elementor-widget-container\">\n\t\t\t\t\t\t\t\t\t<p>Ulisses Gabriel<\/p>\t\t\t\t\t\t\t\t<\/div>\n\t\t\t\t<\/div>\n\t\t\t\t<div class=\"elementor-element elementor-element-599fbb3 elementor-widget elementor-widget-text-editor\" data-id=\"599fbb3\" data-element_type=\"widget\" data-widget_type=\"text-editor.default\">\n\t\t\t\t<div class=\"elementor-widget-container\">\n\t\t\t\t\t\t\t\t\t<p>2015 &#8211; 2018<\/p>\t\t\t\t\t\t\t\t<\/div>\n\t\t\t\t<\/div>\n\t\t\t\t<\/div>\n\t\t\t\t<\/div>\n\t\t<div class=\"elementor-element elementor-element-f8faff5 e-con-full e-flex e-con e-child\" data-id=\"f8faff5\" data-element_type=\"container\">\n\t\t<div class=\"elementor-element elementor-element-cdd7041 e-con-full e-flex e-con e-child\" data-id=\"cdd7041\" data-element_type=\"container\">\n\t\t\t\t<div class=\"elementor-element elementor-element-2045ae2 elementor-widget elementor-widget-image\" data-id=\"2045ae2\" data-element_type=\"widget\" data-widget_type=\"image.default\">\n\t\t\t\t<div class=\"elementor-widget-container\">\n\t\t\t\t\t\t\t\t\t\t\t\t<figure class=\"wp-caption\">\n\t\t\t\t\t\t\t\t\t\t\t<a href=\"http:\/\/adepolsc.org.br\/adepolsite\/wp-content\/uploads\/2024\/12\/05.png\" data-elementor-open-lightbox=\"yes\" data-elementor-lightbox-title=\"Mauro Dutra - 2014 - 2015\" data-elementor-lightbox-description=\"Natural de S\u00e3o Joaquim (SC), o Delegado Mauro Dutra possui forma\u00e7\u00e3o superior em Direito, graduando-se pela Universidade Federal de Santa Catarina (UFSC) em 1977. Atuou como Delegado em Lages (1978-1982), na Delegacia de Furtos e Roubos em Florian\u00f3polis (1982-1983) e como Delegado Regional de Xanxer\u00ea (1984-1987). Trabalhou em S\u00e3o Joaquim (1987-1988), foi Gerente de Tr\u00e2nsito do DETRAN-SC (1988-1990) e Corregedor Policial (1990-1991). Exerceu a fun\u00e7\u00e3o de Corregedor de Orienta\u00e7\u00f5es e Correi\u00e7\u00f5es na Corregedoria Geral da Pol\u00edcia Civil (1992-1993) e foi Subdiretor do DETRAN\/SC (1993-1994), al\u00e9m de Diretor Geral (1995-1998). Entre 1999 e 2000, foi Assessor da dire\u00e7\u00e3o do DETRAN e, de 2000 a 2004, Coordenador das Delegacias da Grande Florian\u00f3polis. Em 2004, tornou-se Diretor do DEAP\/SC at\u00e9 2005 e foi membro do Conselho Superior da Pol\u00edcia Civil de 1995 a 2005. Aposentou-se em dezembro de 2005. Na ADEPOL-SC, foi presidente de 2014 a 2015 e vice-presidente em diferentes gest\u00f5es. Atualmente, \u00e9 Diretor de Patrim\u00f4nio da associa\u00e7\u00e3o.\" data-e-action-hash=\"#elementor-action%3Aaction%3Dlightbox%26settings%3DeyJpZCI6Njc5LCJ1cmwiOiJodHRwczpcL1wvYWRlcG9sc2Mub3JnLmJyXC9hZGVwb2xzaXRlXC93cC1jb250ZW50XC91cGxvYWRzXC8yMDI0XC8xMlwvMDUucG5nIn0%3D\">\n\t\t\t\t\t\t\t<img loading=\"lazy\" decoding=\"async\" width=\"400\" height=\"512\" src=\"https:\/\/adepolsc.org.br\/adepolsite\/wp-content\/uploads\/2024\/12\/05.png\" class=\"attachment-large size-large wp-image-679\" alt=\"Natural de S\u00e3o Joaquim (SC), o Delegado Mauro Dutra possui forma\u00e7\u00e3o superior em Direito, graduando-se pela Universidade Federal de Santa Catarina (UFSC) em 1977. Atuou como Delegado em Lages (1978-1982), na Delegacia de Furtos e Roubos em Florian\u00f3polis (1982-1983) e como Delegado Regional de Xanxer\u00ea (1984-1987). Trabalhou em S\u00e3o Joaquim (1987-1988), foi Gerente de Tr\u00e2nsito do DETRAN-SC (1988-1990) e Corregedor Policial (1990-1991). Exerceu a fun\u00e7\u00e3o de Corregedor de Orienta\u00e7\u00f5es e Correi\u00e7\u00f5es na Corregedoria Geral da Pol\u00edcia Civil (1992-1993) e foi Subdiretor do DETRAN\/SC (1993-1994), al\u00e9m de Diretor Geral (1995-1998). Entre 1999 e 2000, foi Assessor da dire\u00e7\u00e3o do DETRAN e, de 2000 a 2004, Coordenador das Delegacias da Grande Florian\u00f3polis. Em 2004, tornou-se Diretor do DEAP\/SC at\u00e9 2005 e foi membro do Conselho Superior da Pol\u00edcia Civil de 1995 a 2005. Aposentou-se em dezembro de 2005. Na ADEPOL-SC, foi presidente de 2014 a 2015 e vice-presidente em diferentes gest\u00f5es. Atualmente, \u00e9 Diretor de Patrim\u00f4nio da associa\u00e7\u00e3o.\" srcset=\"https:\/\/adepolsc.org.br\/adepolsite\/wp-content\/uploads\/2024\/12\/05.png 400w, https:\/\/adepolsc.org.br\/adepolsite\/wp-content\/uploads\/2024\/12\/05-234x300.png 234w\" sizes=\"(max-width: 400px) 100vw, 400px\" \/>\t\t\t\t\t\t\t\t<\/a>\n\t\t\t\t\t\t\t\t\t\t\t<figcaption class=\"widget-image-caption wp-caption-text\"><\/figcaption>\n\t\t\t\t\t\t\t\t\t\t<\/figure>\n\t\t\t\t\t\t\t\t\t<\/div>\n\t\t\t\t<\/div>\n\t\t\t\t<div class=\"elementor-element elementor-element-77bbbd3 elementor-widget elementor-widget-text-editor\" data-id=\"77bbbd3\" data-element_type=\"widget\" data-widget_type=\"text-editor.default\">\n\t\t\t\t<div class=\"elementor-widget-container\">\n\t\t\t\t\t\t\t\t\t<p>Mauro Dutra<\/p>\t\t\t\t\t\t\t\t<\/div>\n\t\t\t\t<\/div>\n\t\t\t\t<div class=\"elementor-element elementor-element-72291e4 elementor-widget elementor-widget-text-editor\" data-id=\"72291e4\" data-element_type=\"widget\" data-widget_type=\"text-editor.default\">\n\t\t\t\t<div class=\"elementor-widget-container\">\n\t\t\t\t\t\t\t\t\t<p>2014 &#8211; 2015<\/p>\t\t\t\t\t\t\t\t<\/div>\n\t\t\t\t<\/div>\n\t\t\t\t<\/div>\n\t\t<div class=\"elementor-element elementor-element-ce39ef9 e-con-full e-flex e-con e-child\" data-id=\"ce39ef9\" data-element_type=\"container\">\n\t\t\t\t<div class=\"elementor-element elementor-element-1789435 elementor-widget elementor-widget-image\" data-id=\"1789435\" data-element_type=\"widget\" data-widget_type=\"image.default\">\n\t\t\t\t<div class=\"elementor-widget-container\">\n\t\t\t\t\t\t\t\t\t\t\t\t<figure class=\"wp-caption\">\n\t\t\t\t\t\t\t\t\t\t\t<a href=\"http:\/\/adepolsc.org.br\/adepolsite\/wp-content\/uploads\/2024\/12\/16-1.png\" data-elementor-open-lightbox=\"yes\" data-elementor-lightbox-title=\"Renato Hendges - 2010 - 2014\" data-elementor-lightbox-description=\"Natural de Palmeiras das Miss\u00f5es (RS), o Delegado Renato Hendges formou-se em Direito e ingressou na Pol\u00edcia Civil em 1974, inicialmente como comiss\u00e1rio. Em 1983, foi promovido a delegado, tendo sua primeira atua\u00e7\u00e3o na Comarca de Rio do Sul, localizada no Alto Vale do Itaja\u00ed. Em 1990, integrou a Divis\u00e3o Antissequestro da Diretoria Estadual de Investiga\u00e7\u00f5es Criminais (DEIC), onde permaneceu at\u00e9 2014. Durante sua carreira, destacou-se nacionalmente por alcan\u00e7ar uma taxa de 100% de resolu\u00e7\u00e3o em todos os casos de sequestro sob sua investiga\u00e7\u00e3o. Seu conhecimento e habilidade o tornaram um profissional requisitado, recebendo convites de pol\u00edcias de outros estados para atuar em casos de dif\u00edcil resolu\u00e7\u00e3o, incluindo investiga\u00e7\u00f5es de sequestros em Mato Grosso, Alagoas e at\u00e9 mesmo em Buenos Aires. Entre 2010 e 2014, presidiu a ADEPOL-SC e foi agraciado com diversas homenagens, como a Medalha do M\u00e9rito do Munic\u00edpio de Florian\u00f3polis, a Medalha do Judici\u00e1rio Catarinense e o t\u00edtulo de Cidad\u00e3o Catarinense, concedido pela Assembleia Legislativa de Santa Catarina.\n\" data-e-action-hash=\"#elementor-action%3Aaction%3Dlightbox%26settings%3DeyJpZCI6NzIyLCJ1cmwiOiJodHRwczpcL1wvYWRlcG9sc2Mub3JnLmJyXC9hZGVwb2xzaXRlXC93cC1jb250ZW50XC91cGxvYWRzXC8yMDI0XC8xMlwvMTYtMS5wbmcifQ%3D%3D\">\n\t\t\t\t\t\t\t<img loading=\"lazy\" decoding=\"async\" width=\"382\" height=\"464\" src=\"https:\/\/adepolsc.org.br\/adepolsite\/wp-content\/uploads\/2024\/12\/16-1.png\" class=\"attachment-large size-large wp-image-722\" alt=\"Natural de Palmeiras das Miss\u00f5es (RS), o Delegado Renato Hendges formou-se em Direito e ingressou na Pol\u00edcia Civil em 1974, inicialmente como comiss\u00e1rio. Em 1983, foi promovido a delegado, tendo sua primeira atua\u00e7\u00e3o na Comarca de Rio do Sul, localizada no Alto Vale do Itaja\u00ed. Em 1990, integrou a Divis\u00e3o Antissequestro da Diretoria Estadual de Investiga\u00e7\u00f5es Criminais (DEIC), onde permaneceu at\u00e9 2014. Durante sua carreira, destacou-se nacionalmente por alcan\u00e7ar uma taxa de 100% de resolu\u00e7\u00e3o em todos os casos de sequestro sob sua investiga\u00e7\u00e3o. Seu conhecimento e habilidade o tornaram um profissional requisitado, recebendo convites de pol\u00edcias de outros estados para atuar em casos de dif\u00edcil resolu\u00e7\u00e3o, incluindo investiga\u00e7\u00f5es de sequestros em Mato Grosso, Alagoas e at\u00e9 mesmo em Buenos Aires. Entre 2010 e 2014, presidiu a ADEPOL-SC e foi agraciado com diversas homenagens, como a Medalha do M\u00e9rito do Munic\u00edpio de Florian\u00f3polis, a Medalha do Judici\u00e1rio Catarinense e o t\u00edtulo de Cidad\u00e3o Catarinense, concedido pela Assembleia Legislativa de Santa Catarina.\" srcset=\"https:\/\/adepolsc.org.br\/adepolsite\/wp-content\/uploads\/2024\/12\/16-1.png 382w, https:\/\/adepolsc.org.br\/adepolsite\/wp-content\/uploads\/2024\/12\/16-1-247x300.png 247w\" sizes=\"(max-width: 382px) 100vw, 382px\" \/>\t\t\t\t\t\t\t\t<\/a>\n\t\t\t\t\t\t\t\t\t\t\t<figcaption class=\"widget-image-caption wp-caption-text\"><\/figcaption>\n\t\t\t\t\t\t\t\t\t\t<\/figure>\n\t\t\t\t\t\t\t\t\t<\/div>\n\t\t\t\t<\/div>\n\t\t\t\t<div class=\"elementor-element elementor-element-18620d8 elementor-widget elementor-widget-text-editor\" data-id=\"18620d8\" data-element_type=\"widget\" data-widget_type=\"text-editor.default\">\n\t\t\t\t<div class=\"elementor-widget-container\">\n\t\t\t\t\t\t\t\t\t<p>Renato Hendges<\/p>\t\t\t\t\t\t\t\t<\/div>\n\t\t\t\t<\/div>\n\t\t\t\t<div class=\"elementor-element elementor-element-3626607 elementor-widget elementor-widget-text-editor\" data-id=\"3626607\" data-element_type=\"widget\" data-widget_type=\"text-editor.default\">\n\t\t\t\t<div class=\"elementor-widget-container\">\n\t\t\t\t\t\t\t\t\t<p>2010 &#8211; 2014<\/p>\t\t\t\t\t\t\t\t<\/div>\n\t\t\t\t<\/div>\n\t\t\t\t<\/div>\n\t\t<div class=\"elementor-element elementor-element-d2a6e5f e-con-full e-flex e-con e-child\" data-id=\"d2a6e5f\" data-element_type=\"container\">\n\t\t\t\t<div class=\"elementor-element elementor-element-ac80629 elementor-widget elementor-widget-image\" data-id=\"ac80629\" data-element_type=\"widget\" data-widget_type=\"image.default\">\n\t\t\t\t<div class=\"elementor-widget-container\">\n\t\t\t\t\t\t\t\t\t\t\t\t<figure class=\"wp-caption\">\n\t\t\t\t\t\t\t\t\t\t\t<a href=\"http:\/\/adepolsc.org.br\/adepolsite\/wp-content\/uploads\/2024\/12\/17.png\" data-elementor-open-lightbox=\"yes\" data-elementor-lightbox-title=\"Son\u00eaa Maria Ventura Neves - 2007 - 2010\" data-elementor-lightbox-description=\"A Delegada Son\u00eaa Maria Ventura Neves destacou-se ao ser aprovada em 1\u00ba lugar no concurso para Delegada de Pol\u00edcia em 1995. Formada em Ci\u00eancias Jur\u00eddicas pela UNISINOS\/RS, possui especializa\u00e7\u00e3o em Processo Civil e em Meio Ambiente e Seguran\u00e7a de Tr\u00e2nsito. Son\u00eaa foi professora de Direito Processual Penal na ACADEPOL e membro da banca examinadora do concurso para Delegado. Ao longo da carreira, trabalhou na Delegacia de Crimes Contra a Economia, na 9\u00aa Delegacia da Capital e na Central de Plant\u00e3o da Grande Florian\u00f3polis, contribuindo para a transpar\u00eancia na Comiss\u00e3o de Licita\u00e7\u00f5es da Secretaria de Seguran\u00e7a P\u00fablica e para a atualiza\u00e7\u00e3o da legisla\u00e7\u00e3o da Pol\u00edcia Civil. Foi a primeira representante da Secretaria de Seguran\u00e7a P\u00fablica no Tribunal de Justi\u00e7a, promovendo a harmoniza\u00e7\u00e3o entre as institui\u00e7\u00f5es. Tamb\u00e9m teve um papel importante na moderniza\u00e7\u00e3o do DETRAN\/SC. Fez hist\u00f3ria ao ser a primeira mulher a presidir a ADEPOL-SC por dois mandatos e a primeira a ser Vice-Presidente da ADEPOL\/BRASIL. Sua dedica\u00e7\u00e3o foi crucial na luta pela aprova\u00e7\u00e3o do Plano de Carreira da Pol\u00edcia Civil e pela aposentadoria especial da categoria.\n\" data-e-action-hash=\"#elementor-action%3Aaction%3Dlightbox%26settings%3DeyJpZCI6NzIzLCJ1cmwiOiJodHRwczpcL1wvYWRlcG9sc2Mub3JnLmJyXC9hZGVwb2xzaXRlXC93cC1jb250ZW50XC91cGxvYWRzXC8yMDI0XC8xMlwvMTcucG5nIn0%3D\">\n\t\t\t\t\t\t\t<img loading=\"lazy\" decoding=\"async\" width=\"382\" height=\"464\" src=\"https:\/\/adepolsc.org.br\/adepolsite\/wp-content\/uploads\/2024\/12\/17.png\" class=\"attachment-large size-large wp-image-723\" alt=\"A Delegada Son\u00eaa Maria Ventura Neves destacou-se ao ser aprovada em 1\u00ba lugar no concurso para Delegada de Pol\u00edcia em 1995. Formada em Ci\u00eancias Jur\u00eddicas pela UNISINOS\/RS, possui especializa\u00e7\u00e3o em Processo Civil e em Meio Ambiente e Seguran\u00e7a de Tr\u00e2nsito. Son\u00eaa foi professora de Direito Processual Penal na ACADEPOL e membro da banca examinadora do concurso para Delegado. Ao longo da carreira, trabalhou na Delegacia de Crimes Contra a Economia, na 9\u00aa Delegacia da Capital e na Central de Plant\u00e3o da Grande Florian\u00f3polis, contribuindo para a transpar\u00eancia na Comiss\u00e3o de Licita\u00e7\u00f5es da Secretaria de Seguran\u00e7a P\u00fablica e para a atualiza\u00e7\u00e3o da legisla\u00e7\u00e3o da Pol\u00edcia Civil. Foi a primeira representante da Secretaria de Seguran\u00e7a P\u00fablica no Tribunal de Justi\u00e7a, promovendo a harmoniza\u00e7\u00e3o entre as institui\u00e7\u00f5es. Tamb\u00e9m teve um papel importante na moderniza\u00e7\u00e3o do DETRAN\/SC. Fez hist\u00f3ria ao ser a primeira mulher a presidir a ADEPOL-SC por dois mandatos e a primeira a ser Vice-Presidente da ADEPOL\/BRASIL. Sua dedica\u00e7\u00e3o foi crucial na luta pela aprova\u00e7\u00e3o do Plano de Carreira da Pol\u00edcia Civil e pela aposentadoria especial da categoria.\" srcset=\"https:\/\/adepolsc.org.br\/adepolsite\/wp-content\/uploads\/2024\/12\/17.png 382w, https:\/\/adepolsc.org.br\/adepolsite\/wp-content\/uploads\/2024\/12\/17-247x300.png 247w\" sizes=\"(max-width: 382px) 100vw, 382px\" \/>\t\t\t\t\t\t\t\t<\/a>\n\t\t\t\t\t\t\t\t\t\t\t<figcaption class=\"widget-image-caption wp-caption-text\"><\/figcaption>\n\t\t\t\t\t\t\t\t\t\t<\/figure>\n\t\t\t\t\t\t\t\t\t<\/div>\n\t\t\t\t<\/div>\n\t\t\t\t<div class=\"elementor-element elementor-element-6c9f2a2 elementor-widget elementor-widget-text-editor\" data-id=\"6c9f2a2\" data-element_type=\"widget\" data-widget_type=\"text-editor.default\">\n\t\t\t\t<div class=\"elementor-widget-container\">\n\t\t\t\t\t\t\t\t\t<p>Son\u00eaa Maria Ventura <\/p>\t\t\t\t\t\t\t\t<\/div>\n\t\t\t\t<\/div>\n\t\t\t\t<div class=\"elementor-element elementor-element-87b9e28 elementor-widget elementor-widget-text-editor\" data-id=\"87b9e28\" data-element_type=\"widget\" data-widget_type=\"text-editor.default\">\n\t\t\t\t<div class=\"elementor-widget-container\">\n\t\t\t\t\t\t\t\t\t<p>2007 &#8211; 2010<\/p>\t\t\t\t\t\t\t\t<\/div>\n\t\t\t\t<\/div>\n\t\t\t\t<\/div>\n\t\t<div class=\"elementor-element elementor-element-737e5f3 e-con-full e-flex e-con e-child\" data-id=\"737e5f3\" data-element_type=\"container\">\n\t\t\t\t<div class=\"elementor-element elementor-element-fcf1d41 elementor-widget elementor-widget-image\" data-id=\"fcf1d41\" data-element_type=\"widget\" data-widget_type=\"image.default\">\n\t\t\t\t<div class=\"elementor-widget-container\">\n\t\t\t\t\t\t\t\t\t\t\t\t<figure class=\"wp-caption\">\n\t\t\t\t\t\t\t\t\t\t\t<a href=\"http:\/\/adepolsc.org.br\/adepolsite\/wp-content\/uploads\/2024\/12\/0.png\" data-elementor-open-lightbox=\"yes\" data-elementor-lightbox-title=\"Maur\u00edcio de Freitas Noronha (2003 - 2007)\" data-e-action-hash=\"#elementor-action%3Aaction%3Dlightbox%26settings%3DeyJpZCI6NjgxLCJ1cmwiOiJodHRwczpcL1wvYWRlcG9sc2Mub3JnLmJyXC9hZGVwb2xzaXRlXC93cC1jb250ZW50XC91cGxvYWRzXC8yMDI0XC8xMlwvMC5wbmcifQ%3D%3D\">\n\t\t\t\t\t\t\t<img loading=\"lazy\" decoding=\"async\" width=\"400\" height=\"512\" src=\"https:\/\/adepolsc.org.br\/adepolsite\/wp-content\/uploads\/2024\/12\/0.png\" class=\"attachment-large size-large wp-image-681\" alt=\"\" srcset=\"https:\/\/adepolsc.org.br\/adepolsite\/wp-content\/uploads\/2024\/12\/0.png 400w, https:\/\/adepolsc.org.br\/adepolsite\/wp-content\/uploads\/2024\/12\/0-234x300.png 234w\" sizes=\"(max-width: 400px) 100vw, 400px\" \/>\t\t\t\t\t\t\t\t<\/a>\n\t\t\t\t\t\t\t\t\t\t\t<figcaption class=\"widget-image-caption wp-caption-text\"><\/figcaption>\n\t\t\t\t\t\t\t\t\t\t<\/figure>\n\t\t\t\t\t\t\t\t\t<\/div>\n\t\t\t\t<\/div>\n\t\t\t\t<div class=\"elementor-element elementor-element-5e3c71a elementor-widget elementor-widget-text-editor\" data-id=\"5e3c71a\" data-element_type=\"widget\" data-widget_type=\"text-editor.default\">\n\t\t\t\t<div class=\"elementor-widget-container\">\n\t\t\t\t\t\t\t\t\t<p>Maur\u00edcio de Freitas <\/p>\t\t\t\t\t\t\t\t<\/div>\n\t\t\t\t<\/div>\n\t\t\t\t<div class=\"elementor-element elementor-element-c3e6e4c elementor-widget elementor-widget-text-editor\" data-id=\"c3e6e4c\" data-element_type=\"widget\" data-widget_type=\"text-editor.default\">\n\t\t\t\t<div class=\"elementor-widget-container\">\n\t\t\t\t\t\t\t\t\t<p>2003 &#8211; 2007<\/p>\t\t\t\t\t\t\t\t<\/div>\n\t\t\t\t<\/div>\n\t\t\t\t<\/div>\n\t\t\t\t<\/div>\n\t\t<div class=\"elementor-element elementor-element-a77ae05 e-con-full e-flex e-con e-child\" data-id=\"a77ae05\" data-element_type=\"container\">\n\t\t<div class=\"elementor-element elementor-element-1cfa7b4 e-con-full e-flex e-con e-child\" data-id=\"1cfa7b4\" data-element_type=\"container\">\n\t\t\t\t<div class=\"elementor-element elementor-element-8785ce7 elementor-widget elementor-widget-image\" data-id=\"8785ce7\" data-element_type=\"widget\" data-widget_type=\"image.default\">\n\t\t\t\t<div class=\"elementor-widget-container\">\n\t\t\t\t\t\t\t\t\t\t\t\t<figure class=\"wp-caption\">\n\t\t\t\t\t\t\t\t\t\t\t<a href=\"http:\/\/adepolsc.org.br\/adepolsite\/wp-content\/uploads\/2024\/12\/06.png\" data-elementor-open-lightbox=\"yes\" data-elementor-lightbox-title=\"Mario Cesar Martins (1997 - 2003)\" data-elementor-lightbox-description=\"M\u00e1rio Cesar Martins \u00e9 um experiente Delegado de Pol\u00edcia de Entr\u00e2ncia Especial, com uma carreira que se estende por mais de quatro d\u00e9cadas, desde 1978. Formado em Direito pela UFSC em 1982, ele possui uma p\u00f3s-gradua\u00e7\u00e3o em Seguran\u00e7a P\u00fablica pela UNISUL\/SC (2002). Entre 1997 e 2003, presidiu a Associa\u00e7\u00e3o dos Delegados de Pol\u00edcia de Santa Catarina (ADEPOL\/SC) e foi Vice-Presidente da ADEPOL\/BRASIL. Com vasta experi\u00eancia em diversas delegacias e fun\u00e7\u00f5es administrativas, como Chefe de Gabinete do Delegado Geral da Pol\u00edcia Civil de SC, atualmente \u00e9 Gerente de Recursos Humanos da SSP\/SC. Seus conhecimentos internacionais em pr\u00e1ticas policiais, adquiridos em pa\u00edses como Fran\u00e7a, Espanha e Portugal em 2003, complementam sua s\u00f3lida forma\u00e7\u00e3o e trajet\u00f3ria profissional.\" data-e-action-hash=\"#elementor-action%3Aaction%3Dlightbox%26settings%3DeyJpZCI6NjgyLCJ1cmwiOiJodHRwczpcL1wvYWRlcG9sc2Mub3JnLmJyXC9hZGVwb2xzaXRlXC93cC1jb250ZW50XC91cGxvYWRzXC8yMDI0XC8xMlwvMDYucG5nIn0%3D\">\n\t\t\t\t\t\t\t<img loading=\"lazy\" decoding=\"async\" width=\"400\" height=\"512\" src=\"https:\/\/adepolsc.org.br\/adepolsite\/wp-content\/uploads\/2024\/12\/06.png\" class=\"attachment-large size-large wp-image-682\" alt=\"M\u00e1rio Cesar Martins \u00e9 um experiente Delegado de Pol\u00edcia de Entr\u00e2ncia Especial, com uma carreira que se estende por mais de quatro d\u00e9cadas, desde 1978. Formado em Direito pela UFSC em 1982, ele possui uma p\u00f3s-gradua\u00e7\u00e3o em Seguran\u00e7a P\u00fablica pela UNISUL\/SC (2002). Entre 1997 e 2003, presidiu a Associa\u00e7\u00e3o dos Delegados de Pol\u00edcia de Santa Catarina (ADEPOL\/SC) e foi Vice-Presidente da ADEPOL\/BRASIL. Com vasta experi\u00eancia em diversas delegacias e fun\u00e7\u00f5es administrativas, como Chefe de Gabinete do Delegado Geral da Pol\u00edcia Civil de SC, atualmente \u00e9 Gerente de Recursos Humanos da SSP\/SC. Seus conhecimentos internacionais em pr\u00e1ticas policiais, adquiridos em pa\u00edses como Fran\u00e7a, Espanha e Portugal em 2003, complementam sua s\u00f3lida forma\u00e7\u00e3o e trajet\u00f3ria profissional.\" srcset=\"https:\/\/adepolsc.org.br\/adepolsite\/wp-content\/uploads\/2024\/12\/06.png 400w, https:\/\/adepolsc.org.br\/adepolsite\/wp-content\/uploads\/2024\/12\/06-234x300.png 234w\" sizes=\"(max-width: 400px) 100vw, 400px\" \/>\t\t\t\t\t\t\t\t<\/a>\n\t\t\t\t\t\t\t\t\t\t\t<figcaption class=\"widget-image-caption wp-caption-text\"><\/figcaption>\n\t\t\t\t\t\t\t\t\t\t<\/figure>\n\t\t\t\t\t\t\t\t\t<\/div>\n\t\t\t\t<\/div>\n\t\t\t\t<div class=\"elementor-element elementor-element-31f2ef5 elementor-widget elementor-widget-text-editor\" data-id=\"31f2ef5\" data-element_type=\"widget\" data-widget_type=\"text-editor.default\">\n\t\t\t\t<div class=\"elementor-widget-container\">\n\t\t\t\t\t\t\t\t\t<p>Mario Martins<\/p>\t\t\t\t\t\t\t\t<\/div>\n\t\t\t\t<\/div>\n\t\t\t\t<div class=\"elementor-element elementor-element-b98e3e1 elementor-widget elementor-widget-text-editor\" data-id=\"b98e3e1\" data-element_type=\"widget\" data-widget_type=\"text-editor.default\">\n\t\t\t\t<div class=\"elementor-widget-container\">\n\t\t\t\t\t\t\t\t\t<p>1997 &#8211; 2003<\/p>\t\t\t\t\t\t\t\t<\/div>\n\t\t\t\t<\/div>\n\t\t\t\t<\/div>\n\t\t<div class=\"elementor-element elementor-element-64d297d e-con-full e-flex e-con e-child\" data-id=\"64d297d\" data-element_type=\"container\">\n\t\t\t\t<div class=\"elementor-element elementor-element-64588f7 elementor-widget elementor-widget-image\" data-id=\"64588f7\" data-element_type=\"widget\" data-widget_type=\"image.default\">\n\t\t\t\t<div class=\"elementor-widget-container\">\n\t\t\t\t\t\t\t\t\t\t\t\t<figure class=\"wp-caption\">\n\t\t\t\t\t\t\t\t\t\t\t<a href=\"http:\/\/adepolsc.org.br\/adepolsite\/wp-content\/uploads\/2024\/12\/007.png\" data-elementor-open-lightbox=\"yes\" data-elementor-lightbox-title=\"Alberto de Freitas (1987 - 1997)\" data-elementor-lightbox-description=\"O Dr. Alberto de Freitas foi um dos presidentes mais longevos da hist\u00f3ria da ADEPOL-SC, exercendo o cargo de 1987 a 1997, per\u00edodo em que promoveu significativos avan\u00e7os para a associa\u00e7\u00e3o e para os profissionais da categoria dos delegados de pol\u00edcia. Al\u00e9m disso, atuou como Corregedor Geral da Pol\u00edcia Civil de Santa Catarina e foi professor na Academia de Pol\u00edcia Civil de Santa Catarina (ACADEPOL) e na Academia da Pol\u00edcia Militar de Santa Catarina. Atualmente, ele exerce a profiss\u00e3o de advogado.\n\" data-e-action-hash=\"#elementor-action%3Aaction%3Dlightbox%26settings%3DeyJpZCI6NjgzLCJ1cmwiOiJodHRwczpcL1wvYWRlcG9sc2Mub3JnLmJyXC9hZGVwb2xzaXRlXC93cC1jb250ZW50XC91cGxvYWRzXC8yMDI0XC8xMlwvMDA3LnBuZyJ9\">\n\t\t\t\t\t\t\t<img loading=\"lazy\" decoding=\"async\" width=\"400\" height=\"512\" src=\"https:\/\/adepolsc.org.br\/adepolsite\/wp-content\/uploads\/2024\/12\/007.png\" class=\"attachment-large size-large wp-image-683\" alt=\"O Dr. Alberto de Freitas foi um dos presidentes mais longevos da hist\u00f3ria da ADEPOL-SC, exercendo o cargo de 1987 a 1997, per\u00edodo em que promoveu significativos avan\u00e7os para a associa\u00e7\u00e3o e para os profissionais da categoria dos delegados de pol\u00edcia. Al\u00e9m disso, atuou como Corregedor Geral da Pol\u00edcia Civil de Santa Catarina e foi professor na Academia de Pol\u00edcia Civil de Santa Catarina (ACADEPOL) e na Academia da Pol\u00edcia Militar de Santa Catarina. Atualmente, ele exerce a profiss\u00e3o de advogado.\" srcset=\"https:\/\/adepolsc.org.br\/adepolsite\/wp-content\/uploads\/2024\/12\/007.png 400w, https:\/\/adepolsc.org.br\/adepolsite\/wp-content\/uploads\/2024\/12\/007-234x300.png 234w\" sizes=\"(max-width: 400px) 100vw, 400px\" \/>\t\t\t\t\t\t\t\t<\/a>\n\t\t\t\t\t\t\t\t\t\t\t<figcaption class=\"widget-image-caption wp-caption-text\"><\/figcaption>\n\t\t\t\t\t\t\t\t\t\t<\/figure>\n\t\t\t\t\t\t\t\t\t<\/div>\n\t\t\t\t<\/div>\n\t\t\t\t<div class=\"elementor-element elementor-element-25e23e4 elementor-widget elementor-widget-text-editor\" data-id=\"25e23e4\" data-element_type=\"widget\" data-widget_type=\"text-editor.default\">\n\t\t\t\t<div class=\"elementor-widget-container\">\n\t\t\t\t\t\t\t\t\t<p>Alberto de Freitas<\/p>\t\t\t\t\t\t\t\t<\/div>\n\t\t\t\t<\/div>\n\t\t\t\t<div class=\"elementor-element elementor-element-914083a elementor-widget elementor-widget-text-editor\" data-id=\"914083a\" data-element_type=\"widget\" data-widget_type=\"text-editor.default\">\n\t\t\t\t<div class=\"elementor-widget-container\">\n\t\t\t\t\t\t\t\t\t<p>1987 &#8211; 1997<\/p>\t\t\t\t\t\t\t\t<\/div>\n\t\t\t\t<\/div>\n\t\t\t\t<\/div>\n\t\t<div class=\"elementor-element elementor-element-f90fa49 e-con-full e-flex e-con e-child\" data-id=\"f90fa49\" data-element_type=\"container\">\n\t\t\t\t<div class=\"elementor-element elementor-element-78f37e2 elementor-widget elementor-widget-image\" data-id=\"78f37e2\" data-element_type=\"widget\" data-widget_type=\"image.default\">\n\t\t\t\t<div class=\"elementor-widget-container\">\n\t\t\t\t\t\t\t\t\t\t\t\t\t\t\t<img loading=\"lazy\" decoding=\"async\" width=\"400\" height=\"512\" src=\"https:\/\/adepolsc.org.br\/adepolsite\/wp-content\/uploads\/2024\/12\/08.png\" class=\"attachment-large size-large wp-image-684\" alt=\"\" srcset=\"https:\/\/adepolsc.org.br\/adepolsite\/wp-content\/uploads\/2024\/12\/08.png 400w, https:\/\/adepolsc.org.br\/adepolsite\/wp-content\/uploads\/2024\/12\/08-234x300.png 234w\" sizes=\"(max-width: 400px) 100vw, 400px\" \/>\t\t\t\t\t\t\t\t\t\t\t\t\t\t\t<\/div>\n\t\t\t\t<\/div>\n\t\t\t\t<div class=\"elementor-element elementor-element-07178d0 elementor-widget elementor-widget-text-editor\" data-id=\"07178d0\" data-element_type=\"widget\" data-widget_type=\"text-editor.default\">\n\t\t\t\t<div class=\"elementor-widget-container\">\n\t\t\t\t\t\t\t\t\t<p>Artur Carlos Sell<\/p>\t\t\t\t\t\t\t\t<\/div>\n\t\t\t\t<\/div>\n\t\t\t\t<div class=\"elementor-element elementor-element-0bdcf0e elementor-widget elementor-widget-text-editor\" data-id=\"0bdcf0e\" data-element_type=\"widget\" data-widget_type=\"text-editor.default\">\n\t\t\t\t<div class=\"elementor-widget-container\">\n\t\t\t\t\t\t\t\t\t<p>1985 &#8211; 1987<\/p>\t\t\t\t\t\t\t\t<\/div>\n\t\t\t\t<\/div>\n\t\t\t\t<\/div>\n\t\t<div class=\"elementor-element elementor-element-2ed32e4 e-con-full e-flex e-con e-child\" data-id=\"2ed32e4\" data-element_type=\"container\">\n\t\t\t\t<div class=\"elementor-element elementor-element-2bd4481 elementor-widget elementor-widget-image\" data-id=\"2bd4481\" data-element_type=\"widget\" data-widget_type=\"image.default\">\n\t\t\t\t<div class=\"elementor-widget-container\">\n\t\t\t\t\t\t\t\t\t\t\t\t<figure class=\"wp-caption\">\n\t\t\t\t\t\t\t\t\t\t\t<a href=\"http:\/\/adepolsc.org.br\/adepolsite\/wp-content\/uploads\/2024\/12\/09.png\" data-elementor-open-lightbox=\"yes\" data-elementor-lightbox-title=\"Manoel dos Santos Dias (1983 - 1985)\" data-elementor-lightbox-description=\"O Delegado Manoel dos Santos Dias destacou-se como o primeiro colocado no concurso para Delegado de Pol\u00edcia em 1969. Ao longo de sua trajet\u00f3ria, ocupou diversos cargos de lideran\u00e7a na Pol\u00edcia Civil. Iniciou sua carreira como Delegado Especializado em Furtos, Roubos e Defrauda\u00e7\u00f5es e logo foi promovido \u00e0 Delegacia de Seguran\u00e7a Pessoal. Desde o in\u00edcio, lecionou na Escola de Pol\u00edcia. Em 1973, assumiu o cargo de Subdiretor das Delegacias de Pol\u00edcia Especializadas. Depois, tornou-se Delegado Regional de Florian\u00f3polis e, entre 1982 e 1983, Superintendente da Pol\u00edcia Civil. Al\u00e9m disso, foi Presidente da Associa\u00e7\u00e3o dos Delegados de Pol\u00edcia de Santa Catarina de 1983 a 1985 e exerceu a fun\u00e7\u00e3o de Diretor de Investiga\u00e7\u00f5es, atualmente DEIC.\" data-e-action-hash=\"#elementor-action%3Aaction%3Dlightbox%26settings%3DeyJpZCI6Njg1LCJ1cmwiOiJodHRwczpcL1wvYWRlcG9sc2Mub3JnLmJyXC9hZGVwb2xzaXRlXC93cC1jb250ZW50XC91cGxvYWRzXC8yMDI0XC8xMlwvMDkucG5nIn0%3D\">\n\t\t\t\t\t\t\t<img loading=\"lazy\" decoding=\"async\" width=\"400\" height=\"512\" src=\"https:\/\/adepolsc.org.br\/adepolsite\/wp-content\/uploads\/2024\/12\/09.png\" class=\"attachment-large size-large wp-image-685\" alt=\"O Delegado Manoel dos Santos Dias destacou-se como o primeiro colocado no concurso para Delegado de Pol\u00edcia em 1969. Ao longo de sua trajet\u00f3ria, ocupou diversos cargos de lideran\u00e7a na Pol\u00edcia Civil. Iniciou sua carreira como Delegado Especializado em Furtos, Roubos e Defrauda\u00e7\u00f5es e logo foi promovido \u00e0 Delegacia de Seguran\u00e7a Pessoal. Desde o in\u00edcio, lecionou na Escola de Pol\u00edcia. Em 1973, assumiu o cargo de Subdiretor das Delegacias de Pol\u00edcia Especializadas. Depois, tornou-se Delegado Regional de Florian\u00f3polis e, entre 1982 e 1983, Superintendente da Pol\u00edcia Civil. Al\u00e9m disso, foi Presidente da Associa\u00e7\u00e3o dos Delegados de Pol\u00edcia de Santa Catarina de 1983 a 1985 e exerceu a fun\u00e7\u00e3o de Diretor de Investiga\u00e7\u00f5es, atualmente DEIC.\" srcset=\"https:\/\/adepolsc.org.br\/adepolsite\/wp-content\/uploads\/2024\/12\/09.png 400w, https:\/\/adepolsc.org.br\/adepolsite\/wp-content\/uploads\/2024\/12\/09-234x300.png 234w\" sizes=\"(max-width: 400px) 100vw, 400px\" \/>\t\t\t\t\t\t\t\t<\/a>\n\t\t\t\t\t\t\t\t\t\t\t<figcaption class=\"widget-image-caption wp-caption-text\"><\/figcaption>\n\t\t\t\t\t\t\t\t\t\t<\/figure>\n\t\t\t\t\t\t\t\t\t<\/div>\n\t\t\t\t<\/div>\n\t\t\t\t<div class=\"elementor-element elementor-element-091bc81 elementor-widget elementor-widget-text-editor\" data-id=\"091bc81\" data-element_type=\"widget\" data-widget_type=\"text-editor.default\">\n\t\t\t\t<div class=\"elementor-widget-container\">\n\t\t\t\t\t\t\t\t\t<p>Manoel dos Santos Dias<\/p>\t\t\t\t\t\t\t\t<\/div>\n\t\t\t\t<\/div>\n\t\t\t\t<div class=\"elementor-element elementor-element-69e0189 elementor-widget elementor-widget-text-editor\" data-id=\"69e0189\" data-element_type=\"widget\" data-widget_type=\"text-editor.default\">\n\t\t\t\t<div class=\"elementor-widget-container\">\n\t\t\t\t\t\t\t\t\t<p>1983 &#8211; 1985<\/p>\t\t\t\t\t\t\t\t<\/div>\n\t\t\t\t<\/div>\n\t\t\t\t<\/div>\n\t\t\t\t<\/div>\n\t\t<div class=\"elementor-element elementor-element-fafb880 e-con-full e-flex e-con e-child\" data-id=\"fafb880\" data-element_type=\"container\">\n\t\t<div class=\"elementor-element elementor-element-cd4b12b e-con-full e-flex e-con e-child\" data-id=\"cd4b12b\" data-element_type=\"container\">\n\t\t\t\t<div class=\"elementor-element elementor-element-13b7f44 elementor-widget elementor-widget-image\" data-id=\"13b7f44\" data-element_type=\"widget\" data-widget_type=\"image.default\">\n\t\t\t\t<div class=\"elementor-widget-container\">\n\t\t\t\t\t\t\t\t\t\t\t\t<figure class=\"wp-caption\">\n\t\t\t\t\t\t\t\t\t\t\t<a href=\"http:\/\/adepolsc.org.br\/adepolsite\/wp-content\/uploads\/2024\/12\/10.png\" data-elementor-open-lightbox=\"yes\" data-elementor-lightbox-title=\"Manoel Ant\u00f4nio Foga\u00e7a (1981 - 1983)\" data-elementor-lightbox-description=\"Presidente da ADEPOL-SC entre 1981 e 1983, o Dr. Manoel Ant\u00f4nio Foga\u00e7a se destacou como Delegado Regional em Blumenau e Delegado Titular do DOPS, onde liderou investiga\u00e7\u00f5es importantes. Como Corregedor-Geral da Pol\u00edcia Civil de Santa Catarina, desempenhou um papel crucial na moderniza\u00e7\u00e3o e na promo\u00e7\u00e3o da \u00e9tica dentro da corpora\u00e7\u00e3o. Pioneiro em sua forma\u00e7\u00e3o, buscou especializa\u00e7\u00e3o nos Estados Unidos, trazendo inova\u00e7\u00f5es valiosas para a Pol\u00edcia Civil. Seu legado \u00e9 amplamente reconhecido, especialmente pela nomea\u00e7\u00e3o da Academia da Pol\u00edcia Civil em Canasvieiras em sua homenagem, em 2000.\" data-e-action-hash=\"#elementor-action%3Aaction%3Dlightbox%26settings%3DeyJpZCI6Njg2LCJ1cmwiOiJodHRwczpcL1wvYWRlcG9sc2Mub3JnLmJyXC9hZGVwb2xzaXRlXC93cC1jb250ZW50XC91cGxvYWRzXC8yMDI0XC8xMlwvMTAucG5nIn0%3D\">\n\t\t\t\t\t\t\t<img loading=\"lazy\" decoding=\"async\" width=\"400\" height=\"512\" src=\"https:\/\/adepolsc.org.br\/adepolsite\/wp-content\/uploads\/2024\/12\/10.png\" class=\"attachment-large size-large wp-image-686\" alt=\"Presidente da ADEPOL-SC entre 1981 e 1983, o Dr. Manoel Ant\u00f4nio Foga\u00e7a se destacou como Delegado Regional em Blumenau e Delegado Titular do DOPS, onde liderou investiga\u00e7\u00f5es importantes. Como Corregedor-Geral da Pol\u00edcia Civil de Santa Catarina, desempenhou um papel crucial na moderniza\u00e7\u00e3o e na promo\u00e7\u00e3o da \u00e9tica dentro da corpora\u00e7\u00e3o. Pioneiro em sua forma\u00e7\u00e3o, buscou especializa\u00e7\u00e3o nos Estados Unidos, trazendo inova\u00e7\u00f5es valiosas para a Pol\u00edcia Civil. Seu legado \u00e9 amplamente reconhecido, especialmente pela nomea\u00e7\u00e3o da Academia da Pol\u00edcia Civil em Canasvieiras em sua homenagem, em 2000.\" srcset=\"https:\/\/adepolsc.org.br\/adepolsite\/wp-content\/uploads\/2024\/12\/10.png 400w, https:\/\/adepolsc.org.br\/adepolsite\/wp-content\/uploads\/2024\/12\/10-234x300.png 234w\" sizes=\"(max-width: 400px) 100vw, 400px\" \/>\t\t\t\t\t\t\t\t<\/a>\n\t\t\t\t\t\t\t\t\t\t\t<figcaption class=\"widget-image-caption wp-caption-text\"><\/figcaption>\n\t\t\t\t\t\t\t\t\t\t<\/figure>\n\t\t\t\t\t\t\t\t\t<\/div>\n\t\t\t\t<\/div>\n\t\t\t\t<div class=\"elementor-element elementor-element-71c6415 elementor-widget elementor-widget-text-editor\" data-id=\"71c6415\" data-element_type=\"widget\" data-widget_type=\"text-editor.default\">\n\t\t\t\t<div class=\"elementor-widget-container\">\n\t\t\t\t\t\t\t\t\t<p>Manoel Ant\u00f4nio Foga\u00e7a<\/p>\t\t\t\t\t\t\t\t<\/div>\n\t\t\t\t<\/div>\n\t\t\t\t<div class=\"elementor-element elementor-element-d41a3d6 elementor-widget elementor-widget-text-editor\" data-id=\"d41a3d6\" data-element_type=\"widget\" data-widget_type=\"text-editor.default\">\n\t\t\t\t<div class=\"elementor-widget-container\">\n\t\t\t\t\t\t\t\t\t<p>1981 &#8211; 1983<\/p>\t\t\t\t\t\t\t\t<\/div>\n\t\t\t\t<\/div>\n\t\t\t\t<\/div>\n\t\t<div class=\"elementor-element elementor-element-7d2b720 e-con-full e-flex e-con e-child\" data-id=\"7d2b720\" data-element_type=\"container\">\n\t\t\t\t<div class=\"elementor-element elementor-element-1f85c6f elementor-widget elementor-widget-image\" data-id=\"1f85c6f\" data-element_type=\"widget\" data-widget_type=\"image.default\">\n\t\t\t\t<div class=\"elementor-widget-container\">\n\t\t\t\t\t\t\t\t\t\t\t\t<figure class=\"wp-caption\">\n\t\t\t\t\t\t\t\t\t\t\t<a href=\"http:\/\/adepolsc.org.br\/adepolsite\/wp-content\/uploads\/2024\/12\/15.png\" data-elementor-open-lightbox=\"yes\" data-elementor-lightbox-title=\"Lenio Fortkamp - 1979 - 1981\" data-elementor-lightbox-description=\"O Dr. L\u00eanio Fortkamp iniciou sua trajet\u00f3ria na Pol\u00edcia Civil de Santa Catarina em 1973, quando foi nomeado Delegado Regional de Pol\u00edcia em Itaja\u00ed. Entre 1978 e 1982, ele assumiu a dire\u00e7\u00e3o da Academia da Pol\u00edcia Civil, onde contribuiu para a forma\u00e7\u00e3o de novos delegados. Em paralelo, foi presidente da Associa\u00e7\u00e3o dos Delegados de Pol\u00edcia de 1979 a 1981. Pai do Delegado M\u00e1rcio Fortkamp, ele ainda exerceu o cargo de Diretor de Pol\u00edcia Judici\u00e1ria (DPJ) antes de retornar a Itaja\u00ed como Delegado Regional de Pol\u00edcia.\" data-e-action-hash=\"#elementor-action%3Aaction%3Dlightbox%26settings%3DeyJpZCI6NzI1LCJ1cmwiOiJodHRwczpcL1wvYWRlcG9sc2Mub3JnLmJyXC9hZGVwb2xzaXRlXC93cC1jb250ZW50XC91cGxvYWRzXC8yMDI0XC8xMlwvMTUucG5nIn0%3D\">\n\t\t\t\t\t\t\t<img loading=\"lazy\" decoding=\"async\" width=\"382\" height=\"464\" src=\"https:\/\/adepolsc.org.br\/adepolsite\/wp-content\/uploads\/2024\/12\/15.png\" class=\"attachment-large size-large wp-image-725\" alt=\"O Dr. L\u00eanio Fortkamp iniciou sua trajet\u00f3ria na Pol\u00edcia Civil de Santa Catarina em 1973, quando foi nomeado Delegado Regional de Pol\u00edcia em Itaja\u00ed. Entre 1978 e 1982, ele assumiu a dire\u00e7\u00e3o da Academia da Pol\u00edcia Civil, onde contribuiu para a forma\u00e7\u00e3o de novos delegados. Em paralelo, foi presidente da Associa\u00e7\u00e3o dos Delegados de Pol\u00edcia de 1979 a 1981. Pai do Delegado M\u00e1rcio Fortkamp, ele ainda exerceu o cargo de Diretor de Pol\u00edcia Judici\u00e1ria (DPJ) antes de retornar a Itaja\u00ed como Delegado Regional de Pol\u00edcia.\" srcset=\"https:\/\/adepolsc.org.br\/adepolsite\/wp-content\/uploads\/2024\/12\/15.png 382w, https:\/\/adepolsc.org.br\/adepolsite\/wp-content\/uploads\/2024\/12\/15-247x300.png 247w\" sizes=\"(max-width: 382px) 100vw, 382px\" \/>\t\t\t\t\t\t\t\t<\/a>\n\t\t\t\t\t\t\t\t\t\t\t<figcaption class=\"widget-image-caption wp-caption-text\"><\/figcaption>\n\t\t\t\t\t\t\t\t\t\t<\/figure>\n\t\t\t\t\t\t\t\t\t<\/div>\n\t\t\t\t<\/div>\n\t\t\t\t<div class=\"elementor-element elementor-element-863673c elementor-widget elementor-widget-text-editor\" data-id=\"863673c\" data-element_type=\"widget\" data-widget_type=\"text-editor.default\">\n\t\t\t\t<div class=\"elementor-widget-container\">\n\t\t\t\t\t\t\t\t\t<p>Lenio Fortkamp<\/p>\t\t\t\t\t\t\t\t<\/div>\n\t\t\t\t<\/div>\n\t\t\t\t<div class=\"elementor-element elementor-element-4a465ba elementor-widget elementor-widget-text-editor\" data-id=\"4a465ba\" data-element_type=\"widget\" data-widget_type=\"text-editor.default\">\n\t\t\t\t<div class=\"elementor-widget-container\">\n\t\t\t\t\t\t\t\t\t<p>1979 &#8211; 1981<\/p>\t\t\t\t\t\t\t\t<\/div>\n\t\t\t\t<\/div>\n\t\t\t\t<\/div>\n\t\t<div class=\"elementor-element elementor-element-dadd802 e-con-full e-flex e-con e-child\" data-id=\"dadd802\" data-element_type=\"container\">\n\t\t\t\t<div class=\"elementor-element elementor-element-5084338 elementor-widget elementor-widget-image\" data-id=\"5084338\" data-element_type=\"widget\" data-widget_type=\"image.default\">\n\t\t\t\t<div class=\"elementor-widget-container\">\n\t\t\t\t\t\t\t\t\t\t\t\t<figure class=\"wp-caption\">\n\t\t\t\t\t\t\t\t\t\t\t<a href=\"http:\/\/adepolsc.org.br\/adepolsite\/wp-content\/uploads\/2024\/12\/11.png\" data-elementor-open-lightbox=\"yes\" data-elementor-lightbox-title=\"Luiz Darcy da Rocha (1977 - 1979)\" data-elementor-lightbox-description=\"Formado em Direito pela Universidade Federal de Santa Catarina (UFSC) em 1969, o Dr. Luiz Darcy da Rocha foi nomeado Delegado de Pol\u00edcia em 13\/01\/1971. Atuou como Vice-Diretor e Diretor da Escola de Pol\u00edcia Civil em 1971 e foi professor de Portugu\u00eas e Direito. Cedido ao Minist\u00e9rio da Educa\u00e7\u00e3o de julho de 1975 a janeiro de 1977, foi Corregedor Geral da Pol\u00edcia Civil de abril de 1977 a mar\u00e7o de 1979 e presidente da ADEPOL-SC nesse per\u00edodo. De abril a setembro de 1983, atuou como Assessor Especial do Gabinete do Secret\u00e1rio da Seguran\u00e7a P\u00fablica e, de outubro de 1983 a junho de 1985, foi Diretor Geral do DETRAN. Instituiu a Carteira de Identidade do Policial Civil, ampliou Delegacias Regionais, modernizou a comunica\u00e7\u00e3o da Pol\u00edcia Civil e adquiriu equipamentos para o Servi\u00e7o de Intelig\u00eancia. Participou da elabora\u00e7\u00e3o da legisla\u00e7\u00e3o da Pol\u00edcia Civil e fortaleceu a coopera\u00e7\u00e3o entre as Pol\u00edcias Civis de Santa Catarina, Rio Grande do Sul e Paran\u00e1.\" data-e-action-hash=\"#elementor-action%3Aaction%3Dlightbox%26settings%3DeyJpZCI6Njg3LCJ1cmwiOiJodHRwczpcL1wvYWRlcG9sc2Mub3JnLmJyXC9hZGVwb2xzaXRlXC93cC1jb250ZW50XC91cGxvYWRzXC8yMDI0XC8xMlwvMTEucG5nIn0%3D\">\n\t\t\t\t\t\t\t<img loading=\"lazy\" decoding=\"async\" width=\"400\" height=\"512\" src=\"https:\/\/adepolsc.org.br\/adepolsite\/wp-content\/uploads\/2024\/12\/11.png\" class=\"attachment-large size-large wp-image-687\" alt=\"Formado em Direito pela Universidade Federal de Santa Catarina (UFSC) em 1969, o Dr. Luiz Darcy da Rocha foi nomeado Delegado de Pol\u00edcia em 13\/01\/1971. Atuou como Vice-Diretor e Diretor da Escola de Pol\u00edcia Civil em 1971 e foi professor de Portugu\u00eas e Direito. Cedido ao Minist\u00e9rio da Educa\u00e7\u00e3o de julho de 1975 a janeiro de 1977, foi Corregedor Geral da Pol\u00edcia Civil de abril de 1977 a mar\u00e7o de 1979 e presidente da ADEPOL-SC nesse per\u00edodo. De abril a setembro de 1983, atuou como Assessor Especial do Gabinete do Secret\u00e1rio da Seguran\u00e7a P\u00fablica e, de outubro de 1983 a junho de 1985, foi Diretor Geral do DETRAN. Instituiu a Carteira de Identidade do Policial Civil, ampliou Delegacias Regionais, modernizou a comunica\u00e7\u00e3o da Pol\u00edcia Civil e adquiriu equipamentos para o Servi\u00e7o de Intelig\u00eancia. Participou da elabora\u00e7\u00e3o da legisla\u00e7\u00e3o da Pol\u00edcia Civil e fortaleceu a coopera\u00e7\u00e3o entre as Pol\u00edcias Civis de Santa Catarina, Rio Grande do Sul e Paran\u00e1.\" srcset=\"https:\/\/adepolsc.org.br\/adepolsite\/wp-content\/uploads\/2024\/12\/11.png 400w, https:\/\/adepolsc.org.br\/adepolsite\/wp-content\/uploads\/2024\/12\/11-234x300.png 234w\" sizes=\"(max-width: 400px) 100vw, 400px\" \/>\t\t\t\t\t\t\t\t<\/a>\n\t\t\t\t\t\t\t\t\t\t\t<figcaption class=\"widget-image-caption wp-caption-text\"><\/figcaption>\n\t\t\t\t\t\t\t\t\t\t<\/figure>\n\t\t\t\t\t\t\t\t\t<\/div>\n\t\t\t\t<\/div>\n\t\t\t\t<div class=\"elementor-element elementor-element-43357b9 elementor-widget elementor-widget-text-editor\" data-id=\"43357b9\" data-element_type=\"widget\" data-widget_type=\"text-editor.default\">\n\t\t\t\t<div class=\"elementor-widget-container\">\n\t\t\t\t\t\t\t\t\t<p>Luiz Darcy da Rocha<\/p>\t\t\t\t\t\t\t\t<\/div>\n\t\t\t\t<\/div>\n\t\t\t\t<div class=\"elementor-element elementor-element-adef757 elementor-widget elementor-widget-text-editor\" data-id=\"adef757\" data-element_type=\"widget\" data-widget_type=\"text-editor.default\">\n\t\t\t\t<div class=\"elementor-widget-container\">\n\t\t\t\t\t\t\t\t\t<p>1977 &#8211; 1979<\/p>\t\t\t\t\t\t\t\t<\/div>\n\t\t\t\t<\/div>\n\t\t\t\t<\/div>\n\t\t<div class=\"elementor-element elementor-element-b9e7c4a e-con-full e-flex e-con e-child\" data-id=\"b9e7c4a\" data-element_type=\"container\">\n\t\t\t\t<div class=\"elementor-element elementor-element-6eca34f elementor-widget elementor-widget-image\" data-id=\"6eca34f\" data-element_type=\"widget\" data-widget_type=\"image.default\">\n\t\t\t\t<div class=\"elementor-widget-container\">\n\t\t\t\t\t\t\t\t\t\t\t\t<figure class=\"wp-caption\">\n\t\t\t\t\t\t\t\t\t\t\t<a href=\"http:\/\/adepolsc.org.br\/adepolsite\/wp-content\/uploads\/2024\/12\/12.png\" data-elementor-open-lightbox=\"yes\" data-elementor-lightbox-title=\"Ewaldo Vilela (1975 - 1977)\" data-elementor-lightbox-description=\"Natural de Florian\u00f3polis, Santa Catarina, o Dr. Ewaldo Villena iniciou sua carreira na Penitenci\u00e1ria da Pedra Grande, onde come\u00e7ou como almoxarife, ascendendo rapidamente a tesoureiro e, posteriormente, a diretor. Em 1956, assumiu o cargo de secret\u00e1rio do Conselho Penitenci\u00e1rio e, durante esse per\u00edodo, formou-se em Direito pela UFSC em 1960, atuando como advogado em Capinzal. Sua trajet\u00f3ria na pol\u00edcia come\u00e7ou com sua nomea\u00e7\u00e3o como Delegado de Pol\u00edcia em Joinville, onde se destacou, passando por diversas cidades e tornando-se o segundo Superintendente da Pol\u00edcia Civil. Em 1968, foi o primeiro presidente do SINDPESC, atualmente conhecido como ADEPOL-SC, e retornou ao cargo em 1976, contribuindo significativamente para o plano de carreiras da Pol\u00edcia Civil. O Dr. Ewaldo Villena \u00e9 amplamente reconhecido por suas importantes contribui\u00e7\u00f5es \u00e0 seguran\u00e7a p\u00fablica e pela moderniza\u00e7\u00e3o da Pol\u00edcia Civil em Santa Catarina.\" data-e-action-hash=\"#elementor-action%3Aaction%3Dlightbox%26settings%3DeyJpZCI6Njg4LCJ1cmwiOiJodHRwczpcL1wvYWRlcG9sc2Mub3JnLmJyXC9hZGVwb2xzaXRlXC93cC1jb250ZW50XC91cGxvYWRzXC8yMDI0XC8xMlwvMTIucG5nIn0%3D\">\n\t\t\t\t\t\t\t<img loading=\"lazy\" decoding=\"async\" width=\"400\" height=\"512\" src=\"https:\/\/adepolsc.org.br\/adepolsite\/wp-content\/uploads\/2024\/12\/12.png\" class=\"attachment-large size-large wp-image-688\" alt=\"Natural de Florian\u00f3polis, Santa Catarina, o Dr. Ewaldo Villena iniciou sua carreira na Penitenci\u00e1ria da Pedra Grande, onde come\u00e7ou como almoxarife, ascendendo rapidamente a tesoureiro e, posteriormente, a diretor. Em 1956, assumiu o cargo de secret\u00e1rio do Conselho Penitenci\u00e1rio e, durante esse per\u00edodo, formou-se em Direito pela UFSC em 1960, atuando como advogado em Capinzal. Sua trajet\u00f3ria na pol\u00edcia come\u00e7ou com sua nomea\u00e7\u00e3o como Delegado de Pol\u00edcia em Joinville, onde se destacou, passando por diversas cidades e tornando-se o segundo Superintendente da Pol\u00edcia Civil. Em 1968, foi o primeiro presidente do SINDPESC, atualmente conhecido como ADEPOL-SC, e retornou ao cargo em 1976, contribuindo significativamente para o plano de carreiras da Pol\u00edcia Civil. O Dr. Ewaldo Villena \u00e9 amplamente reconhecido por suas importantes contribui\u00e7\u00f5es \u00e0 seguran\u00e7a p\u00fablica e pela moderniza\u00e7\u00e3o da Pol\u00edcia Civil em Santa Catarina.\" srcset=\"https:\/\/adepolsc.org.br\/adepolsite\/wp-content\/uploads\/2024\/12\/12.png 400w, https:\/\/adepolsc.org.br\/adepolsite\/wp-content\/uploads\/2024\/12\/12-234x300.png 234w\" sizes=\"(max-width: 400px) 100vw, 400px\" \/>\t\t\t\t\t\t\t\t<\/a>\n\t\t\t\t\t\t\t\t\t\t\t<figcaption class=\"widget-image-caption wp-caption-text\"><\/figcaption>\n\t\t\t\t\t\t\t\t\t\t<\/figure>\n\t\t\t\t\t\t\t\t\t<\/div>\n\t\t\t\t<\/div>\n\t\t\t\t<div class=\"elementor-element elementor-element-a68a9ae elementor-widget elementor-widget-text-editor\" data-id=\"a68a9ae\" data-element_type=\"widget\" data-widget_type=\"text-editor.default\">\n\t\t\t\t<div class=\"elementor-widget-container\">\n\t\t\t\t\t\t\t\t\t<p>Ewaldo Vilela<\/p>\t\t\t\t\t\t\t\t<\/div>\n\t\t\t\t<\/div>\n\t\t\t\t<div class=\"elementor-element elementor-element-943050b elementor-widget elementor-widget-text-editor\" data-id=\"943050b\" data-element_type=\"widget\" data-widget_type=\"text-editor.default\">\n\t\t\t\t<div class=\"elementor-widget-container\">\n\t\t\t\t\t\t\t\t\t<p>1975 &#8211; 1977<\/p>\t\t\t\t\t\t\t\t<\/div>\n\t\t\t\t<\/div>\n\t\t\t\t<\/div>\n\t\t\t\t<\/div>\n\t\t<div class=\"elementor-element elementor-element-994c571 e-con-full e-flex e-con e-child\" data-id=\"994c571\" data-element_type=\"container\">\n\t\t<div class=\"elementor-element elementor-element-27c9ac6 e-con-full e-flex e-con e-child\" data-id=\"27c9ac6\" data-element_type=\"container\">\n\t\t\t\t<\/div>\n\t\t<div class=\"elementor-element elementor-element-805c936 e-con-full e-flex e-con e-child\" data-id=\"805c936\" data-element_type=\"container\">\n\t\t\t\t<div class=\"elementor-element elementor-element-31df92e elementor-widget elementor-widget-image\" data-id=\"31df92e\" data-element_type=\"widget\" data-widget_type=\"image.default\">\n\t\t\t\t<div class=\"elementor-widget-container\">\n\t\t\t\t\t\t\t\t\t\t\t\t<figure class=\"wp-caption\">\n\t\t\t\t\t\t\t\t\t\t\t<a href=\"http:\/\/adepolsc.org.br\/adepolsite\/wp-content\/uploads\/2024\/12\/13.png\" data-elementor-open-lightbox=\"yes\" data-elementor-lightbox-title=\"Armando Ramos Maciel (1971 - 1975)\" data-elementor-lightbox-description=\"O Dr. Armando Ramos Maciel foi nomeado delegado de Pol\u00edcia em 08.02.1972 e, imediatamente, assumiu a presid\u00eancia da ADEPOL-SC entre 1971 e 1975. Em sua carreira, destacam-se sua atua\u00e7\u00e3o \u00e0 frente da Diretoria de Fiscaliza\u00e7\u00e3o de Armas e Muni\u00e7\u00f5es, al\u00e9m de sua condi\u00e7\u00e3o de professor de Legisla\u00e7\u00e3o e Pr\u00e1tica da Mat\u00e9ria na Escola de Pol\u00edcia.\" data-e-action-hash=\"#elementor-action%3Aaction%3Dlightbox%26settings%3DeyJpZCI6Njg5LCJ1cmwiOiJodHRwczpcL1wvYWRlcG9sc2Mub3JnLmJyXC9hZGVwb2xzaXRlXC93cC1jb250ZW50XC91cGxvYWRzXC8yMDI0XC8xMlwvMTMucG5nIn0%3D\">\n\t\t\t\t\t\t\t<img loading=\"lazy\" decoding=\"async\" width=\"400\" height=\"512\" src=\"https:\/\/adepolsc.org.br\/adepolsite\/wp-content\/uploads\/2024\/12\/13.png\" class=\"attachment-large size-large wp-image-689\" alt=\"O Dr. Armando Ramos Maciel foi nomeado delegado de Pol\u00edcia em 08.02.1972 e, imediatamente, assumiu a presid\u00eancia da ADEPOL-SC entre 1971 e 1975. Em sua carreira, destacam-se sua atua\u00e7\u00e3o \u00e0 frente da Diretoria de Fiscaliza\u00e7\u00e3o de Armas e Muni\u00e7\u00f5es, al\u00e9m de sua condi\u00e7\u00e3o de professor de Legisla\u00e7\u00e3o e Pr\u00e1tica da Mat\u00e9ria na Escola de Pol\u00edcia.\" srcset=\"https:\/\/adepolsc.org.br\/adepolsite\/wp-content\/uploads\/2024\/12\/13.png 400w, https:\/\/adepolsc.org.br\/adepolsite\/wp-content\/uploads\/2024\/12\/13-234x300.png 234w\" sizes=\"(max-width: 400px) 100vw, 400px\" \/>\t\t\t\t\t\t\t\t<\/a>\n\t\t\t\t\t\t\t\t\t\t\t<figcaption class=\"widget-image-caption wp-caption-text\"><\/figcaption>\n\t\t\t\t\t\t\t\t\t\t<\/figure>\n\t\t\t\t\t\t\t\t\t<\/div>\n\t\t\t\t<\/div>\n\t\t\t\t<div class=\"elementor-element elementor-element-10a4bb4 elementor-widget elementor-widget-text-editor\" data-id=\"10a4bb4\" data-element_type=\"widget\" data-widget_type=\"text-editor.default\">\n\t\t\t\t<div class=\"elementor-widget-container\">\n\t\t\t\t\t\t\t\t\t<p>Armando Ramos Maciel<\/p>\t\t\t\t\t\t\t\t<\/div>\n\t\t\t\t<\/div>\n\t\t\t\t<div class=\"elementor-element elementor-element-ae7a051 elementor-widget elementor-widget-text-editor\" data-id=\"ae7a051\" data-element_type=\"widget\" data-widget_type=\"text-editor.default\">\n\t\t\t\t<div class=\"elementor-widget-container\">\n\t\t\t\t\t\t\t\t\t<p>1971 &#8211; 1975<\/p>\t\t\t\t\t\t\t\t<\/div>\n\t\t\t\t<\/div>\n\t\t\t\t<\/div>\n\t\t<div class=\"elementor-element elementor-element-778df99 e-con-full e-flex e-con e-child\" data-id=\"778df99\" data-element_type=\"container\">\n\t\t\t\t<div class=\"elementor-element elementor-element-63c6d17 elementor-widget elementor-widget-image\" data-id=\"63c6d17\" data-element_type=\"widget\" data-widget_type=\"image.default\">\n\t\t\t\t<div class=\"elementor-widget-container\">\n\t\t\t\t\t\t\t\t\t\t\t\t<figure class=\"wp-caption\">\n\t\t\t\t\t\t\t\t\t\t\t<a href=\"http:\/\/adepolsc.org.br\/adepolsite\/wp-content\/uploads\/2024\/12\/12.png\" data-elementor-open-lightbox=\"yes\" data-elementor-lightbox-title=\"Ewaldo Vilela (1975 - 1977)\" data-elementor-lightbox-description=\"Natural de Florian\u00f3polis, Santa Catarina, o Dr. Ewaldo Villena iniciou sua carreira na Penitenci\u00e1ria da Pedra Grande, onde come\u00e7ou como almoxarife, ascendendo rapidamente a tesoureiro e, posteriormente, a diretor. Em 1956, assumiu o cargo de secret\u00e1rio do Conselho Penitenci\u00e1rio e, durante esse per\u00edodo, formou-se em Direito pela UFSC em 1960, atuando como advogado em Capinzal. Sua trajet\u00f3ria na pol\u00edcia come\u00e7ou com sua nomea\u00e7\u00e3o como Delegado de Pol\u00edcia em Joinville, onde se destacou, passando por diversas cidades e tornando-se o segundo Superintendente da Pol\u00edcia Civil. Em 1968, foi o primeiro presidente do SINDPESC, atualmente conhecido como ADEPOL-SC, e retornou ao cargo em 1976, contribuindo significativamente para o plano de carreiras da Pol\u00edcia Civil. O Dr. Ewaldo Villena \u00e9 amplamente reconhecido por suas importantes contribui\u00e7\u00f5es \u00e0 seguran\u00e7a p\u00fablica e pela moderniza\u00e7\u00e3o da Pol\u00edcia Civil em Santa Catarina.\" data-e-action-hash=\"#elementor-action%3Aaction%3Dlightbox%26settings%3DeyJpZCI6Njg4LCJ1cmwiOiJodHRwczpcL1wvYWRlcG9sc2Mub3JnLmJyXC9hZGVwb2xzaXRlXC93cC1jb250ZW50XC91cGxvYWRzXC8yMDI0XC8xMlwvMTIucG5nIn0%3D\">\n\t\t\t\t\t\t\t<img loading=\"lazy\" decoding=\"async\" width=\"400\" height=\"512\" src=\"https:\/\/adepolsc.org.br\/adepolsite\/wp-content\/uploads\/2024\/12\/12.png\" class=\"attachment-large size-large wp-image-688\" alt=\"Natural de Florian\u00f3polis, Santa Catarina, o Dr. Ewaldo Villena iniciou sua carreira na Penitenci\u00e1ria da Pedra Grande, onde come\u00e7ou como almoxarife, ascendendo rapidamente a tesoureiro e, posteriormente, a diretor. Em 1956, assumiu o cargo de secret\u00e1rio do Conselho Penitenci\u00e1rio e, durante esse per\u00edodo, formou-se em Direito pela UFSC em 1960, atuando como advogado em Capinzal. Sua trajet\u00f3ria na pol\u00edcia come\u00e7ou com sua nomea\u00e7\u00e3o como Delegado de Pol\u00edcia em Joinville, onde se destacou, passando por diversas cidades e tornando-se o segundo Superintendente da Pol\u00edcia Civil. Em 1968, foi o primeiro presidente do SINDPESC, atualmente conhecido como ADEPOL-SC, e retornou ao cargo em 1976, contribuindo significativamente para o plano de carreiras da Pol\u00edcia Civil. O Dr. Ewaldo Villena \u00e9 amplamente reconhecido por suas importantes contribui\u00e7\u00f5es \u00e0 seguran\u00e7a p\u00fablica e pela moderniza\u00e7\u00e3o da Pol\u00edcia Civil em Santa Catarina.\" srcset=\"https:\/\/adepolsc.org.br\/adepolsite\/wp-content\/uploads\/2024\/12\/12.png 400w, https:\/\/adepolsc.org.br\/adepolsite\/wp-content\/uploads\/2024\/12\/12-234x300.png 234w\" sizes=\"(max-width: 400px) 100vw, 400px\" \/>\t\t\t\t\t\t\t\t<\/a>\n\t\t\t\t\t\t\t\t\t\t\t<figcaption class=\"widget-image-caption wp-caption-text\"><\/figcaption>\n\t\t\t\t\t\t\t\t\t\t<\/figure>\n\t\t\t\t\t\t\t\t\t<\/div>\n\t\t\t\t<\/div>\n\t\t\t\t<div class=\"elementor-element elementor-element-d026578 elementor-widget elementor-widget-text-editor\" data-id=\"d026578\" data-element_type=\"widget\" data-widget_type=\"text-editor.default\">\n\t\t\t\t<div class=\"elementor-widget-container\">\n\t\t\t\t\t\t\t\t\t<p>Ewaldo Vilela<\/p>\t\t\t\t\t\t\t\t<\/div>\n\t\t\t\t<\/div>\n\t\t\t\t<div class=\"elementor-element elementor-element-6a07efb elementor-widget elementor-widget-text-editor\" data-id=\"6a07efb\" data-element_type=\"widget\" data-widget_type=\"text-editor.default\">\n\t\t\t\t<div class=\"elementor-widget-container\">\n\t\t\t\t\t\t\t\t\t<p>1968 &#8211; 1971<\/p>\t\t\t\t\t\t\t\t<\/div>\n\t\t\t\t<\/div>\n\t\t\t\t<\/div>\n\t\t<div class=\"elementor-element elementor-element-1964914 e-con-full e-flex e-con e-child\" data-id=\"1964914\" data-element_type=\"container\">\n\t\t\t\t<\/div>\n\t\t\t\t<\/div>\n\t\t\t\t\t<\/div>\n\t\t\t\t<\/div>\n\t\t\t\t<\/div>\n\t\t","protected":false},"excerpt":{"rendered":"<p>EX-PRESIDENTES A ADEPOL-SC tem as digitais de grandes homens e grandes mulheres em sua trajet\u00f3ria. Gestores que presidiram esta entidade com conhecimento, dedica\u00e7\u00e3o, honra e disciplina. N\u00f3s reconhecemos cada gest\u00e3o como essencial para garantir a representatividade que conquistamos. Parab\u00e9ns a cada um que j\u00e1 passou pela diretoria, pois com certeza fizeram a diferen\u00e7a! Vivian Garcia [&hellip;]<\/p>\n","protected":false},"author":1,"featured_media":0,"parent":0,"menu_order":0,"comment_status":"closed","ping_status":"closed","template":"","meta":{"footnotes":""},"class_list":["post-120","page","type-page","status-publish","hentry"],"_links":{"self":[{"href":"https:\/\/adepolsc.org.br\/adepolsite\/wp-json\/wp\/v2\/pages\/120","targetHints":{"allow":["GET"]}}],"collection":[{"href":"https:\/\/adepolsc.org.br\/adepolsite\/wp-json\/wp\/v2\/pages"}],"about":[{"href":"https:\/\/adepolsc.org.br\/adepolsite\/wp-json\/wp\/v2\/types\/page"}],"author":[{"embeddable":true,"href":"https:\/\/adepolsc.org.br\/adepolsite\/wp-json\/wp\/v2\/users\/1"}],"replies":[{"embeddable":true,"href":"https:\/\/adepolsc.org.br\/adepolsite\/wp-json\/wp\/v2\/comments?post=120"}],"version-history":[{"count":46,"href":"https:\/\/adepolsc.org.br\/adepolsite\/wp-json\/wp\/v2\/pages\/120\/revisions"}],"predecessor-version":[{"id":1259,"href":"https:\/\/adepolsc.org.br\/adepolsite\/wp-json\/wp\/v2\/pages\/120\/revisions\/1259"}],"wp:attachment":[{"href":"https:\/\/adepolsc.org.br\/adepolsite\/wp-json\/wp\/v2\/media?parent=120"}],"curies":[{"name":"wp","href":"https:\/\/api.w.org\/{rel}","templated":true}]}}