{"id":157,"date":"2024-11-14T13:06:14","date_gmt":"2024-11-14T13:06:14","guid":{"rendered":"https:\/\/adepolsc.org.br\/adepolsite\/?page_id=157"},"modified":"2025-01-07T15:15:16","modified_gmt":"2025-01-07T15:15:16","slug":"noticias","status":"publish","type":"page","link":"https:\/\/adepolsc.org.br\/adepolsite\/noticias\/","title":{"rendered":"Not\u00edcias"},"content":{"rendered":"\t\t<div data-elementor-type=\"wp-page\" data-elementor-id=\"157\" class=\"elementor elementor-157\" data-elementor-post-type=\"page\">\n\t\t\t\t<div class=\"elementor-element elementor-element-a60cc99 e-con-full e-flex e-con e-parent\" data-id=\"a60cc99\" data-element_type=\"container\">\n\t\t\t\t<div class=\"elementor-element elementor-element-63c29c9 elementor--h-position-left elementor--v-position-middle elementor-pagination-position-inside elementor-widget elementor-widget-slides\" data-id=\"63c29c9\" data-element_type=\"widget\" data-settings=\"{&quot;navigation&quot;:&quot;dots&quot;,&quot;autoplay&quot;:&quot;yes&quot;,&quot;pause_on_hover&quot;:&quot;yes&quot;,&quot;pause_on_interaction&quot;:&quot;yes&quot;,&quot;autoplay_speed&quot;:5000,&quot;infinite&quot;:&quot;yes&quot;,&quot;transition&quot;:&quot;slide&quot;,&quot;transition_speed&quot;:500}\" data-widget_type=\"slides.default\">\n\t\t\t\t<div class=\"elementor-widget-container\">\n\t\t\t\t\t\t\t<div class=\"elementor-swiper\">\n\t\t\t<div class=\"elementor-slides-wrapper elementor-main-swiper swiper\" dir=\"ltr\" data-animation=\"fadeInUp\">\n\t\t\t\t<div class=\"swiper-wrapper elementor-slides\">\n\t\t\t\t\t\t\t\t\t\t<div class=\"elementor-repeater-item-498a551 swiper-slide\"><div class=\"swiper-slide-bg\" role=\"img\"><\/div><div class=\"swiper-slide-inner\" ><div class=\"swiper-slide-contents\"><div class=\"elementor-slide-heading\">Not\u00edcias<\/div><div class=\"elementor-slide-description\">confira as not\u00edcias \n<br>que separamos \n<br>para voc\u00ea!<\/div><\/div><\/div><\/div>\t\t\t\t<\/div>\n\t\t\t\t\t\t\t<\/div>\n\t\t<\/div>\n\t\t\t\t\t\t<\/div>\n\t\t\t\t<\/div>\n\t\t\t\t<\/div>\n\t\t<div class=\"elementor-element elementor-element-1611944 e-con-full e-flex e-con e-parent\" data-id=\"1611944\" data-element_type=\"container\" data-settings=\"{&quot;background_background&quot;:&quot;classic&quot;}\">\n\t\t<div class=\"elementor-element elementor-element-17d3f17 e-con-full e-flex e-con e-child\" data-id=\"17d3f17\" data-element_type=\"container\" id=\"noticias-sec-banner\">\n\t\t\t\t<\/div>\n\t\t\t\t<\/div>\n\t\t<div class=\"elementor-element elementor-element-e40c6ae e-flex e-con-boxed e-con e-parent\" data-id=\"e40c6ae\" data-element_type=\"container\" data-settings=\"{&quot;background_background&quot;:&quot;classic&quot;}\">\n\t\t\t\t\t<div class=\"e-con-inner\">\n\t\t\t\t<div class=\"elementor-element elementor-element-b77a9cf elementor-grid-1 elementor-grid-tablet-1 elementor-grid-mobile-1 elementor-widget elementor-widget-loop-grid\" data-id=\"b77a9cf\" data-element_type=\"widget\" data-settings=\"{&quot;template_id&quot;:&quot;166&quot;,&quot;columns&quot;:1,&quot;pagination_type&quot;:&quot;numbers_and_prev_next&quot;,&quot;row_gap&quot;:{&quot;unit&quot;:&quot;px&quot;,&quot;size&quot;:120,&quot;sizes&quot;:[]},&quot;columns_tablet&quot;:1,&quot;_skin&quot;:&quot;post&quot;,&quot;columns_mobile&quot;:&quot;1&quot;,&quot;edit_handle_selector&quot;:&quot;[data-elementor-type=\\&quot;loop-item\\&quot;]&quot;,&quot;pagination_load_type&quot;:&quot;page_reload&quot;,&quot;row_gap_tablet&quot;:{&quot;unit&quot;:&quot;px&quot;,&quot;size&quot;:&quot;&quot;,&quot;sizes&quot;:[]},&quot;row_gap_mobile&quot;:{&quot;unit&quot;:&quot;px&quot;,&quot;size&quot;:&quot;&quot;,&quot;sizes&quot;:[]}}\" data-widget_type=\"loop-grid.post\">\n\t\t\t\t<div class=\"elementor-widget-container\">\n\t\t\t\t\t\t\t<div class=\"elementor-loop-container elementor-grid\">\n\t\t<style id=\"loop-166\">.elementor-166 .elementor-element.elementor-element-6f7f984{--display:flex;--min-height:0px;--flex-direction:column;--container-widget-width:calc( ( 1 - var( --container-widget-flex-grow ) ) * 100% );--container-widget-height:initial;--container-widget-flex-grow:0;--container-widget-align-self:initial;--flex-wrap-mobile:wrap;--justify-content:space-around;--align-items:center;border-style:solid;--border-style:solid;border-width:3px 3px 3px 3px;--border-top-width:3px;--border-right-width:3px;--border-bottom-width:3px;--border-left-width:3px;border-color:#9C8255;--border-color:#9C8255;--border-radius:22px 22px 22px 22px;box-shadow:0px 0px 10px 0px rgba(0,0,0,0.5);--margin-top:0px;--margin-bottom:0px;--margin-left:0px;--margin-right:0px;--padding-top:20px;--padding-bottom:20px;--padding-left:20px;--padding-right:20px;}.elementor-166 .elementor-element.elementor-element-6f7f984:not(.elementor-motion-effects-element-type-background), .elementor-166 .elementor-element.elementor-element-6f7f984 > .elementor-motion-effects-container > .elementor-motion-effects-layer{background-color:#FFFFFF;}.elementor-widget-theme-post-featured-image .widget-image-caption{color:var( --e-global-color-text );font-family:var( --e-global-typography-text-font-family ), Sans-serif;font-weight:var( --e-global-typography-text-font-weight );}.elementor-166 .elementor-element.elementor-element-988d3da > .elementor-widget-container{margin:-100px 0px 0px 0px;padding:0px 0px 0px 0px;}.elementor-166 .elementor-element.elementor-element-988d3da img{width:650px;height:420px;border-radius:20px 20px 20px 20px;}.elementor-widget-theme-post-title .elementor-heading-title{font-family:var( --e-global-typography-primary-font-family ), Sans-serif;font-weight:var( --e-global-typography-primary-font-weight );color:var( --e-global-color-primary );}.elementor-166 .elementor-element.elementor-element-11fe07c{width:var( --container-widget-width, 90% );max-width:90%;--container-widget-width:90%;--container-widget-flex-grow:0;}.elementor-166 .elementor-element.elementor-element-11fe07c > .elementor-widget-container{padding:20px 0px 0px 0px;}.elementor-166 .elementor-element.elementor-element-11fe07c .elementor-heading-title{font-family:\"Roboto\", Sans-serif;font-size:24px;font-weight:800;line-height:26px;letter-spacing:0px;color:#000000;}.elementor-widget-theme-post-content{color:var( --e-global-color-text );font-family:var( --e-global-typography-text-font-family ), Sans-serif;font-weight:var( --e-global-typography-text-font-weight );}.elementor-166 .elementor-element.elementor-element-b82a87a{width:var( --container-widget-width, 90% );max-width:90%;--container-widget-width:90%;--container-widget-flex-grow:0;}.elementor-166 .elementor-element.elementor-element-b82a87a > .elementor-widget-container{padding:30px 0px 0px 0px;}@media(max-width:767px){.elementor-166 .elementor-element.elementor-element-6f7f984{--width:100%;--min-height:0px;--flex-direction:column;--container-widget-width:100%;--container-widget-height:initial;--container-widget-flex-grow:0;--container-widget-align-self:initial;--flex-wrap-mobile:wrap;--justify-content:center;--margin-top:0px;--margin-bottom:0px;--margin-left:0px;--margin-right:0px;--padding-top:0px;--padding-bottom:0px;--padding-left:0px;--padding-right:0px;}.elementor-166 .elementor-element.elementor-element-6f7f984.e-con{--align-self:center;}.elementor-166 .elementor-element.elementor-element-988d3da img{width:100%;height:270px;}}@media(min-width:768px){.elementor-166 .elementor-element.elementor-element-6f7f984{--width:100%;}}<\/style>\t\t<div data-elementor-type=\"loop-item\" data-elementor-id=\"166\" class=\"elementor elementor-166 e-loop-item e-loop-item-545 post-545 post type-post status-publish format-standard has-post-thumbnail hentry category-noticias\" data-elementor-post-type=\"elementor_library\" data-custom-edit-handle=\"1\">\n\t\t\t<a class=\"elementor-element elementor-element-6f7f984 e-con-full e-flex e-con e-parent\" data-id=\"6f7f984\" data-element_type=\"container\" data-settings=\"{&quot;background_background&quot;:&quot;classic&quot;}\" href=\"https:\/\/adepolsc.org.br\/adepolsite\/adepol-sc-realiza-reuniao-com-delegados-aposentados-para-esclarecer-duvidas-sobre-o-pasep\/\">\n\t\t\t\t<div class=\"elementor-element elementor-element-988d3da elementor-widget elementor-widget-theme-post-featured-image elementor-widget-image\" data-id=\"988d3da\" data-element_type=\"widget\" data-widget_type=\"theme-post-featured-image.default\">\n\t\t\t\t<div class=\"elementor-widget-container\">\n\t\t\t\t\t\t\t\t\t\t\t\t\t\t\t<img fetchpriority=\"high\" decoding=\"async\" width=\"1500\" height=\"1000\" src=\"https:\/\/adepolsc.org.br\/adepolsite\/wp-content\/uploads\/2024\/12\/04.jpg\" class=\"attachment-full size-full wp-image-548\" alt=\"\" srcset=\"https:\/\/adepolsc.org.br\/adepolsite\/wp-content\/uploads\/2024\/12\/04.jpg 1500w, https:\/\/adepolsc.org.br\/adepolsite\/wp-content\/uploads\/2024\/12\/04-300x200.jpg 300w, https:\/\/adepolsc.org.br\/adepolsite\/wp-content\/uploads\/2024\/12\/04-1024x683.jpg 1024w, https:\/\/adepolsc.org.br\/adepolsite\/wp-content\/uploads\/2024\/12\/04-768x512.jpg 768w\" sizes=\"(max-width: 1500px) 100vw, 1500px\" \/>\t\t\t\t\t\t\t\t\t\t\t\t\t\t\t<\/div>\n\t\t\t\t<\/div>\n\t\t\t\t<div class=\"elementor-element elementor-element-11fe07c elementor-widget__width-initial elementor-widget elementor-widget-theme-post-title elementor-page-title elementor-widget-heading\" data-id=\"11fe07c\" data-element_type=\"widget\" data-widget_type=\"theme-post-title.default\">\n\t\t\t\t<div class=\"elementor-widget-container\">\n\t\t\t\t\t<h1 class=\"elementor-heading-title elementor-size-default\">ADEPOL-SC REALIZA REUNI\u00c3O COM DELEGADOS APOSENTADOS PARA ESCLARECER D\u00daVIDAS SOBRE O PASEP<\/h1>\t\t\t\t<\/div>\n\t\t\t\t<\/div>\n\t\t\t\t<div class=\"elementor-element elementor-element-b82a87a elementor-widget__width-initial elementor-widget elementor-widget-theme-post-content\" data-id=\"b82a87a\" data-element_type=\"widget\" data-widget_type=\"theme-post-content.default\">\n\t\t\t\t<div class=\"elementor-widget-container\">\n\t\t\t\t\t\n<p>A ADEPOL-SC promoveu, na tarde de ontem, 18 de novembro, uma reuni\u00e3o envolvendo um grupo de delegados aposentados associados e o escrit\u00f3rio jur\u00eddico que assiste a nossa entidade.<\/p>\n\n\n\n<p>A reuni\u00e3o, que ocorreu no audit\u00f3rio da ADEPOL-SC em Florian\u00f3polis, teve como objetivo esclarecer e sanar d\u00favidas sobre o ingresso de a\u00e7\u00f5es individuais relativas ao Programa de Forma\u00e7\u00e3o do Patrim\u00f4nio do Servidor P\u00fablico (PASEP).<\/p>\n\n\n\n<p>A ADEPOL-SC segue atenta e comprometida na defesa dos direitos dos delegados aposentados, buscando sempre oferecer suporte e orienta\u00e7\u00e3o jur\u00eddica adequada para que todos possam compreender seus direitos.<\/p>\n\n\n\n<p>ADEPOL-SC em progresso!<\/p>\n\t\t\t\t<\/div>\n\t\t\t\t<\/div>\n\t\t\t\t<\/a>\n\t\t\t\t<\/div>\n\t\t\t\t<div data-elementor-type=\"loop-item\" data-elementor-id=\"166\" class=\"elementor elementor-166 e-loop-item e-loop-item-544 post-544 post type-post status-publish format-standard has-post-thumbnail hentry category-noticias\" data-elementor-post-type=\"elementor_library\" data-custom-edit-handle=\"1\">\n\t\t\t<a class=\"elementor-element elementor-element-6f7f984 e-con-full e-flex e-con e-parent\" data-id=\"6f7f984\" data-element_type=\"container\" data-settings=\"{&quot;background_background&quot;:&quot;classic&quot;}\" href=\"https:\/\/adepolsc.org.br\/adepolsite\/mobilizacao-das-entidades-civis-assegura-a-revogacao-de-trecho-da-pec-66-23-que-alterava-previdencia-dos-estados\/\">\n\t\t\t\t<div class=\"elementor-element elementor-element-988d3da elementor-widget elementor-widget-theme-post-featured-image elementor-widget-image\" data-id=\"988d3da\" data-element_type=\"widget\" data-widget_type=\"theme-post-featured-image.default\">\n\t\t\t\t<div class=\"elementor-widget-container\">\n\t\t\t\t\t\t\t\t\t\t\t\t\t\t\t<img decoding=\"async\" width=\"1500\" height=\"1000\" src=\"https:\/\/adepolsc.org.br\/adepolsite\/wp-content\/uploads\/2024\/12\/03.jpg\" class=\"attachment-full size-full wp-image-546\" alt=\"\" srcset=\"https:\/\/adepolsc.org.br\/adepolsite\/wp-content\/uploads\/2024\/12\/03.jpg 1500w, https:\/\/adepolsc.org.br\/adepolsite\/wp-content\/uploads\/2024\/12\/03-300x200.jpg 300w, https:\/\/adepolsc.org.br\/adepolsite\/wp-content\/uploads\/2024\/12\/03-1024x683.jpg 1024w, https:\/\/adepolsc.org.br\/adepolsite\/wp-content\/uploads\/2024\/12\/03-768x512.jpg 768w\" sizes=\"(max-width: 1500px) 100vw, 1500px\" \/>\t\t\t\t\t\t\t\t\t\t\t\t\t\t\t<\/div>\n\t\t\t\t<\/div>\n\t\t\t\t<div class=\"elementor-element elementor-element-11fe07c elementor-widget__width-initial elementor-widget elementor-widget-theme-post-title elementor-page-title elementor-widget-heading\" data-id=\"11fe07c\" data-element_type=\"widget\" data-widget_type=\"theme-post-title.default\">\n\t\t\t\t<div class=\"elementor-widget-container\">\n\t\t\t\t\t<h1 class=\"elementor-heading-title elementor-size-default\">MOBILIZA\u00c7\u00c3O DAS ENTIDADES CIVIS ASSEGURA A REVOGA\u00c7\u00c3O DE TRECHO DA PEC 66\/23 QUE ALTERAVA PREVID\u00caNCIA DOS ESTADOS<\/h1>\t\t\t\t<\/div>\n\t\t\t\t<\/div>\n\t\t\t\t<div class=\"elementor-element elementor-element-b82a87a elementor-widget__width-initial elementor-widget elementor-widget-theme-post-content\" data-id=\"b82a87a\" data-element_type=\"widget\" data-widget_type=\"theme-post-content.default\">\n\t\t\t\t<div class=\"elementor-widget-container\">\n\t\t\t\t\t\n<p>A ADEPOL-SC e a ADEPOL do Brasil, estiveram presentes ontem (29) na C\u00e2mara dos Deputados, em Bras\u00edlia (DF), para acompanhar a sess\u00e3o da Comiss\u00e3o de Constitui\u00e7\u00e3o e Justi\u00e7a (CCJ), que aprovou o relat\u00f3rio do deputado catarinense Darci Mattos, o qual excluiu do texto da PEC 66\/23 todas as disposi\u00e7\u00f5es relacionadas \u00e0 mat\u00e9ria previdenci\u00e1ria.<\/p>\n\n\n\n<p>Com essa supress\u00e3o, os deputados firmaram um acordo para a vota\u00e7\u00e3o da PEC 66\/23, focando exclusivamente no texto que trata das quest\u00f5es municipais, justificando a necessidade constitucional de maior flexibilidade fiscal para os entes federados municipais.<\/p>\n\n\n\n<p>A disposi\u00e7\u00e3o relativa aos munic\u00edpios realmente tem fundamento federativo e import\u00e2ncia social e pol\u00edtica, entretanto diante do que ocorrera no Senado, com a inser\u00e7\u00e3o de \u201cjabutis\u201d alheios \u00e0 proposi\u00e7\u00e3o original, dentre os quais profunda altera\u00e7\u00e3o no regime previdenci\u00e1rio dos servidores dos Estados e Munic\u00edpios com viola\u00e7\u00e3o do Pacto Federativo conforme apontado pelo pr\u00f3prio deputado Darci Mattos, temos que ter cautela e trabalhar ao m\u00e1ximo para se evitar aprova\u00e7\u00e3o de afogadilho sem debates e audi\u00eancias p\u00fablicas.<\/p>\n\n\n\n<p>Neste contexto, informamos que estaremos vigilantes para atuar na Comiss\u00e3o Especial, impedindo qualquer modifica\u00e7\u00e3o que leve ao Senado Federal e prejudique a previd\u00eancia dos servidores p\u00fablicos.<\/p>\n\n\n\n<p>A ADEPOL-SC tem se empenhado de forma contundente contra a PEC 66\/23 desde sua aprova\u00e7\u00e3o no Senado, trabalhando em conjunto com outras entidades civis, especialmente a ADEPOL do Brasil.<\/p>\n\n\n\n<p>Na vota\u00e7\u00e3o de ontem, o presidente da ADEPOL-SC, John Vieira, e o presidente da ADEPOL do Brasil, Rodolfo Queiroz Laterza, atuaram presencialmente em articula\u00e7\u00e3o com o relator, o deputado Darci Mattos, a fim de assegurar que a vota\u00e7\u00e3o seguisse os termos do relat\u00f3rio apresentado.<\/p>\n\n\n\n<p>Ap\u00f3s a aprova\u00e7\u00e3o do parecer do deputado Darci de Matos, a proposta ser\u00e1 encaminhada \u00e0 Mesa para a cria\u00e7\u00e3o de uma Comiss\u00e3o Especial que analisar\u00e1 seu m\u00e9rito, sendo a instala\u00e7\u00e3o dessa comiss\u00e3o uma prerrogativa do Presidente da Casa, deputado Arthur Lira.<\/p>\n\t\t\t\t<\/div>\n\t\t\t\t<\/div>\n\t\t\t\t<\/a>\n\t\t\t\t<\/div>\n\t\t\t\t<div data-elementor-type=\"loop-item\" data-elementor-id=\"166\" class=\"elementor elementor-166 e-loop-item e-loop-item-541 post-541 post type-post status-publish format-standard has-post-thumbnail hentry category-noticias\" data-elementor-post-type=\"elementor_library\" data-custom-edit-handle=\"1\">\n\t\t\t<a class=\"elementor-element elementor-element-6f7f984 e-con-full e-flex e-con e-parent\" data-id=\"6f7f984\" data-element_type=\"container\" data-settings=\"{&quot;background_background&quot;:&quot;classic&quot;}\" href=\"https:\/\/adepolsc.org.br\/adepolsite\/adepol-sc-preparara-parecer-tecnico-sobre-liminar-que-reduz-tempo-de-aposentadoria-para-mulheres-policiais-civis\/\">\n\t\t\t\t<div class=\"elementor-element elementor-element-988d3da elementor-widget elementor-widget-theme-post-featured-image elementor-widget-image\" data-id=\"988d3da\" data-element_type=\"widget\" data-widget_type=\"theme-post-featured-image.default\">\n\t\t\t\t<div class=\"elementor-widget-container\">\n\t\t\t\t\t\t\t\t\t\t\t\t\t\t\t<img decoding=\"async\" width=\"1500\" height=\"1000\" src=\"https:\/\/adepolsc.org.br\/adepolsite\/wp-content\/uploads\/2024\/12\/02.jpg\" class=\"attachment-full size-full wp-image-542\" alt=\"\" srcset=\"https:\/\/adepolsc.org.br\/adepolsite\/wp-content\/uploads\/2024\/12\/02.jpg 1500w, https:\/\/adepolsc.org.br\/adepolsite\/wp-content\/uploads\/2024\/12\/02-300x200.jpg 300w, https:\/\/adepolsc.org.br\/adepolsite\/wp-content\/uploads\/2024\/12\/02-1024x683.jpg 1024w, https:\/\/adepolsc.org.br\/adepolsite\/wp-content\/uploads\/2024\/12\/02-768x512.jpg 768w\" sizes=\"(max-width: 1500px) 100vw, 1500px\" \/>\t\t\t\t\t\t\t\t\t\t\t\t\t\t\t<\/div>\n\t\t\t\t<\/div>\n\t\t\t\t<div class=\"elementor-element elementor-element-11fe07c elementor-widget__width-initial elementor-widget elementor-widget-theme-post-title elementor-page-title elementor-widget-heading\" data-id=\"11fe07c\" data-element_type=\"widget\" data-widget_type=\"theme-post-title.default\">\n\t\t\t\t<div class=\"elementor-widget-container\">\n\t\t\t\t\t<h1 class=\"elementor-heading-title elementor-size-default\">ADEPOL-SC PREPARAR\u00c1 PARECER T\u00c9CNICO SOBRE LIMINAR QUE REDUZ TEMPO DE APOSENTADORIA PARA MULHERES POLICIAIS CIVIS<\/h1>\t\t\t\t<\/div>\n\t\t\t\t<\/div>\n\t\t\t\t<div class=\"elementor-element elementor-element-b82a87a elementor-widget__width-initial elementor-widget elementor-widget-theme-post-content\" data-id=\"b82a87a\" data-element_type=\"widget\" data-widget_type=\"theme-post-content.default\">\n\t\t\t\t<div class=\"elementor-widget-container\">\n\t\t\t\t\t\n<p>Informamos que foi deferida, em car\u00e1ter liminar, a Medida Cautelar na A\u00e7\u00e3o Direta de Inconstitucionalidade 7.727, proposta pela ADEPOL do Brasil, que reduz em 3 anos o tempo de contribui\u00e7\u00e3o necess\u00e1rio para a aposentadoria das mulheres policiais civis e federais.<\/p>\n\n\n\n<p>A medida \u00e9 v\u00e1lida at\u00e9 que o Congresso Nacional edite a norma que sane essa inconstitucionalidade. A tend\u00eancia \u00e9 que o restante do plen\u00e1rio siga o relator.&nbsp;<\/p>\n\n\n\n<p>A liminar foi conquistada gra\u00e7as \u00e0 atua\u00e7\u00e3o da ADEPOL do Brasil, por meio do escrit\u00f3rio jur\u00eddico DTA Solu\u00e7\u00f5es Jur\u00eddicas, vinculado \u00e0 ADEPOL-SC.<\/p>\n\n\n\n<p>Adicionalmente, a ADEPOL-SC est\u00e1 elaborando um material informativo que ser\u00e1 enviado aos associados, abordando as consequ\u00eancias jur\u00eddicas pr\u00e1ticas dessa liminar para a Pol\u00edcia Civil em Santa Catarina. Este material tem como objetivo esclarecer os impactos da decis\u00e3o na aposentadoria e nos direitos das policiais civis, assegurando que todos estejam devidamente informados sobre essa importante conquista.<\/p>\n\t\t\t\t<\/div>\n\t\t\t\t<\/div>\n\t\t\t\t<\/a>\n\t\t\t\t<\/div>\n\t\t\t\t<\/div>\n\t\t\n\t\t\t\t<div class=\"e-load-more-anchor\" data-page=\"1\" data-max-page=\"2\" data-next-page=\"https:\/\/adepolsc.org.br\/adepolsite\/wp-json\/wp\/v2\/pages\/157\/page\/2\/\"><\/div>\n\t\t\t\t<nav class=\"elementor-pagination\" aria-label=\"Pagination\">\n\t\t\t<span class=\"page-numbers prev\">Anterior<\/span>\n<span aria-current=\"page\" class=\"page-numbers current\"><span class=\"elementor-screen-only\">Page<\/span>1<\/span>\n<a class=\"page-numbers\" href=\"https:\/\/adepolsc.org.br\/adepolsite\/wp-json\/wp\/v2\/pages\/157\/page\/2\/\"><span class=\"elementor-screen-only\">Page<\/span>2<\/a>\n<a class=\"page-numbers next\" href=\"https:\/\/adepolsc.org.br\/adepolsite\/wp-json\/wp\/v2\/pages\/157\/page\/2\/\">Pr\u00f3ximo<\/a>\t\t<\/nav>\n\t\t\t\t\t\t<\/div>\n\t\t\t\t<\/div>\n\t\t\t\t\t<\/div>\n\t\t\t\t<\/div>\n\t\t\t\t<\/div>\n\t\t","protected":false},"excerpt":{"rendered":"<p>Not\u00edciasconfira as not\u00edcias que separamos para voc\u00ea!<\/p>\n","protected":false},"author":1,"featured_media":0,"parent":0,"menu_order":0,"comment_status":"closed","ping_status":"closed","template":"","meta":{"footnotes":""},"class_list":["post-157","page","type-page","status-publish","hentry"],"_links":{"self":[{"href":"https:\/\/adepolsc.org.br\/adepolsite\/wp-json\/wp\/v2\/pages\/157","targetHints":{"allow":["GET"]}}],"collection":[{"href":"https:\/\/adepolsc.org.br\/adepolsite\/wp-json\/wp\/v2\/pages"}],"about":[{"href":"https:\/\/adepolsc.org.br\/adepolsite\/wp-json\/wp\/v2\/types\/page"}],"author":[{"embeddable":true,"href":"https:\/\/adepolsc.org.br\/adepolsite\/wp-json\/wp\/v2\/users\/1"}],"replies":[{"embeddable":true,"href":"https:\/\/adepolsc.org.br\/adepolsite\/wp-json\/wp\/v2\/comments?post=157"}],"version-history":[{"count":34,"href":"https:\/\/adepolsc.org.br\/adepolsite\/wp-json\/wp\/v2\/pages\/157\/revisions"}],"predecessor-version":[{"id":1273,"href":"https:\/\/adepolsc.org.br\/adepolsite\/wp-json\/wp\/v2\/pages\/157\/revisions\/1273"}],"wp:attachment":[{"href":"https:\/\/adepolsc.org.br\/adepolsite\/wp-json\/wp\/v2\/media?parent=157"}],"curies":[{"name":"wp","href":"https:\/\/api.w.org\/{rel}","templated":true}]}}