{"id":283,"date":"2024-11-17T16:14:04","date_gmt":"2024-11-17T16:14:04","guid":{"rendered":"https:\/\/adepolsc.org.br\/adepolsite\/?page_id=283"},"modified":"2025-03-06T19:33:56","modified_gmt":"2025-03-06T19:33:56","slug":"convenios","status":"publish","type":"page","link":"https:\/\/adepolsc.org.br\/adepolsite\/convenios\/","title":{"rendered":"Conv\u00eanios"},"content":{"rendered":"\t\t<div data-elementor-type=\"wp-page\" data-elementor-id=\"283\" class=\"elementor elementor-283\" data-elementor-post-type=\"page\">\n\t\t\t\t<div class=\"elementor-element elementor-element-a60cc99 e-con-full e-flex e-con e-parent\" data-id=\"a60cc99\" data-element_type=\"container\">\n\t\t\t\t<div class=\"elementor-element elementor-element-63c29c9 elementor--h-position-left elementor--v-position-middle elementor-pagination-position-inside elementor-widget elementor-widget-slides\" data-id=\"63c29c9\" data-element_type=\"widget\" data-settings=\"{&quot;navigation&quot;:&quot;dots&quot;,&quot;autoplay&quot;:&quot;yes&quot;,&quot;pause_on_hover&quot;:&quot;yes&quot;,&quot;pause_on_interaction&quot;:&quot;yes&quot;,&quot;autoplay_speed&quot;:5000,&quot;infinite&quot;:&quot;yes&quot;,&quot;transition&quot;:&quot;slide&quot;,&quot;transition_speed&quot;:500}\" data-widget_type=\"slides.default\">\n\t\t\t\t<div class=\"elementor-widget-container\">\n\t\t\t\t\t\t\t<div class=\"elementor-swiper\">\n\t\t\t<div class=\"elementor-slides-wrapper elementor-main-swiper swiper\" dir=\"ltr\" data-animation=\"fadeInUp\">\n\t\t\t\t<div class=\"swiper-wrapper elementor-slides\">\n\t\t\t\t\t\t\t\t\t\t<div class=\"elementor-repeater-item-498a551 swiper-slide\"><div class=\"swiper-slide-bg\" role=\"img\"><\/div><div class=\"swiper-slide-inner\" ><div class=\"swiper-slide-contents\"><div class=\"elementor-slide-heading\">Conv\u00eanios<\/div><\/div><\/div><\/div>\t\t\t\t<\/div>\n\t\t\t\t\t\t\t<\/div>\n\t\t<\/div>\n\t\t\t\t\t\t<\/div>\n\t\t\t\t<\/div>\n\t\t\t\t<\/div>\n\t\t<div class=\"elementor-element elementor-element-1611944 e-con-full e-flex e-con e-parent\" data-id=\"1611944\" data-element_type=\"container\" data-settings=\"{&quot;background_background&quot;:&quot;classic&quot;}\">\n\t\t<div class=\"elementor-element elementor-element-17d3f17 e-con-full e-flex e-con e-child\" data-id=\"17d3f17\" data-element_type=\"container\" id=\"noticias-sec-banner\">\n\t\t\t\t<\/div>\n\t\t\t\t<\/div>\n\t\t<div class=\"elementor-element elementor-element-9dca14c e-flex e-con-boxed e-con e-parent\" data-id=\"9dca14c\" data-element_type=\"container\">\n\t\t\t\t\t<div class=\"e-con-inner\">\n\t\t\t\t<div class=\"elementor-element elementor-element-059efec e-n-tabs-mobile elementor-widget elementor-widget-n-tabs\" data-id=\"059efec\" data-element_type=\"widget\" data-settings=\"{&quot;horizontal_scroll&quot;:&quot;disable&quot;}\" data-widget_type=\"nested-tabs.default\">\n\t\t\t\t<div class=\"elementor-widget-container\">\n\t\t\t\t\t\t\t<div class=\"e-n-tabs\" data-widget-number=\"5894124\" aria-label=\"Abas. Abra itens com &quot;Enter&quot; ou &quot;Espa\u00e7o&quot;, feche com &quot;Escape&quot; e navegue usando as teclas de &quot;Seta&quot;.\">\n\t\t\t<div class=\"e-n-tabs-heading\" role=\"tablist\">\n\t\t\t\t\t<button id=\"e-n-tab-title-58941241\" class=\"e-n-tab-title\" aria-selected=\"true\" data-tab-index=\"1\" role=\"tab\" tabindex=\"0\" aria-controls=\"e-n-tab-content-58941241\" style=\"--n-tabs-title-order: 1;\">\n\t\t\t\t\t\t<span class=\"e-n-tab-title-text\">\n\t\t\t\tTodos\t\t\t<\/span>\n\t\t<\/button>\n\t\t\t\t<button id=\"e-n-tab-title-58941242\" class=\"e-n-tab-title\" aria-selected=\"false\" data-tab-index=\"2\" role=\"tab\" tabindex=\"-1\" aria-controls=\"e-n-tab-content-58941242\" style=\"--n-tabs-title-order: 2;\">\n\t\t\t\t\t\t<span class=\"e-n-tab-title-text\">\n\t\t\t\tEduca\u00e7\u00e3o\t\t\t<\/span>\n\t\t<\/button>\n\t\t\t\t<button id=\"e-n-tab-title-58941243\" class=\"e-n-tab-title\" aria-selected=\"false\" data-tab-index=\"3\" role=\"tab\" tabindex=\"-1\" aria-controls=\"e-n-tab-content-58941243\" style=\"--n-tabs-title-order: 3;\">\n\t\t\t\t\t\t<span class=\"e-n-tab-title-text\">\n\t\t\t\tSa\u00fade\t\t\t<\/span>\n\t\t<\/button>\n\t\t\t\t<button id=\"e-n-tab-title-58941244\" class=\"e-n-tab-title\" aria-selected=\"false\" data-tab-index=\"4\" role=\"tab\" tabindex=\"-1\" aria-controls=\"e-n-tab-content-58941244\" style=\"--n-tabs-title-order: 4;\">\n\t\t\t\t\t\t<span class=\"e-n-tab-title-text\">\n\t\t\t\tCremat\u00f3rio\t\t\t<\/span>\n\t\t<\/button>\n\t\t\t\t<button id=\"e-n-tab-title-58941245\" class=\"e-n-tab-title\" aria-selected=\"false\" data-tab-index=\"5\" role=\"tab\" tabindex=\"-1\" aria-controls=\"e-n-tab-content-58941245\" style=\"--n-tabs-title-order: 5;\">\n\t\t\t\t\t\t<span class=\"e-n-tab-title-text\">\n\t\t\t\tFinan\u00e7as\t\t\t<\/span>\n\t\t<\/button>\n\t\t\t\t<button id=\"e-n-tab-title-58941246\" class=\"e-n-tab-title\" aria-selected=\"false\" data-tab-index=\"6\" role=\"tab\" tabindex=\"-1\" aria-controls=\"e-n-tab-content-58941246\" style=\"--n-tabs-title-order: 6;\">\n\t\t\t\t\t\t<span class=\"e-n-tab-title-text\">\n\t\t\t\tSeguros\t\t\t<\/span>\n\t\t<\/button>\n\t\t\t\t<button id=\"e-n-tab-title-58941247\" class=\"e-n-tab-title\" aria-selected=\"false\" data-tab-index=\"7\" role=\"tab\" tabindex=\"-1\" aria-controls=\"e-n-tab-content-58941247\" style=\"--n-tabs-title-order: 7;\">\n\t\t\t\t\t\t<span class=\"e-n-tab-title-text\">\n\t\t\t\tHot\u00e9is\t\t\t<\/span>\n\t\t<\/button>\n\t\t\t\t<button id=\"e-n-tab-title-58941248\" class=\"e-n-tab-title\" aria-selected=\"false\" data-tab-index=\"8\" role=\"tab\" tabindex=\"-1\" aria-controls=\"e-n-tab-content-58941248\" style=\"--n-tabs-title-order: 8;\">\n\t\t\t\t\t\t<span class=\"e-n-tab-title-text\">\n\t\t\t\tLazer\t\t\t<\/span>\n\t\t<\/button>\n\t\t\t\t\t<\/div>\n\t\t\t<div class=\"e-n-tabs-content\">\n\t\t\t\t<div id=\"e-n-tab-content-58941241\" role=\"tabpanel\" aria-labelledby=\"e-n-tab-title-58941241\" data-tab-index=\"1\" style=\"--n-tabs-title-order: 1;\" class=\"e-active elementor-element elementor-element-4b691da e-con-full e-flex e-con e-child\" data-id=\"4b691da\" data-element_type=\"container\">\n\t\t<div class=\"elementor-element elementor-element-746dea7 e-flex e-con-boxed e-con e-child\" data-id=\"746dea7\" data-element_type=\"container\">\n\t\t\t\t\t<div class=\"e-con-inner\">\n\t\t<div class=\"elementor-element elementor-element-ff18407 e-con-full e-flex e-con e-child\" data-id=\"ff18407\" data-element_type=\"container\">\n\t\t\t\t<div class=\"elementor-element elementor-element-60b7269 elementor-widget elementor-widget-hotspot\" data-id=\"60b7269\" data-element_type=\"widget\" data-settings=\"{&quot;hotspot&quot;:[{&quot;_id&quot;:&quot;59e9d96&quot;,&quot;hotspot_tooltip_content&quot;:&quot;&lt;p lang=\\&quot;pt-PT\\&quot;&gt;&lt;span style=\\&quot;font-size: small;\\&quot;&gt;&lt;span style=\\&quot;font-size: large;\\&quot;&gt;&lt;b&gt;FACULDADE CESUSC&lt;\\\/b&gt;&lt;\\\/span&gt;&lt;\\\/span&gt;&lt;\\\/p&gt;&lt;p class=\\&quot;western\\&quot; align=\\&quot;left\\&quot;&gt;&lt;span style=\\&quot;font-family: Calibri, serif;\\&quot;&gt;&lt;span style=\\&quot;font-size: small;\\&quot;&gt;Concess\\u00e3o de&lt;b&gt; 15% &lt;\\\/b&gt;de desconto no valor das mensalidades, nos cursos presenciais e &lt;br \\\/&gt;gradua\\u00e7\\u00e3o e&lt;b&gt; 25% &lt;\\\/b&gt;de desconto nos cursos de P\\u00f3s- Gradua\\u00e7\\u00e3o para os colaboradores\\\/associados&lt;br \\\/&gt;da Adepol-SC e seus dependentes.&lt;\\\/span&gt;&lt;\\\/span&gt;&lt;\\\/p&gt;&quot;,&quot;hotspot_label&quot;:&quot;&quot;,&quot;hotspot_link&quot;:{&quot;url&quot;:&quot;&quot;,&quot;is_external&quot;:&quot;&quot;,&quot;nofollow&quot;:&quot;&quot;,&quot;custom_attributes&quot;:&quot;&quot;},&quot;hotspot_icon&quot;:{&quot;value&quot;:&quot;&quot;,&quot;library&quot;:&quot;&quot;},&quot;hotspot_custom_size&quot;:&quot;no&quot;,&quot;hotspot_horizontal&quot;:&quot;left&quot;,&quot;hotspot_vertical&quot;:&quot;top&quot;,&quot;hotspot_tooltip_position&quot;:&quot;no&quot;,&quot;hotspot_position&quot;:null}],&quot;tooltip_trigger&quot;:&quot;mouseenter&quot;,&quot;hotspot_sequenced_animation&quot;:&quot;no&quot;,&quot;tooltip_position&quot;:&quot;top&quot;,&quot;tooltip_animation&quot;:&quot;e-hotspot--fade-in-out&quot;}\" data-widget_type=\"hotspot.default\">\n\t\t\t\t<div class=\"elementor-widget-container\">\n\t\t\t\t\t<img decoding=\"async\" width=\"283\" height=\"85\" src=\"https:\/\/adepolsc.org.br\/adepolsite\/wp-content\/uploads\/2024\/11\/convenio-_0002s_0001_Objeto-Inteligente-de-Vetor.png\" class=\"attachment-large size-large wp-image-385\" alt=\"\" \/>\n\t\t\t\t\t\t<div class=\"e-hotspot elementor-repeater-item-59e9d96      e-hotspot--circle\">\n\n\t\t\t\t\t\t\t\t<div class=\"e-hotspot__button e-hotspot--expand\">\n\t\t\t\t\t\t\t\t\t\t\t<div class=\"e-hotspot__outer-circle\"><\/div>\n\t\t\t\t\t\t<div class=\"e-hotspot__inner-circle\"><\/div>\n\t\t\t\t\t\t\t\t\t<\/div>\n\n\t\t\t\t\t\t\t\t\t\t\t\t\t\t\t\t\t\t<div class=\"e-hotspot__tooltip  e-hotspot--tooltip-position e-hotspot--fade-in-out \" >\n\t\t\t\t\t\t<p lang=\"pt-PT\"><span style=\"font-size: small;\"><span style=\"font-size: large;\"><b>FACULDADE CESUSC<\/b><\/span><\/span><\/p><p class=\"western\" align=\"left\"><span style=\"font-family: Calibri, serif;\"><span style=\"font-size: small;\">Concess\u00e3o de<b> 15% <\/b>de desconto no valor das mensalidades, nos cursos presenciais e <br \/>gradua\u00e7\u00e3o e<b> 25% <\/b>de desconto nos cursos de P\u00f3s- Gradua\u00e7\u00e3o para os colaboradores\/associados<br \/>da Adepol-SC e seus dependentes.<\/span><\/span><\/p>\t\t\t\t\t<\/div>\n\t\t\t\t\t\t\t\t\t\n\t\t\t<\/div>\n\n\t\n\t\t\t\t\t\t<\/div>\n\t\t\t\t<\/div>\n\t\t\t\t<\/div>\n\t\t<div class=\"elementor-element elementor-element-a2852c7 e-con-full e-flex e-con e-child\" data-id=\"a2852c7\" data-element_type=\"container\">\n\t\t\t\t<div class=\"elementor-element elementor-element-c0cd024 elementor-widget elementor-widget-hotspot\" data-id=\"c0cd024\" data-element_type=\"widget\" data-settings=\"{&quot;hotspot&quot;:[{&quot;_id&quot;:&quot;59e9d96&quot;,&quot;hotspot_tooltip_content&quot;:&quot;&lt;p lang=\\&quot;pt-PT\\&quot;&gt;&lt;span style=\\&quot;font-size: small;\\&quot;&gt;&lt;span style=\\&quot;font-size: large;\\&quot;&gt;&lt;b&gt;CREMAT\\u00d3RIO VATICANO&lt;\\\/b&gt;&lt;\\\/span&gt;&lt;\\\/span&gt;&lt;\\\/p&gt;&lt;p class=\\&quot;western\\&quot; align=\\&quot;left\\&quot;&gt;&lt;span style=\\&quot;font-family: Calibri, serif;\\&quot;&gt;&lt;span style=\\&quot;font-size: small;\\&quot;&gt;Plano d\\u00e1 direito ao processo de crema\\u00e7\\u00e3o, urna de cinzas, cerimonial de acordo com a religi\\u00e3o, p\\u00e9talas de &lt;br \\\/&gt;rosas, revoadas de pombas brancas, 24 horas de plant\\u00e3o, 72 horas de c\\u00e2mara fria, documenta\\u00e7\\u00e3o, uso da capela velat\\u00f3ria, &lt;br \\\/&gt;30 dias do uso do memorial de cinzas, o plano \\u00e9 transfer\\u00edvel para algu\\u00e9m da fam\\u00edlia, sem limite de idade e sem car\\u00eancia.&lt;\\\/span&gt;&lt;\\\/span&gt;&lt;\\\/p&gt;&lt;p class=\\&quot;western\\&quot; align=\\&quot;left\\&quot;&gt;&lt;span style=\\&quot;font-family: Calibri, serif;\\&quot;&gt;&lt;span style=\\&quot;font-size: small;\\&quot;&gt;Associados da ADEPOL-SC ganham 10% de desconto.&lt;\\\/span&gt;&lt;\\\/span&gt;&lt;\\\/p&gt;&quot;,&quot;hotspot_label&quot;:&quot;&quot;,&quot;hotspot_link&quot;:{&quot;url&quot;:&quot;&quot;,&quot;is_external&quot;:&quot;&quot;,&quot;nofollow&quot;:&quot;&quot;,&quot;custom_attributes&quot;:&quot;&quot;},&quot;hotspot_icon&quot;:{&quot;value&quot;:&quot;&quot;,&quot;library&quot;:&quot;&quot;},&quot;hotspot_custom_size&quot;:&quot;no&quot;,&quot;hotspot_horizontal&quot;:&quot;left&quot;,&quot;hotspot_vertical&quot;:&quot;top&quot;,&quot;hotspot_tooltip_position&quot;:&quot;no&quot;,&quot;hotspot_position&quot;:null}],&quot;tooltip_trigger&quot;:&quot;mouseenter&quot;,&quot;hotspot_sequenced_animation&quot;:&quot;no&quot;,&quot;tooltip_position&quot;:&quot;top&quot;,&quot;tooltip_animation&quot;:&quot;e-hotspot--fade-in-out&quot;}\" data-widget_type=\"hotspot.default\">\n\t\t\t\t<div class=\"elementor-widget-container\">\n\t\t\t\t\t<img fetchpriority=\"high\" decoding=\"async\" width=\"612\" height=\"418\" src=\"https:\/\/adepolsc.org.br\/adepolsite\/wp-content\/uploads\/2025\/02\/002-CREMATORIO-VATICANO-1.jpg\" class=\"attachment-large size-large wp-image-1307\" alt=\"\" \/>\n\t\t\t\t\t\t<div class=\"e-hotspot elementor-repeater-item-59e9d96      e-hotspot--circle\">\n\n\t\t\t\t\t\t\t\t<div class=\"e-hotspot__button e-hotspot--expand\">\n\t\t\t\t\t\t\t\t\t\t\t<div class=\"e-hotspot__outer-circle\"><\/div>\n\t\t\t\t\t\t<div class=\"e-hotspot__inner-circle\"><\/div>\n\t\t\t\t\t\t\t\t\t<\/div>\n\n\t\t\t\t\t\t\t\t\t\t\t\t\t\t\t\t\t\t<div class=\"e-hotspot__tooltip  e-hotspot--tooltip-position e-hotspot--fade-in-out \" >\n\t\t\t\t\t\t<p lang=\"pt-PT\"><span style=\"font-size: small;\"><span style=\"font-size: large;\"><b>CREMAT\u00d3RIO VATICANO<\/b><\/span><\/span><\/p><p class=\"western\" align=\"left\"><span style=\"font-family: Calibri, serif;\"><span style=\"font-size: small;\">Plano d\u00e1 direito ao processo de crema\u00e7\u00e3o, urna de cinzas, cerimonial de acordo com a religi\u00e3o, p\u00e9talas de <br \/>rosas, revoadas de pombas brancas, 24 horas de plant\u00e3o, 72 horas de c\u00e2mara fria, documenta\u00e7\u00e3o, uso da capela velat\u00f3ria, <br \/>30 dias do uso do memorial de cinzas, o plano \u00e9 transfer\u00edvel para algu\u00e9m da fam\u00edlia, sem limite de idade e sem car\u00eancia.<\/span><\/span><\/p><p class=\"western\" align=\"left\"><span style=\"font-family: Calibri, serif;\"><span style=\"font-size: small;\">Associados da ADEPOL-SC ganham 10% de desconto.<\/span><\/span><\/p>\t\t\t\t\t<\/div>\n\t\t\t\t\t\t\t\t\t\n\t\t\t<\/div>\n\n\t\n\t\t\t\t\t\t<\/div>\n\t\t\t\t<\/div>\n\t\t\t\t<\/div>\n\t\t<div class=\"elementor-element elementor-element-a728e0e e-con-full e-flex e-con e-child\" data-id=\"a728e0e\" data-element_type=\"container\">\n\t\t\t\t<div class=\"elementor-element elementor-element-668ac68 elementor-widget elementor-widget-hotspot\" data-id=\"668ac68\" data-element_type=\"widget\" data-settings=\"{&quot;hotspot&quot;:[{&quot;_id&quot;:&quot;59e9d96&quot;,&quot;hotspot_tooltip_content&quot;:&quot;&lt;p lang=\\&quot;pt-PT\\&quot;&gt;&lt;span style=\\&quot;font-size: small;\\&quot;&gt;&lt;span style=\\&quot;font-size: large;\\&quot;&gt;&lt;b&gt;FISK CENTRO DE ENSINO&lt;\\\/b&gt;&lt;\\\/span&gt;&lt;\\\/span&gt;&lt;\\\/p&gt;&lt;p class=\\&quot;western\\&quot; align=\\&quot;left\\&quot;&gt;&lt;span style=\\&quot;font-family: Calibri, serif;\\&quot;&gt;&lt;span style=\\&quot;font-size: small;\\&quot;&gt;Para turmas regulares concess\\u00e3o de at\\u00e9 10% de desconto, turmas promocionais concess\\u00e3o de at\\u00e9 10% &lt;br \\\/&gt;de desconto e turmas personalizadas concess\\u00e3o de 20% de desconto&lt;\\\/span&gt;&lt;\\\/span&gt;&lt;\\\/p&gt;&quot;,&quot;hotspot_label&quot;:&quot;&quot;,&quot;hotspot_link&quot;:{&quot;url&quot;:&quot;&quot;,&quot;is_external&quot;:&quot;&quot;,&quot;nofollow&quot;:&quot;&quot;,&quot;custom_attributes&quot;:&quot;&quot;},&quot;hotspot_icon&quot;:{&quot;value&quot;:&quot;&quot;,&quot;library&quot;:&quot;&quot;},&quot;hotspot_custom_size&quot;:&quot;no&quot;,&quot;hotspot_horizontal&quot;:&quot;left&quot;,&quot;hotspot_vertical&quot;:&quot;top&quot;,&quot;hotspot_tooltip_position&quot;:&quot;no&quot;,&quot;hotspot_position&quot;:null}],&quot;tooltip_trigger&quot;:&quot;mouseenter&quot;,&quot;hotspot_sequenced_animation&quot;:&quot;no&quot;,&quot;tooltip_position&quot;:&quot;top&quot;,&quot;tooltip_animation&quot;:&quot;e-hotspot--fade-in-out&quot;}\" data-widget_type=\"hotspot.default\">\n\t\t\t\t<div class=\"elementor-widget-container\">\n\t\t\t\t\t<img decoding=\"async\" width=\"311\" height=\"163\" src=\"https:\/\/adepolsc.org.br\/adepolsite\/wp-content\/uploads\/2025\/02\/003-FISK-CENTRO-DE-ENSINO-.jpg\" class=\"attachment-large size-large wp-image-1308\" alt=\"\" \/>\n\t\t\t\t\t\t<div class=\"e-hotspot elementor-repeater-item-59e9d96      e-hotspot--circle\">\n\n\t\t\t\t\t\t\t\t<div class=\"e-hotspot__button e-hotspot--expand\">\n\t\t\t\t\t\t\t\t\t\t\t<div class=\"e-hotspot__outer-circle\"><\/div>\n\t\t\t\t\t\t<div class=\"e-hotspot__inner-circle\"><\/div>\n\t\t\t\t\t\t\t\t\t<\/div>\n\n\t\t\t\t\t\t\t\t\t\t\t\t\t\t\t\t\t\t<div class=\"e-hotspot__tooltip  e-hotspot--tooltip-position e-hotspot--fade-in-out \" >\n\t\t\t\t\t\t<p lang=\"pt-PT\"><span style=\"font-size: small;\"><span style=\"font-size: large;\"><b>FISK CENTRO DE ENSINO<\/b><\/span><\/span><\/p><p class=\"western\" align=\"left\"><span style=\"font-family: Calibri, serif;\"><span style=\"font-size: small;\">Para turmas regulares concess\u00e3o de at\u00e9 10% de desconto, turmas promocionais concess\u00e3o de at\u00e9 10% <br \/>de desconto e turmas personalizadas concess\u00e3o de 20% de desconto<\/span><\/span><\/p>\t\t\t\t\t<\/div>\n\t\t\t\t\t\t\t\t\t\n\t\t\t<\/div>\n\n\t\n\t\t\t\t\t\t<\/div>\n\t\t\t\t<\/div>\n\t\t\t\t<\/div>\n\t\t<div class=\"elementor-element elementor-element-0106cda e-con-full e-flex e-con e-child\" data-id=\"0106cda\" data-element_type=\"container\">\n\t\t\t\t<div class=\"elementor-element elementor-element-cb14c50 elementor-widget elementor-widget-hotspot\" data-id=\"cb14c50\" data-element_type=\"widget\" data-settings=\"{&quot;hotspot&quot;:[{&quot;_id&quot;:&quot;59e9d96&quot;,&quot;hotspot_tooltip_content&quot;:&quot;&lt;p lang=\\&quot;pt-PT\\&quot;&gt;&lt;span style=\\&quot;font-size: small;\\&quot;&gt;&lt;span style=\\&quot;font-size: large;\\&quot;&gt;&lt;b&gt;UNIVALI&lt;\\\/b&gt;&lt;\\\/span&gt;&lt;\\\/span&gt;&lt;\\\/p&gt;&lt;p class=\\&quot;western\\&quot; align=\\&quot;left\\&quot;&gt;&lt;span style=\\&quot;font-family: Calibri, serif;\\&quot;&gt;&lt;span style=\\&quot;font-size: small;\\&quot;&gt;Concess\\u00e3o de at\\u00e9 &lt;b&gt;30%&lt;\\\/b&gt; de desconto no valor das mensalidades nos cursos de gradua\\u00e7\\u00e3o, at\\u00e9 &lt;b&gt;15%&lt;\\\/b&gt; &lt;br \\\/&gt;de desconto em educa\\u00e7\\u00e3o b\\u00e1sica, p\\u00f3s-gradua\\u00e7\\u00e3o e idiomas.&lt;\\\/span&gt;&lt;\\\/span&gt;&lt;\\\/p&gt;&quot;,&quot;hotspot_label&quot;:&quot;&quot;,&quot;hotspot_link&quot;:{&quot;url&quot;:&quot;&quot;,&quot;is_external&quot;:&quot;&quot;,&quot;nofollow&quot;:&quot;&quot;,&quot;custom_attributes&quot;:&quot;&quot;},&quot;hotspot_icon&quot;:{&quot;value&quot;:&quot;&quot;,&quot;library&quot;:&quot;&quot;},&quot;hotspot_custom_size&quot;:&quot;no&quot;,&quot;hotspot_horizontal&quot;:&quot;left&quot;,&quot;hotspot_vertical&quot;:&quot;top&quot;,&quot;hotspot_tooltip_position&quot;:&quot;no&quot;,&quot;hotspot_position&quot;:null}],&quot;tooltip_trigger&quot;:&quot;mouseenter&quot;,&quot;hotspot_sequenced_animation&quot;:&quot;no&quot;,&quot;tooltip_position&quot;:&quot;top&quot;,&quot;tooltip_animation&quot;:&quot;e-hotspot--fade-in-out&quot;}\" data-widget_type=\"hotspot.default\">\n\t\t\t\t<div class=\"elementor-widget-container\">\n\t\t\t\t\t<img loading=\"lazy\" decoding=\"async\" width=\"300\" height=\"242\" src=\"https:\/\/adepolsc.org.br\/adepolsite\/wp-content\/uploads\/2025\/02\/004-UNIVALI.png\" class=\"attachment-large size-large wp-image-1309\" alt=\"\" \/>\n\t\t\t\t\t\t<div class=\"e-hotspot elementor-repeater-item-59e9d96      e-hotspot--circle\">\n\n\t\t\t\t\t\t\t\t<div class=\"e-hotspot__button e-hotspot--expand\">\n\t\t\t\t\t\t\t\t\t\t\t<div class=\"e-hotspot__outer-circle\"><\/div>\n\t\t\t\t\t\t<div class=\"e-hotspot__inner-circle\"><\/div>\n\t\t\t\t\t\t\t\t\t<\/div>\n\n\t\t\t\t\t\t\t\t\t\t\t\t\t\t\t\t\t\t<div class=\"e-hotspot__tooltip  e-hotspot--tooltip-position e-hotspot--fade-in-out \" >\n\t\t\t\t\t\t<p lang=\"pt-PT\"><span style=\"font-size: small;\"><span style=\"font-size: large;\"><b>UNIVALI<\/b><\/span><\/span><\/p><p class=\"western\" align=\"left\"><span style=\"font-family: Calibri, serif;\"><span style=\"font-size: small;\">Concess\u00e3o de at\u00e9 <b>30%<\/b> de desconto no valor das mensalidades nos cursos de gradua\u00e7\u00e3o, at\u00e9 <b>15%<\/b> <br \/>de desconto em educa\u00e7\u00e3o b\u00e1sica, p\u00f3s-gradua\u00e7\u00e3o e idiomas.<\/span><\/span><\/p>\t\t\t\t\t<\/div>\n\t\t\t\t\t\t\t\t\t\n\t\t\t<\/div>\n\n\t\n\t\t\t\t\t\t<\/div>\n\t\t\t\t<\/div>\n\t\t\t\t<\/div>\n\t\t\t\t\t<\/div>\n\t\t\t\t<\/div>\n\t\t<div class=\"elementor-element elementor-element-d5f4b99 e-flex e-con-boxed e-con e-child\" data-id=\"d5f4b99\" data-element_type=\"container\">\n\t\t\t\t\t<div class=\"e-con-inner\">\n\t\t<div class=\"elementor-element elementor-element-2daf895 e-con-full e-flex e-con e-child\" data-id=\"2daf895\" data-element_type=\"container\">\n\t\t\t\t<div class=\"elementor-element elementor-element-91c7c1f elementor-widget elementor-widget-hotspot\" data-id=\"91c7c1f\" data-element_type=\"widget\" data-settings=\"{&quot;hotspot&quot;:[{&quot;_id&quot;:&quot;59e9d96&quot;,&quot;hotspot_tooltip_content&quot;:&quot;&lt;p lang=\\&quot;pt-PT\\&quot;&gt;&lt;span style=\\&quot;font-size: small;\\&quot;&gt;&lt;span style=\\&quot;font-size: large;\\&quot;&gt;&lt;b&gt;\\u00c1GUAS DE PALMAS&lt;\\\/b&gt;&lt;\\\/span&gt;&lt;\\\/span&gt;&lt;\\\/p&gt;&lt;p class=\\&quot;western\\&quot; align=\\&quot;left\\&quot;&gt;&lt;span style=\\&quot;font-family: Calibri, serif;\\&quot;&gt;&lt;span style=\\&quot;font-size: small;\\&quot;&gt;&lt;span style=\\&quot;font-size: medium;\\&quot;&gt;Concess\\u00e3o de um desconto de 10% nas di\\u00e1rias e pacotes tur\\u00edsticos para todos os associados da ADEPOL-SC.\\u00a0&lt;\\\/span&gt;&lt;\\\/span&gt;&lt;\\\/span&gt;&lt;\\\/p&gt;&quot;,&quot;hotspot_label&quot;:&quot;&quot;,&quot;hotspot_link&quot;:{&quot;url&quot;:&quot;&quot;,&quot;is_external&quot;:&quot;&quot;,&quot;nofollow&quot;:&quot;&quot;,&quot;custom_attributes&quot;:&quot;&quot;},&quot;hotspot_icon&quot;:{&quot;value&quot;:&quot;&quot;,&quot;library&quot;:&quot;&quot;},&quot;hotspot_custom_size&quot;:&quot;no&quot;,&quot;hotspot_horizontal&quot;:&quot;left&quot;,&quot;hotspot_vertical&quot;:&quot;top&quot;,&quot;hotspot_tooltip_position&quot;:&quot;no&quot;,&quot;hotspot_position&quot;:null}],&quot;tooltip_trigger&quot;:&quot;mouseenter&quot;,&quot;hotspot_sequenced_animation&quot;:&quot;no&quot;,&quot;tooltip_position&quot;:&quot;top&quot;,&quot;tooltip_animation&quot;:&quot;e-hotspot--fade-in-out&quot;}\" data-widget_type=\"hotspot.default\">\n\t\t\t\t<div class=\"elementor-widget-container\">\n\t\t\t\t\t<img loading=\"lazy\" decoding=\"async\" width=\"350\" height=\"200\" src=\"https:\/\/adepolsc.org.br\/adepolsite\/wp-content\/uploads\/2025\/02\/005-A\u2560uGUAS-DE-PALMAS.jpg\" class=\"attachment-large size-large wp-image-1310\" alt=\"\" \/>\n\t\t\t\t\t\t<div class=\"e-hotspot elementor-repeater-item-59e9d96      e-hotspot--circle\">\n\n\t\t\t\t\t\t\t\t<div class=\"e-hotspot__button e-hotspot--expand\">\n\t\t\t\t\t\t\t\t\t\t\t<div class=\"e-hotspot__outer-circle\"><\/div>\n\t\t\t\t\t\t<div class=\"e-hotspot__inner-circle\"><\/div>\n\t\t\t\t\t\t\t\t\t<\/div>\n\n\t\t\t\t\t\t\t\t\t\t\t\t\t\t\t\t\t\t<div class=\"e-hotspot__tooltip  e-hotspot--tooltip-position e-hotspot--fade-in-out \" >\n\t\t\t\t\t\t<p lang=\"pt-PT\"><span style=\"font-size: small;\"><span style=\"font-size: large;\"><b>\u00c1GUAS DE PALMAS<\/b><\/span><\/span><\/p><p class=\"western\" align=\"left\"><span style=\"font-family: Calibri, serif;\"><span style=\"font-size: small;\"><span style=\"font-size: medium;\">Concess\u00e3o de um desconto de 10% nas di\u00e1rias e pacotes tur\u00edsticos para todos os associados da ADEPOL-SC.\u00a0<\/span><\/span><\/span><\/p>\t\t\t\t\t<\/div>\n\t\t\t\t\t\t\t\t\t\n\t\t\t<\/div>\n\n\t\n\t\t\t\t\t\t<\/div>\n\t\t\t\t<\/div>\n\t\t\t\t<\/div>\n\t\t<div class=\"elementor-element elementor-element-08c83f4 e-con-full e-flex e-con e-child\" data-id=\"08c83f4\" data-element_type=\"container\">\n\t\t\t\t<div class=\"elementor-element elementor-element-afef311 elementor-widget elementor-widget-hotspot\" data-id=\"afef311\" data-element_type=\"widget\" data-settings=\"{&quot;hotspot&quot;:[{&quot;_id&quot;:&quot;59e9d96&quot;,&quot;hotspot_tooltip_content&quot;:&quot;&lt;p lang=\\&quot;pt-PT\\&quot;&gt;&lt;span style=\\&quot;font-size: small;\\&quot;&gt;&lt;span style=\\&quot;font-size: large;\\&quot;&gt;&lt;b&gt;HOTEL SIBARA&lt;\\\/b&gt;&lt;\\\/span&gt;&lt;\\\/span&gt;&lt;\\\/p&gt;&lt;p class=\\&quot;western\\&quot; align=\\&quot;left\\&quot;&gt;&lt;span style=\\&quot;font-family: Calibri, serif;\\&quot;&gt;&lt;span style=\\&quot;font-size: small;\\&quot;&gt;Tarifas fixas para os associados da ADEPOL-SC.&lt;\\\/span&gt;&lt;\\\/span&gt;&lt;\\\/p&gt;&quot;,&quot;hotspot_label&quot;:&quot;&quot;,&quot;hotspot_link&quot;:{&quot;url&quot;:&quot;&quot;,&quot;is_external&quot;:&quot;&quot;,&quot;nofollow&quot;:&quot;&quot;,&quot;custom_attributes&quot;:&quot;&quot;},&quot;hotspot_icon&quot;:{&quot;value&quot;:&quot;&quot;,&quot;library&quot;:&quot;&quot;},&quot;hotspot_custom_size&quot;:&quot;no&quot;,&quot;hotspot_horizontal&quot;:&quot;left&quot;,&quot;hotspot_vertical&quot;:&quot;top&quot;,&quot;hotspot_tooltip_position&quot;:&quot;no&quot;,&quot;hotspot_position&quot;:null}],&quot;tooltip_trigger&quot;:&quot;mouseenter&quot;,&quot;hotspot_sequenced_animation&quot;:&quot;no&quot;,&quot;tooltip_position&quot;:&quot;top&quot;,&quot;tooltip_animation&quot;:&quot;e-hotspot--fade-in-out&quot;}\" data-widget_type=\"hotspot.default\">\n\t\t\t\t<div class=\"elementor-widget-container\">\n\t\t\t\t\t<img loading=\"lazy\" decoding=\"async\" width=\"362\" height=\"190\" src=\"https:\/\/adepolsc.org.br\/adepolsite\/wp-content\/uploads\/2025\/02\/006-HOTEL-SIBARA.jpg\" class=\"attachment-large size-large wp-image-1311\" alt=\"\" \/>\n\t\t\t\t\t\t<div class=\"e-hotspot elementor-repeater-item-59e9d96      e-hotspot--circle\">\n\n\t\t\t\t\t\t\t\t<div class=\"e-hotspot__button e-hotspot--expand\">\n\t\t\t\t\t\t\t\t\t\t\t<div class=\"e-hotspot__outer-circle\"><\/div>\n\t\t\t\t\t\t<div class=\"e-hotspot__inner-circle\"><\/div>\n\t\t\t\t\t\t\t\t\t<\/div>\n\n\t\t\t\t\t\t\t\t\t\t\t\t\t\t\t\t\t\t<div class=\"e-hotspot__tooltip  e-hotspot--tooltip-position e-hotspot--fade-in-out \" >\n\t\t\t\t\t\t<p lang=\"pt-PT\"><span style=\"font-size: small;\"><span style=\"font-size: large;\"><b>HOTEL SIBARA<\/b><\/span><\/span><\/p><p class=\"western\" align=\"left\"><span style=\"font-family: Calibri, serif;\"><span style=\"font-size: small;\">Tarifas fixas para os associados da ADEPOL-SC.<\/span><\/span><\/p>\t\t\t\t\t<\/div>\n\t\t\t\t\t\t\t\t\t\n\t\t\t<\/div>\n\n\t\n\t\t\t\t\t\t<\/div>\n\t\t\t\t<\/div>\n\t\t\t\t<\/div>\n\t\t<div class=\"elementor-element elementor-element-987994b e-con-full e-flex e-con e-child\" data-id=\"987994b\" data-element_type=\"container\">\n\t\t\t\t<div class=\"elementor-element elementor-element-9c73536 elementor-widget elementor-widget-hotspot\" data-id=\"9c73536\" data-element_type=\"widget\" data-settings=\"{&quot;hotspot&quot;:[{&quot;_id&quot;:&quot;59e9d96&quot;,&quot;hotspot_tooltip_content&quot;:&quot;&lt;p lang=\\&quot;pt-PT\\&quot;&gt;&lt;span style=\\&quot;font-size: small;\\&quot;&gt;&lt;span style=\\&quot;font-size: large;\\&quot;&gt;&lt;b&gt;CREMAT\\u00d3RIO CATARINENSE&lt;\\\/b&gt;&lt;\\\/span&gt;&lt;\\\/span&gt;&lt;\\\/p&gt;&lt;p class=\\&quot;western\\&quot; align=\\&quot;left\\&quot;&gt;&lt;span style=\\&quot;font-family: Calibri, serif;\\&quot;&gt;&lt;span style=\\&quot;font-size: small;\\&quot;&gt;Tarifas vari\\u00e1veis de acordo com o plano desejado. &lt;\\\/span&gt;&lt;\\\/span&gt;&lt;\\\/p&gt;&quot;,&quot;hotspot_label&quot;:&quot;&quot;,&quot;hotspot_link&quot;:{&quot;url&quot;:&quot;&quot;,&quot;is_external&quot;:&quot;&quot;,&quot;nofollow&quot;:&quot;&quot;,&quot;custom_attributes&quot;:&quot;&quot;},&quot;hotspot_icon&quot;:{&quot;value&quot;:&quot;&quot;,&quot;library&quot;:&quot;&quot;},&quot;hotspot_custom_size&quot;:&quot;no&quot;,&quot;hotspot_horizontal&quot;:&quot;left&quot;,&quot;hotspot_vertical&quot;:&quot;top&quot;,&quot;hotspot_tooltip_position&quot;:&quot;no&quot;,&quot;hotspot_position&quot;:null}],&quot;tooltip_trigger&quot;:&quot;mouseenter&quot;,&quot;hotspot_sequenced_animation&quot;:&quot;no&quot;,&quot;tooltip_position&quot;:&quot;top&quot;,&quot;tooltip_animation&quot;:&quot;e-hotspot--fade-in-out&quot;}\" data-widget_type=\"hotspot.default\">\n\t\t\t\t<div class=\"elementor-widget-container\">\n\t\t\t\t\t<img loading=\"lazy\" decoding=\"async\" width=\"236\" height=\"176\" src=\"https:\/\/adepolsc.org.br\/adepolsite\/wp-content\/uploads\/2025\/02\/007-CREMATO\u2560uRIO-CATARINENSE.jpg\" class=\"attachment-large size-large wp-image-1312\" alt=\"\" \/>\n\t\t\t\t\t\t<div class=\"e-hotspot elementor-repeater-item-59e9d96      e-hotspot--circle\">\n\n\t\t\t\t\t\t\t\t<div class=\"e-hotspot__button e-hotspot--expand\">\n\t\t\t\t\t\t\t\t\t\t\t<div class=\"e-hotspot__outer-circle\"><\/div>\n\t\t\t\t\t\t<div class=\"e-hotspot__inner-circle\"><\/div>\n\t\t\t\t\t\t\t\t\t<\/div>\n\n\t\t\t\t\t\t\t\t\t\t\t\t\t\t\t\t\t\t<div class=\"e-hotspot__tooltip  e-hotspot--tooltip-position e-hotspot--fade-in-out \" >\n\t\t\t\t\t\t<p lang=\"pt-PT\"><span style=\"font-size: small;\"><span style=\"font-size: large;\"><b>CREMAT\u00d3RIO CATARINENSE<\/b><\/span><\/span><\/p><p class=\"western\" align=\"left\"><span style=\"font-family: Calibri, serif;\"><span style=\"font-size: small;\">Tarifas vari\u00e1veis de acordo com o plano desejado. <\/span><\/span><\/p>\t\t\t\t\t<\/div>\n\t\t\t\t\t\t\t\t\t\n\t\t\t<\/div>\n\n\t\n\t\t\t\t\t\t<\/div>\n\t\t\t\t<\/div>\n\t\t\t\t<\/div>\n\t\t<div class=\"elementor-element elementor-element-64eaac9 e-con-full e-flex e-con e-child\" data-id=\"64eaac9\" data-element_type=\"container\">\n\t\t\t\t<div class=\"elementor-element elementor-element-3a58929 elementor-widget elementor-widget-hotspot\" data-id=\"3a58929\" data-element_type=\"widget\" data-settings=\"{&quot;hotspot&quot;:[{&quot;_id&quot;:&quot;59e9d96&quot;,&quot;hotspot_tooltip_content&quot;:&quot;&lt;p lang=\\&quot;pt-PT\\&quot;&gt;&lt;span style=\\&quot;font-size: small;\\&quot;&gt;&lt;span style=\\&quot;font-size: large;\\&quot;&gt;&lt;b&gt;UNIMED&lt;\\\/b&gt;&lt;\\\/span&gt;&lt;\\\/span&gt;&lt;\\\/p&gt;&lt;p class=\\&quot;western\\&quot; align=\\&quot;left\\&quot;&gt;&lt;span style=\\&quot;font-family: Calibri, serif;\\&quot;&gt;&lt;span style=\\&quot;font-size: small;\\&quot;&gt;A ADEPOL-SC possui conv\\u00eanio com a UNIMED, onde atende os associados e seus dependentes, com planos de abrang\\u00eancia regional, &lt;br \\\/&gt;estadual e nacional, podendo terem as op\\u00e7\\u00f5es de enfermaria ou apartamento, com ou sem coparticipa\\u00e7\\u00e3o, atendendo as mais diversas &lt;br \\\/&gt;necessidades dos nossos associados.\\u00a0&lt;\\\/span&gt;&lt;\\\/span&gt;&lt;\\\/p&gt;&lt;p class=\\&quot;western\\&quot; align=\\&quot;left\\&quot;&gt;&lt;span style=\\&quot;font-family: Calibri, serif;\\&quot;&gt;&lt;span style=\\&quot;font-size: small;\\&quot;&gt;CONDI\\u00c7\\u00d5ES DE ADMISS\\u00c3O DOS BENEFICI\\u00c1RIOS:&lt;br \\\/&gt;a) o c\\u00f4njuge;\\u00a0&lt;br \\\/&gt;b) o (a) companheiro (a), sem eventual concorr\\u00eancia com o c\\u00f4njuge;\\u00a0&lt;br \\\/&gt;c) o filho solteiro at\\u00e9 33 (trinta e tr\\u00eas) anos incompletos;\\u00a0&lt;br \\\/&gt;d) os enteados solteiros at\\u00e9 33 (trinta e tr\\u00eas) anos incompletos;\\u00a0&lt;br \\\/&gt;e) os netos solteiros at\\u00e9 33 (trinta e tr\\u00eas) anos incompletos;\\u00a0&lt;br \\\/&gt;f) a crian\\u00e7a\\\/adolescente sob guarda ou tutela do benefici\\u00e1rio titular, por for\\u00e7a de decis\\u00e3o judicial;\\u00a0&lt;br \\\/&gt;g) a pessoa sob curatela do benefici\\u00e1rio titular, por for\\u00e7a de decis\\u00e3o judicial.&lt;\\\/span&gt;&lt;\\\/span&gt;&lt;\\\/p&gt;&lt;p class=\\&quot;western\\&quot; align=\\&quot;left\\&quot;&gt;&lt;span style=\\&quot;font-family: Calibri, serif;\\&quot;&gt;&lt;span style=\\&quot;font-size: small;\\&quot;&gt;RESUMO DAS CAR\\u00caNCIAS:&lt;br \\\/&gt;Urg\\u00eancia Emerg\\u00eancia \\u2013 1 dia&lt;br \\\/&gt;Exames\\\/RX\\\/Laboratorial\\\/Consulta \\u2013 30 dias&lt;br \\\/&gt;Fisioterapia \\u2013 90 dias&lt;br \\\/&gt;Hospitalar Interna\\u00e7\\u00e3o Enfermaria\\\/Apartamento - 180 dias&lt;br \\\/&gt;Demais procedimentos com autoriza\\u00e7\\u00e3o pr\\u00e9via - 180 dias&lt;br \\\/&gt;Hospitalar Parto - 300 dias&lt;\\\/span&gt;&lt;\\\/span&gt;&lt;\\\/p&gt;&quot;,&quot;hotspot_label&quot;:&quot;&quot;,&quot;hotspot_link&quot;:{&quot;url&quot;:&quot;&quot;,&quot;is_external&quot;:&quot;&quot;,&quot;nofollow&quot;:&quot;&quot;,&quot;custom_attributes&quot;:&quot;&quot;},&quot;hotspot_icon&quot;:{&quot;value&quot;:&quot;&quot;,&quot;library&quot;:&quot;&quot;},&quot;hotspot_custom_size&quot;:&quot;no&quot;,&quot;hotspot_horizontal&quot;:&quot;left&quot;,&quot;hotspot_vertical&quot;:&quot;top&quot;,&quot;hotspot_tooltip_position&quot;:&quot;no&quot;,&quot;hotspot_position&quot;:null}],&quot;tooltip_trigger&quot;:&quot;mouseenter&quot;,&quot;hotspot_sequenced_animation&quot;:&quot;no&quot;,&quot;tooltip_position&quot;:&quot;top&quot;,&quot;tooltip_animation&quot;:&quot;e-hotspot--fade-in-out&quot;}\" data-widget_type=\"hotspot.default\">\n\t\t\t\t<div class=\"elementor-widget-container\">\n\t\t\t\t\t<img loading=\"lazy\" decoding=\"async\" width=\"800\" height=\"285\" src=\"https:\/\/adepolsc.org.br\/adepolsite\/wp-content\/uploads\/2025\/02\/008-UNIMED.png\" class=\"attachment-large size-large wp-image-1313\" alt=\"\" \/>\n\t\t\t\t\t\t<div class=\"e-hotspot elementor-repeater-item-59e9d96      e-hotspot--circle\">\n\n\t\t\t\t\t\t\t\t<div class=\"e-hotspot__button e-hotspot--expand\">\n\t\t\t\t\t\t\t\t\t\t\t<div class=\"e-hotspot__outer-circle\"><\/div>\n\t\t\t\t\t\t<div class=\"e-hotspot__inner-circle\"><\/div>\n\t\t\t\t\t\t\t\t\t<\/div>\n\n\t\t\t\t\t\t\t\t\t\t\t\t\t\t\t\t\t\t<div class=\"e-hotspot__tooltip  e-hotspot--tooltip-position e-hotspot--fade-in-out \" >\n\t\t\t\t\t\t<p lang=\"pt-PT\"><span style=\"font-size: small;\"><span style=\"font-size: large;\"><b>UNIMED<\/b><\/span><\/span><\/p><p class=\"western\" align=\"left\"><span style=\"font-family: Calibri, serif;\"><span style=\"font-size: small;\">A ADEPOL-SC possui conv\u00eanio com a UNIMED, onde atende os associados e seus dependentes, com planos de abrang\u00eancia regional, <br \/>estadual e nacional, podendo terem as op\u00e7\u00f5es de enfermaria ou apartamento, com ou sem coparticipa\u00e7\u00e3o, atendendo as mais diversas <br \/>necessidades dos nossos associados.\u00a0<\/span><\/span><\/p><p class=\"western\" align=\"left\"><span style=\"font-family: Calibri, serif;\"><span style=\"font-size: small;\">CONDI\u00c7\u00d5ES DE ADMISS\u00c3O DOS BENEFICI\u00c1RIOS:<br \/>a) o c\u00f4njuge;\u00a0<br \/>b) o (a) companheiro (a), sem eventual concorr\u00eancia com o c\u00f4njuge;\u00a0<br \/>c) o filho solteiro at\u00e9 33 (trinta e tr\u00eas) anos incompletos;\u00a0<br \/>d) os enteados solteiros at\u00e9 33 (trinta e tr\u00eas) anos incompletos;\u00a0<br \/>e) os netos solteiros at\u00e9 33 (trinta e tr\u00eas) anos incompletos;\u00a0<br \/>f) a crian\u00e7a\/adolescente sob guarda ou tutela do benefici\u00e1rio titular, por for\u00e7a de decis\u00e3o judicial;\u00a0<br \/>g) a pessoa sob curatela do benefici\u00e1rio titular, por for\u00e7a de decis\u00e3o judicial.<\/span><\/span><\/p><p class=\"western\" align=\"left\"><span style=\"font-family: Calibri, serif;\"><span style=\"font-size: small;\">RESUMO DAS CAR\u00caNCIAS:<br \/>Urg\u00eancia Emerg\u00eancia \u2013 1 dia<br \/>Exames\/RX\/Laboratorial\/Consulta \u2013 30 dias<br \/>Fisioterapia \u2013 90 dias<br \/>Hospitalar Interna\u00e7\u00e3o Enfermaria\/Apartamento - 180 dias<br \/>Demais procedimentos com autoriza\u00e7\u00e3o pr\u00e9via - 180 dias<br \/>Hospitalar Parto - 300 dias<\/span><\/span><\/p>\t\t\t\t\t<\/div>\n\t\t\t\t\t\t\t\t\t\n\t\t\t<\/div>\n\n\t\n\t\t\t\t\t\t<\/div>\n\t\t\t\t<\/div>\n\t\t\t\t<\/div>\n\t\t\t\t\t<\/div>\n\t\t\t\t<\/div>\n\t\t<div class=\"elementor-element elementor-element-da0beb6 e-flex e-con-boxed e-con e-child\" data-id=\"da0beb6\" data-element_type=\"container\">\n\t\t\t\t\t<div class=\"e-con-inner\">\n\t\t<div class=\"elementor-element elementor-element-d5332f7 e-con-full e-flex e-con e-child\" data-id=\"d5332f7\" data-element_type=\"container\">\n\t\t\t\t<div class=\"elementor-element elementor-element-e239e0b elementor-widget elementor-widget-hotspot\" data-id=\"e239e0b\" data-element_type=\"widget\" data-settings=\"{&quot;hotspot&quot;:[{&quot;_id&quot;:&quot;59e9d96&quot;,&quot;hotspot_tooltip_content&quot;:&quot;&lt;p lang=\\&quot;pt-PT\\&quot;&gt;&lt;span style=\\&quot;font-size: small;\\&quot;&gt;&lt;span style=\\&quot;font-size: large;\\&quot;&gt;&lt;b&gt;MAJESTIC PALACE HOTEL&lt;\\\/b&gt;&lt;\\\/span&gt;&lt;\\\/span&gt;&lt;\\\/p&gt;&lt;p class=\\&quot;western\\&quot; align=\\&quot;left\\&quot;&gt;&lt;span style=\\&quot;font-family: Calibri, serif;\\&quot;&gt;&lt;span style=\\&quot;font-size: small;\\&quot;&gt;Concedemos 10% de desconto sobre a tarifa vigente do per\\u00edodo para Delegados de Pol\\u00edcia do Estado de Santa Catarina.&lt;\\\/span&gt;&lt;\\\/span&gt;&lt;\\\/p&gt;&quot;,&quot;hotspot_label&quot;:&quot;&quot;,&quot;hotspot_link&quot;:{&quot;url&quot;:&quot;&quot;,&quot;is_external&quot;:&quot;&quot;,&quot;nofollow&quot;:&quot;&quot;,&quot;custom_attributes&quot;:&quot;&quot;},&quot;hotspot_icon&quot;:{&quot;value&quot;:&quot;&quot;,&quot;library&quot;:&quot;&quot;},&quot;hotspot_custom_size&quot;:&quot;no&quot;,&quot;hotspot_horizontal&quot;:&quot;left&quot;,&quot;hotspot_vertical&quot;:&quot;top&quot;,&quot;hotspot_tooltip_position&quot;:&quot;no&quot;,&quot;hotspot_position&quot;:null}],&quot;tooltip_trigger&quot;:&quot;mouseenter&quot;,&quot;hotspot_sequenced_animation&quot;:&quot;no&quot;,&quot;tooltip_position&quot;:&quot;top&quot;,&quot;tooltip_animation&quot;:&quot;e-hotspot--fade-in-out&quot;}\" data-widget_type=\"hotspot.default\">\n\t\t\t\t<div class=\"elementor-widget-container\">\n\t\t\t\t\t<img loading=\"lazy\" decoding=\"async\" width=\"295\" height=\"90\" src=\"https:\/\/adepolsc.org.br\/adepolsite\/wp-content\/uploads\/2025\/02\/009-MAJESTIC-PALACE-HOTEL.png\" class=\"attachment-large size-large wp-image-1314\" alt=\"\" \/>\n\t\t\t\t\t\t<div class=\"e-hotspot elementor-repeater-item-59e9d96      e-hotspot--circle\">\n\n\t\t\t\t\t\t\t\t<div class=\"e-hotspot__button e-hotspot--expand\">\n\t\t\t\t\t\t\t\t\t\t\t<div class=\"e-hotspot__outer-circle\"><\/div>\n\t\t\t\t\t\t<div class=\"e-hotspot__inner-circle\"><\/div>\n\t\t\t\t\t\t\t\t\t<\/div>\n\n\t\t\t\t\t\t\t\t\t\t\t\t\t\t\t\t\t\t<div class=\"e-hotspot__tooltip  e-hotspot--tooltip-position e-hotspot--fade-in-out \" >\n\t\t\t\t\t\t<p lang=\"pt-PT\"><span style=\"font-size: small;\"><span style=\"font-size: large;\"><b>MAJESTIC PALACE HOTEL<\/b><\/span><\/span><\/p><p class=\"western\" align=\"left\"><span style=\"font-family: Calibri, serif;\"><span style=\"font-size: small;\">Concedemos 10% de desconto sobre a tarifa vigente do per\u00edodo para Delegados de Pol\u00edcia do Estado de Santa Catarina.<\/span><\/span><\/p>\t\t\t\t\t<\/div>\n\t\t\t\t\t\t\t\t\t\n\t\t\t<\/div>\n\n\t\n\t\t\t\t\t\t<\/div>\n\t\t\t\t<\/div>\n\t\t\t\t<\/div>\n\t\t<div class=\"elementor-element elementor-element-2dafa72 e-con-full e-flex e-con e-child\" data-id=\"2dafa72\" data-element_type=\"container\">\n\t\t\t\t<div class=\"elementor-element elementor-element-9024d90 elementor-widget elementor-widget-hotspot\" data-id=\"9024d90\" data-element_type=\"widget\" data-settings=\"{&quot;hotspot&quot;:[{&quot;_id&quot;:&quot;59e9d96&quot;,&quot;hotspot_tooltip_content&quot;:&quot;&lt;p lang=\\&quot;pt-PT\\&quot;&gt;&lt;span style=\\&quot;font-size: small;\\&quot;&gt;&lt;span style=\\&quot;font-size: large;\\&quot;&gt;&lt;b&gt;SC PREV&lt;\\\/b&gt;&lt;\\\/span&gt;&lt;\\\/span&gt;&lt;\\\/p&gt;&lt;p class=\\&quot;western\\&quot; align=\\&quot;left\\&quot;&gt;&lt;span style=\\&quot;font-family: Calibri, serif;\\&quot;&gt;&lt;span style=\\&quot;font-size: small;\\&quot;&gt;COBERTURA DE INVALIDEZ&lt;br \\\/&gt;IDADE CAPITAL SEGURADO CUSTO&lt;br \\\/&gt;35 anos R$ 500.000,00 R$ 64,49&lt;br \\\/&gt;35 anos R$ 1.000.000,00 R$ 128,98&lt;\\\/span&gt;&lt;\\\/span&gt;&lt;\\\/p&gt;&lt;p class=\\&quot;western\\&quot; align=\\&quot;left\\&quot;&gt;&lt;span style=\\&quot;font-family: Calibri, serif;\\&quot;&gt;&lt;span style=\\&quot;font-size: small;\\&quot;&gt;COBERTURA DE MORTE&lt;br \\\/&gt;IDADE CAPITAL SEGURADO CUSTO&lt;br \\\/&gt;35 anos R$ 500.000,00 R$ 76,27&lt;br \\\/&gt;35 anos R$ 1.000.000,00 R$ 152,54&lt;\\\/span&gt;&lt;\\\/span&gt;&lt;\\\/p&gt;&lt;p class=\\&quot;western\\&quot; align=\\&quot;left\\&quot;&gt;&lt;span style=\\&quot;font-family: Calibri, serif;\\&quot;&gt;&lt;span style=\\&quot;font-size: small;\\&quot;&gt;(*) O valor da Parcela Adicional de Risco ser\\u00e1 pago em forma de renda.&lt;\\\/span&gt;&lt;\\\/span&gt;&lt;\\\/p&gt;&quot;,&quot;hotspot_label&quot;:&quot;&quot;,&quot;hotspot_link&quot;:{&quot;url&quot;:&quot;&quot;,&quot;is_external&quot;:&quot;&quot;,&quot;nofollow&quot;:&quot;&quot;,&quot;custom_attributes&quot;:&quot;&quot;},&quot;hotspot_icon&quot;:{&quot;value&quot;:&quot;&quot;,&quot;library&quot;:&quot;&quot;},&quot;hotspot_custom_size&quot;:&quot;no&quot;,&quot;hotspot_horizontal&quot;:&quot;left&quot;,&quot;hotspot_vertical&quot;:&quot;top&quot;,&quot;hotspot_tooltip_position&quot;:&quot;no&quot;,&quot;hotspot_position&quot;:null}],&quot;tooltip_trigger&quot;:&quot;mouseenter&quot;,&quot;hotspot_sequenced_animation&quot;:&quot;no&quot;,&quot;tooltip_position&quot;:&quot;top&quot;,&quot;tooltip_animation&quot;:&quot;e-hotspot--fade-in-out&quot;}\" data-widget_type=\"hotspot.default\">\n\t\t\t\t<div class=\"elementor-widget-container\">\n\t\t\t\t\t<img loading=\"lazy\" decoding=\"async\" width=\"298\" height=\"223\" src=\"https:\/\/adepolsc.org.br\/adepolsite\/wp-content\/uploads\/2025\/02\/010-SC-PREV.png\" class=\"attachment-large size-large wp-image-1315\" alt=\"\" \/>\n\t\t\t\t\t\t<div class=\"e-hotspot elementor-repeater-item-59e9d96      e-hotspot--circle\">\n\n\t\t\t\t\t\t\t\t<div class=\"e-hotspot__button e-hotspot--expand\">\n\t\t\t\t\t\t\t\t\t\t\t<div class=\"e-hotspot__outer-circle\"><\/div>\n\t\t\t\t\t\t<div class=\"e-hotspot__inner-circle\"><\/div>\n\t\t\t\t\t\t\t\t\t<\/div>\n\n\t\t\t\t\t\t\t\t\t\t\t\t\t\t\t\t\t\t<div class=\"e-hotspot__tooltip  e-hotspot--tooltip-position e-hotspot--fade-in-out \" >\n\t\t\t\t\t\t<p lang=\"pt-PT\"><span style=\"font-size: small;\"><span style=\"font-size: large;\"><b>SC PREV<\/b><\/span><\/span><\/p><p class=\"western\" align=\"left\"><span style=\"font-family: Calibri, serif;\"><span style=\"font-size: small;\">COBERTURA DE INVALIDEZ<br \/>IDADE CAPITAL SEGURADO CUSTO<br \/>35 anos R$ 500.000,00 R$ 64,49<br \/>35 anos R$ 1.000.000,00 R$ 128,98<\/span><\/span><\/p><p class=\"western\" align=\"left\"><span style=\"font-family: Calibri, serif;\"><span style=\"font-size: small;\">COBERTURA DE MORTE<br \/>IDADE CAPITAL SEGURADO CUSTO<br \/>35 anos R$ 500.000,00 R$ 76,27<br \/>35 anos R$ 1.000.000,00 R$ 152,54<\/span><\/span><\/p><p class=\"western\" align=\"left\"><span style=\"font-family: Calibri, serif;\"><span style=\"font-size: small;\">(*) O valor da Parcela Adicional de Risco ser\u00e1 pago em forma de renda.<\/span><\/span><\/p>\t\t\t\t\t<\/div>\n\t\t\t\t\t\t\t\t\t\n\t\t\t<\/div>\n\n\t\n\t\t\t\t\t\t<\/div>\n\t\t\t\t<\/div>\n\t\t\t\t<\/div>\n\t\t<div class=\"elementor-element elementor-element-90455c4 e-con-full e-flex e-con e-child\" data-id=\"90455c4\" data-element_type=\"container\">\n\t\t\t\t<div class=\"elementor-element elementor-element-6663585 elementor-widget elementor-widget-hotspot\" data-id=\"6663585\" data-element_type=\"widget\" data-settings=\"{&quot;hotspot&quot;:[{&quot;_id&quot;:&quot;59e9d96&quot;,&quot;hotspot_tooltip_content&quot;:&quot;&lt;p lang=\\&quot;pt-PT\\&quot;&gt;&lt;span style=\\&quot;font-size: small;\\&quot;&gt;&lt;span style=\\&quot;font-size: large;\\&quot;&gt;&lt;b&gt;MARAMBAIA HOTEL E CONVEN\\u00c7\\u00d5ES&lt;\\\/b&gt;&lt;\\\/span&gt;&lt;\\\/span&gt;&lt;\\\/p&gt;&lt;p class=\\&quot;western\\&quot; align=\\&quot;left\\&quot;&gt;&lt;span style=\\&quot;font-family: Calibri, serif;\\&quot;&gt;&lt;span style=\\&quot;font-size: small;\\&quot;&gt;Desconto de &lt;b&gt;20%&lt;\\\/b&gt; no valor da tarifa vigente para di\\u00e1ria de hospedagem particular na categoria \\u201capartamento standard\\u201d&lt;\\\/span&gt;&lt;\\\/span&gt;&lt;\\\/p&gt;&quot;,&quot;hotspot_label&quot;:&quot;&quot;,&quot;hotspot_link&quot;:{&quot;url&quot;:&quot;&quot;,&quot;is_external&quot;:&quot;&quot;,&quot;nofollow&quot;:&quot;&quot;,&quot;custom_attributes&quot;:&quot;&quot;},&quot;hotspot_icon&quot;:{&quot;value&quot;:&quot;&quot;,&quot;library&quot;:&quot;&quot;},&quot;hotspot_custom_size&quot;:&quot;no&quot;,&quot;hotspot_horizontal&quot;:&quot;left&quot;,&quot;hotspot_vertical&quot;:&quot;top&quot;,&quot;hotspot_tooltip_position&quot;:&quot;no&quot;,&quot;hotspot_position&quot;:null}],&quot;tooltip_trigger&quot;:&quot;mouseenter&quot;,&quot;hotspot_sequenced_animation&quot;:&quot;no&quot;,&quot;tooltip_position&quot;:&quot;top&quot;,&quot;tooltip_animation&quot;:&quot;e-hotspot--fade-in-out&quot;}\" data-widget_type=\"hotspot.default\">\n\t\t\t\t<div class=\"elementor-widget-container\">\n\t\t\t\t\t<img loading=\"lazy\" decoding=\"async\" width=\"640\" height=\"529\" src=\"https:\/\/adepolsc.org.br\/adepolsite\/wp-content\/uploads\/2025\/02\/011-MARAMBAIA-HOTEL-E-CONVENC\u2560oO\u2560aES.png\" class=\"attachment-large size-large wp-image-1316\" alt=\"\" \/>\n\t\t\t\t\t\t<div class=\"e-hotspot elementor-repeater-item-59e9d96      e-hotspot--circle\">\n\n\t\t\t\t\t\t\t\t<div class=\"e-hotspot__button e-hotspot--expand\">\n\t\t\t\t\t\t\t\t\t\t\t<div class=\"e-hotspot__outer-circle\"><\/div>\n\t\t\t\t\t\t<div class=\"e-hotspot__inner-circle\"><\/div>\n\t\t\t\t\t\t\t\t\t<\/div>\n\n\t\t\t\t\t\t\t\t\t\t\t\t\t\t\t\t\t\t<div class=\"e-hotspot__tooltip  e-hotspot--tooltip-position e-hotspot--fade-in-out \" >\n\t\t\t\t\t\t<p lang=\"pt-PT\"><span style=\"font-size: small;\"><span style=\"font-size: large;\"><b>MARAMBAIA HOTEL E CONVEN\u00c7\u00d5ES<\/b><\/span><\/span><\/p><p class=\"western\" align=\"left\"><span style=\"font-family: Calibri, serif;\"><span style=\"font-size: small;\">Desconto de <b>20%<\/b> no valor da tarifa vigente para di\u00e1ria de hospedagem particular na categoria \u201capartamento standard\u201d<\/span><\/span><\/p>\t\t\t\t\t<\/div>\n\t\t\t\t\t\t\t\t\t\n\t\t\t<\/div>\n\n\t\n\t\t\t\t\t\t<\/div>\n\t\t\t\t<\/div>\n\t\t\t\t<\/div>\n\t\t<div class=\"elementor-element elementor-element-d442c65 e-con-full e-flex e-con e-child\" data-id=\"d442c65\" data-element_type=\"container\">\n\t\t\t\t<div class=\"elementor-element elementor-element-72b2316 elementor-widget elementor-widget-hotspot\" data-id=\"72b2316\" data-element_type=\"widget\" data-settings=\"{&quot;hotspot&quot;:[{&quot;_id&quot;:&quot;59e9d96&quot;,&quot;hotspot_tooltip_content&quot;:&quot;&lt;h5&gt;AMBRA UNIVERSITY&lt;\\\/h5&gt;&lt;p&gt;CONDI\\u00c7\\u00d5ES GERAIS:&lt;\\\/p&gt;&lt;p&gt;Para os Mestrados em Ci\\u00eancias Jur\\u00eddicas (Master of Science in Legal Studies), &lt;br \\\/&gt;em Compliance (Master of Science in Compliance), em Resolu\\u00e7\\u00e3o de Conflitos (Master of Science in Dispute Resolution) &lt;br \\\/&gt;e em Administra\\u00e7\\u00e3o (Master of Science in Management) ofertados pela Ambra University, aplicam-se os seguintes benef\\u00edcios:&lt;\\\/p&gt;&lt;p&gt;desconto de 10% sobre os valores publicados no site da institui\\u00e7\\u00e3o no momento do ingresso.&lt;\\\/p&gt;&lt;p&gt;Desconto de 10% do custo da matr\\u00edcula no workshop.&lt;\\\/p&gt;&quot;,&quot;hotspot_label&quot;:&quot;&quot;,&quot;hotspot_link&quot;:{&quot;url&quot;:&quot;&quot;,&quot;is_external&quot;:&quot;&quot;,&quot;nofollow&quot;:&quot;&quot;,&quot;custom_attributes&quot;:&quot;&quot;},&quot;hotspot_icon&quot;:{&quot;value&quot;:&quot;&quot;,&quot;library&quot;:&quot;&quot;},&quot;hotspot_custom_size&quot;:&quot;no&quot;,&quot;hotspot_horizontal&quot;:&quot;left&quot;,&quot;hotspot_vertical&quot;:&quot;top&quot;,&quot;hotspot_tooltip_position&quot;:&quot;no&quot;,&quot;hotspot_position&quot;:null}],&quot;tooltip_trigger&quot;:&quot;mouseenter&quot;,&quot;hotspot_sequenced_animation&quot;:&quot;no&quot;,&quot;tooltip_position&quot;:&quot;top&quot;,&quot;tooltip_animation&quot;:&quot;e-hotspot--fade-in-out&quot;}\" data-widget_type=\"hotspot.default\">\n\t\t\t\t<div class=\"elementor-widget-container\">\n\t\t\t\t\t<img loading=\"lazy\" decoding=\"async\" width=\"305\" height=\"117\" src=\"https:\/\/adepolsc.org.br\/adepolsite\/wp-content\/uploads\/2025\/02\/012-AMBRA-UNIVERSITY.png\" class=\"attachment-large size-large wp-image-1317\" alt=\"\" \/>\n\t\t\t\t\t\t<div class=\"e-hotspot elementor-repeater-item-59e9d96      e-hotspot--circle\">\n\n\t\t\t\t\t\t\t\t<div class=\"e-hotspot__button e-hotspot--expand\">\n\t\t\t\t\t\t\t\t\t\t\t<div class=\"e-hotspot__outer-circle\"><\/div>\n\t\t\t\t\t\t<div class=\"e-hotspot__inner-circle\"><\/div>\n\t\t\t\t\t\t\t\t\t<\/div>\n\n\t\t\t\t\t\t\t\t\t\t\t\t\t\t\t\t\t\t<div class=\"e-hotspot__tooltip  e-hotspot--tooltip-position e-hotspot--fade-in-out \" >\n\t\t\t\t\t\t<h5>AMBRA UNIVERSITY<\/h5><p>CONDI\u00c7\u00d5ES GERAIS:<\/p><p>Para os Mestrados em Ci\u00eancias Jur\u00eddicas (Master of Science in Legal Studies), <br \/>em Compliance (Master of Science in Compliance), em Resolu\u00e7\u00e3o de Conflitos (Master of Science in Dispute Resolution) <br \/>e em Administra\u00e7\u00e3o (Master of Science in Management) ofertados pela Ambra University, aplicam-se os seguintes benef\u00edcios:<\/p><p>desconto de 10% sobre os valores publicados no site da institui\u00e7\u00e3o no momento do ingresso.<\/p><p>Desconto de 10% do custo da matr\u00edcula no workshop.<\/p>\t\t\t\t\t<\/div>\n\t\t\t\t\t\t\t\t\t\n\t\t\t<\/div>\n\n\t\n\t\t\t\t\t\t<\/div>\n\t\t\t\t<\/div>\n\t\t\t\t<\/div>\n\t\t\t\t\t<\/div>\n\t\t\t\t<\/div>\n\t\t<div class=\"elementor-element elementor-element-6a21b4c e-flex e-con-boxed e-con e-child\" data-id=\"6a21b4c\" data-element_type=\"container\">\n\t\t\t\t\t<div class=\"e-con-inner\">\n\t\t<div class=\"elementor-element elementor-element-eebe7aa e-con-full e-flex e-con e-child\" data-id=\"eebe7aa\" data-element_type=\"container\">\n\t\t\t\t<div class=\"elementor-element elementor-element-c5dc2ae elementor-widget elementor-widget-hotspot\" data-id=\"c5dc2ae\" data-element_type=\"widget\" data-settings=\"{&quot;hotspot&quot;:[{&quot;_id&quot;:&quot;59e9d96&quot;,&quot;hotspot_tooltip_content&quot;:&quot;&lt;p lang=\\&quot;pt-PT\\&quot;&gt;&lt;span style=\\&quot;font-size: small;\\&quot;&gt;&lt;span style=\\&quot;font-size: large;\\&quot;&gt;&lt;b&gt;CREMAT\\u00d3RIO JARDIM DA PAZ&lt;\\\/b&gt;&lt;\\\/span&gt;&lt;\\\/span&gt;&lt;\\\/p&gt;&lt;p class=\\&quot;western\\&quot; align=\\&quot;left\\&quot;&gt;&lt;span style=\\&quot;font-family: Calibri, serif;\\&quot;&gt;&lt;span style=\\&quot;font-size: small;\\&quot;&gt;Desconto de &lt;b&gt;10%&lt;\\\/b&gt; no uso perp\\u00e9tuo de J\\u00e1zigos, L\\u00f3culos ou Servi\\u00e7o de crema\\u00e7\\u00e3o aos associados da Adepol-SC.&lt;\\\/span&gt;&lt;\\\/span&gt;&lt;\\\/p&gt;&quot;,&quot;hotspot_label&quot;:&quot;&quot;,&quot;hotspot_link&quot;:{&quot;url&quot;:&quot;&quot;,&quot;is_external&quot;:&quot;&quot;,&quot;nofollow&quot;:&quot;&quot;,&quot;custom_attributes&quot;:&quot;&quot;},&quot;hotspot_icon&quot;:{&quot;value&quot;:&quot;&quot;,&quot;library&quot;:&quot;&quot;},&quot;hotspot_custom_size&quot;:&quot;no&quot;,&quot;hotspot_horizontal&quot;:&quot;left&quot;,&quot;hotspot_vertical&quot;:&quot;top&quot;,&quot;hotspot_tooltip_position&quot;:&quot;no&quot;,&quot;hotspot_position&quot;:null}],&quot;tooltip_trigger&quot;:&quot;mouseenter&quot;,&quot;hotspot_sequenced_animation&quot;:&quot;no&quot;,&quot;tooltip_position&quot;:&quot;top&quot;,&quot;tooltip_animation&quot;:&quot;e-hotspot--fade-in-out&quot;}\" data-widget_type=\"hotspot.default\">\n\t\t\t\t<div class=\"elementor-widget-container\">\n\t\t\t\t\t<img loading=\"lazy\" decoding=\"async\" width=\"283\" height=\"178\" src=\"https:\/\/adepolsc.org.br\/adepolsite\/wp-content\/uploads\/2025\/02\/013-CREMATO\u2560uRIO-JARDIM-DA-PAZ.png\" class=\"attachment-large size-large wp-image-1318\" alt=\"\" \/>\n\t\t\t\t\t\t<div class=\"e-hotspot elementor-repeater-item-59e9d96      e-hotspot--circle\">\n\n\t\t\t\t\t\t\t\t<div class=\"e-hotspot__button e-hotspot--expand\">\n\t\t\t\t\t\t\t\t\t\t\t<div class=\"e-hotspot__outer-circle\"><\/div>\n\t\t\t\t\t\t<div class=\"e-hotspot__inner-circle\"><\/div>\n\t\t\t\t\t\t\t\t\t<\/div>\n\n\t\t\t\t\t\t\t\t\t\t\t\t\t\t\t\t\t\t<div class=\"e-hotspot__tooltip  e-hotspot--tooltip-position e-hotspot--fade-in-out \" >\n\t\t\t\t\t\t<p lang=\"pt-PT\"><span style=\"font-size: small;\"><span style=\"font-size: large;\"><b>CREMAT\u00d3RIO JARDIM DA PAZ<\/b><\/span><\/span><\/p><p class=\"western\" align=\"left\"><span style=\"font-family: Calibri, serif;\"><span style=\"font-size: small;\">Desconto de <b>10%<\/b> no uso perp\u00e9tuo de J\u00e1zigos, L\u00f3culos ou Servi\u00e7o de crema\u00e7\u00e3o aos associados da Adepol-SC.<\/span><\/span><\/p>\t\t\t\t\t<\/div>\n\t\t\t\t\t\t\t\t\t\n\t\t\t<\/div>\n\n\t\n\t\t\t\t\t\t<\/div>\n\t\t\t\t<\/div>\n\t\t\t\t<\/div>\n\t\t<div class=\"elementor-element elementor-element-fc93161 e-con-full e-flex e-con e-child\" data-id=\"fc93161\" data-element_type=\"container\">\n\t\t\t\t<div class=\"elementor-element elementor-element-b324e00 elementor-widget elementor-widget-hotspot\" data-id=\"b324e00\" data-element_type=\"widget\" data-settings=\"{&quot;hotspot&quot;:[{&quot;_id&quot;:&quot;59e9d96&quot;,&quot;hotspot_tooltip_content&quot;:&quot;&lt;p lang=\\&quot;pt-PT\\&quot;&gt;&lt;span style=\\&quot;font-size: small;\\&quot;&gt;&lt;span style=\\&quot;font-size: large;\\&quot;&gt;&lt;b&gt;VOX 2 YOU&lt;\\\/b&gt;&lt;\\\/span&gt;&lt;\\\/span&gt;&lt;\\\/p&gt;&lt;p class=\\&quot;western\\&quot; align=\\&quot;left\\&quot;&gt;&lt;span style=\\&quot;font-family: Calibri, serif;\\&quot;&gt;&lt;span style=\\&quot;font-size: small;\\&quot;&gt;&lt;span style=\\&quot;font-size: medium;\\&quot;&gt;Concess\\u00e3o de desconto de &lt;\\\/span&gt;&lt;span style=\\&quot;font-size: medium;\\&quot;&gt;&lt;b&gt;15%&lt;\\\/b&gt;&lt;\\\/span&gt;&lt;span style=\\&quot;font-size: medium;\\&quot;&gt; no valor das parcelas para os associados da ADEPOL-SC. &lt;\\\/span&gt;&lt;\\\/span&gt;&lt;\\\/span&gt;&lt;\\\/p&gt;&lt;p class=\\&quot;western\\&quot; align=\\&quot;left\\&quot;&gt;&lt;span style=\\&quot;font-family: Calibri, serif;\\&quot;&gt;&lt;span style=\\&quot;font-size: small;\\&quot;&gt;&lt;span style=\\&quot;font-size: medium;\\&quot;&gt;Produtos inclusos no conv\\u00eanio:&lt;br \\\/&gt;a) Academy;&lt;br \\\/&gt;b) Intensivox;&lt;br \\\/&gt;c) Vox Time;&lt;br \\\/&gt;d) In company \\u2013 Orat\\u00f3ria para vendas;&lt;br \\\/&gt;e) In company \\u2013 Orat\\u00f3ria para lideran\\u00e7a;&lt;br \\\/&gt;f) In company \\u2013 Orat\\u00f3ria para Apresenta\\u00e7\\u00f5es;&lt;br \\\/&gt;g) In company \\u2013 Orat\\u00f3ria para Atendimento.&lt;\\\/span&gt;&lt;\\\/span&gt;&lt;\\\/span&gt;&lt;\\\/p&gt;&lt;p class=\\&quot;western\\&quot; align=\\&quot;left\\&quot;&gt;&lt;span style=\\&quot;font-family: Calibri, serif;\\&quot;&gt;&lt;span style=\\&quot;font-size: small;\\&quot;&gt;&lt;span style=\\&quot;font-size: medium;\\&quot;&gt;*N\\u00e3o incluso na base de c\\u00e1lculo de desconto o valor de matr\\u00edcula e material did\\u00e1tico.&lt;\\\/span&gt;&lt;\\\/span&gt;&lt;\\\/span&gt;&lt;\\\/p&gt;&quot;,&quot;hotspot_label&quot;:&quot;&quot;,&quot;hotspot_link&quot;:{&quot;url&quot;:&quot;&quot;,&quot;is_external&quot;:&quot;&quot;,&quot;nofollow&quot;:&quot;&quot;,&quot;custom_attributes&quot;:&quot;&quot;},&quot;hotspot_icon&quot;:{&quot;value&quot;:&quot;&quot;,&quot;library&quot;:&quot;&quot;},&quot;hotspot_custom_size&quot;:&quot;no&quot;,&quot;hotspot_horizontal&quot;:&quot;left&quot;,&quot;hotspot_vertical&quot;:&quot;top&quot;,&quot;hotspot_tooltip_position&quot;:&quot;no&quot;,&quot;hotspot_position&quot;:null}],&quot;tooltip_trigger&quot;:&quot;mouseenter&quot;,&quot;hotspot_sequenced_animation&quot;:&quot;no&quot;,&quot;tooltip_position&quot;:&quot;top&quot;,&quot;tooltip_animation&quot;:&quot;e-hotspot--fade-in-out&quot;}\" data-widget_type=\"hotspot.default\">\n\t\t\t\t<div class=\"elementor-widget-container\">\n\t\t\t\t\t<img loading=\"lazy\" decoding=\"async\" width=\"800\" height=\"370\" src=\"https:\/\/adepolsc.org.br\/adepolsite\/wp-content\/uploads\/2025\/02\/014-VOX-2-YOU-.png\" class=\"attachment-large size-large wp-image-1319\" alt=\"\" \/>\n\t\t\t\t\t\t<div class=\"e-hotspot elementor-repeater-item-59e9d96      e-hotspot--circle\">\n\n\t\t\t\t\t\t\t\t<div class=\"e-hotspot__button e-hotspot--expand\">\n\t\t\t\t\t\t\t\t\t\t\t<div class=\"e-hotspot__outer-circle\"><\/div>\n\t\t\t\t\t\t<div class=\"e-hotspot__inner-circle\"><\/div>\n\t\t\t\t\t\t\t\t\t<\/div>\n\n\t\t\t\t\t\t\t\t\t\t\t\t\t\t\t\t\t\t<div class=\"e-hotspot__tooltip  e-hotspot--tooltip-position e-hotspot--fade-in-out \" >\n\t\t\t\t\t\t<p lang=\"pt-PT\"><span style=\"font-size: small;\"><span style=\"font-size: large;\"><b>VOX 2 YOU<\/b><\/span><\/span><\/p><p class=\"western\" align=\"left\"><span style=\"font-family: Calibri, serif;\"><span style=\"font-size: small;\"><span style=\"font-size: medium;\">Concess\u00e3o de desconto de <\/span><span style=\"font-size: medium;\"><b>15%<\/b><\/span><span style=\"font-size: medium;\"> no valor das parcelas para os associados da ADEPOL-SC. <\/span><\/span><\/span><\/p><p class=\"western\" align=\"left\"><span style=\"font-family: Calibri, serif;\"><span style=\"font-size: small;\"><span style=\"font-size: medium;\">Produtos inclusos no conv\u00eanio:<br \/>a) Academy;<br \/>b) Intensivox;<br \/>c) Vox Time;<br \/>d) In company \u2013 Orat\u00f3ria para vendas;<br \/>e) In company \u2013 Orat\u00f3ria para lideran\u00e7a;<br \/>f) In company \u2013 Orat\u00f3ria para Apresenta\u00e7\u00f5es;<br \/>g) In company \u2013 Orat\u00f3ria para Atendimento.<\/span><\/span><\/span><\/p><p class=\"western\" align=\"left\"><span style=\"font-family: Calibri, serif;\"><span style=\"font-size: small;\"><span style=\"font-size: medium;\">*N\u00e3o incluso na base de c\u00e1lculo de desconto o valor de matr\u00edcula e material did\u00e1tico.<\/span><\/span><\/span><\/p>\t\t\t\t\t<\/div>\n\t\t\t\t\t\t\t\t\t\n\t\t\t<\/div>\n\n\t\n\t\t\t\t\t\t<\/div>\n\t\t\t\t<\/div>\n\t\t\t\t<\/div>\n\t\t<div class=\"elementor-element elementor-element-7424d33 e-con-full e-flex e-con e-child\" data-id=\"7424d33\" data-element_type=\"container\">\n\t\t\t\t<div class=\"elementor-element elementor-element-a2445a2 elementor-widget elementor-widget-hotspot\" data-id=\"a2445a2\" data-element_type=\"widget\" data-settings=\"{&quot;hotspot&quot;:[{&quot;_id&quot;:&quot;59e9d96&quot;,&quot;hotspot_tooltip_content&quot;:&quot;&lt;p class=\\&quot;western\\&quot; align=\\&quot;left\\&quot;&gt;&lt;span style=\\&quot;font-family: Calibri, serif;\\&quot;&gt;&lt;span style=\\&quot;font-size: small;\\&quot;&gt;&lt;span style=\\&quot;font-size: large;\\&quot;&gt;&lt;b&gt;FECOM\\u00c9RCIO\\\/ SESC\\\/ SENAC &lt;br \\\/&gt;&lt;\\\/b&gt;&lt;\\\/span&gt;&lt;\\\/span&gt;&lt;\\\/span&gt;&lt;\\\/p&gt;&lt;p class=\\&quot;western\\&quot; align=\\&quot;left\\&quot;&gt;&lt;span style=\\&quot;font-family: Calibri, serif;\\&quot;&gt;&lt;span style=\\&quot;font-size: small;\\&quot;&gt;O Cart\\u00e3o Empres\\u00e1rio da Fecom\\u00e9rcio proporciona acesso uma variedade de servi\\u00e7os do Sesc e Senac com &lt;br \\\/&gt;descontos atrativos aos associados e seus dependentes. Para ativar seu beneficio \\u00e9 preciso entrar em contato com &lt;br \\\/&gt;o Administrativo da Associa\\u00e7\\u00e3o para adquirir sua carteirinha. &lt;\\\/span&gt;&lt;\\\/span&gt;&lt;\\\/p&gt;&lt;p class=\\&quot;western\\&quot; align=\\&quot;left\\&quot;&gt;&lt;span style=\\&quot;font-family: Calibri, serif;\\&quot;&gt;&lt;span style=\\&quot;font-size: small;\\&quot;&gt;Servi\\u00e7os: &lt;span style=\\&quot;color: #0563c1;\\&quot;&gt;&lt;u&gt;&lt;a href=\\&quot;http:\\\/\\\/www.sesc-sc.com.br\\\/servicos\\\/\\&quot;&gt;www.sesc-sc.com.br\\\/servicos\\\/&lt;\\\/a&gt;&lt;\\\/u&gt;&lt;\\\/span&gt;&lt;\\\/span&gt;&lt;\\\/span&gt;&lt;\\\/p&gt;&quot;,&quot;hotspot_label&quot;:&quot;&quot;,&quot;hotspot_link&quot;:{&quot;url&quot;:&quot;&quot;,&quot;is_external&quot;:&quot;&quot;,&quot;nofollow&quot;:&quot;&quot;,&quot;custom_attributes&quot;:&quot;&quot;},&quot;hotspot_icon&quot;:{&quot;value&quot;:&quot;&quot;,&quot;library&quot;:&quot;&quot;},&quot;hotspot_custom_size&quot;:&quot;no&quot;,&quot;hotspot_horizontal&quot;:&quot;left&quot;,&quot;hotspot_vertical&quot;:&quot;top&quot;,&quot;hotspot_tooltip_position&quot;:&quot;no&quot;,&quot;hotspot_position&quot;:null}],&quot;tooltip_trigger&quot;:&quot;mouseenter&quot;,&quot;hotspot_sequenced_animation&quot;:&quot;no&quot;,&quot;tooltip_position&quot;:&quot;top&quot;,&quot;tooltip_animation&quot;:&quot;e-hotspot--fade-in-out&quot;}\" data-widget_type=\"hotspot.default\">\n\t\t\t\t<div class=\"elementor-widget-container\">\n\t\t\t\t\t<img loading=\"lazy\" decoding=\"async\" width=\"800\" height=\"340\" src=\"https:\/\/adepolsc.org.br\/adepolsite\/wp-content\/uploads\/2025\/02\/015-FECOME\u2560uRCIO.png\" class=\"attachment-large size-large wp-image-1320\" alt=\"\" \/>\n\t\t\t\t\t\t<div class=\"e-hotspot elementor-repeater-item-59e9d96      e-hotspot--circle\">\n\n\t\t\t\t\t\t\t\t<div class=\"e-hotspot__button e-hotspot--expand\">\n\t\t\t\t\t\t\t\t\t\t\t<div class=\"e-hotspot__outer-circle\"><\/div>\n\t\t\t\t\t\t<div class=\"e-hotspot__inner-circle\"><\/div>\n\t\t\t\t\t\t\t\t\t<\/div>\n\n\t\t\t\t\t\t\t\t\t\t\t\t\t\t\t\t\t\t<div class=\"e-hotspot__tooltip  e-hotspot--tooltip-position e-hotspot--fade-in-out \" >\n\t\t\t\t\t\t<p class=\"western\" align=\"left\"><span style=\"font-family: Calibri, serif;\"><span style=\"font-size: small;\"><span style=\"font-size: large;\"><b>FECOM\u00c9RCIO\/ SESC\/ SENAC <br \/><\/b><\/span><\/span><\/span><\/p><p class=\"western\" align=\"left\"><span style=\"font-family: Calibri, serif;\"><span style=\"font-size: small;\">O Cart\u00e3o Empres\u00e1rio da Fecom\u00e9rcio proporciona acesso uma variedade de servi\u00e7os do Sesc e Senac com <br \/>descontos atrativos aos associados e seus dependentes. Para ativar seu beneficio \u00e9 preciso entrar em contato com <br \/>o Administrativo da Associa\u00e7\u00e3o para adquirir sua carteirinha. <\/span><\/span><\/p><p class=\"western\" align=\"left\"><span style=\"font-family: Calibri, serif;\"><span style=\"font-size: small;\">Servi\u00e7os: <span style=\"color: #0563c1;\"><u><a href=\"http:\/\/www.sesc-sc.com.br\/servicos\/\">www.sesc-sc.com.br\/servicos\/<\/a><\/u><\/span><\/span><\/span><\/p>\t\t\t\t\t<\/div>\n\t\t\t\t\t\t\t\t\t\n\t\t\t<\/div>\n\n\t\n\t\t\t\t\t\t<\/div>\n\t\t\t\t<\/div>\n\t\t\t\t<\/div>\n\t\t<div class=\"elementor-element elementor-element-2d65f94 e-con-full e-flex e-con e-child\" data-id=\"2d65f94\" data-element_type=\"container\">\n\t\t\t\t<div class=\"elementor-element elementor-element-5935a80 elementor-widget elementor-widget-hotspot\" data-id=\"5935a80\" data-element_type=\"widget\" data-settings=\"{&quot;hotspot&quot;:[{&quot;_id&quot;:&quot;59e9d96&quot;,&quot;hotspot_tooltip_content&quot;:&quot;&lt;p class=\\&quot;western\\&quot; align=\\&quot;left\\&quot;&gt;&lt;span style=\\&quot;font-family: Calibri, serif;\\&quot;&gt;&lt;span style=\\&quot;font-size: small;\\&quot;&gt;&lt;span style=\\&quot;font-size: large;\\&quot;&gt;&lt;b&gt;COOMARCA&lt;\\\/b&gt;&lt;\\\/span&gt;&lt;\\\/span&gt;&lt;\\\/span&gt;&lt;\\\/p&gt;&lt;p class=\\&quot;western\\&quot; align=\\&quot;left\\&quot;&gt;&lt;span style=\\&quot;font-family: Calibri, serif;\\&quot;&gt;&lt;span style=\\&quot;font-size: small;\\&quot;&gt;A Unicred Coomarca \\u00e9 uma institui\\u00e7\\u00e3o financeira premium dedicada exclusivamente aos servidores p\\u00fablicos. Esta parceria &lt;br \\\/&gt;traz uma s\\u00e9rie de benef\\u00edcios exclusivos que foram cuidadosamente pensados para atender \\u00e0s suas necessidades financeiras:&lt;\\\/span&gt;&lt;\\\/span&gt;&lt;\\\/p&gt;&lt;p class=\\&quot;western\\&quot; align=\\&quot;left\\&quot;&gt;&lt;span style=\\&quot;font-family: Calibri, serif;\\&quot;&gt;&lt;span style=\\&quot;font-size: small;\\&quot;&gt;Planejamento Financeiro - Investimentos - Empr\\u00e9stimo Consignado&lt;\\\/span&gt;&lt;\\\/span&gt;&lt;\\\/p&gt;&lt;p class=\\&quot;western\\&quot; align=\\&quot;left\\&quot;&gt;&lt;span style=\\&quot;font-family: Calibri, serif;\\&quot;&gt;&lt;span style=\\&quot;font-size: small;\\&quot;&gt;Previd\\u00eancia Complementar - Planejamento Sucess\\u00f3rio&lt;\\\/span&gt;&lt;\\\/span&gt;&lt;\\\/p&gt;&lt;p class=\\&quot;western\\&quot; align=\\&quot;left\\&quot;&gt;&lt;span style=\\&quot;font-family: Calibri, serif;\\&quot;&gt;&lt;span style=\\&quot;font-size: small;\\&quot;&gt;Cons\\u00f3rcios - Cart\\u00f5es Unicred Visa - Solu\\u00e7\\u00f5es PJ&lt;\\\/span&gt;&lt;\\\/span&gt;&lt;\\\/p&gt;&lt;p class=\\&quot;western\\&quot; align=\\&quot;left\\&quot;&gt;&lt;span style=\\&quot;font-family: Calibri, serif;\\&quot;&gt;&lt;span style=\\&quot;font-size: small;\\&quot;&gt;Para usufruir desses benef\\u00edcios, basta se identificar como associado Adepol e agendar uma consultoria financeira com um dos &lt;br \\\/&gt;especialistas da Unicred Coomarca. N\\u00e3o perca esta oportunidade de ter ao seu lado uma institui\\u00e7\\u00e3o financeira comprometida com &lt;br \\\/&gt;seu sucesso e prosperidade.&lt;\\\/span&gt;&lt;\\\/span&gt;&lt;\\\/p&gt;&lt;p class=\\&quot;western\\&quot; align=\\&quot;left\\&quot;&gt;&lt;span style=\\&quot;font-family: Calibri, serif;\\&quot;&gt;&lt;span style=\\&quot;font-size: small;\\&quot;&gt;Para mais informa\\u00e7\\u00f5es acesse:&lt;br \\\/&gt;wa.me\\\/554830847101&lt;\\\/span&gt;&lt;\\\/span&gt;&lt;\\\/p&gt;&lt;p class=\\&quot;western\\&quot; align=\\&quot;left\\&quot;&gt;&lt;span style=\\&quot;font-family: Calibri, serif;\\&quot;&gt;&lt;span style=\\&quot;font-size: small;\\&quot;&gt;https:\\\/\\\/www.instagram.com\\\/unicredcoomarca\\\/&lt;\\\/span&gt;&lt;\\\/span&gt;&lt;\\\/p&gt;&lt;p class=\\&quot;western\\&quot; align=\\&quot;left\\&quot;&gt;&lt;span style=\\&quot;font-family: Calibri, serif;\\&quot;&gt;&lt;span style=\\&quot;font-size: small;\\&quot;&gt;https:\\\/\\\/www.unicred.com.br\\\/coomarca\\\/home&lt;\\\/span&gt;&lt;\\\/span&gt;&lt;\\\/p&gt;&quot;,&quot;hotspot_label&quot;:&quot;&quot;,&quot;hotspot_link&quot;:{&quot;url&quot;:&quot;&quot;,&quot;is_external&quot;:&quot;&quot;,&quot;nofollow&quot;:&quot;&quot;,&quot;custom_attributes&quot;:&quot;&quot;},&quot;hotspot_icon&quot;:{&quot;value&quot;:&quot;&quot;,&quot;library&quot;:&quot;&quot;},&quot;hotspot_custom_size&quot;:&quot;no&quot;,&quot;hotspot_horizontal&quot;:&quot;left&quot;,&quot;hotspot_vertical&quot;:&quot;top&quot;,&quot;hotspot_tooltip_position&quot;:&quot;no&quot;,&quot;hotspot_position&quot;:null}],&quot;tooltip_trigger&quot;:&quot;mouseenter&quot;,&quot;hotspot_sequenced_animation&quot;:&quot;no&quot;,&quot;tooltip_position&quot;:&quot;top&quot;,&quot;tooltip_animation&quot;:&quot;e-hotspot--fade-in-out&quot;}\" data-widget_type=\"hotspot.default\">\n\t\t\t\t<div class=\"elementor-widget-container\">\n\t\t\t\t\t<img loading=\"lazy\" decoding=\"async\" width=\"800\" height=\"160\" src=\"https:\/\/adepolsc.org.br\/adepolsite\/wp-content\/uploads\/2025\/02\/016-COMMARCA.png\" class=\"attachment-large size-large wp-image-1321\" alt=\"\" \/>\n\t\t\t\t\t\t<div class=\"e-hotspot elementor-repeater-item-59e9d96      e-hotspot--circle\">\n\n\t\t\t\t\t\t\t\t<div class=\"e-hotspot__button e-hotspot--expand\">\n\t\t\t\t\t\t\t\t\t\t\t<div class=\"e-hotspot__outer-circle\"><\/div>\n\t\t\t\t\t\t<div class=\"e-hotspot__inner-circle\"><\/div>\n\t\t\t\t\t\t\t\t\t<\/div>\n\n\t\t\t\t\t\t\t\t\t\t\t\t\t\t\t\t\t\t<div class=\"e-hotspot__tooltip  e-hotspot--tooltip-position e-hotspot--fade-in-out \" >\n\t\t\t\t\t\t<p class=\"western\" align=\"left\"><span style=\"font-family: Calibri, serif;\"><span style=\"font-size: small;\"><span style=\"font-size: large;\"><b>COOMARCA<\/b><\/span><\/span><\/span><\/p><p class=\"western\" align=\"left\"><span style=\"font-family: Calibri, serif;\"><span style=\"font-size: small;\">A Unicred Coomarca \u00e9 uma institui\u00e7\u00e3o financeira premium dedicada exclusivamente aos servidores p\u00fablicos. Esta parceria <br \/>traz uma s\u00e9rie de benef\u00edcios exclusivos que foram cuidadosamente pensados para atender \u00e0s suas necessidades financeiras:<\/span><\/span><\/p><p class=\"western\" align=\"left\"><span style=\"font-family: Calibri, serif;\"><span style=\"font-size: small;\">Planejamento Financeiro - Investimentos - Empr\u00e9stimo Consignado<\/span><\/span><\/p><p class=\"western\" align=\"left\"><span style=\"font-family: Calibri, serif;\"><span style=\"font-size: small;\">Previd\u00eancia Complementar - Planejamento Sucess\u00f3rio<\/span><\/span><\/p><p class=\"western\" align=\"left\"><span style=\"font-family: Calibri, serif;\"><span style=\"font-size: small;\">Cons\u00f3rcios - Cart\u00f5es Unicred Visa - Solu\u00e7\u00f5es PJ<\/span><\/span><\/p><p class=\"western\" align=\"left\"><span style=\"font-family: Calibri, serif;\"><span style=\"font-size: small;\">Para usufruir desses benef\u00edcios, basta se identificar como associado Adepol e agendar uma consultoria financeira com um dos <br \/>especialistas da Unicred Coomarca. N\u00e3o perca esta oportunidade de ter ao seu lado uma institui\u00e7\u00e3o financeira comprometida com <br \/>seu sucesso e prosperidade.<\/span><\/span><\/p><p class=\"western\" align=\"left\"><span style=\"font-family: Calibri, serif;\"><span style=\"font-size: small;\">Para mais informa\u00e7\u00f5es acesse:<br \/>wa.me\/554830847101<\/span><\/span><\/p><p class=\"western\" align=\"left\"><span style=\"font-family: Calibri, serif;\"><span style=\"font-size: small;\">https:\/\/www.instagram.com\/unicredcoomarca\/<\/span><\/span><\/p><p class=\"western\" align=\"left\"><span style=\"font-family: Calibri, serif;\"><span style=\"font-size: small;\">https:\/\/www.unicred.com.br\/coomarca\/home<\/span><\/span><\/p>\t\t\t\t\t<\/div>\n\t\t\t\t\t\t\t\t\t\n\t\t\t<\/div>\n\n\t\n\t\t\t\t\t\t<\/div>\n\t\t\t\t<\/div>\n\t\t\t\t<\/div>\n\t\t\t\t\t<\/div>\n\t\t\t\t<\/div>\n\t\t<div class=\"elementor-element elementor-element-eea3dd8 e-flex e-con-boxed e-con e-child\" data-id=\"eea3dd8\" data-element_type=\"container\">\n\t\t\t\t\t<div class=\"e-con-inner\">\n\t\t<div class=\"elementor-element elementor-element-4f52b41 e-con-full e-flex e-con e-child\" data-id=\"4f52b41\" data-element_type=\"container\">\n\t\t\t\t<div class=\"elementor-element elementor-element-8fd1643 elementor-widget elementor-widget-hotspot\" data-id=\"8fd1643\" data-element_type=\"widget\" data-settings=\"{&quot;hotspot&quot;:[{&quot;_id&quot;:&quot;59e9d96&quot;,&quot;hotspot_tooltip_content&quot;:&quot;&lt;p lang=\\&quot;pt-PT\\&quot;&gt;&lt;span style=\\&quot;font-size: small;\\&quot;&gt;&lt;span style=\\&quot;font-size: large;\\&quot;&gt;&lt;b&gt;COST\\u00c3O DO SANTINHO&lt;\\\/b&gt;&lt;\\\/span&gt;&lt;\\\/span&gt;&lt;\\\/p&gt;&lt;p class=\\&quot;western\\&quot; align=\\&quot;left\\&quot;&gt;&lt;span style=\\&quot;font-family: Calibri, serif;\\&quot;&gt;&lt;span style=\\&quot;font-size: small;\\&quot;&gt;De 10 a 15% de desconto nas tarifas vigentes.&lt;\\\/span&gt;&lt;\\\/span&gt;&lt;\\\/p&gt;&quot;,&quot;hotspot_label&quot;:&quot;&quot;,&quot;hotspot_link&quot;:{&quot;url&quot;:&quot;&quot;,&quot;is_external&quot;:&quot;&quot;,&quot;nofollow&quot;:&quot;&quot;,&quot;custom_attributes&quot;:&quot;&quot;},&quot;hotspot_icon&quot;:{&quot;value&quot;:&quot;&quot;,&quot;library&quot;:&quot;&quot;},&quot;hotspot_custom_size&quot;:&quot;no&quot;,&quot;hotspot_horizontal&quot;:&quot;left&quot;,&quot;hotspot_vertical&quot;:&quot;top&quot;,&quot;hotspot_tooltip_position&quot;:&quot;no&quot;,&quot;hotspot_position&quot;:null}],&quot;tooltip_trigger&quot;:&quot;mouseenter&quot;,&quot;hotspot_sequenced_animation&quot;:&quot;no&quot;,&quot;tooltip_position&quot;:&quot;top&quot;,&quot;tooltip_animation&quot;:&quot;e-hotspot--fade-in-out&quot;}\" data-widget_type=\"hotspot.default\">\n\t\t\t\t<div class=\"elementor-widget-container\">\n\t\t\t\t\t<img loading=\"lazy\" decoding=\"async\" width=\"500\" height=\"389\" src=\"https:\/\/adepolsc.org.br\/adepolsite\/wp-content\/uploads\/2025\/02\/018-COSTA\u2560aO-DO-SANTINHO.jpg\" class=\"attachment-large size-large wp-image-1323\" alt=\"\" \/>\n\t\t\t\t\t\t<div class=\"e-hotspot elementor-repeater-item-59e9d96      e-hotspot--circle\">\n\n\t\t\t\t\t\t\t\t<div class=\"e-hotspot__button e-hotspot--expand\">\n\t\t\t\t\t\t\t\t\t\t\t<div class=\"e-hotspot__outer-circle\"><\/div>\n\t\t\t\t\t\t<div class=\"e-hotspot__inner-circle\"><\/div>\n\t\t\t\t\t\t\t\t\t<\/div>\n\n\t\t\t\t\t\t\t\t\t\t\t\t\t\t\t\t\t\t<div class=\"e-hotspot__tooltip  e-hotspot--tooltip-position e-hotspot--fade-in-out \" >\n\t\t\t\t\t\t<p lang=\"pt-PT\"><span style=\"font-size: small;\"><span style=\"font-size: large;\"><b>COST\u00c3O DO SANTINHO<\/b><\/span><\/span><\/p><p class=\"western\" align=\"left\"><span style=\"font-family: Calibri, serif;\"><span style=\"font-size: small;\">De 10 a 15% de desconto nas tarifas vigentes.<\/span><\/span><\/p>\t\t\t\t\t<\/div>\n\t\t\t\t\t\t\t\t\t\n\t\t\t<\/div>\n\n\t\n\t\t\t\t\t\t<\/div>\n\t\t\t\t<\/div>\n\t\t\t\t<\/div>\n\t\t<div class=\"elementor-element elementor-element-7202c5b e-con-full e-flex e-con e-child\" data-id=\"7202c5b\" data-element_type=\"container\">\n\t\t\t\t<div class=\"elementor-element elementor-element-9dddccb elementor-widget elementor-widget-hotspot\" data-id=\"9dddccb\" data-element_type=\"widget\" data-settings=\"{&quot;hotspot&quot;:[{&quot;_id&quot;:&quot;59e9d96&quot;,&quot;hotspot_tooltip_content&quot;:&quot;&lt;p lang=\\&quot;pt-PT\\&quot;&gt;&lt;span style=\\&quot;font-size: small;\\&quot;&gt;&lt;span style=\\&quot;font-family: Calibri, serif;\\&quot;&gt;&lt;span style=\\&quot;font-size: large;\\&quot;&gt;&lt;b&gt;LE CANARD HOTEIS&lt;\\\/b&gt;&lt;\\\/span&gt;&lt;\\\/span&gt;&lt;\\\/span&gt;&lt;\\\/p&gt;&lt;p class=\\&quot;western\\&quot; align=\\&quot;left\\&quot;&gt;&lt;span style=\\&quot;font-family: Calibri, serif;\\&quot;&gt;&lt;span style=\\&quot;font-size: small;\\&quot;&gt;&lt;u&gt;CATEGORIA EXECUTIVA \\u2013 DIARIA&lt;\\\/u&gt;&lt;\\\/span&gt;&lt;\\\/span&gt;&lt;\\\/p&gt;&lt;p class=\\&quot;western\\&quot; align=\\&quot;left\\&quot;&gt;&lt;span style=\\&quot;font-family: Calibri, serif;\\&quot;&gt;&lt;span style=\\&quot;font-size: small;\\&quot;&gt;Aptos com 1 cama de casal ou com 2 camas de solteiro SINGLE = R$ 248,00 + 5% ISS = R$ 260,40&lt;\\\/span&gt;&lt;\\\/span&gt;&lt;\\\/p&gt;&lt;p class=\\&quot;western\\&quot; align=\\&quot;left\\&quot;&gt;&lt;span style=\\&quot;font-family: Calibri, serif;\\&quot;&gt;&lt;span style=\\&quot;font-size: small;\\&quot;&gt;DUPLO = R$ 298,00 + 5% ISS = R$ 312,90&lt;\\\/span&gt;&lt;\\\/span&gt;&lt;\\\/p&gt;&lt;p class=\\&quot;western\\&quot; align=\\&quot;left\\&quot;&gt;&lt;span style=\\&quot;font-family: Calibri, serif;\\&quot;&gt;&lt;span style=\\&quot;font-size: small;\\&quot;&gt;&lt;u&gt;CATEGORIA LUXO SUPERIOR \\u2013 DIARIA&lt;\\\/u&gt;&lt;\\\/span&gt;&lt;\\\/span&gt;&lt;\\\/p&gt;&lt;p class=\\&quot;western\\&quot; align=\\&quot;left\\&quot;&gt;&lt;span style=\\&quot;font-family: Calibri, serif;\\&quot;&gt;&lt;span style=\\&quot;font-size: small;\\&quot;&gt;Aptos com 1 ou 2 camas de casal&lt;\\\/span&gt;&lt;\\\/span&gt;&lt;\\\/p&gt;&lt;p class=\\&quot;western\\&quot; align=\\&quot;left\\&quot;&gt;&lt;span style=\\&quot;font-family: Calibri, serif;\\&quot;&gt;&lt;span style=\\&quot;font-size: small;\\&quot;&gt;SINGLE = R$ 318,00 + 5% ISS = R$ 333,90&lt;\\\/span&gt;&lt;\\\/span&gt;&lt;\\\/p&gt;&lt;p class=\\&quot;western\\&quot; align=\\&quot;left\\&quot;&gt;&lt;span style=\\&quot;font-family: Calibri, serif;\\&quot;&gt;&lt;span style=\\&quot;font-size: small;\\&quot;&gt;DUPLO = R$ 378,00 + 5% ISS = R$ 396,90&lt;\\\/span&gt;&lt;\\\/span&gt;&lt;\\\/p&gt;&lt;p class=\\&quot;western\\&quot; align=\\&quot;left\\&quot;&gt;&lt;span style=\\&quot;font-family: Calibri, serif;\\&quot;&gt;&lt;span style=\\&quot;font-size: small;\\&quot;&gt;TRIPLO = R$ 428,00 + 5% ISS = R$ 449,40 (2 camas de casal) QUADRUPLO = R$ 498,00 + 5% ISS = R$ 522,90 (2 camas de casal)&lt;\\\/span&gt;&lt;\\\/span&gt;&lt;\\\/p&gt;&lt;p class=\\&quot;western\\&quot; align=\\&quot;left\\&quot;&gt;&lt;span style=\\&quot;font-family: Calibri, serif;\\&quot;&gt;&lt;span style=\\&quot;font-size: small;\\&quot;&gt;&lt;u&gt;CATEGORIA LUXO (TORRE NOVA) \\u2013 DIARIA&lt;\\\/u&gt;&lt;\\\/span&gt;&lt;\\\/span&gt;&lt;\\\/p&gt;&lt;p class=\\&quot;western\\&quot; align=\\&quot;left\\&quot;&gt;&lt;span style=\\&quot;font-family: Calibri, serif;\\&quot;&gt;&lt;span style=\\&quot;font-size: small;\\&quot;&gt;Aptos com 1 cama de casal&lt;\\\/span&gt;&lt;\\\/span&gt;&lt;\\\/p&gt;&lt;p class=\\&quot;western\\&quot; align=\\&quot;left\\&quot;&gt;&lt;span style=\\&quot;font-family: Calibri, serif;\\&quot;&gt;&lt;span style=\\&quot;font-size: small;\\&quot;&gt;SINGLE = R$ 338,00 + 5% ISS = R$ 354,90 DUPLO = R$ 398,00 + 5% ISS = R$ 417,90&lt;\\\/span&gt;&lt;\\\/span&gt;&lt;\\\/p&gt;&lt;p class=\\&quot;western\\&quot; align=\\&quot;left\\&quot;&gt;&lt;span style=\\&quot;font-family: Calibri, serif;\\&quot;&gt;&lt;span style=\\&quot;font-size: small;\\&quot;&gt;Di\\u00e1ria Inclui: Caf\\u00e9 da manh\\u00e3, estacionamento, internet, sauna seca e academia completa.&lt;\\\/span&gt;&lt;\\\/span&gt;&lt;\\\/p&gt;&lt;p class=\\&quot;western\\&quot; align=\\&quot;left\\&quot;&gt;&lt;span style=\\&quot;font-family: Calibri, serif;\\&quot;&gt;&lt;span style=\\&quot;font-size: small;\\&quot;&gt;CHECK - IN = A partir das 14h00. CHECK - OUT = At\\u00e9 as 12h00&lt;\\\/span&gt;&lt;\\\/span&gt;&lt;\\\/p&gt;&quot;,&quot;hotspot_label&quot;:&quot;&quot;,&quot;hotspot_link&quot;:{&quot;url&quot;:&quot;&quot;,&quot;is_external&quot;:&quot;&quot;,&quot;nofollow&quot;:&quot;&quot;,&quot;custom_attributes&quot;:&quot;&quot;},&quot;hotspot_icon&quot;:{&quot;value&quot;:&quot;&quot;,&quot;library&quot;:&quot;&quot;},&quot;hotspot_custom_size&quot;:&quot;no&quot;,&quot;hotspot_horizontal&quot;:&quot;left&quot;,&quot;hotspot_vertical&quot;:&quot;top&quot;,&quot;hotspot_tooltip_position&quot;:&quot;no&quot;,&quot;hotspot_position&quot;:null}],&quot;tooltip_trigger&quot;:&quot;mouseenter&quot;,&quot;hotspot_sequenced_animation&quot;:&quot;no&quot;,&quot;tooltip_position&quot;:&quot;top&quot;,&quot;tooltip_animation&quot;:&quot;e-hotspot--fade-in-out&quot;}\" data-widget_type=\"hotspot.default\">\n\t\t\t\t<div class=\"elementor-widget-container\">\n\t\t\t\t\t<img loading=\"lazy\" decoding=\"async\" width=\"225\" height=\"225\" src=\"https:\/\/adepolsc.org.br\/adepolsite\/wp-content\/uploads\/2025\/02\/019-LE-CANARD-HOTEIS.jpeg\" class=\"attachment-large size-large wp-image-1324\" alt=\"\" \/>\n\t\t\t\t\t\t<div class=\"e-hotspot elementor-repeater-item-59e9d96      e-hotspot--circle\">\n\n\t\t\t\t\t\t\t\t<div class=\"e-hotspot__button e-hotspot--expand\">\n\t\t\t\t\t\t\t\t\t\t\t<div class=\"e-hotspot__outer-circle\"><\/div>\n\t\t\t\t\t\t<div class=\"e-hotspot__inner-circle\"><\/div>\n\t\t\t\t\t\t\t\t\t<\/div>\n\n\t\t\t\t\t\t\t\t\t\t\t\t\t\t\t\t\t\t<div class=\"e-hotspot__tooltip  e-hotspot--tooltip-position e-hotspot--fade-in-out \" >\n\t\t\t\t\t\t<p lang=\"pt-PT\"><span style=\"font-size: small;\"><span style=\"font-family: Calibri, serif;\"><span style=\"font-size: large;\"><b>LE CANARD HOTEIS<\/b><\/span><\/span><\/span><\/p><p class=\"western\" align=\"left\"><span style=\"font-family: Calibri, serif;\"><span style=\"font-size: small;\"><u>CATEGORIA EXECUTIVA \u2013 DIARIA<\/u><\/span><\/span><\/p><p class=\"western\" align=\"left\"><span style=\"font-family: Calibri, serif;\"><span style=\"font-size: small;\">Aptos com 1 cama de casal ou com 2 camas de solteiro SINGLE = R$ 248,00 + 5% ISS = R$ 260,40<\/span><\/span><\/p><p class=\"western\" align=\"left\"><span style=\"font-family: Calibri, serif;\"><span style=\"font-size: small;\">DUPLO = R$ 298,00 + 5% ISS = R$ 312,90<\/span><\/span><\/p><p class=\"western\" align=\"left\"><span style=\"font-family: Calibri, serif;\"><span style=\"font-size: small;\"><u>CATEGORIA LUXO SUPERIOR \u2013 DIARIA<\/u><\/span><\/span><\/p><p class=\"western\" align=\"left\"><span style=\"font-family: Calibri, serif;\"><span style=\"font-size: small;\">Aptos com 1 ou 2 camas de casal<\/span><\/span><\/p><p class=\"western\" align=\"left\"><span style=\"font-family: Calibri, serif;\"><span style=\"font-size: small;\">SINGLE = R$ 318,00 + 5% ISS = R$ 333,90<\/span><\/span><\/p><p class=\"western\" align=\"left\"><span style=\"font-family: Calibri, serif;\"><span style=\"font-size: small;\">DUPLO = R$ 378,00 + 5% ISS = R$ 396,90<\/span><\/span><\/p><p class=\"western\" align=\"left\"><span style=\"font-family: Calibri, serif;\"><span style=\"font-size: small;\">TRIPLO = R$ 428,00 + 5% ISS = R$ 449,40 (2 camas de casal) QUADRUPLO = R$ 498,00 + 5% ISS = R$ 522,90 (2 camas de casal)<\/span><\/span><\/p><p class=\"western\" align=\"left\"><span style=\"font-family: Calibri, serif;\"><span style=\"font-size: small;\"><u>CATEGORIA LUXO (TORRE NOVA) \u2013 DIARIA<\/u><\/span><\/span><\/p><p class=\"western\" align=\"left\"><span style=\"font-family: Calibri, serif;\"><span style=\"font-size: small;\">Aptos com 1 cama de casal<\/span><\/span><\/p><p class=\"western\" align=\"left\"><span style=\"font-family: Calibri, serif;\"><span style=\"font-size: small;\">SINGLE = R$ 338,00 + 5% ISS = R$ 354,90 DUPLO = R$ 398,00 + 5% ISS = R$ 417,90<\/span><\/span><\/p><p class=\"western\" align=\"left\"><span style=\"font-family: Calibri, serif;\"><span style=\"font-size: small;\">Di\u00e1ria Inclui: Caf\u00e9 da manh\u00e3, estacionamento, internet, sauna seca e academia completa.<\/span><\/span><\/p><p class=\"western\" align=\"left\"><span style=\"font-family: Calibri, serif;\"><span style=\"font-size: small;\">CHECK - IN = A partir das 14h00. CHECK - OUT = At\u00e9 as 12h00<\/span><\/span><\/p>\t\t\t\t\t<\/div>\n\t\t\t\t\t\t\t\t\t\n\t\t\t<\/div>\n\n\t\n\t\t\t\t\t\t<\/div>\n\t\t\t\t<\/div>\n\t\t\t\t<\/div>\n\t\t<div class=\"elementor-element elementor-element-96179d1 e-con-full e-flex e-con e-child\" data-id=\"96179d1\" data-element_type=\"container\">\n\t\t\t\t<div class=\"elementor-element elementor-element-ad4e2ab elementor-widget elementor-widget-hotspot\" data-id=\"ad4e2ab\" data-element_type=\"widget\" data-settings=\"{&quot;hotspot&quot;:[{&quot;_id&quot;:&quot;59e9d96&quot;,&quot;hotspot_tooltip_content&quot;:&quot;&lt;p lang=\\&quot;pt-PT\\&quot;&gt;&lt;span style=\\&quot;font-size: small;\\&quot;&gt;&lt;span style=\\&quot;font-size: large;\\&quot;&gt;&lt;b&gt;UNIAVAN CENTRO UNIVERSIT\\u00c1RIO&lt;\\\/b&gt;&lt;\\\/span&gt;&lt;\\\/span&gt;&lt;\\\/p&gt;&lt;p class=\\&quot;western\\&quot; align=\\&quot;left\\&quot;&gt;&lt;span style=\\&quot;font-family: Calibri, serif;\\&quot;&gt;&lt;span style=\\&quot;font-size: small;\\&quot;&gt;&lt;span style=\\&quot;font-size: medium;\\&quot;&gt;30% de desconto nos cursos de gradua\\u00e7\\u00e3o presencial &lt;\\\/span&gt;&lt;\\\/span&gt;&lt;\\\/span&gt;&lt;\\\/p&gt;&lt;p class=\\&quot;western\\&quot; align=\\&quot;left\\&quot;&gt;&lt;span style=\\&quot;font-family: Calibri, serif;\\&quot;&gt;&lt;span style=\\&quot;font-size: small;\\&quot;&gt;&lt;span style=\\&quot;font-size: medium;\\&quot;&gt;30% de desconto na modalidade EAD &lt;\\\/span&gt;&lt;\\\/span&gt;&lt;\\\/span&gt;&lt;\\\/p&gt;&lt;p class=\\&quot;western\\&quot; align=\\&quot;left\\&quot;&gt;&lt;span style=\\&quot;font-family: Calibri, serif;\\&quot;&gt;&lt;span style=\\&quot;font-size: small;\\&quot;&gt;&lt;span style=\\&quot;font-size: medium;\\&quot;&gt;40% de desconto nos curso de p\\u00f3s-gradua\\u00e7\\u00e3o&lt;\\\/span&gt;&lt;\\\/span&gt;&lt;\\\/span&gt;&lt;\\\/p&gt;&lt;p class=\\&quot;western\\&quot; align=\\&quot;left\\&quot;&gt;&lt;span style=\\&quot;font-family: Calibri, serif;\\&quot;&gt;&lt;span style=\\&quot;font-size: small;\\&quot;&gt;&lt;span style=\\&quot;font-size: medium;\\&quot;&gt;30% de desconto no Col\\u00e9gio Uniavan&lt;\\\/span&gt;&lt;\\\/span&gt;&lt;\\\/span&gt;&lt;\\\/p&gt;&lt;p class=\\&quot;western\\&quot; align=\\&quot;left\\&quot;&gt;&lt;span style=\\&quot;font-family: Calibri, serif;\\&quot;&gt;&lt;span style=\\&quot;font-size: small;\\&quot;&gt;&lt;span style=\\&quot;font-size: medium;\\&quot;&gt;Descontos v\\u00e1lidos at\\u00e9 o final do curso.&lt;\\\/span&gt;&lt;\\\/span&gt;&lt;\\\/span&gt;&lt;\\\/p&gt;&quot;,&quot;hotspot_label&quot;:&quot;&quot;,&quot;hotspot_link&quot;:{&quot;url&quot;:&quot;&quot;,&quot;is_external&quot;:&quot;&quot;,&quot;nofollow&quot;:&quot;&quot;,&quot;custom_attributes&quot;:&quot;&quot;},&quot;hotspot_icon&quot;:{&quot;value&quot;:&quot;&quot;,&quot;library&quot;:&quot;&quot;},&quot;hotspot_custom_size&quot;:&quot;no&quot;,&quot;hotspot_horizontal&quot;:&quot;left&quot;,&quot;hotspot_vertical&quot;:&quot;top&quot;,&quot;hotspot_tooltip_position&quot;:&quot;no&quot;,&quot;hotspot_position&quot;:null}],&quot;tooltip_trigger&quot;:&quot;mouseenter&quot;,&quot;hotspot_sequenced_animation&quot;:&quot;no&quot;,&quot;tooltip_position&quot;:&quot;top&quot;,&quot;tooltip_animation&quot;:&quot;e-hotspot--fade-in-out&quot;}\" data-widget_type=\"hotspot.default\">\n\t\t\t\t<div class=\"elementor-widget-container\">\n\t\t\t\t\t<img loading=\"lazy\" decoding=\"async\" width=\"800\" height=\"324\" src=\"https:\/\/adepolsc.org.br\/adepolsite\/wp-content\/uploads\/2025\/02\/020-UNIAVAN-CENTRO-UNIVERSITA\u2560uRIO.png\" class=\"attachment-large size-large wp-image-1325\" alt=\"\" \/>\n\t\t\t\t\t\t<div class=\"e-hotspot elementor-repeater-item-59e9d96      e-hotspot--circle\">\n\n\t\t\t\t\t\t\t\t<div class=\"e-hotspot__button e-hotspot--expand\">\n\t\t\t\t\t\t\t\t\t\t\t<div class=\"e-hotspot__outer-circle\"><\/div>\n\t\t\t\t\t\t<div class=\"e-hotspot__inner-circle\"><\/div>\n\t\t\t\t\t\t\t\t\t<\/div>\n\n\t\t\t\t\t\t\t\t\t\t\t\t\t\t\t\t\t\t<div class=\"e-hotspot__tooltip  e-hotspot--tooltip-position e-hotspot--fade-in-out \" >\n\t\t\t\t\t\t<p lang=\"pt-PT\"><span style=\"font-size: small;\"><span style=\"font-size: large;\"><b>UNIAVAN CENTRO UNIVERSIT\u00c1RIO<\/b><\/span><\/span><\/p><p class=\"western\" align=\"left\"><span style=\"font-family: Calibri, serif;\"><span style=\"font-size: small;\"><span style=\"font-size: medium;\">30% de desconto nos cursos de gradua\u00e7\u00e3o presencial <\/span><\/span><\/span><\/p><p class=\"western\" align=\"left\"><span style=\"font-family: Calibri, serif;\"><span style=\"font-size: small;\"><span style=\"font-size: medium;\">30% de desconto na modalidade EAD <\/span><\/span><\/span><\/p><p class=\"western\" align=\"left\"><span style=\"font-family: Calibri, serif;\"><span style=\"font-size: small;\"><span style=\"font-size: medium;\">40% de desconto nos curso de p\u00f3s-gradua\u00e7\u00e3o<\/span><\/span><\/span><\/p><p class=\"western\" align=\"left\"><span style=\"font-family: Calibri, serif;\"><span style=\"font-size: small;\"><span style=\"font-size: medium;\">30% de desconto no Col\u00e9gio Uniavan<\/span><\/span><\/span><\/p><p class=\"western\" align=\"left\"><span style=\"font-family: Calibri, serif;\"><span style=\"font-size: small;\"><span style=\"font-size: medium;\">Descontos v\u00e1lidos at\u00e9 o final do curso.<\/span><\/span><\/span><\/p>\t\t\t\t\t<\/div>\n\t\t\t\t\t\t\t\t\t\n\t\t\t<\/div>\n\n\t\n\t\t\t\t\t\t<\/div>\n\t\t\t\t<\/div>\n\t\t\t\t<\/div>\n\t\t<div class=\"elementor-element elementor-element-e47c605 e-con-full e-flex e-con e-child\" data-id=\"e47c605\" data-element_type=\"container\">\n\t\t\t\t<div class=\"elementor-element elementor-element-2fa7cde elementor-widget elementor-widget-hotspot\" data-id=\"2fa7cde\" data-element_type=\"widget\" data-settings=\"{&quot;hotspot&quot;:[{&quot;_id&quot;:&quot;59e9d96&quot;,&quot;hotspot_tooltip_content&quot;:&quot;&lt;p lang=\\&quot;pt-PT\\&quot;&gt;&lt;span style=\\&quot;font-size: small;\\&quot;&gt;&lt;span style=\\&quot;font-size: large;\\&quot;&gt;&lt;b&gt;POUSADA CH\\u00c1CARA DO RIO JORD\\u00c3O &lt;\\\/b&gt;&lt;\\\/span&gt;&lt;\\\/span&gt;&lt;\\\/p&gt;&lt;p class=\\&quot;western\\&quot; align=\\&quot;left\\&quot;&gt;&lt;span style=\\&quot;font-family: Calibri, serif;\\&quot;&gt;&lt;span style=\\&quot;font-size: small;\\&quot;&gt;&lt;span style=\\&quot;font-size: medium;\\&quot;&gt;12% de desconto pelos servi\\u00e7os de Day Use, loca\\u00e7\\u00e3o de sal\\u00f5es, eventos e hospedagem para os associados. &lt;\\\/span&gt;&lt;\\\/span&gt;&lt;\\\/span&gt;&lt;\\\/p&gt;&quot;,&quot;hotspot_label&quot;:&quot;&quot;,&quot;hotspot_link&quot;:{&quot;url&quot;:&quot;&quot;,&quot;is_external&quot;:&quot;&quot;,&quot;nofollow&quot;:&quot;&quot;,&quot;custom_attributes&quot;:&quot;&quot;},&quot;hotspot_icon&quot;:{&quot;value&quot;:&quot;&quot;,&quot;library&quot;:&quot;&quot;},&quot;hotspot_custom_size&quot;:&quot;no&quot;,&quot;hotspot_horizontal&quot;:&quot;left&quot;,&quot;hotspot_vertical&quot;:&quot;top&quot;,&quot;hotspot_tooltip_position&quot;:&quot;no&quot;,&quot;hotspot_position&quot;:null}],&quot;tooltip_trigger&quot;:&quot;mouseenter&quot;,&quot;hotspot_sequenced_animation&quot;:&quot;no&quot;,&quot;tooltip_position&quot;:&quot;top&quot;,&quot;tooltip_animation&quot;:&quot;e-hotspot--fade-in-out&quot;}\" data-widget_type=\"hotspot.default\">\n\t\t\t\t<div class=\"elementor-widget-container\">\n\t\t\t\t\t<img loading=\"lazy\" decoding=\"async\" width=\"219\" height=\"230\" src=\"https:\/\/adepolsc.org.br\/adepolsite\/wp-content\/uploads\/2025\/02\/021-POUSADA-CHA\u2560uCARA-DO-RIO-JORDA\u2560aO.jpeg\" class=\"attachment-large size-large wp-image-1326\" alt=\"\" \/>\n\t\t\t\t\t\t<div class=\"e-hotspot elementor-repeater-item-59e9d96      e-hotspot--circle\">\n\n\t\t\t\t\t\t\t\t<div class=\"e-hotspot__button e-hotspot--expand\">\n\t\t\t\t\t\t\t\t\t\t\t<div class=\"e-hotspot__outer-circle\"><\/div>\n\t\t\t\t\t\t<div class=\"e-hotspot__inner-circle\"><\/div>\n\t\t\t\t\t\t\t\t\t<\/div>\n\n\t\t\t\t\t\t\t\t\t\t\t\t\t\t\t\t\t\t<div class=\"e-hotspot__tooltip  e-hotspot--tooltip-position e-hotspot--fade-in-out \" >\n\t\t\t\t\t\t<p lang=\"pt-PT\"><span style=\"font-size: small;\"><span style=\"font-size: large;\"><b>POUSADA CH\u00c1CARA DO RIO JORD\u00c3O <\/b><\/span><\/span><\/p><p class=\"western\" align=\"left\"><span style=\"font-family: Calibri, serif;\"><span style=\"font-size: small;\"><span style=\"font-size: medium;\">12% de desconto pelos servi\u00e7os de Day Use, loca\u00e7\u00e3o de sal\u00f5es, eventos e hospedagem para os associados. <\/span><\/span><\/span><\/p>\t\t\t\t\t<\/div>\n\t\t\t\t\t\t\t\t\t\n\t\t\t<\/div>\n\n\t\n\t\t\t\t\t\t<\/div>\n\t\t\t\t<\/div>\n\t\t\t\t<\/div>\n\t\t\t\t\t<\/div>\n\t\t\t\t<\/div>\n\t\t<div class=\"elementor-element elementor-element-898143f e-flex e-con-boxed e-con e-child\" data-id=\"898143f\" data-element_type=\"container\">\n\t\t\t\t\t<div class=\"e-con-inner\">\n\t\t<div class=\"elementor-element elementor-element-fc92004 e-con-full e-flex e-con e-child\" data-id=\"fc92004\" data-element_type=\"container\">\n\t\t\t\t<div class=\"elementor-element elementor-element-6ebf440 elementor-widget elementor-widget-hotspot\" data-id=\"6ebf440\" data-element_type=\"widget\" data-settings=\"{&quot;hotspot&quot;:[{&quot;_id&quot;:&quot;59e9d96&quot;,&quot;hotspot_tooltip_content&quot;:&quot;&lt;p lang=\\&quot;pt-PT\\&quot;&gt;&lt;span style=\\&quot;font-size: small;\\&quot;&gt;&lt;span style=\\&quot;font-size: large;\\&quot;&gt;&lt;b&gt;THE LOUNGE FLORIAN\\u00d3POLIS- SALA VIP AEROPORTO &lt;\\\/b&gt;&lt;\\\/span&gt;&lt;\\\/span&gt;&lt;\\\/p&gt;&lt;p class=\\&quot;western\\&quot; align=\\&quot;left\\&quot;&gt;&lt;span style=\\&quot;font-family: Calibri, serif;\\&quot;&gt;&lt;span style=\\&quot;font-size: small;\\&quot;&gt;&lt;span style=\\&quot;font-size: medium;\\&quot;&gt;Tarifa preferencial de R$140 por associado. &lt;\\\/span&gt;&lt;\\\/span&gt;&lt;\\\/span&gt;&lt;\\\/p&gt;&quot;,&quot;hotspot_label&quot;:&quot;&quot;,&quot;hotspot_link&quot;:{&quot;url&quot;:&quot;&quot;,&quot;is_external&quot;:&quot;&quot;,&quot;nofollow&quot;:&quot;&quot;,&quot;custom_attributes&quot;:&quot;&quot;},&quot;hotspot_icon&quot;:{&quot;value&quot;:&quot;&quot;,&quot;library&quot;:&quot;&quot;},&quot;hotspot_custom_size&quot;:&quot;no&quot;,&quot;hotspot_horizontal&quot;:&quot;left&quot;,&quot;hotspot_vertical&quot;:&quot;top&quot;,&quot;hotspot_tooltip_position&quot;:&quot;no&quot;,&quot;hotspot_position&quot;:null}],&quot;tooltip_trigger&quot;:&quot;mouseenter&quot;,&quot;hotspot_sequenced_animation&quot;:&quot;no&quot;,&quot;tooltip_position&quot;:&quot;top&quot;,&quot;tooltip_animation&quot;:&quot;e-hotspot--fade-in-out&quot;}\" data-widget_type=\"hotspot.default\">\n\t\t\t\t<div class=\"elementor-widget-container\">\n\t\t\t\t\t<img loading=\"lazy\" decoding=\"async\" width=\"349\" height=\"125\" src=\"https:\/\/adepolsc.org.br\/adepolsite\/wp-content\/uploads\/2025\/02\/022-THE-LOUNGE-FLORIANO\u2560uPOLIS-1.png\" class=\"attachment-large size-large wp-image-1328\" alt=\"\" \/>\n\t\t\t\t\t\t<div class=\"e-hotspot elementor-repeater-item-59e9d96      e-hotspot--circle\">\n\n\t\t\t\t\t\t\t\t<div class=\"e-hotspot__button e-hotspot--expand\">\n\t\t\t\t\t\t\t\t\t\t\t<div class=\"e-hotspot__outer-circle\"><\/div>\n\t\t\t\t\t\t<div class=\"e-hotspot__inner-circle\"><\/div>\n\t\t\t\t\t\t\t\t\t<\/div>\n\n\t\t\t\t\t\t\t\t\t\t\t\t\t\t\t\t\t\t<div class=\"e-hotspot__tooltip  e-hotspot--tooltip-position e-hotspot--fade-in-out \" >\n\t\t\t\t\t\t<p lang=\"pt-PT\"><span style=\"font-size: small;\"><span style=\"font-size: large;\"><b>THE LOUNGE FLORIAN\u00d3POLIS- SALA VIP AEROPORTO <\/b><\/span><\/span><\/p><p class=\"western\" align=\"left\"><span style=\"font-family: Calibri, serif;\"><span style=\"font-size: small;\"><span style=\"font-size: medium;\">Tarifa preferencial de R$140 por associado. <\/span><\/span><\/span><\/p>\t\t\t\t\t<\/div>\n\t\t\t\t\t\t\t\t\t\n\t\t\t<\/div>\n\n\t\n\t\t\t\t\t\t<\/div>\n\t\t\t\t<\/div>\n\t\t\t\t<\/div>\n\t\t<div class=\"elementor-element elementor-element-616c878 e-con-full e-flex e-con e-child\" data-id=\"616c878\" data-element_type=\"container\">\n\t\t\t\t<div class=\"elementor-element elementor-element-79dde96 elementor-widget elementor-widget-hotspot\" data-id=\"79dde96\" data-element_type=\"widget\" data-settings=\"{&quot;hotspot&quot;:[{&quot;_id&quot;:&quot;59e9d96&quot;,&quot;hotspot_tooltip_content&quot;:&quot;&lt;p lang=\\&quot;pt-PT\\&quot;&gt;&lt;span style=\\&quot;font-size: small;\\&quot;&gt;&lt;span style=\\&quot;font-size: large;\\&quot;&gt;&lt;b&gt;GRACE TURISMO &lt;\\\/b&gt;&lt;\\\/span&gt;&lt;\\\/span&gt;&lt;\\\/p&gt;&lt;p lang=\\&quot;pt-PT\\&quot;&gt;&lt;span style=\\&quot;font-size: small;\\&quot;&gt;&lt;span style=\\&quot;font-size: medium;\\&quot;&gt;Servi\\u00e7os e pacotes diferenciados para os associados.&lt;\\\/span&gt;&lt;\\\/span&gt;&lt;\\\/p&gt;&quot;,&quot;hotspot_label&quot;:&quot;&quot;,&quot;hotspot_link&quot;:{&quot;url&quot;:&quot;&quot;,&quot;is_external&quot;:&quot;&quot;,&quot;nofollow&quot;:&quot;&quot;,&quot;custom_attributes&quot;:&quot;&quot;},&quot;hotspot_icon&quot;:{&quot;value&quot;:&quot;&quot;,&quot;library&quot;:&quot;&quot;},&quot;hotspot_custom_size&quot;:&quot;no&quot;,&quot;hotspot_horizontal&quot;:&quot;left&quot;,&quot;hotspot_vertical&quot;:&quot;top&quot;,&quot;hotspot_tooltip_position&quot;:&quot;no&quot;,&quot;hotspot_position&quot;:null}],&quot;tooltip_trigger&quot;:&quot;mouseenter&quot;,&quot;hotspot_sequenced_animation&quot;:&quot;no&quot;,&quot;tooltip_position&quot;:&quot;top&quot;,&quot;tooltip_animation&quot;:&quot;e-hotspot--fade-in-out&quot;}\" data-widget_type=\"hotspot.default\">\n\t\t\t\t<div class=\"elementor-widget-container\">\n\t\t\t\t\t<img loading=\"lazy\" decoding=\"async\" width=\"800\" height=\"660\" src=\"https:\/\/adepolsc.org.br\/adepolsite\/wp-content\/uploads\/2025\/02\/024-GRACE-TURISMO-.png\" class=\"attachment-large size-large wp-image-1330\" alt=\"\" \/>\n\t\t\t\t\t\t<div class=\"e-hotspot elementor-repeater-item-59e9d96      e-hotspot--circle\">\n\n\t\t\t\t\t\t\t\t<div class=\"e-hotspot__button e-hotspot--expand\">\n\t\t\t\t\t\t\t\t\t\t\t<div class=\"e-hotspot__outer-circle\"><\/div>\n\t\t\t\t\t\t<div class=\"e-hotspot__inner-circle\"><\/div>\n\t\t\t\t\t\t\t\t\t<\/div>\n\n\t\t\t\t\t\t\t\t\t\t\t\t\t\t\t\t\t\t<div class=\"e-hotspot__tooltip  e-hotspot--tooltip-position e-hotspot--fade-in-out \" >\n\t\t\t\t\t\t<p lang=\"pt-PT\"><span style=\"font-size: small;\"><span style=\"font-size: large;\"><b>GRACE TURISMO <\/b><\/span><\/span><\/p><p lang=\"pt-PT\"><span style=\"font-size: small;\"><span style=\"font-size: medium;\">Servi\u00e7os e pacotes diferenciados para os associados.<\/span><\/span><\/p>\t\t\t\t\t<\/div>\n\t\t\t\t\t\t\t\t\t\n\t\t\t<\/div>\n\n\t\n\t\t\t\t\t\t<\/div>\n\t\t\t\t<\/div>\n\t\t\t\t<\/div>\n\t\t<div class=\"elementor-element elementor-element-d87661e e-con-full e-flex e-con e-child\" data-id=\"d87661e\" data-element_type=\"container\">\n\t\t\t\t<div class=\"elementor-element elementor-element-48d6356 elementor-widget elementor-widget-hotspot\" data-id=\"48d6356\" data-element_type=\"widget\" data-settings=\"{&quot;hotspot&quot;:[{&quot;_id&quot;:&quot;59e9d96&quot;,&quot;hotspot_tooltip_content&quot;:&quot;&lt;p lang=\\&quot;pt-PT\\&quot;&gt;&lt;span style=\\&quot;font-size: small;\\&quot;&gt;&lt;span style=\\&quot;font-size: large;\\&quot;&gt;&lt;b&gt;FG SEGUROS&lt;\\\/b&gt;&lt;\\\/span&gt;&lt;\\\/span&gt;&lt;\\\/p&gt;&lt;p lang=\\&quot;pt-PT\\&quot;&gt;&lt;span style=\\&quot;font-size: small;\\&quot;&gt;&lt;span style=\\&quot;font-size: medium;\\&quot;&gt;Carro, moto e resid\\u00eancia &lt;\\\/span&gt;&lt;\\\/span&gt;&lt;\\\/p&gt;&quot;,&quot;hotspot_label&quot;:&quot;&quot;,&quot;hotspot_link&quot;:{&quot;url&quot;:&quot;&quot;,&quot;is_external&quot;:&quot;&quot;,&quot;nofollow&quot;:&quot;&quot;,&quot;custom_attributes&quot;:&quot;&quot;},&quot;hotspot_icon&quot;:{&quot;value&quot;:&quot;&quot;,&quot;library&quot;:&quot;&quot;},&quot;hotspot_custom_size&quot;:&quot;no&quot;,&quot;hotspot_horizontal&quot;:&quot;left&quot;,&quot;hotspot_vertical&quot;:&quot;top&quot;,&quot;hotspot_tooltip_position&quot;:&quot;no&quot;,&quot;hotspot_position&quot;:null}],&quot;tooltip_trigger&quot;:&quot;mouseenter&quot;,&quot;hotspot_sequenced_animation&quot;:&quot;no&quot;,&quot;tooltip_position&quot;:&quot;top&quot;,&quot;tooltip_animation&quot;:&quot;e-hotspot--fade-in-out&quot;}\" data-widget_type=\"hotspot.default\">\n\t\t\t\t<div class=\"elementor-widget-container\">\n\t\t\t\t\t<img loading=\"lazy\" decoding=\"async\" width=\"300\" height=\"99\" src=\"https:\/\/adepolsc.org.br\/adepolsite\/wp-content\/uploads\/2025\/02\/025-FG-SEGUROS-.png\" class=\"attachment-large size-large wp-image-1331\" alt=\"\" \/>\n\t\t\t\t\t\t<div class=\"e-hotspot elementor-repeater-item-59e9d96      e-hotspot--circle\">\n\n\t\t\t\t\t\t\t\t<div class=\"e-hotspot__button e-hotspot--expand\">\n\t\t\t\t\t\t\t\t\t\t\t<div class=\"e-hotspot__outer-circle\"><\/div>\n\t\t\t\t\t\t<div class=\"e-hotspot__inner-circle\"><\/div>\n\t\t\t\t\t\t\t\t\t<\/div>\n\n\t\t\t\t\t\t\t\t\t\t\t\t\t\t\t\t\t\t<div class=\"e-hotspot__tooltip  e-hotspot--tooltip-position e-hotspot--fade-in-out \" >\n\t\t\t\t\t\t<p lang=\"pt-PT\"><span style=\"font-size: small;\"><span style=\"font-size: large;\"><b>FG SEGUROS<\/b><\/span><\/span><\/p><p lang=\"pt-PT\"><span style=\"font-size: small;\"><span style=\"font-size: medium;\">Carro, moto e resid\u00eancia <\/span><\/span><\/p>\t\t\t\t\t<\/div>\n\t\t\t\t\t\t\t\t\t\n\t\t\t<\/div>\n\n\t\n\t\t\t\t\t\t<\/div>\n\t\t\t\t<\/div>\n\t\t\t\t<\/div>\n\t\t<div class=\"elementor-element elementor-element-58b1096 e-con-full e-flex e-con e-child\" data-id=\"58b1096\" data-element_type=\"container\">\n\t\t\t\t<div class=\"elementor-element elementor-element-4ca98e1 elementor-widget elementor-widget-hotspot\" data-id=\"4ca98e1\" data-element_type=\"widget\" data-settings=\"{&quot;hotspot&quot;:[{&quot;_id&quot;:&quot;59e9d96&quot;,&quot;hotspot_tooltip_content&quot;:&quot;&lt;p lang=\\&quot;pt-PT\\&quot;&gt;&lt;span style=\\&quot;font-size: small;\\&quot;&gt;&lt;span style=\\&quot;font-size: large;\\&quot;&gt;&lt;b&gt;ALIAN\\u00c7A FRANCESA &lt;\\\/b&gt;&lt;\\\/span&gt;&lt;\\\/span&gt;&lt;\\\/p&gt;&lt;p lang=\\&quot;pt-PT\\&quot;&gt;&lt;span style=\\&quot;font-size: small;\\&quot;&gt;&lt;span style=\\&quot;font-size: medium;\\&quot;&gt;10% de desconto nos cursos de franc\\u00eas&lt;\\\/span&gt;&lt;\\\/span&gt;&lt;\\\/p&gt;&quot;,&quot;hotspot_label&quot;:&quot;&quot;,&quot;hotspot_link&quot;:{&quot;url&quot;:&quot;&quot;,&quot;is_external&quot;:&quot;&quot;,&quot;nofollow&quot;:&quot;&quot;,&quot;custom_attributes&quot;:&quot;&quot;},&quot;hotspot_icon&quot;:{&quot;value&quot;:&quot;&quot;,&quot;library&quot;:&quot;&quot;},&quot;hotspot_custom_size&quot;:&quot;no&quot;,&quot;hotspot_horizontal&quot;:&quot;left&quot;,&quot;hotspot_vertical&quot;:&quot;top&quot;,&quot;hotspot_tooltip_position&quot;:&quot;no&quot;,&quot;hotspot_position&quot;:null}],&quot;tooltip_trigger&quot;:&quot;mouseenter&quot;,&quot;hotspot_sequenced_animation&quot;:&quot;no&quot;,&quot;tooltip_position&quot;:&quot;top&quot;,&quot;tooltip_animation&quot;:&quot;e-hotspot--fade-in-out&quot;}\" data-widget_type=\"hotspot.default\">\n\t\t\t\t<div class=\"elementor-widget-container\">\n\t\t\t\t\t<img loading=\"lazy\" decoding=\"async\" width=\"352\" height=\"283\" src=\"https:\/\/adepolsc.org.br\/adepolsite\/wp-content\/uploads\/2025\/02\/026-ALIANC\u2560oA-FRANCESA.jpg\" class=\"attachment-large size-large wp-image-1332\" alt=\"\" \/>\n\t\t\t\t\t\t<div class=\"e-hotspot elementor-repeater-item-59e9d96      e-hotspot--circle\">\n\n\t\t\t\t\t\t\t\t<div class=\"e-hotspot__button e-hotspot--expand\">\n\t\t\t\t\t\t\t\t\t\t\t<div class=\"e-hotspot__outer-circle\"><\/div>\n\t\t\t\t\t\t<div class=\"e-hotspot__inner-circle\"><\/div>\n\t\t\t\t\t\t\t\t\t<\/div>\n\n\t\t\t\t\t\t\t\t\t\t\t\t\t\t\t\t\t\t<div class=\"e-hotspot__tooltip  e-hotspot--tooltip-position e-hotspot--fade-in-out \" >\n\t\t\t\t\t\t<p lang=\"pt-PT\"><span style=\"font-size: small;\"><span style=\"font-size: large;\"><b>ALIAN\u00c7A FRANCESA <\/b><\/span><\/span><\/p><p lang=\"pt-PT\"><span style=\"font-size: small;\"><span style=\"font-size: medium;\">10% de desconto nos cursos de franc\u00eas<\/span><\/span><\/p>\t\t\t\t\t<\/div>\n\t\t\t\t\t\t\t\t\t\n\t\t\t<\/div>\n\n\t\n\t\t\t\t\t\t<\/div>\n\t\t\t\t<\/div>\n\t\t\t\t<\/div>\n\t\t\t\t\t<\/div>\n\t\t\t\t<\/div>\n\t\t<div class=\"elementor-element elementor-element-2aaf0f9 e-flex e-con-boxed e-con e-child\" data-id=\"2aaf0f9\" data-element_type=\"container\">\n\t\t\t\t\t<div class=\"e-con-inner\">\n\t\t<div class=\"elementor-element elementor-element-f3ae6b4 e-con-full e-flex e-con e-child\" data-id=\"f3ae6b4\" data-element_type=\"container\">\n\t\t\t\t<div class=\"elementor-element elementor-element-6c57b02 elementor-widget elementor-widget-hotspot\" data-id=\"6c57b02\" data-element_type=\"widget\" data-settings=\"{&quot;hotspot&quot;:[{&quot;_id&quot;:&quot;59e9d96&quot;,&quot;hotspot_tooltip_content&quot;:&quot;&quot;,&quot;hotspot_label&quot;:&quot;&quot;,&quot;hotspot_link&quot;:{&quot;url&quot;:&quot;&quot;,&quot;is_external&quot;:&quot;&quot;,&quot;nofollow&quot;:&quot;&quot;,&quot;custom_attributes&quot;:&quot;&quot;},&quot;hotspot_icon&quot;:{&quot;value&quot;:&quot;&quot;,&quot;library&quot;:&quot;&quot;},&quot;hotspot_custom_size&quot;:&quot;no&quot;,&quot;hotspot_horizontal&quot;:&quot;left&quot;,&quot;hotspot_vertical&quot;:&quot;top&quot;,&quot;hotspot_tooltip_position&quot;:&quot;no&quot;,&quot;hotspot_position&quot;:null}],&quot;tooltip_trigger&quot;:&quot;mouseenter&quot;,&quot;hotspot_sequenced_animation&quot;:&quot;no&quot;,&quot;tooltip_position&quot;:&quot;top&quot;,&quot;tooltip_animation&quot;:&quot;e-hotspot--fade-in-out&quot;}\" data-widget_type=\"hotspot.default\">\n\t\t\t\t<div class=\"elementor-widget-container\">\n\t\t\t\t\t<img loading=\"lazy\" decoding=\"async\" width=\"800\" height=\"299\" src=\"https:\/\/adepolsc.org.br\/adepolsite\/wp-content\/uploads\/2025\/02\/027-WIZARD.png\" class=\"attachment-large size-large wp-image-1333\" alt=\"\" \/>\n\t\t\t\t\t\t<div class=\"e-hotspot elementor-repeater-item-59e9d96      e-hotspot--circle\">\n\n\t\t\t\t\t\t\t\t<div class=\"e-hotspot__button e-hotspot--expand\">\n\t\t\t\t\t\t\t\t\t\t\t<div class=\"e-hotspot__outer-circle\"><\/div>\n\t\t\t\t\t\t<div class=\"e-hotspot__inner-circle\"><\/div>\n\t\t\t\t\t\t\t\t\t<\/div>\n\n\t\t\t\t\t\t\t\t\n\t\t\t<\/div>\n\n\t\n\t\t\t\t\t\t<\/div>\n\t\t\t\t<\/div>\n\t\t\t\t<\/div>\n\t\t<div class=\"elementor-element elementor-element-4792807 e-con-full e-flex e-con e-child\" data-id=\"4792807\" data-element_type=\"container\">\n\t\t\t\t<div class=\"elementor-element elementor-element-8fc4eee elementor-widget elementor-widget-hotspot\" data-id=\"8fc4eee\" data-element_type=\"widget\" data-settings=\"{&quot;hotspot&quot;:[{&quot;_id&quot;:&quot;6dcaa4f&quot;,&quot;hotspot_tooltip_content&quot;:&quot;&lt;p lang=\\&quot;pt-PT\\&quot;&gt;&lt;span style=\\&quot;font-size: small;\\&quot;&gt;&lt;span style=\\&quot;font-size: large;\\&quot;&gt;&lt;b&gt;NOX CAR - NORONHA COM\\u00c9RCIO DE VE\\u00cdCULOS&lt;\\\/b&gt;&lt;\\\/span&gt;&lt;\\\/span&gt;&lt;span style=\\&quot;font-family: Calibri, serif;\\&quot;&gt;&lt;span style=\\&quot;font-size: small;\\&quot;&gt;&lt;span style=\\&quot;font-size: medium;\\&quot;&gt;&lt;br \\\/&gt;Desconto de 20% no pre\\u00e7o para servi\\u00e7os na oficina mec\\u00e2nica pagos a vista e 5% quando o pagamento foi feito em at\\u00e9 6 parcelas&lt;\\\/span&gt;&lt;\\\/span&gt;&lt;\\\/span&gt;&lt;\\\/p&gt;&quot;,&quot;hotspot_label&quot;:&quot;&quot;,&quot;hotspot_link&quot;:{&quot;url&quot;:&quot;&quot;,&quot;is_external&quot;:&quot;&quot;,&quot;nofollow&quot;:&quot;&quot;,&quot;custom_attributes&quot;:&quot;&quot;},&quot;hotspot_icon&quot;:{&quot;value&quot;:&quot;&quot;,&quot;library&quot;:&quot;&quot;},&quot;hotspot_custom_size&quot;:&quot;no&quot;,&quot;hotspot_horizontal&quot;:&quot;left&quot;,&quot;hotspot_vertical&quot;:&quot;top&quot;,&quot;hotspot_tooltip_position&quot;:&quot;no&quot;,&quot;hotspot_position&quot;:null}],&quot;tooltip_trigger&quot;:&quot;mouseenter&quot;,&quot;tooltip_animation&quot;:&quot;e-hotspot--fade-grow&quot;,&quot;hotspot_sequenced_animation&quot;:&quot;no&quot;,&quot;tooltip_position&quot;:&quot;top&quot;}\" data-widget_type=\"hotspot.default\">\n\t\t\t\t<div class=\"elementor-widget-container\">\n\t\t\t\t\t<img loading=\"lazy\" decoding=\"async\" width=\"540\" height=\"110\" src=\"https:\/\/adepolsc.org.br\/adepolsite\/wp-content\/uploads\/2025\/02\/028-NOX-CAR.png\" class=\"attachment-large size-large wp-image-1334\" alt=\"\" \/>\n\t\t\t\t\t\t<div class=\"e-hotspot elementor-repeater-item-6dcaa4f      e-hotspot--circle\">\n\n\t\t\t\t\t\t\t\t<div class=\"e-hotspot__button e-hotspot--expand\">\n\t\t\t\t\t\t\t\t\t\t\t<div class=\"e-hotspot__outer-circle\"><\/div>\n\t\t\t\t\t\t<div class=\"e-hotspot__inner-circle\"><\/div>\n\t\t\t\t\t\t\t\t\t<\/div>\n\n\t\t\t\t\t\t\t\t\t\t\t\t\t\t\t\t\t\t<div class=\"e-hotspot__tooltip  e-hotspot--tooltip-position e-hotspot--fade-grow \" >\n\t\t\t\t\t\t<p lang=\"pt-PT\"><span style=\"font-size: small;\"><span style=\"font-size: large;\"><b>NOX CAR - NORONHA COM\u00c9RCIO DE VE\u00cdCULOS<\/b><\/span><\/span><span style=\"font-family: Calibri, serif;\"><span style=\"font-size: small;\"><span style=\"font-size: medium;\"><br \/>Desconto de 20% no pre\u00e7o para servi\u00e7os na oficina mec\u00e2nica pagos a vista e 5% quando o pagamento foi feito em at\u00e9 6 parcelas<\/span><\/span><\/span><\/p>\t\t\t\t\t<\/div>\n\t\t\t\t\t\t\t\t\t\n\t\t\t<\/div>\n\n\t\n\t\t\t\t\t\t<\/div>\n\t\t\t\t<\/div>\n\t\t\t\t<\/div>\n\t\t<div class=\"elementor-element elementor-element-34f9795 e-con-full e-flex e-con e-child\" data-id=\"34f9795\" data-element_type=\"container\">\n\t\t\t\t<div class=\"elementor-element elementor-element-bf1cf56 elementor-widget elementor-widget-hotspot\" data-id=\"bf1cf56\" data-element_type=\"widget\" data-settings=\"{&quot;hotspot&quot;:[{&quot;_id&quot;:&quot;59e9d96&quot;,&quot;hotspot_tooltip_content&quot;:&quot;&lt;p lang=\\&quot;pt-PT\\&quot;&gt;&lt;span style=\\&quot;font-size: small;\\&quot;&gt;&lt;span style=\\&quot;font-size: large;\\&quot;&gt;&lt;b&gt;Barcellos seguros&lt;\\\/b&gt;&lt;\\\/span&gt;&lt;\\\/span&gt;&lt;\\\/p&gt;&lt;p lang=\\&quot;pt-PT\\&quot;&gt;&lt;span style=\\&quot;font-size: small;\\&quot;&gt;&lt;span style=\\&quot;font-size: large;\\&quot;&gt;Seguro de vida&lt;\\\/span&gt;&lt;\\\/span&gt;&lt;\\\/p&gt;&quot;,&quot;hotspot_label&quot;:&quot;&quot;,&quot;hotspot_link&quot;:{&quot;url&quot;:&quot;&quot;,&quot;is_external&quot;:&quot;&quot;,&quot;nofollow&quot;:&quot;&quot;,&quot;custom_attributes&quot;:&quot;&quot;},&quot;hotspot_icon&quot;:{&quot;value&quot;:&quot;&quot;,&quot;library&quot;:&quot;&quot;},&quot;hotspot_custom_size&quot;:&quot;no&quot;,&quot;hotspot_horizontal&quot;:&quot;left&quot;,&quot;hotspot_vertical&quot;:&quot;top&quot;,&quot;hotspot_tooltip_position&quot;:&quot;no&quot;,&quot;hotspot_position&quot;:null}],&quot;tooltip_trigger&quot;:&quot;mouseenter&quot;,&quot;hotspot_sequenced_animation&quot;:&quot;no&quot;,&quot;tooltip_position&quot;:&quot;top&quot;,&quot;tooltip_animation&quot;:&quot;e-hotspot--fade-in-out&quot;}\" data-widget_type=\"hotspot.default\">\n\t\t\t\t<div class=\"elementor-widget-container\">\n\t\t\t\t\t<img loading=\"lazy\" decoding=\"async\" width=\"800\" height=\"346\" src=\"https:\/\/adepolsc.org.br\/adepolsite\/wp-content\/uploads\/2025\/02\/029-Barcellos-seguros.png\" class=\"attachment-large size-large wp-image-1335\" alt=\"\" \/>\n\t\t\t\t\t\t<div class=\"e-hotspot elementor-repeater-item-59e9d96      e-hotspot--circle\">\n\n\t\t\t\t\t\t\t\t<div class=\"e-hotspot__button e-hotspot--expand\">\n\t\t\t\t\t\t\t\t\t\t\t<div class=\"e-hotspot__outer-circle\"><\/div>\n\t\t\t\t\t\t<div class=\"e-hotspot__inner-circle\"><\/div>\n\t\t\t\t\t\t\t\t\t<\/div>\n\n\t\t\t\t\t\t\t\t\t\t\t\t\t\t\t\t\t\t<div class=\"e-hotspot__tooltip  e-hotspot--tooltip-position e-hotspot--fade-in-out \" >\n\t\t\t\t\t\t<p lang=\"pt-PT\"><span style=\"font-size: small;\"><span style=\"font-size: large;\"><b>Barcellos seguros<\/b><\/span><\/span><\/p><p lang=\"pt-PT\"><span style=\"font-size: small;\"><span style=\"font-size: large;\">Seguro de vida<\/span><\/span><\/p>\t\t\t\t\t<\/div>\n\t\t\t\t\t\t\t\t\t\n\t\t\t<\/div>\n\n\t\n\t\t\t\t\t\t<\/div>\n\t\t\t\t<\/div>\n\t\t\t\t<\/div>\n\t\t<div class=\"elementor-element elementor-element-ce26343 e-con-full e-flex e-con e-child\" data-id=\"ce26343\" data-element_type=\"container\">\n\t\t\t\t<\/div>\n\t\t\t\t\t<\/div>\n\t\t\t\t<\/div>\n\t\t\t\t<\/div>\n\t\t<div id=\"e-n-tab-content-58941242\" role=\"tabpanel\" aria-labelledby=\"e-n-tab-title-58941242\" data-tab-index=\"2\" style=\"--n-tabs-title-order: 2;\" class=\" elementor-element elementor-element-30b74af e-con-full e-flex e-con e-child\" data-id=\"30b74af\" data-element_type=\"container\">\n\t\t<div class=\"elementor-element elementor-element-72984b8 e-flex e-con-boxed e-con e-child\" data-id=\"72984b8\" data-element_type=\"container\">\n\t\t\t\t\t<div class=\"e-con-inner\">\n\t\t<div class=\"elementor-element elementor-element-2999aaa e-con-full e-flex e-con e-child\" data-id=\"2999aaa\" data-element_type=\"container\">\n\t\t\t\t<div class=\"elementor-element elementor-element-7c11748 elementor-widget elementor-widget-hotspot\" data-id=\"7c11748\" data-element_type=\"widget\" data-settings=\"{&quot;hotspot&quot;:[{&quot;_id&quot;:&quot;59e9d96&quot;,&quot;hotspot_tooltip_content&quot;:&quot;&lt;p lang=\\&quot;pt-PT\\&quot;&gt;&lt;span style=\\&quot;font-size: small;\\&quot;&gt;&lt;span style=\\&quot;font-size: large;\\&quot;&gt;&lt;b&gt;FACULDADE CESUSC&lt;\\\/b&gt;&lt;\\\/span&gt;&lt;\\\/span&gt;&lt;\\\/p&gt;&lt;p class=\\&quot;western\\&quot; align=\\&quot;left\\&quot;&gt;&lt;span style=\\&quot;font-family: Calibri, serif;\\&quot;&gt;&lt;span style=\\&quot;font-size: small;\\&quot;&gt;Concess\\u00e3o de&lt;b&gt; 15% &lt;\\\/b&gt;de desconto no valor das mensalidades, nos cursos presenciais e &lt;br \\\/&gt;gradua\\u00e7\\u00e3o e&lt;b&gt; 25% &lt;\\\/b&gt;de desconto nos cursos de P\\u00f3s- Gradua\\u00e7\\u00e3o para os colaboradores\\\/associados&lt;br \\\/&gt;da Adepol-SC e seus dependentes.&lt;\\\/span&gt;&lt;\\\/span&gt;&lt;\\\/p&gt;&quot;,&quot;hotspot_label&quot;:&quot;&quot;,&quot;hotspot_link&quot;:{&quot;url&quot;:&quot;&quot;,&quot;is_external&quot;:&quot;&quot;,&quot;nofollow&quot;:&quot;&quot;,&quot;custom_attributes&quot;:&quot;&quot;},&quot;hotspot_icon&quot;:{&quot;value&quot;:&quot;&quot;,&quot;library&quot;:&quot;&quot;},&quot;hotspot_custom_size&quot;:&quot;no&quot;,&quot;hotspot_horizontal&quot;:&quot;left&quot;,&quot;hotspot_vertical&quot;:&quot;top&quot;,&quot;hotspot_tooltip_position&quot;:&quot;no&quot;,&quot;hotspot_position&quot;:null}],&quot;tooltip_trigger&quot;:&quot;mouseenter&quot;,&quot;hotspot_sequenced_animation&quot;:&quot;no&quot;,&quot;tooltip_position&quot;:&quot;top&quot;,&quot;tooltip_animation&quot;:&quot;e-hotspot--fade-in-out&quot;}\" data-widget_type=\"hotspot.default\">\n\t\t\t\t<div class=\"elementor-widget-container\">\n\t\t\t\t\t<img decoding=\"async\" width=\"283\" height=\"85\" src=\"https:\/\/adepolsc.org.br\/adepolsite\/wp-content\/uploads\/2024\/11\/convenio-_0002s_0001_Objeto-Inteligente-de-Vetor.png\" class=\"attachment-large size-large wp-image-385\" alt=\"\" \/>\n\t\t\t\t\t\t<div class=\"e-hotspot elementor-repeater-item-59e9d96      e-hotspot--circle\">\n\n\t\t\t\t\t\t\t\t<div class=\"e-hotspot__button e-hotspot--expand\">\n\t\t\t\t\t\t\t\t\t\t\t<div class=\"e-hotspot__outer-circle\"><\/div>\n\t\t\t\t\t\t<div class=\"e-hotspot__inner-circle\"><\/div>\n\t\t\t\t\t\t\t\t\t<\/div>\n\n\t\t\t\t\t\t\t\t\t\t\t\t\t\t\t\t\t\t<div class=\"e-hotspot__tooltip  e-hotspot--tooltip-position e-hotspot--fade-in-out \" >\n\t\t\t\t\t\t<p lang=\"pt-PT\"><span style=\"font-size: small;\"><span style=\"font-size: large;\"><b>FACULDADE CESUSC<\/b><\/span><\/span><\/p><p class=\"western\" align=\"left\"><span style=\"font-family: Calibri, serif;\"><span style=\"font-size: small;\">Concess\u00e3o de<b> 15% <\/b>de desconto no valor das mensalidades, nos cursos presenciais e <br \/>gradua\u00e7\u00e3o e<b> 25% <\/b>de desconto nos cursos de P\u00f3s- Gradua\u00e7\u00e3o para os colaboradores\/associados<br \/>da Adepol-SC e seus dependentes.<\/span><\/span><\/p>\t\t\t\t\t<\/div>\n\t\t\t\t\t\t\t\t\t\n\t\t\t<\/div>\n\n\t\n\t\t\t\t\t\t<\/div>\n\t\t\t\t<\/div>\n\t\t\t\t<\/div>\n\t\t<div class=\"elementor-element elementor-element-a918e67 e-con-full e-flex e-con e-child\" data-id=\"a918e67\" data-element_type=\"container\">\n\t\t\t\t<div class=\"elementor-element elementor-element-f71c7ea elementor-widget elementor-widget-hotspot\" data-id=\"f71c7ea\" data-element_type=\"widget\" data-settings=\"{&quot;hotspot&quot;:[{&quot;_id&quot;:&quot;59e9d96&quot;,&quot;hotspot_tooltip_content&quot;:&quot;&lt;p lang=\\&quot;pt-PT\\&quot;&gt;&lt;span style=\\&quot;font-size: small;\\&quot;&gt;&lt;span style=\\&quot;font-size: large;\\&quot;&gt;&lt;b&gt;FISK CENTRO DE ENSINO&lt;\\\/b&gt;&lt;\\\/span&gt;&lt;\\\/span&gt;&lt;\\\/p&gt;&lt;p class=\\&quot;western\\&quot; align=\\&quot;left\\&quot;&gt;&lt;span style=\\&quot;font-family: Calibri, serif;\\&quot;&gt;&lt;span style=\\&quot;font-size: small;\\&quot;&gt;Para turmas regulares concess\\u00e3o de at\\u00e9 10% de desconto, turmas promocionais concess\\u00e3o de at\\u00e9 10% &lt;br \\\/&gt;de desconto e turmas personalizadas concess\\u00e3o de 20% de desconto&lt;\\\/span&gt;&lt;\\\/span&gt;&lt;\\\/p&gt;&quot;,&quot;hotspot_label&quot;:&quot;&quot;,&quot;hotspot_link&quot;:{&quot;url&quot;:&quot;&quot;,&quot;is_external&quot;:&quot;&quot;,&quot;nofollow&quot;:&quot;&quot;,&quot;custom_attributes&quot;:&quot;&quot;},&quot;hotspot_icon&quot;:{&quot;value&quot;:&quot;&quot;,&quot;library&quot;:&quot;&quot;},&quot;hotspot_custom_size&quot;:&quot;no&quot;,&quot;hotspot_horizontal&quot;:&quot;left&quot;,&quot;hotspot_vertical&quot;:&quot;top&quot;,&quot;hotspot_tooltip_position&quot;:&quot;no&quot;,&quot;hotspot_position&quot;:null}],&quot;tooltip_trigger&quot;:&quot;mouseenter&quot;,&quot;hotspot_sequenced_animation&quot;:&quot;no&quot;,&quot;tooltip_position&quot;:&quot;top&quot;,&quot;tooltip_animation&quot;:&quot;e-hotspot--fade-in-out&quot;}\" data-widget_type=\"hotspot.default\">\n\t\t\t\t<div class=\"elementor-widget-container\">\n\t\t\t\t\t<img decoding=\"async\" width=\"311\" height=\"163\" src=\"https:\/\/adepolsc.org.br\/adepolsite\/wp-content\/uploads\/2025\/02\/003-FISK-CENTRO-DE-ENSINO-.jpg\" class=\"attachment-large size-large wp-image-1308\" alt=\"\" \/>\n\t\t\t\t\t\t<div class=\"e-hotspot elementor-repeater-item-59e9d96      e-hotspot--circle\">\n\n\t\t\t\t\t\t\t\t<div class=\"e-hotspot__button e-hotspot--expand\">\n\t\t\t\t\t\t\t\t\t\t\t<div class=\"e-hotspot__outer-circle\"><\/div>\n\t\t\t\t\t\t<div class=\"e-hotspot__inner-circle\"><\/div>\n\t\t\t\t\t\t\t\t\t<\/div>\n\n\t\t\t\t\t\t\t\t\t\t\t\t\t\t\t\t\t\t<div class=\"e-hotspot__tooltip  e-hotspot--tooltip-position e-hotspot--fade-in-out \" >\n\t\t\t\t\t\t<p lang=\"pt-PT\"><span style=\"font-size: small;\"><span style=\"font-size: large;\"><b>FISK CENTRO DE ENSINO<\/b><\/span><\/span><\/p><p class=\"western\" align=\"left\"><span style=\"font-family: Calibri, serif;\"><span style=\"font-size: small;\">Para turmas regulares concess\u00e3o de at\u00e9 10% de desconto, turmas promocionais concess\u00e3o de at\u00e9 10% <br \/>de desconto e turmas personalizadas concess\u00e3o de 20% de desconto<\/span><\/span><\/p>\t\t\t\t\t<\/div>\n\t\t\t\t\t\t\t\t\t\n\t\t\t<\/div>\n\n\t\n\t\t\t\t\t\t<\/div>\n\t\t\t\t<\/div>\n\t\t\t\t<\/div>\n\t\t<div class=\"elementor-element elementor-element-132ca37 e-con-full e-flex e-con e-child\" data-id=\"132ca37\" data-element_type=\"container\">\n\t\t\t\t<div class=\"elementor-element elementor-element-82da6f7 elementor-widget elementor-widget-hotspot\" data-id=\"82da6f7\" data-element_type=\"widget\" data-settings=\"{&quot;hotspot&quot;:[{&quot;_id&quot;:&quot;59e9d96&quot;,&quot;hotspot_tooltip_content&quot;:&quot;&lt;p lang=\\&quot;pt-PT\\&quot;&gt;&lt;span style=\\&quot;font-size: small;\\&quot;&gt;&lt;span style=\\&quot;font-size: large;\\&quot;&gt;&lt;b&gt;UNIVALI&lt;\\\/b&gt;&lt;\\\/span&gt;&lt;\\\/span&gt;&lt;\\\/p&gt;&lt;p class=\\&quot;western\\&quot; align=\\&quot;left\\&quot;&gt;&lt;span style=\\&quot;font-family: Calibri, serif;\\&quot;&gt;&lt;span style=\\&quot;font-size: small;\\&quot;&gt;Concess\\u00e3o de at\\u00e9 &lt;b&gt;30%&lt;\\\/b&gt; de desconto no valor das mensalidades nos cursos de gradua\\u00e7\\u00e3o, at\\u00e9 &lt;b&gt;15%&lt;\\\/b&gt; &lt;br \\\/&gt;de desconto em educa\\u00e7\\u00e3o b\\u00e1sica, p\\u00f3s-gradua\\u00e7\\u00e3o e idiomas.&lt;\\\/span&gt;&lt;\\\/span&gt;&lt;\\\/p&gt;&quot;,&quot;hotspot_label&quot;:&quot;&quot;,&quot;hotspot_link&quot;:{&quot;url&quot;:&quot;&quot;,&quot;is_external&quot;:&quot;&quot;,&quot;nofollow&quot;:&quot;&quot;,&quot;custom_attributes&quot;:&quot;&quot;},&quot;hotspot_icon&quot;:{&quot;value&quot;:&quot;&quot;,&quot;library&quot;:&quot;&quot;},&quot;hotspot_custom_size&quot;:&quot;no&quot;,&quot;hotspot_horizontal&quot;:&quot;left&quot;,&quot;hotspot_vertical&quot;:&quot;top&quot;,&quot;hotspot_tooltip_position&quot;:&quot;no&quot;,&quot;hotspot_position&quot;:null}],&quot;tooltip_trigger&quot;:&quot;mouseenter&quot;,&quot;hotspot_sequenced_animation&quot;:&quot;no&quot;,&quot;tooltip_position&quot;:&quot;top&quot;,&quot;tooltip_animation&quot;:&quot;e-hotspot--fade-in-out&quot;}\" data-widget_type=\"hotspot.default\">\n\t\t\t\t<div class=\"elementor-widget-container\">\n\t\t\t\t\t<img loading=\"lazy\" decoding=\"async\" width=\"300\" height=\"242\" src=\"https:\/\/adepolsc.org.br\/adepolsite\/wp-content\/uploads\/2025\/02\/004-UNIVALI.png\" class=\"attachment-large size-large wp-image-1309\" alt=\"\" \/>\n\t\t\t\t\t\t<div class=\"e-hotspot elementor-repeater-item-59e9d96      e-hotspot--circle\">\n\n\t\t\t\t\t\t\t\t<div class=\"e-hotspot__button e-hotspot--expand\">\n\t\t\t\t\t\t\t\t\t\t\t<div class=\"e-hotspot__outer-circle\"><\/div>\n\t\t\t\t\t\t<div class=\"e-hotspot__inner-circle\"><\/div>\n\t\t\t\t\t\t\t\t\t<\/div>\n\n\t\t\t\t\t\t\t\t\t\t\t\t\t\t\t\t\t\t<div class=\"e-hotspot__tooltip  e-hotspot--tooltip-position e-hotspot--fade-in-out \" >\n\t\t\t\t\t\t<p lang=\"pt-PT\"><span style=\"font-size: small;\"><span style=\"font-size: large;\"><b>UNIVALI<\/b><\/span><\/span><\/p><p class=\"western\" align=\"left\"><span style=\"font-family: Calibri, serif;\"><span style=\"font-size: small;\">Concess\u00e3o de at\u00e9 <b>30%<\/b> de desconto no valor das mensalidades nos cursos de gradua\u00e7\u00e3o, at\u00e9 <b>15%<\/b> <br \/>de desconto em educa\u00e7\u00e3o b\u00e1sica, p\u00f3s-gradua\u00e7\u00e3o e idiomas.<\/span><\/span><\/p>\t\t\t\t\t<\/div>\n\t\t\t\t\t\t\t\t\t\n\t\t\t<\/div>\n\n\t\n\t\t\t\t\t\t<\/div>\n\t\t\t\t<\/div>\n\t\t\t\t<\/div>\n\t\t<div class=\"elementor-element elementor-element-96e0845 e-con-full e-flex e-con e-child\" data-id=\"96e0845\" data-element_type=\"container\">\n\t\t\t\t<div class=\"elementor-element elementor-element-71d6275 elementor-widget elementor-widget-hotspot\" data-id=\"71d6275\" data-element_type=\"widget\" data-settings=\"{&quot;hotspot&quot;:[{&quot;_id&quot;:&quot;59e9d96&quot;,&quot;hotspot_tooltip_content&quot;:&quot;&lt;h5&gt;AMBRA UNIVERSITY&lt;\\\/h5&gt;&lt;p&gt;CONDI\\u00c7\\u00d5ES GERAIS:&lt;\\\/p&gt;&lt;p&gt;Para os Mestrados em Ci\\u00eancias Jur\\u00eddicas (Master of Science in Legal Studies), &lt;br \\\/&gt;em Compliance (Master of Science in Compliance), em Resolu\\u00e7\\u00e3o de Conflitos (Master of Science in Dispute Resolution) &lt;br \\\/&gt;e em Administra\\u00e7\\u00e3o (Master of Science in Management) ofertados pela Ambra University, aplicam-se os seguintes benef\\u00edcios:&lt;\\\/p&gt;&lt;p&gt;desconto de 10% sobre os valores publicados no site da institui\\u00e7\\u00e3o no momento do ingresso.&lt;\\\/p&gt;&lt;p&gt;Desconto de 10% do custo da matr\\u00edcula no workshop.&lt;\\\/p&gt;&quot;,&quot;hotspot_label&quot;:&quot;&quot;,&quot;hotspot_link&quot;:{&quot;url&quot;:&quot;&quot;,&quot;is_external&quot;:&quot;&quot;,&quot;nofollow&quot;:&quot;&quot;,&quot;custom_attributes&quot;:&quot;&quot;},&quot;hotspot_icon&quot;:{&quot;value&quot;:&quot;&quot;,&quot;library&quot;:&quot;&quot;},&quot;hotspot_custom_size&quot;:&quot;no&quot;,&quot;hotspot_horizontal&quot;:&quot;left&quot;,&quot;hotspot_vertical&quot;:&quot;top&quot;,&quot;hotspot_tooltip_position&quot;:&quot;no&quot;,&quot;hotspot_position&quot;:null}],&quot;tooltip_trigger&quot;:&quot;mouseenter&quot;,&quot;hotspot_sequenced_animation&quot;:&quot;no&quot;,&quot;tooltip_position&quot;:&quot;top&quot;,&quot;tooltip_animation&quot;:&quot;e-hotspot--fade-in-out&quot;}\" data-widget_type=\"hotspot.default\">\n\t\t\t\t<div class=\"elementor-widget-container\">\n\t\t\t\t\t<img loading=\"lazy\" decoding=\"async\" width=\"305\" height=\"117\" src=\"https:\/\/adepolsc.org.br\/adepolsite\/wp-content\/uploads\/2025\/02\/012-AMBRA-UNIVERSITY.png\" class=\"attachment-large size-large wp-image-1317\" alt=\"\" \/>\n\t\t\t\t\t\t<div class=\"e-hotspot elementor-repeater-item-59e9d96      e-hotspot--circle\">\n\n\t\t\t\t\t\t\t\t<div class=\"e-hotspot__button e-hotspot--expand\">\n\t\t\t\t\t\t\t\t\t\t\t<div class=\"e-hotspot__outer-circle\"><\/div>\n\t\t\t\t\t\t<div class=\"e-hotspot__inner-circle\"><\/div>\n\t\t\t\t\t\t\t\t\t<\/div>\n\n\t\t\t\t\t\t\t\t\t\t\t\t\t\t\t\t\t\t<div class=\"e-hotspot__tooltip  e-hotspot--tooltip-position e-hotspot--fade-in-out \" >\n\t\t\t\t\t\t<h5>AMBRA UNIVERSITY<\/h5><p>CONDI\u00c7\u00d5ES GERAIS:<\/p><p>Para os Mestrados em Ci\u00eancias Jur\u00eddicas (Master of Science in Legal Studies), <br \/>em Compliance (Master of Science in Compliance), em Resolu\u00e7\u00e3o de Conflitos (Master of Science in Dispute Resolution) <br \/>e em Administra\u00e7\u00e3o (Master of Science in Management) ofertados pela Ambra University, aplicam-se os seguintes benef\u00edcios:<\/p><p>desconto de 10% sobre os valores publicados no site da institui\u00e7\u00e3o no momento do ingresso.<\/p><p>Desconto de 10% do custo da matr\u00edcula no workshop.<\/p>\t\t\t\t\t<\/div>\n\t\t\t\t\t\t\t\t\t\n\t\t\t<\/div>\n\n\t\n\t\t\t\t\t\t<\/div>\n\t\t\t\t<\/div>\n\t\t\t\t<\/div>\n\t\t\t\t\t<\/div>\n\t\t\t\t<\/div>\n\t\t<div class=\"elementor-element elementor-element-5b9b741 e-flex e-con-boxed e-con e-child\" data-id=\"5b9b741\" data-element_type=\"container\">\n\t\t\t\t\t<div class=\"e-con-inner\">\n\t\t<div class=\"elementor-element elementor-element-f0f8d2b e-con-full e-flex e-con e-child\" data-id=\"f0f8d2b\" data-element_type=\"container\">\n\t\t\t\t<div class=\"elementor-element elementor-element-25a9ee7 elementor-widget elementor-widget-hotspot\" data-id=\"25a9ee7\" data-element_type=\"widget\" data-settings=\"{&quot;hotspot&quot;:[{&quot;_id&quot;:&quot;59e9d96&quot;,&quot;hotspot_tooltip_content&quot;:&quot;&lt;p lang=\\&quot;pt-PT\\&quot;&gt;&lt;span style=\\&quot;font-size: small;\\&quot;&gt;&lt;span style=\\&quot;font-size: large;\\&quot;&gt;&lt;b&gt;VOX 2 YOU&lt;\\\/b&gt;&lt;\\\/span&gt;&lt;\\\/span&gt;&lt;\\\/p&gt;&lt;p class=\\&quot;western\\&quot; align=\\&quot;left\\&quot;&gt;&lt;span style=\\&quot;font-family: Calibri, serif;\\&quot;&gt;&lt;span style=\\&quot;font-size: small;\\&quot;&gt;&lt;span style=\\&quot;font-size: medium;\\&quot;&gt;Concess\\u00e3o de desconto de &lt;\\\/span&gt;&lt;span style=\\&quot;font-size: medium;\\&quot;&gt;&lt;b&gt;15%&lt;\\\/b&gt;&lt;\\\/span&gt;&lt;span style=\\&quot;font-size: medium;\\&quot;&gt; no valor das parcelas para os associados da ADEPOL-SC. &lt;\\\/span&gt;&lt;\\\/span&gt;&lt;\\\/span&gt;&lt;\\\/p&gt;&lt;p class=\\&quot;western\\&quot; align=\\&quot;left\\&quot;&gt;&lt;span style=\\&quot;font-family: Calibri, serif;\\&quot;&gt;&lt;span style=\\&quot;font-size: small;\\&quot;&gt;&lt;span style=\\&quot;font-size: medium;\\&quot;&gt;Produtos inclusos no conv\\u00eanio:&lt;br \\\/&gt;a) Academy;&lt;br \\\/&gt;b) Intensivox;&lt;br \\\/&gt;c) Vox Time;&lt;br \\\/&gt;d) In company \\u2013 Orat\\u00f3ria para vendas;&lt;br \\\/&gt;e) In company \\u2013 Orat\\u00f3ria para lideran\\u00e7a;&lt;br \\\/&gt;f) In company \\u2013 Orat\\u00f3ria para Apresenta\\u00e7\\u00f5es;&lt;br \\\/&gt;g) In company \\u2013 Orat\\u00f3ria para Atendimento.&lt;\\\/span&gt;&lt;\\\/span&gt;&lt;\\\/span&gt;&lt;\\\/p&gt;&lt;p class=\\&quot;western\\&quot; align=\\&quot;left\\&quot;&gt;&lt;span style=\\&quot;font-family: Calibri, serif;\\&quot;&gt;&lt;span style=\\&quot;font-size: small;\\&quot;&gt;&lt;span style=\\&quot;font-size: medium;\\&quot;&gt;*N\\u00e3o incluso na base de c\\u00e1lculo de desconto o valor de matr\\u00edcula e material did\\u00e1tico.&lt;\\\/span&gt;&lt;\\\/span&gt;&lt;\\\/span&gt;&lt;\\\/p&gt;&quot;,&quot;hotspot_label&quot;:&quot;&quot;,&quot;hotspot_link&quot;:{&quot;url&quot;:&quot;&quot;,&quot;is_external&quot;:&quot;&quot;,&quot;nofollow&quot;:&quot;&quot;,&quot;custom_attributes&quot;:&quot;&quot;},&quot;hotspot_icon&quot;:{&quot;value&quot;:&quot;&quot;,&quot;library&quot;:&quot;&quot;},&quot;hotspot_custom_size&quot;:&quot;no&quot;,&quot;hotspot_horizontal&quot;:&quot;left&quot;,&quot;hotspot_vertical&quot;:&quot;top&quot;,&quot;hotspot_tooltip_position&quot;:&quot;no&quot;,&quot;hotspot_position&quot;:null}],&quot;tooltip_trigger&quot;:&quot;mouseenter&quot;,&quot;hotspot_sequenced_animation&quot;:&quot;no&quot;,&quot;tooltip_position&quot;:&quot;top&quot;,&quot;tooltip_animation&quot;:&quot;e-hotspot--fade-in-out&quot;}\" data-widget_type=\"hotspot.default\">\n\t\t\t\t<div class=\"elementor-widget-container\">\n\t\t\t\t\t<img loading=\"lazy\" decoding=\"async\" width=\"800\" height=\"370\" src=\"https:\/\/adepolsc.org.br\/adepolsite\/wp-content\/uploads\/2025\/02\/014-VOX-2-YOU-.png\" class=\"attachment-large size-large wp-image-1319\" alt=\"\" \/>\n\t\t\t\t\t\t<div class=\"e-hotspot elementor-repeater-item-59e9d96      e-hotspot--circle\">\n\n\t\t\t\t\t\t\t\t<div class=\"e-hotspot__button e-hotspot--expand\">\n\t\t\t\t\t\t\t\t\t\t\t<div class=\"e-hotspot__outer-circle\"><\/div>\n\t\t\t\t\t\t<div class=\"e-hotspot__inner-circle\"><\/div>\n\t\t\t\t\t\t\t\t\t<\/div>\n\n\t\t\t\t\t\t\t\t\t\t\t\t\t\t\t\t\t\t<div class=\"e-hotspot__tooltip  e-hotspot--tooltip-position e-hotspot--fade-in-out \" >\n\t\t\t\t\t\t<p lang=\"pt-PT\"><span style=\"font-size: small;\"><span style=\"font-size: large;\"><b>VOX 2 YOU<\/b><\/span><\/span><\/p><p class=\"western\" align=\"left\"><span style=\"font-family: Calibri, serif;\"><span style=\"font-size: small;\"><span style=\"font-size: medium;\">Concess\u00e3o de desconto de <\/span><span style=\"font-size: medium;\"><b>15%<\/b><\/span><span style=\"font-size: medium;\"> no valor das parcelas para os associados da ADEPOL-SC. <\/span><\/span><\/span><\/p><p class=\"western\" align=\"left\"><span style=\"font-family: Calibri, serif;\"><span style=\"font-size: small;\"><span style=\"font-size: medium;\">Produtos inclusos no conv\u00eanio:<br \/>a) Academy;<br \/>b) Intensivox;<br \/>c) Vox Time;<br \/>d) In company \u2013 Orat\u00f3ria para vendas;<br \/>e) In company \u2013 Orat\u00f3ria para lideran\u00e7a;<br \/>f) In company \u2013 Orat\u00f3ria para Apresenta\u00e7\u00f5es;<br \/>g) In company \u2013 Orat\u00f3ria para Atendimento.<\/span><\/span><\/span><\/p><p class=\"western\" align=\"left\"><span style=\"font-family: Calibri, serif;\"><span style=\"font-size: small;\"><span style=\"font-size: medium;\">*N\u00e3o incluso na base de c\u00e1lculo de desconto o valor de matr\u00edcula e material did\u00e1tico.<\/span><\/span><\/span><\/p>\t\t\t\t\t<\/div>\n\t\t\t\t\t\t\t\t\t\n\t\t\t<\/div>\n\n\t\n\t\t\t\t\t\t<\/div>\n\t\t\t\t<\/div>\n\t\t\t\t<\/div>\n\t\t<div class=\"elementor-element elementor-element-126f0fa e-con-full e-flex e-con e-child\" data-id=\"126f0fa\" data-element_type=\"container\">\n\t\t\t\t<div class=\"elementor-element elementor-element-eddc5eb elementor-widget elementor-widget-hotspot\" data-id=\"eddc5eb\" data-element_type=\"widget\" data-settings=\"{&quot;hotspot&quot;:[{&quot;_id&quot;:&quot;59e9d96&quot;,&quot;hotspot_tooltip_content&quot;:&quot;&lt;p lang=\\&quot;pt-PT\\&quot;&gt;&lt;span style=\\&quot;font-size: small;\\&quot;&gt;&lt;span style=\\&quot;font-size: large;\\&quot;&gt;&lt;b&gt;UNIAVAN CENTRO UNIVERSIT\\u00c1RIO&lt;\\\/b&gt;&lt;\\\/span&gt;&lt;\\\/span&gt;&lt;\\\/p&gt;&lt;p class=\\&quot;western\\&quot; align=\\&quot;left\\&quot;&gt;&lt;span style=\\&quot;font-family: Calibri, serif;\\&quot;&gt;&lt;span style=\\&quot;font-size: small;\\&quot;&gt;&lt;span style=\\&quot;font-size: medium;\\&quot;&gt;30% de desconto nos cursos de gradua\\u00e7\\u00e3o presencial &lt;\\\/span&gt;&lt;\\\/span&gt;&lt;\\\/span&gt;&lt;\\\/p&gt;&lt;p class=\\&quot;western\\&quot; align=\\&quot;left\\&quot;&gt;&lt;span style=\\&quot;font-family: Calibri, serif;\\&quot;&gt;&lt;span style=\\&quot;font-size: small;\\&quot;&gt;&lt;span style=\\&quot;font-size: medium;\\&quot;&gt;30% de desconto na modalidade EAD &lt;\\\/span&gt;&lt;\\\/span&gt;&lt;\\\/span&gt;&lt;\\\/p&gt;&lt;p class=\\&quot;western\\&quot; align=\\&quot;left\\&quot;&gt;&lt;span style=\\&quot;font-family: Calibri, serif;\\&quot;&gt;&lt;span style=\\&quot;font-size: small;\\&quot;&gt;&lt;span style=\\&quot;font-size: medium;\\&quot;&gt;40% de desconto nos curso de p\\u00f3s-gradua\\u00e7\\u00e3o&lt;\\\/span&gt;&lt;\\\/span&gt;&lt;\\\/span&gt;&lt;\\\/p&gt;&lt;p class=\\&quot;western\\&quot; align=\\&quot;left\\&quot;&gt;&lt;span style=\\&quot;font-family: Calibri, serif;\\&quot;&gt;&lt;span style=\\&quot;font-size: small;\\&quot;&gt;&lt;span style=\\&quot;font-size: medium;\\&quot;&gt;30% de desconto no Col\\u00e9gio Uniavan&lt;\\\/span&gt;&lt;\\\/span&gt;&lt;\\\/span&gt;&lt;\\\/p&gt;&lt;p class=\\&quot;western\\&quot; align=\\&quot;left\\&quot;&gt;&lt;span style=\\&quot;font-family: Calibri, serif;\\&quot;&gt;&lt;span style=\\&quot;font-size: small;\\&quot;&gt;&lt;span style=\\&quot;font-size: medium;\\&quot;&gt;Descontos v\\u00e1lidos at\\u00e9 o final do curso.&lt;\\\/span&gt;&lt;\\\/span&gt;&lt;\\\/span&gt;&lt;\\\/p&gt;&quot;,&quot;hotspot_label&quot;:&quot;&quot;,&quot;hotspot_link&quot;:{&quot;url&quot;:&quot;&quot;,&quot;is_external&quot;:&quot;&quot;,&quot;nofollow&quot;:&quot;&quot;,&quot;custom_attributes&quot;:&quot;&quot;},&quot;hotspot_icon&quot;:{&quot;value&quot;:&quot;&quot;,&quot;library&quot;:&quot;&quot;},&quot;hotspot_custom_size&quot;:&quot;no&quot;,&quot;hotspot_horizontal&quot;:&quot;left&quot;,&quot;hotspot_vertical&quot;:&quot;top&quot;,&quot;hotspot_tooltip_position&quot;:&quot;no&quot;,&quot;hotspot_position&quot;:null}],&quot;tooltip_trigger&quot;:&quot;mouseenter&quot;,&quot;hotspot_sequenced_animation&quot;:&quot;no&quot;,&quot;tooltip_position&quot;:&quot;top&quot;,&quot;tooltip_animation&quot;:&quot;e-hotspot--fade-in-out&quot;}\" data-widget_type=\"hotspot.default\">\n\t\t\t\t<div class=\"elementor-widget-container\">\n\t\t\t\t\t<img loading=\"lazy\" decoding=\"async\" width=\"800\" height=\"324\" src=\"https:\/\/adepolsc.org.br\/adepolsite\/wp-content\/uploads\/2025\/02\/020-UNIAVAN-CENTRO-UNIVERSITA\u2560uRIO.png\" class=\"attachment-large size-large wp-image-1325\" alt=\"\" \/>\n\t\t\t\t\t\t<div class=\"e-hotspot elementor-repeater-item-59e9d96      e-hotspot--circle\">\n\n\t\t\t\t\t\t\t\t<div class=\"e-hotspot__button e-hotspot--expand\">\n\t\t\t\t\t\t\t\t\t\t\t<div class=\"e-hotspot__outer-circle\"><\/div>\n\t\t\t\t\t\t<div class=\"e-hotspot__inner-circle\"><\/div>\n\t\t\t\t\t\t\t\t\t<\/div>\n\n\t\t\t\t\t\t\t\t\t\t\t\t\t\t\t\t\t\t<div class=\"e-hotspot__tooltip  e-hotspot--tooltip-position e-hotspot--fade-in-out \" >\n\t\t\t\t\t\t<p lang=\"pt-PT\"><span style=\"font-size: small;\"><span style=\"font-size: large;\"><b>UNIAVAN CENTRO UNIVERSIT\u00c1RIO<\/b><\/span><\/span><\/p><p class=\"western\" align=\"left\"><span style=\"font-family: Calibri, serif;\"><span style=\"font-size: small;\"><span style=\"font-size: medium;\">30% de desconto nos cursos de gradua\u00e7\u00e3o presencial <\/span><\/span><\/span><\/p><p class=\"western\" align=\"left\"><span style=\"font-family: Calibri, serif;\"><span style=\"font-size: small;\"><span style=\"font-size: medium;\">30% de desconto na modalidade EAD <\/span><\/span><\/span><\/p><p class=\"western\" align=\"left\"><span style=\"font-family: Calibri, serif;\"><span style=\"font-size: small;\"><span style=\"font-size: medium;\">40% de desconto nos curso de p\u00f3s-gradua\u00e7\u00e3o<\/span><\/span><\/span><\/p><p class=\"western\" align=\"left\"><span style=\"font-family: Calibri, serif;\"><span style=\"font-size: small;\"><span style=\"font-size: medium;\">30% de desconto no Col\u00e9gio Uniavan<\/span><\/span><\/span><\/p><p class=\"western\" align=\"left\"><span style=\"font-family: Calibri, serif;\"><span style=\"font-size: small;\"><span style=\"font-size: medium;\">Descontos v\u00e1lidos at\u00e9 o final do curso.<\/span><\/span><\/span><\/p>\t\t\t\t\t<\/div>\n\t\t\t\t\t\t\t\t\t\n\t\t\t<\/div>\n\n\t\n\t\t\t\t\t\t<\/div>\n\t\t\t\t<\/div>\n\t\t\t\t<\/div>\n\t\t<div class=\"elementor-element elementor-element-d85f365 e-con-full e-flex e-con e-child\" data-id=\"d85f365\" data-element_type=\"container\">\n\t\t\t\t<div class=\"elementor-element elementor-element-c14bc51 elementor-widget elementor-widget-hotspot\" data-id=\"c14bc51\" data-element_type=\"widget\" data-settings=\"{&quot;hotspot&quot;:[{&quot;_id&quot;:&quot;59e9d96&quot;,&quot;hotspot_tooltip_content&quot;:&quot;&lt;p lang=\\&quot;pt-PT\\&quot;&gt;&lt;span style=\\&quot;font-size: small;\\&quot;&gt;&lt;span style=\\&quot;font-size: large;\\&quot;&gt;&lt;b&gt;ALIAN\\u00c7A FRANCESA &lt;\\\/b&gt;&lt;\\\/span&gt;&lt;\\\/span&gt;&lt;\\\/p&gt;&lt;p lang=\\&quot;pt-PT\\&quot;&gt;&lt;span style=\\&quot;font-size: small;\\&quot;&gt;&lt;span style=\\&quot;font-size: medium;\\&quot;&gt;10% de desconto nos cursos de franc\\u00eas&lt;\\\/span&gt;&lt;\\\/span&gt;&lt;\\\/p&gt;&quot;,&quot;hotspot_label&quot;:&quot;&quot;,&quot;hotspot_link&quot;:{&quot;url&quot;:&quot;&quot;,&quot;is_external&quot;:&quot;&quot;,&quot;nofollow&quot;:&quot;&quot;,&quot;custom_attributes&quot;:&quot;&quot;},&quot;hotspot_icon&quot;:{&quot;value&quot;:&quot;&quot;,&quot;library&quot;:&quot;&quot;},&quot;hotspot_custom_size&quot;:&quot;no&quot;,&quot;hotspot_horizontal&quot;:&quot;left&quot;,&quot;hotspot_vertical&quot;:&quot;top&quot;,&quot;hotspot_tooltip_position&quot;:&quot;no&quot;,&quot;hotspot_position&quot;:null}],&quot;tooltip_trigger&quot;:&quot;mouseenter&quot;,&quot;hotspot_sequenced_animation&quot;:&quot;no&quot;,&quot;tooltip_position&quot;:&quot;top&quot;,&quot;tooltip_animation&quot;:&quot;e-hotspot--fade-in-out&quot;}\" data-widget_type=\"hotspot.default\">\n\t\t\t\t<div class=\"elementor-widget-container\">\n\t\t\t\t\t<img loading=\"lazy\" decoding=\"async\" width=\"352\" height=\"283\" src=\"https:\/\/adepolsc.org.br\/adepolsite\/wp-content\/uploads\/2025\/02\/026-ALIANC\u2560oA-FRANCESA.jpg\" class=\"attachment-large size-large wp-image-1332\" alt=\"\" \/>\n\t\t\t\t\t\t<div class=\"e-hotspot elementor-repeater-item-59e9d96      e-hotspot--circle\">\n\n\t\t\t\t\t\t\t\t<div class=\"e-hotspot__button e-hotspot--expand\">\n\t\t\t\t\t\t\t\t\t\t\t<div class=\"e-hotspot__outer-circle\"><\/div>\n\t\t\t\t\t\t<div class=\"e-hotspot__inner-circle\"><\/div>\n\t\t\t\t\t\t\t\t\t<\/div>\n\n\t\t\t\t\t\t\t\t\t\t\t\t\t\t\t\t\t\t<div class=\"e-hotspot__tooltip  e-hotspot--tooltip-position e-hotspot--fade-in-out \" >\n\t\t\t\t\t\t<p lang=\"pt-PT\"><span style=\"font-size: small;\"><span style=\"font-size: large;\"><b>ALIAN\u00c7A FRANCESA <\/b><\/span><\/span><\/p><p lang=\"pt-PT\"><span style=\"font-size: small;\"><span style=\"font-size: medium;\">10% de desconto nos cursos de franc\u00eas<\/span><\/span><\/p>\t\t\t\t\t<\/div>\n\t\t\t\t\t\t\t\t\t\n\t\t\t<\/div>\n\n\t\n\t\t\t\t\t\t<\/div>\n\t\t\t\t<\/div>\n\t\t\t\t<\/div>\n\t\t<div class=\"elementor-element elementor-element-e80970e e-con-full e-flex e-con e-child\" data-id=\"e80970e\" data-element_type=\"container\">\n\t\t\t\t<div class=\"elementor-element elementor-element-1e2e94e elementor-widget elementor-widget-hotspot\" data-id=\"1e2e94e\" data-element_type=\"widget\" data-settings=\"{&quot;hotspot&quot;:[{&quot;_id&quot;:&quot;59e9d96&quot;,&quot;hotspot_tooltip_content&quot;:&quot;&quot;,&quot;hotspot_label&quot;:&quot;&quot;,&quot;hotspot_link&quot;:{&quot;url&quot;:&quot;&quot;,&quot;is_external&quot;:&quot;&quot;,&quot;nofollow&quot;:&quot;&quot;,&quot;custom_attributes&quot;:&quot;&quot;},&quot;hotspot_icon&quot;:{&quot;value&quot;:&quot;&quot;,&quot;library&quot;:&quot;&quot;},&quot;hotspot_custom_size&quot;:&quot;no&quot;,&quot;hotspot_horizontal&quot;:&quot;left&quot;,&quot;hotspot_vertical&quot;:&quot;top&quot;,&quot;hotspot_tooltip_position&quot;:&quot;no&quot;,&quot;hotspot_position&quot;:null}],&quot;tooltip_trigger&quot;:&quot;mouseenter&quot;,&quot;hotspot_sequenced_animation&quot;:&quot;no&quot;,&quot;tooltip_position&quot;:&quot;top&quot;,&quot;tooltip_animation&quot;:&quot;e-hotspot--fade-in-out&quot;}\" data-widget_type=\"hotspot.default\">\n\t\t\t\t<div class=\"elementor-widget-container\">\n\t\t\t\t\t<img loading=\"lazy\" decoding=\"async\" width=\"800\" height=\"299\" src=\"https:\/\/adepolsc.org.br\/adepolsite\/wp-content\/uploads\/2025\/02\/027-WIZARD.png\" class=\"attachment-large size-large wp-image-1333\" alt=\"\" \/>\n\t\t\t\t\t\t<div class=\"e-hotspot elementor-repeater-item-59e9d96      e-hotspot--circle\">\n\n\t\t\t\t\t\t\t\t<div class=\"e-hotspot__button e-hotspot--expand\">\n\t\t\t\t\t\t\t\t\t\t\t<div class=\"e-hotspot__outer-circle\"><\/div>\n\t\t\t\t\t\t<div class=\"e-hotspot__inner-circle\"><\/div>\n\t\t\t\t\t\t\t\t\t<\/div>\n\n\t\t\t\t\t\t\t\t\n\t\t\t<\/div>\n\n\t\n\t\t\t\t\t\t<\/div>\n\t\t\t\t<\/div>\n\t\t\t\t<\/div>\n\t\t\t\t\t<\/div>\n\t\t\t\t<\/div>\n\t\t\t\t<\/div>\n\t\t<div id=\"e-n-tab-content-58941243\" role=\"tabpanel\" aria-labelledby=\"e-n-tab-title-58941243\" data-tab-index=\"3\" style=\"--n-tabs-title-order: 3;\" class=\" elementor-element elementor-element-08ff58e e-con-full e-flex e-con e-child\" data-id=\"08ff58e\" data-element_type=\"container\">\n\t\t<div class=\"elementor-element elementor-element-a9056d4 e-flex e-con-boxed e-con e-child\" data-id=\"a9056d4\" data-element_type=\"container\">\n\t\t\t\t\t<div class=\"e-con-inner\">\n\t\t<div class=\"elementor-element elementor-element-0f31f84 e-con-full e-flex e-con e-child\" data-id=\"0f31f84\" data-element_type=\"container\">\n\t\t\t\t<div class=\"elementor-element elementor-element-e642501 elementor-widget elementor-widget-image\" data-id=\"e642501\" data-element_type=\"widget\" data-widget_type=\"image.default\">\n\t\t\t\t<div class=\"elementor-widget-container\">\n\t\t\t\t\t\t\t\t\t\t\t\t\t\t\t<img loading=\"lazy\" decoding=\"async\" width=\"345\" height=\"108\" src=\"https:\/\/adepolsc.org.br\/adepolsite\/wp-content\/uploads\/2024\/11\/convenio-_0002s_0004_Objeto-Inteligente-de-Vetor.png\" class=\"attachment-large size-large wp-image-388\" alt=\"\" srcset=\"https:\/\/adepolsc.org.br\/adepolsite\/wp-content\/uploads\/2024\/11\/convenio-_0002s_0004_Objeto-Inteligente-de-Vetor.png 345w, https:\/\/adepolsc.org.br\/adepolsite\/wp-content\/uploads\/2024\/11\/convenio-_0002s_0004_Objeto-Inteligente-de-Vetor-300x94.png 300w\" sizes=\"(max-width: 345px) 100vw, 345px\" \/>\t\t\t\t\t\t\t\t\t\t\t\t\t\t\t<\/div>\n\t\t\t\t<\/div>\n\t\t\t\t<\/div>\n\t\t\t\t\t<\/div>\n\t\t\t\t<\/div>\n\t\t\t\t<\/div>\n\t\t<div id=\"e-n-tab-content-58941244\" role=\"tabpanel\" aria-labelledby=\"e-n-tab-title-58941244\" data-tab-index=\"4\" style=\"--n-tabs-title-order: 4;\" class=\" elementor-element elementor-element-9b1f070 e-flex e-con-boxed e-con e-child\" data-id=\"9b1f070\" data-element_type=\"container\">\n\t\t\t\t\t<div class=\"e-con-inner\">\n\t\t<div class=\"elementor-element elementor-element-6896c41 e-con-full e-flex e-con e-child\" data-id=\"6896c41\" data-element_type=\"container\">\n\t\t<div class=\"elementor-element elementor-element-a413175 e-con-full e-flex e-con e-child\" data-id=\"a413175\" data-element_type=\"container\">\n\t\t\t\t<div class=\"elementor-element elementor-element-cf8a700 elementor-widget elementor-widget-image\" data-id=\"cf8a700\" data-element_type=\"widget\" data-widget_type=\"image.default\">\n\t\t\t\t<div class=\"elementor-widget-container\">\n\t\t\t\t\t\t\t\t\t\t\t\t\t\t\t<img loading=\"lazy\" decoding=\"async\" width=\"322\" height=\"234\" src=\"https:\/\/adepolsc.org.br\/adepolsite\/wp-content\/uploads\/2024\/11\/convenio-_0002s_0006_Camada-24.png\" class=\"attachment-large size-large wp-image-390\" alt=\"\" srcset=\"https:\/\/adepolsc.org.br\/adepolsite\/wp-content\/uploads\/2024\/11\/convenio-_0002s_0006_Camada-24.png 322w, https:\/\/adepolsc.org.br\/adepolsite\/wp-content\/uploads\/2024\/11\/convenio-_0002s_0006_Camada-24-300x218.png 300w\" sizes=\"(max-width: 322px) 100vw, 322px\" \/>\t\t\t\t\t\t\t\t\t\t\t\t\t\t\t<\/div>\n\t\t\t\t<\/div>\n\t\t\t\t<\/div>\n\t\t<div class=\"elementor-element elementor-element-69ff780 e-con-full e-flex e-con e-child\" data-id=\"69ff780\" data-element_type=\"container\">\n\t\t\t\t<div class=\"elementor-element elementor-element-3183132 elementor-widget elementor-widget-image\" data-id=\"3183132\" data-element_type=\"widget\" data-widget_type=\"image.default\">\n\t\t\t\t<div class=\"elementor-widget-container\">\n\t\t\t\t\t\t\t\t\t\t\t\t\t\t\t<img loading=\"lazy\" decoding=\"async\" width=\"312\" height=\"196\" src=\"https:\/\/adepolsc.org.br\/adepolsite\/wp-content\/uploads\/2024\/11\/convenio-_0002s_0005_Camada-25.png\" class=\"attachment-large size-large wp-image-389\" alt=\"\" srcset=\"https:\/\/adepolsc.org.br\/adepolsite\/wp-content\/uploads\/2024\/11\/convenio-_0002s_0005_Camada-25.png 312w, https:\/\/adepolsc.org.br\/adepolsite\/wp-content\/uploads\/2024\/11\/convenio-_0002s_0005_Camada-25-300x188.png 300w\" sizes=\"(max-width: 312px) 100vw, 312px\" \/>\t\t\t\t\t\t\t\t\t\t\t\t\t\t\t<\/div>\n\t\t\t\t<\/div>\n\t\t\t\t<\/div>\n\t\t<div class=\"elementor-element elementor-element-0a60494 e-con-full e-flex e-con e-child\" data-id=\"0a60494\" data-element_type=\"container\">\n\t\t\t\t<div class=\"elementor-element elementor-element-6150ebb elementor-widget elementor-widget-hotspot\" data-id=\"6150ebb\" data-element_type=\"widget\" data-settings=\"{&quot;hotspot&quot;:[{&quot;_id&quot;:&quot;59e9d96&quot;,&quot;hotspot_tooltip_content&quot;:&quot;&lt;p lang=\\&quot;pt-PT\\&quot;&gt;&lt;span style=\\&quot;font-size: small;\\&quot;&gt;&lt;span style=\\&quot;font-size: large;\\&quot;&gt;&lt;b&gt;CREMAT\\u00d3RIO VATICANO&lt;\\\/b&gt;&lt;\\\/span&gt;&lt;\\\/span&gt;&lt;\\\/p&gt;&lt;p class=\\&quot;western\\&quot; align=\\&quot;left\\&quot;&gt;&lt;span style=\\&quot;font-family: Calibri, serif;\\&quot;&gt;&lt;span style=\\&quot;font-size: small;\\&quot;&gt;Plano d\\u00e1 direito ao processo de crema\\u00e7\\u00e3o, urna de cinzas, cerimonial de acordo com a religi\\u00e3o, p\\u00e9talas de &lt;br \\\/&gt;rosas, revoadas de pombas brancas, 24 horas de plant\\u00e3o, 72 horas de c\\u00e2mara fria, documenta\\u00e7\\u00e3o, uso da capela velat\\u00f3ria, &lt;br \\\/&gt;30 dias do uso do memorial de cinzas, o plano \\u00e9 transfer\\u00edvel para algu\\u00e9m da fam\\u00edlia, sem limite de idade e sem car\\u00eancia.&lt;\\\/span&gt;&lt;\\\/span&gt;&lt;\\\/p&gt;&lt;p class=\\&quot;western\\&quot; align=\\&quot;left\\&quot;&gt;&lt;span style=\\&quot;font-family: Calibri, serif;\\&quot;&gt;&lt;span style=\\&quot;font-size: small;\\&quot;&gt;Associados da ADEPOL-SC ganham 10% de desconto.&lt;\\\/span&gt;&lt;\\\/span&gt;&lt;\\\/p&gt;&quot;,&quot;hotspot_label&quot;:&quot;&quot;,&quot;hotspot_link&quot;:{&quot;url&quot;:&quot;&quot;,&quot;is_external&quot;:&quot;&quot;,&quot;nofollow&quot;:&quot;&quot;,&quot;custom_attributes&quot;:&quot;&quot;},&quot;hotspot_icon&quot;:{&quot;value&quot;:&quot;&quot;,&quot;library&quot;:&quot;&quot;},&quot;hotspot_custom_size&quot;:&quot;no&quot;,&quot;hotspot_horizontal&quot;:&quot;left&quot;,&quot;hotspot_vertical&quot;:&quot;top&quot;,&quot;hotspot_tooltip_position&quot;:&quot;no&quot;,&quot;hotspot_position&quot;:null}],&quot;tooltip_trigger&quot;:&quot;mouseenter&quot;,&quot;hotspot_sequenced_animation&quot;:&quot;no&quot;,&quot;tooltip_position&quot;:&quot;top&quot;,&quot;tooltip_animation&quot;:&quot;e-hotspot--fade-in-out&quot;}\" data-widget_type=\"hotspot.default\">\n\t\t\t\t<div class=\"elementor-widget-container\">\n\t\t\t\t\t<img fetchpriority=\"high\" decoding=\"async\" width=\"612\" height=\"418\" src=\"https:\/\/adepolsc.org.br\/adepolsite\/wp-content\/uploads\/2025\/02\/002-CREMATORIO-VATICANO-1.jpg\" class=\"attachment-large size-large wp-image-1307\" alt=\"\" \/>\n\t\t\t\t\t\t<div class=\"e-hotspot elementor-repeater-item-59e9d96      e-hotspot--circle\">\n\n\t\t\t\t\t\t\t\t<div class=\"e-hotspot__button e-hotspot--expand\">\n\t\t\t\t\t\t\t\t\t\t\t<div class=\"e-hotspot__outer-circle\"><\/div>\n\t\t\t\t\t\t<div class=\"e-hotspot__inner-circle\"><\/div>\n\t\t\t\t\t\t\t\t\t<\/div>\n\n\t\t\t\t\t\t\t\t\t\t\t\t\t\t\t\t\t\t<div class=\"e-hotspot__tooltip  e-hotspot--tooltip-position e-hotspot--fade-in-out \" >\n\t\t\t\t\t\t<p lang=\"pt-PT\"><span style=\"font-size: small;\"><span style=\"font-size: large;\"><b>CREMAT\u00d3RIO VATICANO<\/b><\/span><\/span><\/p><p class=\"western\" align=\"left\"><span style=\"font-family: Calibri, serif;\"><span style=\"font-size: small;\">Plano d\u00e1 direito ao processo de crema\u00e7\u00e3o, urna de cinzas, cerimonial de acordo com a religi\u00e3o, p\u00e9talas de <br \/>rosas, revoadas de pombas brancas, 24 horas de plant\u00e3o, 72 horas de c\u00e2mara fria, documenta\u00e7\u00e3o, uso da capela velat\u00f3ria, <br \/>30 dias do uso do memorial de cinzas, o plano \u00e9 transfer\u00edvel para algu\u00e9m da fam\u00edlia, sem limite de idade e sem car\u00eancia.<\/span><\/span><\/p><p class=\"western\" align=\"left\"><span style=\"font-family: Calibri, serif;\"><span style=\"font-size: small;\">Associados da ADEPOL-SC ganham 10% de desconto.<\/span><\/span><\/p>\t\t\t\t\t<\/div>\n\t\t\t\t\t\t\t\t\t\n\t\t\t<\/div>\n\n\t\n\t\t\t\t\t\t<\/div>\n\t\t\t\t<\/div>\n\t\t\t\t<\/div>\n\t\t\t\t<\/div>\n\t\t\t\t\t<\/div>\n\t\t\t\t<\/div>\n\t\t<div id=\"e-n-tab-content-58941245\" role=\"tabpanel\" aria-labelledby=\"e-n-tab-title-58941245\" data-tab-index=\"5\" style=\"--n-tabs-title-order: 5;\" class=\" elementor-element elementor-element-fefccd1 e-flex e-con-boxed e-con e-child\" data-id=\"fefccd1\" data-element_type=\"container\">\n\t\t\t\t\t<div class=\"e-con-inner\">\n\t\t<div class=\"elementor-element elementor-element-86cfeea e-con-full e-flex e-con e-child\" data-id=\"86cfeea\" data-element_type=\"container\">\n\t\t<div class=\"elementor-element elementor-element-5d86f10 e-con-full e-flex e-con e-child\" data-id=\"5d86f10\" data-element_type=\"container\">\n\t\t\t\t<div class=\"elementor-element elementor-element-dc4f6c0 elementor-widget elementor-widget-image\" data-id=\"dc4f6c0\" data-element_type=\"widget\" data-widget_type=\"image.default\">\n\t\t\t\t<div class=\"elementor-widget-container\">\n\t\t\t\t\t\t\t\t\t\t\t\t\t\t\t<img loading=\"lazy\" decoding=\"async\" width=\"225\" height=\"155\" src=\"https:\/\/adepolsc.org.br\/adepolsite\/wp-content\/uploads\/2024\/11\/convenio-_0002s_0007_Objeto-Inteligente-de-Vetor.png\" class=\"attachment-large size-large wp-image-391\" alt=\"\" \/>\t\t\t\t\t\t\t\t\t\t\t\t\t\t\t<\/div>\n\t\t\t\t<\/div>\n\t\t\t\t<\/div>\n\t\t<div class=\"elementor-element elementor-element-68b9fd8 e-con-full e-flex e-con e-child\" data-id=\"68b9fd8\" data-element_type=\"container\">\n\t\t\t\t<div class=\"elementor-element elementor-element-117cdb5 elementor-widget elementor-widget-hotspot\" data-id=\"117cdb5\" data-element_type=\"widget\" data-settings=\"{&quot;hotspot&quot;:[{&quot;_id&quot;:&quot;59e9d96&quot;,&quot;hotspot_tooltip_content&quot;:&quot;&lt;p class=\\&quot;western\\&quot; align=\\&quot;left\\&quot;&gt;&lt;span style=\\&quot;font-family: Calibri, serif;\\&quot;&gt;&lt;span style=\\&quot;font-size: small;\\&quot;&gt;&lt;span style=\\&quot;font-size: large;\\&quot;&gt;&lt;b&gt;COOMARCA&lt;\\\/b&gt;&lt;\\\/span&gt;&lt;\\\/span&gt;&lt;\\\/span&gt;&lt;\\\/p&gt;&lt;p class=\\&quot;western\\&quot; align=\\&quot;left\\&quot;&gt;&lt;span style=\\&quot;font-family: Calibri, serif;\\&quot;&gt;&lt;span style=\\&quot;font-size: small;\\&quot;&gt;A Unicred Coomarca \\u00e9 uma institui\\u00e7\\u00e3o financeira premium dedicada exclusivamente aos servidores p\\u00fablicos. Esta parceria &lt;br \\\/&gt;traz uma s\\u00e9rie de benef\\u00edcios exclusivos que foram cuidadosamente pensados para atender \\u00e0s suas necessidades financeiras:&lt;\\\/span&gt;&lt;\\\/span&gt;&lt;\\\/p&gt;&lt;p class=\\&quot;western\\&quot; align=\\&quot;left\\&quot;&gt;&lt;span style=\\&quot;font-family: Calibri, serif;\\&quot;&gt;&lt;span style=\\&quot;font-size: small;\\&quot;&gt;Planejamento Financeiro - Investimentos - Empr\\u00e9stimo Consignado&lt;\\\/span&gt;&lt;\\\/span&gt;&lt;\\\/p&gt;&lt;p class=\\&quot;western\\&quot; align=\\&quot;left\\&quot;&gt;&lt;span style=\\&quot;font-family: Calibri, serif;\\&quot;&gt;&lt;span style=\\&quot;font-size: small;\\&quot;&gt;Previd\\u00eancia Complementar - Planejamento Sucess\\u00f3rio&lt;\\\/span&gt;&lt;\\\/span&gt;&lt;\\\/p&gt;&lt;p class=\\&quot;western\\&quot; align=\\&quot;left\\&quot;&gt;&lt;span style=\\&quot;font-family: Calibri, serif;\\&quot;&gt;&lt;span style=\\&quot;font-size: small;\\&quot;&gt;Cons\\u00f3rcios - Cart\\u00f5es Unicred Visa - Solu\\u00e7\\u00f5es PJ&lt;\\\/span&gt;&lt;\\\/span&gt;&lt;\\\/p&gt;&lt;p class=\\&quot;western\\&quot; align=\\&quot;left\\&quot;&gt;&lt;span style=\\&quot;font-family: Calibri, serif;\\&quot;&gt;&lt;span style=\\&quot;font-size: small;\\&quot;&gt;Para usufruir desses benef\\u00edcios, basta se identificar como associado Adepol e agendar uma consultoria financeira com um dos &lt;br \\\/&gt;especialistas da Unicred Coomarca. N\\u00e3o perca esta oportunidade de ter ao seu lado uma institui\\u00e7\\u00e3o financeira comprometida com &lt;br \\\/&gt;seu sucesso e prosperidade.&lt;\\\/span&gt;&lt;\\\/span&gt;&lt;\\\/p&gt;&lt;p class=\\&quot;western\\&quot; align=\\&quot;left\\&quot;&gt;&lt;span style=\\&quot;font-family: Calibri, serif;\\&quot;&gt;&lt;span style=\\&quot;font-size: small;\\&quot;&gt;Para mais informa\\u00e7\\u00f5es acesse:&lt;br \\\/&gt;wa.me\\\/554830847101&lt;\\\/span&gt;&lt;\\\/span&gt;&lt;\\\/p&gt;&lt;p class=\\&quot;western\\&quot; align=\\&quot;left\\&quot;&gt;&lt;span style=\\&quot;font-family: Calibri, serif;\\&quot;&gt;&lt;span style=\\&quot;font-size: small;\\&quot;&gt;https:\\\/\\\/www.instagram.com\\\/unicredcoomarca\\\/&lt;\\\/span&gt;&lt;\\\/span&gt;&lt;\\\/p&gt;&lt;p class=\\&quot;western\\&quot; align=\\&quot;left\\&quot;&gt;&lt;span style=\\&quot;font-family: Calibri, serif;\\&quot;&gt;&lt;span style=\\&quot;font-size: small;\\&quot;&gt;https:\\\/\\\/www.unicred.com.br\\\/coomarca\\\/home&lt;\\\/span&gt;&lt;\\\/span&gt;&lt;\\\/p&gt;&quot;,&quot;hotspot_label&quot;:&quot;&quot;,&quot;hotspot_link&quot;:{&quot;url&quot;:&quot;&quot;,&quot;is_external&quot;:&quot;&quot;,&quot;nofollow&quot;:&quot;&quot;,&quot;custom_attributes&quot;:&quot;&quot;},&quot;hotspot_icon&quot;:{&quot;value&quot;:&quot;&quot;,&quot;library&quot;:&quot;&quot;},&quot;hotspot_custom_size&quot;:&quot;no&quot;,&quot;hotspot_horizontal&quot;:&quot;left&quot;,&quot;hotspot_vertical&quot;:&quot;top&quot;,&quot;hotspot_tooltip_position&quot;:&quot;no&quot;,&quot;hotspot_position&quot;:null}],&quot;tooltip_trigger&quot;:&quot;mouseenter&quot;,&quot;hotspot_sequenced_animation&quot;:&quot;no&quot;,&quot;tooltip_position&quot;:&quot;top&quot;,&quot;tooltip_animation&quot;:&quot;e-hotspot--fade-in-out&quot;}\" data-widget_type=\"hotspot.default\">\n\t\t\t\t<div class=\"elementor-widget-container\">\n\t\t\t\t\t<img loading=\"lazy\" decoding=\"async\" width=\"800\" height=\"160\" src=\"https:\/\/adepolsc.org.br\/adepolsite\/wp-content\/uploads\/2025\/02\/016-COMMARCA.png\" class=\"attachment-large size-large wp-image-1321\" alt=\"\" \/>\n\t\t\t\t\t\t<div class=\"e-hotspot elementor-repeater-item-59e9d96      e-hotspot--circle\">\n\n\t\t\t\t\t\t\t\t<div class=\"e-hotspot__button e-hotspot--expand\">\n\t\t\t\t\t\t\t\t\t\t\t<div class=\"e-hotspot__outer-circle\"><\/div>\n\t\t\t\t\t\t<div class=\"e-hotspot__inner-circle\"><\/div>\n\t\t\t\t\t\t\t\t\t<\/div>\n\n\t\t\t\t\t\t\t\t\t\t\t\t\t\t\t\t\t\t<div class=\"e-hotspot__tooltip  e-hotspot--tooltip-position e-hotspot--fade-in-out \" >\n\t\t\t\t\t\t<p class=\"western\" align=\"left\"><span style=\"font-family: Calibri, serif;\"><span style=\"font-size: small;\"><span style=\"font-size: large;\"><b>COOMARCA<\/b><\/span><\/span><\/span><\/p><p class=\"western\" align=\"left\"><span style=\"font-family: Calibri, serif;\"><span style=\"font-size: small;\">A Unicred Coomarca \u00e9 uma institui\u00e7\u00e3o financeira premium dedicada exclusivamente aos servidores p\u00fablicos. Esta parceria <br \/>traz uma s\u00e9rie de benef\u00edcios exclusivos que foram cuidadosamente pensados para atender \u00e0s suas necessidades financeiras:<\/span><\/span><\/p><p class=\"western\" align=\"left\"><span style=\"font-family: Calibri, serif;\"><span style=\"font-size: small;\">Planejamento Financeiro - Investimentos - Empr\u00e9stimo Consignado<\/span><\/span><\/p><p class=\"western\" align=\"left\"><span style=\"font-family: Calibri, serif;\"><span style=\"font-size: small;\">Previd\u00eancia Complementar - Planejamento Sucess\u00f3rio<\/span><\/span><\/p><p class=\"western\" align=\"left\"><span style=\"font-family: Calibri, serif;\"><span style=\"font-size: small;\">Cons\u00f3rcios - Cart\u00f5es Unicred Visa - Solu\u00e7\u00f5es PJ<\/span><\/span><\/p><p class=\"western\" align=\"left\"><span style=\"font-family: Calibri, serif;\"><span style=\"font-size: small;\">Para usufruir desses benef\u00edcios, basta se identificar como associado Adepol e agendar uma consultoria financeira com um dos <br \/>especialistas da Unicred Coomarca. N\u00e3o perca esta oportunidade de ter ao seu lado uma institui\u00e7\u00e3o financeira comprometida com <br \/>seu sucesso e prosperidade.<\/span><\/span><\/p><p class=\"western\" align=\"left\"><span style=\"font-family: Calibri, serif;\"><span style=\"font-size: small;\">Para mais informa\u00e7\u00f5es acesse:<br \/>wa.me\/554830847101<\/span><\/span><\/p><p class=\"western\" align=\"left\"><span style=\"font-family: Calibri, serif;\"><span style=\"font-size: small;\">https:\/\/www.instagram.com\/unicredcoomarca\/<\/span><\/span><\/p><p class=\"western\" align=\"left\"><span style=\"font-family: Calibri, serif;\"><span style=\"font-size: small;\">https:\/\/www.unicred.com.br\/coomarca\/home<\/span><\/span><\/p>\t\t\t\t\t<\/div>\n\t\t\t\t\t\t\t\t\t\n\t\t\t<\/div>\n\n\t\n\t\t\t\t\t\t<\/div>\n\t\t\t\t<\/div>\n\t\t\t\t<\/div>\n\t\t\t\t<\/div>\n\t\t\t\t\t<\/div>\n\t\t\t\t<\/div>\n\t\t<div id=\"e-n-tab-content-58941246\" role=\"tabpanel\" aria-labelledby=\"e-n-tab-title-58941246\" data-tab-index=\"6\" style=\"--n-tabs-title-order: 6;\" class=\" elementor-element elementor-element-4c375c2 e-flex e-con-boxed e-con e-child\" data-id=\"4c375c2\" data-element_type=\"container\">\n\t\t\t\t\t<div class=\"e-con-inner\">\n\t\t<div class=\"elementor-element elementor-element-f7a934f e-con-full e-flex e-con e-child\" data-id=\"f7a934f\" data-element_type=\"container\">\n\t\t<div class=\"elementor-element elementor-element-4ed2ccf e-con-full e-flex e-con e-child\" data-id=\"4ed2ccf\" data-element_type=\"container\">\n\t\t\t\t<div class=\"elementor-element elementor-element-2e88922 elementor-widget elementor-widget-hotspot\" data-id=\"2e88922\" data-element_type=\"widget\" data-settings=\"{&quot;hotspot&quot;:[{&quot;_id&quot;:&quot;59e9d96&quot;,&quot;hotspot_tooltip_content&quot;:&quot;&lt;p lang=\\&quot;pt-PT\\&quot;&gt;&lt;span style=\\&quot;font-size: small;\\&quot;&gt;&lt;span style=\\&quot;font-size: large;\\&quot;&gt;&lt;b&gt;SC PREV&lt;\\\/b&gt;&lt;\\\/span&gt;&lt;\\\/span&gt;&lt;\\\/p&gt;&lt;p class=\\&quot;western\\&quot; align=\\&quot;left\\&quot;&gt;&lt;span style=\\&quot;font-family: Calibri, serif;\\&quot;&gt;&lt;span style=\\&quot;font-size: small;\\&quot;&gt;COBERTURA DE INVALIDEZ&lt;br \\\/&gt;IDADE CAPITAL SEGURADO CUSTO&lt;br \\\/&gt;35 anos R$ 500.000,00 R$ 64,49&lt;br \\\/&gt;35 anos R$ 1.000.000,00 R$ 128,98&lt;\\\/span&gt;&lt;\\\/span&gt;&lt;\\\/p&gt;&lt;p class=\\&quot;western\\&quot; align=\\&quot;left\\&quot;&gt;&lt;span style=\\&quot;font-family: Calibri, serif;\\&quot;&gt;&lt;span style=\\&quot;font-size: small;\\&quot;&gt;COBERTURA DE MORTE&lt;br \\\/&gt;IDADE CAPITAL SEGURADO CUSTO&lt;br \\\/&gt;35 anos R$ 500.000,00 R$ 76,27&lt;br \\\/&gt;35 anos R$ 1.000.000,00 R$ 152,54&lt;\\\/span&gt;&lt;\\\/span&gt;&lt;\\\/p&gt;&lt;p class=\\&quot;western\\&quot; align=\\&quot;left\\&quot;&gt;&lt;span style=\\&quot;font-family: Calibri, serif;\\&quot;&gt;&lt;span style=\\&quot;font-size: small;\\&quot;&gt;(*) O valor da Parcela Adicional de Risco ser\\u00e1 pago em forma de renda.&lt;\\\/span&gt;&lt;\\\/span&gt;&lt;\\\/p&gt;&quot;,&quot;hotspot_label&quot;:&quot;&quot;,&quot;hotspot_link&quot;:{&quot;url&quot;:&quot;&quot;,&quot;is_external&quot;:&quot;&quot;,&quot;nofollow&quot;:&quot;&quot;,&quot;custom_attributes&quot;:&quot;&quot;},&quot;hotspot_icon&quot;:{&quot;value&quot;:&quot;&quot;,&quot;library&quot;:&quot;&quot;},&quot;hotspot_custom_size&quot;:&quot;no&quot;,&quot;hotspot_horizontal&quot;:&quot;left&quot;,&quot;hotspot_vertical&quot;:&quot;top&quot;,&quot;hotspot_tooltip_position&quot;:&quot;no&quot;,&quot;hotspot_position&quot;:null}],&quot;tooltip_trigger&quot;:&quot;mouseenter&quot;,&quot;hotspot_sequenced_animation&quot;:&quot;no&quot;,&quot;tooltip_position&quot;:&quot;top&quot;,&quot;tooltip_animation&quot;:&quot;e-hotspot--fade-in-out&quot;}\" data-widget_type=\"hotspot.default\">\n\t\t\t\t<div class=\"elementor-widget-container\">\n\t\t\t\t\t<img loading=\"lazy\" decoding=\"async\" width=\"298\" height=\"223\" src=\"https:\/\/adepolsc.org.br\/adepolsite\/wp-content\/uploads\/2025\/02\/010-SC-PREV.png\" class=\"attachment-large size-large wp-image-1315\" alt=\"\" \/>\n\t\t\t\t\t\t<div class=\"e-hotspot elementor-repeater-item-59e9d96      e-hotspot--circle\">\n\n\t\t\t\t\t\t\t\t<div class=\"e-hotspot__button e-hotspot--expand\">\n\t\t\t\t\t\t\t\t\t\t\t<div class=\"e-hotspot__outer-circle\"><\/div>\n\t\t\t\t\t\t<div class=\"e-hotspot__inner-circle\"><\/div>\n\t\t\t\t\t\t\t\t\t<\/div>\n\n\t\t\t\t\t\t\t\t\t\t\t\t\t\t\t\t\t\t<div class=\"e-hotspot__tooltip  e-hotspot--tooltip-position e-hotspot--fade-in-out \" >\n\t\t\t\t\t\t<p lang=\"pt-PT\"><span style=\"font-size: small;\"><span style=\"font-size: large;\"><b>SC PREV<\/b><\/span><\/span><\/p><p class=\"western\" align=\"left\"><span style=\"font-family: Calibri, serif;\"><span style=\"font-size: small;\">COBERTURA DE INVALIDEZ<br \/>IDADE CAPITAL SEGURADO CUSTO<br \/>35 anos R$ 500.000,00 R$ 64,49<br \/>35 anos R$ 1.000.000,00 R$ 128,98<\/span><\/span><\/p><p class=\"western\" align=\"left\"><span style=\"font-family: Calibri, serif;\"><span style=\"font-size: small;\">COBERTURA DE MORTE<br \/>IDADE CAPITAL SEGURADO CUSTO<br \/>35 anos R$ 500.000,00 R$ 76,27<br \/>35 anos R$ 1.000.000,00 R$ 152,54<\/span><\/span><\/p><p class=\"western\" align=\"left\"><span style=\"font-family: Calibri, serif;\"><span style=\"font-size: small;\">(*) O valor da Parcela Adicional de Risco ser\u00e1 pago em forma de renda.<\/span><\/span><\/p>\t\t\t\t\t<\/div>\n\t\t\t\t\t\t\t\t\t\n\t\t\t<\/div>\n\n\t\n\t\t\t\t\t\t<\/div>\n\t\t\t\t<\/div>\n\t\t\t\t<\/div>\n\t\t<div class=\"elementor-element elementor-element-2345bbe e-con-full e-flex e-con e-child\" data-id=\"2345bbe\" data-element_type=\"container\">\n\t\t\t\t<div class=\"elementor-element elementor-element-1456755 elementor-widget elementor-widget-hotspot\" data-id=\"1456755\" data-element_type=\"widget\" data-settings=\"{&quot;hotspot&quot;:[{&quot;_id&quot;:&quot;59e9d96&quot;,&quot;hotspot_tooltip_content&quot;:&quot;&lt;p lang=\\&quot;pt-PT\\&quot;&gt;&lt;span style=\\&quot;font-size: small;\\&quot;&gt;&lt;span style=\\&quot;font-size: large;\\&quot;&gt;&lt;b&gt;FG SEGUROS&lt;\\\/b&gt;&lt;\\\/span&gt;&lt;\\\/span&gt;&lt;\\\/p&gt;&lt;p lang=\\&quot;pt-PT\\&quot;&gt;&lt;span style=\\&quot;font-size: small;\\&quot;&gt;&lt;span style=\\&quot;font-size: medium;\\&quot;&gt;Carro, moto e resid\\u00eancia &lt;\\\/span&gt;&lt;\\\/span&gt;&lt;\\\/p&gt;&quot;,&quot;hotspot_label&quot;:&quot;&quot;,&quot;hotspot_link&quot;:{&quot;url&quot;:&quot;&quot;,&quot;is_external&quot;:&quot;&quot;,&quot;nofollow&quot;:&quot;&quot;,&quot;custom_attributes&quot;:&quot;&quot;},&quot;hotspot_icon&quot;:{&quot;value&quot;:&quot;&quot;,&quot;library&quot;:&quot;&quot;},&quot;hotspot_custom_size&quot;:&quot;no&quot;,&quot;hotspot_horizontal&quot;:&quot;left&quot;,&quot;hotspot_vertical&quot;:&quot;top&quot;,&quot;hotspot_tooltip_position&quot;:&quot;no&quot;,&quot;hotspot_position&quot;:null}],&quot;tooltip_trigger&quot;:&quot;mouseenter&quot;,&quot;hotspot_sequenced_animation&quot;:&quot;no&quot;,&quot;tooltip_position&quot;:&quot;top&quot;,&quot;tooltip_animation&quot;:&quot;e-hotspot--fade-in-out&quot;}\" data-widget_type=\"hotspot.default\">\n\t\t\t\t<div class=\"elementor-widget-container\">\n\t\t\t\t\t<img loading=\"lazy\" decoding=\"async\" width=\"300\" height=\"99\" src=\"https:\/\/adepolsc.org.br\/adepolsite\/wp-content\/uploads\/2025\/02\/025-FG-SEGUROS-.png\" class=\"attachment-large size-large wp-image-1331\" alt=\"\" \/>\n\t\t\t\t\t\t<div class=\"e-hotspot elementor-repeater-item-59e9d96      e-hotspot--circle\">\n\n\t\t\t\t\t\t\t\t<div class=\"e-hotspot__button e-hotspot--expand\">\n\t\t\t\t\t\t\t\t\t\t\t<div class=\"e-hotspot__outer-circle\"><\/div>\n\t\t\t\t\t\t<div class=\"e-hotspot__inner-circle\"><\/div>\n\t\t\t\t\t\t\t\t\t<\/div>\n\n\t\t\t\t\t\t\t\t\t\t\t\t\t\t\t\t\t\t<div class=\"e-hotspot__tooltip  e-hotspot--tooltip-position e-hotspot--fade-in-out \" >\n\t\t\t\t\t\t<p lang=\"pt-PT\"><span style=\"font-size: small;\"><span style=\"font-size: large;\"><b>FG SEGUROS<\/b><\/span><\/span><\/p><p lang=\"pt-PT\"><span style=\"font-size: small;\"><span style=\"font-size: medium;\">Carro, moto e resid\u00eancia <\/span><\/span><\/p>\t\t\t\t\t<\/div>\n\t\t\t\t\t\t\t\t\t\n\t\t\t<\/div>\n\n\t\n\t\t\t\t\t\t<\/div>\n\t\t\t\t<\/div>\n\t\t\t\t<\/div>\n\t\t<div class=\"elementor-element elementor-element-ded6ea9 e-con-full e-flex e-con e-child\" data-id=\"ded6ea9\" data-element_type=\"container\">\n\t\t\t\t<div class=\"elementor-element elementor-element-9fc007d elementor-widget elementor-widget-hotspot\" data-id=\"9fc007d\" data-element_type=\"widget\" data-settings=\"{&quot;hotspot&quot;:[{&quot;_id&quot;:&quot;59e9d96&quot;,&quot;hotspot_tooltip_content&quot;:&quot;&lt;p lang=\\&quot;pt-PT\\&quot;&gt;&lt;span style=\\&quot;font-size: small;\\&quot;&gt;&lt;span style=\\&quot;font-size: large;\\&quot;&gt;&lt;b&gt;Barcellos seguros&lt;\\\/b&gt;&lt;\\\/span&gt;&lt;\\\/span&gt;&lt;\\\/p&gt;&lt;p lang=\\&quot;pt-PT\\&quot;&gt;&lt;span style=\\&quot;font-size: small;\\&quot;&gt;&lt;span style=\\&quot;font-size: large;\\&quot;&gt;Seguro de vida&lt;\\\/span&gt;&lt;\\\/span&gt;&lt;\\\/p&gt;&quot;,&quot;hotspot_label&quot;:&quot;&quot;,&quot;hotspot_link&quot;:{&quot;url&quot;:&quot;&quot;,&quot;is_external&quot;:&quot;&quot;,&quot;nofollow&quot;:&quot;&quot;,&quot;custom_attributes&quot;:&quot;&quot;},&quot;hotspot_icon&quot;:{&quot;value&quot;:&quot;&quot;,&quot;library&quot;:&quot;&quot;},&quot;hotspot_custom_size&quot;:&quot;no&quot;,&quot;hotspot_horizontal&quot;:&quot;left&quot;,&quot;hotspot_vertical&quot;:&quot;top&quot;,&quot;hotspot_tooltip_position&quot;:&quot;no&quot;,&quot;hotspot_position&quot;:null}],&quot;tooltip_trigger&quot;:&quot;mouseenter&quot;,&quot;hotspot_sequenced_animation&quot;:&quot;no&quot;,&quot;tooltip_position&quot;:&quot;top&quot;,&quot;tooltip_animation&quot;:&quot;e-hotspot--fade-in-out&quot;}\" data-widget_type=\"hotspot.default\">\n\t\t\t\t<div class=\"elementor-widget-container\">\n\t\t\t\t\t<img loading=\"lazy\" decoding=\"async\" width=\"800\" height=\"346\" src=\"https:\/\/adepolsc.org.br\/adepolsite\/wp-content\/uploads\/2025\/02\/029-Barcellos-seguros.png\" class=\"attachment-large size-large wp-image-1335\" alt=\"\" \/>\n\t\t\t\t\t\t<div class=\"e-hotspot elementor-repeater-item-59e9d96      e-hotspot--circle\">\n\n\t\t\t\t\t\t\t\t<div class=\"e-hotspot__button e-hotspot--expand\">\n\t\t\t\t\t\t\t\t\t\t\t<div class=\"e-hotspot__outer-circle\"><\/div>\n\t\t\t\t\t\t<div class=\"e-hotspot__inner-circle\"><\/div>\n\t\t\t\t\t\t\t\t\t<\/div>\n\n\t\t\t\t\t\t\t\t\t\t\t\t\t\t\t\t\t\t<div class=\"e-hotspot__tooltip  e-hotspot--tooltip-position e-hotspot--fade-in-out \" >\n\t\t\t\t\t\t<p lang=\"pt-PT\"><span style=\"font-size: small;\"><span style=\"font-size: large;\"><b>Barcellos seguros<\/b><\/span><\/span><\/p><p lang=\"pt-PT\"><span style=\"font-size: small;\"><span style=\"font-size: large;\">Seguro de vida<\/span><\/span><\/p>\t\t\t\t\t<\/div>\n\t\t\t\t\t\t\t\t\t\n\t\t\t<\/div>\n\n\t\n\t\t\t\t\t\t<\/div>\n\t\t\t\t<\/div>\n\t\t\t\t<\/div>\n\t\t\t\t<\/div>\n\t\t\t\t\t<\/div>\n\t\t\t\t<\/div>\n\t\t<div id=\"e-n-tab-content-58941247\" role=\"tabpanel\" aria-labelledby=\"e-n-tab-title-58941247\" data-tab-index=\"7\" style=\"--n-tabs-title-order: 7;\" class=\" elementor-element elementor-element-2d233e7 e-flex e-con-boxed e-con e-child\" data-id=\"2d233e7\" data-element_type=\"container\">\n\t\t\t\t\t<div class=\"e-con-inner\">\n\t\t<div class=\"elementor-element elementor-element-3f68f09 e-con-full e-flex e-con e-child\" data-id=\"3f68f09\" data-element_type=\"container\">\n\t\t<div class=\"elementor-element elementor-element-ffa0908 e-con-full e-flex e-con e-child\" data-id=\"ffa0908\" data-element_type=\"container\">\n\t\t\t\t<div class=\"elementor-element elementor-element-fa90027 elementor-widget elementor-widget-hotspot\" data-id=\"fa90027\" data-element_type=\"widget\" data-settings=\"{&quot;hotspot&quot;:[{&quot;_id&quot;:&quot;59e9d96&quot;,&quot;hotspot_tooltip_content&quot;:&quot;&lt;p lang=\\&quot;pt-PT\\&quot;&gt;&lt;span style=\\&quot;font-size: small;\\&quot;&gt;&lt;span style=\\&quot;font-size: large;\\&quot;&gt;&lt;b&gt;\\u00c1GUAS DE PALMAS&lt;\\\/b&gt;&lt;\\\/span&gt;&lt;\\\/span&gt;&lt;\\\/p&gt;&lt;p class=\\&quot;western\\&quot; align=\\&quot;left\\&quot;&gt;&lt;span style=\\&quot;font-family: Calibri, serif;\\&quot;&gt;&lt;span style=\\&quot;font-size: small;\\&quot;&gt;&lt;span style=\\&quot;font-size: medium;\\&quot;&gt;Concess\\u00e3o de um desconto de 10% nas di\\u00e1rias e pacotes tur\\u00edsticos para todos os associados da ADEPOL-SC.\\u00a0&lt;\\\/span&gt;&lt;\\\/span&gt;&lt;\\\/span&gt;&lt;\\\/p&gt;&quot;,&quot;hotspot_label&quot;:&quot;&quot;,&quot;hotspot_link&quot;:{&quot;url&quot;:&quot;&quot;,&quot;is_external&quot;:&quot;&quot;,&quot;nofollow&quot;:&quot;&quot;,&quot;custom_attributes&quot;:&quot;&quot;},&quot;hotspot_icon&quot;:{&quot;value&quot;:&quot;&quot;,&quot;library&quot;:&quot;&quot;},&quot;hotspot_custom_size&quot;:&quot;no&quot;,&quot;hotspot_horizontal&quot;:&quot;left&quot;,&quot;hotspot_vertical&quot;:&quot;top&quot;,&quot;hotspot_tooltip_position&quot;:&quot;no&quot;,&quot;hotspot_position&quot;:null}],&quot;tooltip_trigger&quot;:&quot;mouseenter&quot;,&quot;hotspot_sequenced_animation&quot;:&quot;no&quot;,&quot;tooltip_position&quot;:&quot;top&quot;,&quot;tooltip_animation&quot;:&quot;e-hotspot--fade-in-out&quot;}\" data-widget_type=\"hotspot.default\">\n\t\t\t\t<div class=\"elementor-widget-container\">\n\t\t\t\t\t<img loading=\"lazy\" decoding=\"async\" width=\"350\" height=\"200\" src=\"https:\/\/adepolsc.org.br\/adepolsite\/wp-content\/uploads\/2025\/02\/005-A\u2560uGUAS-DE-PALMAS.jpg\" class=\"attachment-large size-large wp-image-1310\" alt=\"\" \/>\n\t\t\t\t\t\t<div class=\"e-hotspot elementor-repeater-item-59e9d96      e-hotspot--circle\">\n\n\t\t\t\t\t\t\t\t<div class=\"e-hotspot__button e-hotspot--expand\">\n\t\t\t\t\t\t\t\t\t\t\t<div class=\"e-hotspot__outer-circle\"><\/div>\n\t\t\t\t\t\t<div class=\"e-hotspot__inner-circle\"><\/div>\n\t\t\t\t\t\t\t\t\t<\/div>\n\n\t\t\t\t\t\t\t\t\t\t\t\t\t\t\t\t\t\t<div class=\"e-hotspot__tooltip  e-hotspot--tooltip-position e-hotspot--fade-in-out \" >\n\t\t\t\t\t\t<p lang=\"pt-PT\"><span style=\"font-size: small;\"><span style=\"font-size: large;\"><b>\u00c1GUAS DE PALMAS<\/b><\/span><\/span><\/p><p class=\"western\" align=\"left\"><span style=\"font-family: Calibri, serif;\"><span style=\"font-size: small;\"><span style=\"font-size: medium;\">Concess\u00e3o de um desconto de 10% nas di\u00e1rias e pacotes tur\u00edsticos para todos os associados da ADEPOL-SC.\u00a0<\/span><\/span><\/span><\/p>\t\t\t\t\t<\/div>\n\t\t\t\t\t\t\t\t\t\n\t\t\t<\/div>\n\n\t\n\t\t\t\t\t\t<\/div>\n\t\t\t\t<\/div>\n\t\t\t\t<\/div>\n\t\t<div class=\"elementor-element elementor-element-051dd56 e-con-full e-flex e-con e-child\" data-id=\"051dd56\" data-element_type=\"container\">\n\t\t\t\t<div class=\"elementor-element elementor-element-baa8d91 elementor-widget elementor-widget-hotspot\" data-id=\"baa8d91\" data-element_type=\"widget\" data-settings=\"{&quot;hotspot&quot;:[{&quot;_id&quot;:&quot;59e9d96&quot;,&quot;hotspot_tooltip_content&quot;:&quot;&lt;p lang=\\&quot;pt-PT\\&quot;&gt;&lt;span style=\\&quot;font-size: small;\\&quot;&gt;&lt;span style=\\&quot;font-size: large;\\&quot;&gt;&lt;b&gt;HOTEL SIBARA&lt;\\\/b&gt;&lt;\\\/span&gt;&lt;\\\/span&gt;&lt;\\\/p&gt;&lt;p class=\\&quot;western\\&quot; align=\\&quot;left\\&quot;&gt;&lt;span style=\\&quot;font-family: Calibri, serif;\\&quot;&gt;&lt;span style=\\&quot;font-size: small;\\&quot;&gt;Tarifas fixas para os associados da ADEPOL-SC.&lt;\\\/span&gt;&lt;\\\/span&gt;&lt;\\\/p&gt;&quot;,&quot;hotspot_label&quot;:&quot;&quot;,&quot;hotspot_link&quot;:{&quot;url&quot;:&quot;&quot;,&quot;is_external&quot;:&quot;&quot;,&quot;nofollow&quot;:&quot;&quot;,&quot;custom_attributes&quot;:&quot;&quot;},&quot;hotspot_icon&quot;:{&quot;value&quot;:&quot;&quot;,&quot;library&quot;:&quot;&quot;},&quot;hotspot_custom_size&quot;:&quot;no&quot;,&quot;hotspot_horizontal&quot;:&quot;left&quot;,&quot;hotspot_vertical&quot;:&quot;top&quot;,&quot;hotspot_tooltip_position&quot;:&quot;no&quot;,&quot;hotspot_position&quot;:null}],&quot;tooltip_trigger&quot;:&quot;mouseenter&quot;,&quot;hotspot_sequenced_animation&quot;:&quot;no&quot;,&quot;tooltip_position&quot;:&quot;top&quot;,&quot;tooltip_animation&quot;:&quot;e-hotspot--fade-in-out&quot;}\" data-widget_type=\"hotspot.default\">\n\t\t\t\t<div class=\"elementor-widget-container\">\n\t\t\t\t\t<img loading=\"lazy\" decoding=\"async\" width=\"362\" height=\"190\" src=\"https:\/\/adepolsc.org.br\/adepolsite\/wp-content\/uploads\/2025\/02\/006-HOTEL-SIBARA.jpg\" class=\"attachment-large size-large wp-image-1311\" alt=\"\" \/>\n\t\t\t\t\t\t<div class=\"e-hotspot elementor-repeater-item-59e9d96      e-hotspot--circle\">\n\n\t\t\t\t\t\t\t\t<div class=\"e-hotspot__button e-hotspot--expand\">\n\t\t\t\t\t\t\t\t\t\t\t<div class=\"e-hotspot__outer-circle\"><\/div>\n\t\t\t\t\t\t<div class=\"e-hotspot__inner-circle\"><\/div>\n\t\t\t\t\t\t\t\t\t<\/div>\n\n\t\t\t\t\t\t\t\t\t\t\t\t\t\t\t\t\t\t<div class=\"e-hotspot__tooltip  e-hotspot--tooltip-position e-hotspot--fade-in-out \" >\n\t\t\t\t\t\t<p lang=\"pt-PT\"><span style=\"font-size: small;\"><span style=\"font-size: large;\"><b>HOTEL SIBARA<\/b><\/span><\/span><\/p><p class=\"western\" align=\"left\"><span style=\"font-family: Calibri, serif;\"><span style=\"font-size: small;\">Tarifas fixas para os associados da ADEPOL-SC.<\/span><\/span><\/p>\t\t\t\t\t<\/div>\n\t\t\t\t\t\t\t\t\t\n\t\t\t<\/div>\n\n\t\n\t\t\t\t\t\t<\/div>\n\t\t\t\t<\/div>\n\t\t\t\t<\/div>\n\t\t<div class=\"elementor-element elementor-element-528c301 e-con-full e-flex e-con e-child\" data-id=\"528c301\" data-element_type=\"container\">\n\t\t\t\t<div class=\"elementor-element elementor-element-5cdb828 elementor-widget elementor-widget-hotspot\" data-id=\"5cdb828\" data-element_type=\"widget\" data-settings=\"{&quot;hotspot&quot;:[{&quot;_id&quot;:&quot;59e9d96&quot;,&quot;hotspot_tooltip_content&quot;:&quot;&lt;p lang=\\&quot;pt-PT\\&quot;&gt;&lt;span style=\\&quot;font-size: small;\\&quot;&gt;&lt;span style=\\&quot;font-size: large;\\&quot;&gt;&lt;b&gt;MAJESTIC PALACE HOTEL&lt;\\\/b&gt;&lt;\\\/span&gt;&lt;\\\/span&gt;&lt;\\\/p&gt;&lt;p class=\\&quot;western\\&quot; align=\\&quot;left\\&quot;&gt;&lt;span style=\\&quot;font-family: Calibri, serif;\\&quot;&gt;&lt;span style=\\&quot;font-size: small;\\&quot;&gt;Concedemos 10% de desconto sobre a tarifa vigente do per\\u00edodo para Delegados de Pol\\u00edcia do Estado de Santa Catarina.&lt;\\\/span&gt;&lt;\\\/span&gt;&lt;\\\/p&gt;&quot;,&quot;hotspot_label&quot;:&quot;&quot;,&quot;hotspot_link&quot;:{&quot;url&quot;:&quot;&quot;,&quot;is_external&quot;:&quot;&quot;,&quot;nofollow&quot;:&quot;&quot;,&quot;custom_attributes&quot;:&quot;&quot;},&quot;hotspot_icon&quot;:{&quot;value&quot;:&quot;&quot;,&quot;library&quot;:&quot;&quot;},&quot;hotspot_custom_size&quot;:&quot;no&quot;,&quot;hotspot_horizontal&quot;:&quot;left&quot;,&quot;hotspot_vertical&quot;:&quot;top&quot;,&quot;hotspot_tooltip_position&quot;:&quot;no&quot;,&quot;hotspot_position&quot;:null}],&quot;tooltip_trigger&quot;:&quot;mouseenter&quot;,&quot;hotspot_sequenced_animation&quot;:&quot;no&quot;,&quot;tooltip_position&quot;:&quot;top&quot;,&quot;tooltip_animation&quot;:&quot;e-hotspot--fade-in-out&quot;}\" data-widget_type=\"hotspot.default\">\n\t\t\t\t<div class=\"elementor-widget-container\">\n\t\t\t\t\t<img loading=\"lazy\" decoding=\"async\" width=\"295\" height=\"90\" src=\"https:\/\/adepolsc.org.br\/adepolsite\/wp-content\/uploads\/2025\/02\/009-MAJESTIC-PALACE-HOTEL.png\" class=\"attachment-large size-large wp-image-1314\" alt=\"\" \/>\n\t\t\t\t\t\t<div class=\"e-hotspot elementor-repeater-item-59e9d96      e-hotspot--circle\">\n\n\t\t\t\t\t\t\t\t<div class=\"e-hotspot__button e-hotspot--expand\">\n\t\t\t\t\t\t\t\t\t\t\t<div class=\"e-hotspot__outer-circle\"><\/div>\n\t\t\t\t\t\t<div class=\"e-hotspot__inner-circle\"><\/div>\n\t\t\t\t\t\t\t\t\t<\/div>\n\n\t\t\t\t\t\t\t\t\t\t\t\t\t\t\t\t\t\t<div class=\"e-hotspot__tooltip  e-hotspot--tooltip-position e-hotspot--fade-in-out \" >\n\t\t\t\t\t\t<p lang=\"pt-PT\"><span style=\"font-size: small;\"><span style=\"font-size: large;\"><b>MAJESTIC PALACE HOTEL<\/b><\/span><\/span><\/p><p class=\"western\" align=\"left\"><span style=\"font-family: Calibri, serif;\"><span style=\"font-size: small;\">Concedemos 10% de desconto sobre a tarifa vigente do per\u00edodo para Delegados de Pol\u00edcia do Estado de Santa Catarina.<\/span><\/span><\/p>\t\t\t\t\t<\/div>\n\t\t\t\t\t\t\t\t\t\n\t\t\t<\/div>\n\n\t\n\t\t\t\t\t\t<\/div>\n\t\t\t\t<\/div>\n\t\t\t\t<\/div>\n\t\t<div class=\"elementor-element elementor-element-7af707b e-con-full e-flex e-con e-child\" data-id=\"7af707b\" data-element_type=\"container\">\n\t\t\t\t<div class=\"elementor-element elementor-element-b8cdd01 elementor-widget elementor-widget-hotspot\" data-id=\"b8cdd01\" data-element_type=\"widget\" data-settings=\"{&quot;hotspot&quot;:[{&quot;_id&quot;:&quot;59e9d96&quot;,&quot;hotspot_tooltip_content&quot;:&quot;&lt;p lang=\\&quot;pt-PT\\&quot;&gt;&lt;span style=\\&quot;font-size: small;\\&quot;&gt;&lt;span style=\\&quot;font-size: large;\\&quot;&gt;&lt;b&gt;MARAMBAIA HOTEL E CONVEN\\u00c7\\u00d5ES&lt;\\\/b&gt;&lt;\\\/span&gt;&lt;\\\/span&gt;&lt;\\\/p&gt;&lt;p class=\\&quot;western\\&quot; align=\\&quot;left\\&quot;&gt;&lt;span style=\\&quot;font-family: Calibri, serif;\\&quot;&gt;&lt;span style=\\&quot;font-size: small;\\&quot;&gt;Desconto de &lt;b&gt;20%&lt;\\\/b&gt; no valor da tarifa vigente para di\\u00e1ria de hospedagem particular na categoria \\u201capartamento standard\\u201d&lt;\\\/span&gt;&lt;\\\/span&gt;&lt;\\\/p&gt;&quot;,&quot;hotspot_label&quot;:&quot;&quot;,&quot;hotspot_link&quot;:{&quot;url&quot;:&quot;&quot;,&quot;is_external&quot;:&quot;&quot;,&quot;nofollow&quot;:&quot;&quot;,&quot;custom_attributes&quot;:&quot;&quot;},&quot;hotspot_icon&quot;:{&quot;value&quot;:&quot;&quot;,&quot;library&quot;:&quot;&quot;},&quot;hotspot_custom_size&quot;:&quot;no&quot;,&quot;hotspot_horizontal&quot;:&quot;left&quot;,&quot;hotspot_vertical&quot;:&quot;top&quot;,&quot;hotspot_tooltip_position&quot;:&quot;no&quot;,&quot;hotspot_position&quot;:null}],&quot;tooltip_trigger&quot;:&quot;mouseenter&quot;,&quot;hotspot_sequenced_animation&quot;:&quot;no&quot;,&quot;tooltip_position&quot;:&quot;top&quot;,&quot;tooltip_animation&quot;:&quot;e-hotspot--fade-in-out&quot;}\" data-widget_type=\"hotspot.default\">\n\t\t\t\t<div class=\"elementor-widget-container\">\n\t\t\t\t\t<img loading=\"lazy\" decoding=\"async\" width=\"640\" height=\"529\" src=\"https:\/\/adepolsc.org.br\/adepolsite\/wp-content\/uploads\/2025\/02\/011-MARAMBAIA-HOTEL-E-CONVENC\u2560oO\u2560aES.png\" class=\"attachment-large size-large wp-image-1316\" alt=\"\" \/>\n\t\t\t\t\t\t<div class=\"e-hotspot elementor-repeater-item-59e9d96      e-hotspot--circle\">\n\n\t\t\t\t\t\t\t\t<div class=\"e-hotspot__button e-hotspot--expand\">\n\t\t\t\t\t\t\t\t\t\t\t<div class=\"e-hotspot__outer-circle\"><\/div>\n\t\t\t\t\t\t<div class=\"e-hotspot__inner-circle\"><\/div>\n\t\t\t\t\t\t\t\t\t<\/div>\n\n\t\t\t\t\t\t\t\t\t\t\t\t\t\t\t\t\t\t<div class=\"e-hotspot__tooltip  e-hotspot--tooltip-position e-hotspot--fade-in-out \" >\n\t\t\t\t\t\t<p lang=\"pt-PT\"><span style=\"font-size: small;\"><span style=\"font-size: large;\"><b>MARAMBAIA HOTEL E CONVEN\u00c7\u00d5ES<\/b><\/span><\/span><\/p><p class=\"western\" align=\"left\"><span style=\"font-family: Calibri, serif;\"><span style=\"font-size: small;\">Desconto de <b>20%<\/b> no valor da tarifa vigente para di\u00e1ria de hospedagem particular na categoria \u201capartamento standard\u201d<\/span><\/span><\/p>\t\t\t\t\t<\/div>\n\t\t\t\t\t\t\t\t\t\n\t\t\t<\/div>\n\n\t\n\t\t\t\t\t\t<\/div>\n\t\t\t\t<\/div>\n\t\t\t\t<\/div>\n\t\t\t\t<\/div>\n\t\t<div class=\"elementor-element elementor-element-219b873 e-con-full e-flex e-con e-child\" data-id=\"219b873\" data-element_type=\"container\">\n\t\t<div class=\"elementor-element elementor-element-9cdc1ae e-con-full e-flex e-con e-child\" data-id=\"9cdc1ae\" data-element_type=\"container\">\n\t\t\t\t<div class=\"elementor-element elementor-element-2b315d7 elementor-widget elementor-widget-hotspot\" data-id=\"2b315d7\" data-element_type=\"widget\" data-settings=\"{&quot;hotspot&quot;:[{&quot;_id&quot;:&quot;59e9d96&quot;,&quot;hotspot_tooltip_content&quot;:&quot;&lt;p lang=\\&quot;pt-PT\\&quot;&gt;&lt;span style=\\&quot;font-size: small;\\&quot;&gt;&lt;span style=\\&quot;font-size: large;\\&quot;&gt;&lt;b&gt;COST\\u00c3O DO SANTINHO&lt;\\\/b&gt;&lt;\\\/span&gt;&lt;\\\/span&gt;&lt;\\\/p&gt;&lt;p class=\\&quot;western\\&quot; align=\\&quot;left\\&quot;&gt;&lt;span style=\\&quot;font-family: Calibri, serif;\\&quot;&gt;&lt;span style=\\&quot;font-size: small;\\&quot;&gt;De 10 a 15% de desconto nas tarifas vigentes.&lt;\\\/span&gt;&lt;\\\/span&gt;&lt;\\\/p&gt;&quot;,&quot;hotspot_label&quot;:&quot;&quot;,&quot;hotspot_link&quot;:{&quot;url&quot;:&quot;&quot;,&quot;is_external&quot;:&quot;&quot;,&quot;nofollow&quot;:&quot;&quot;,&quot;custom_attributes&quot;:&quot;&quot;},&quot;hotspot_icon&quot;:{&quot;value&quot;:&quot;&quot;,&quot;library&quot;:&quot;&quot;},&quot;hotspot_custom_size&quot;:&quot;no&quot;,&quot;hotspot_horizontal&quot;:&quot;left&quot;,&quot;hotspot_vertical&quot;:&quot;top&quot;,&quot;hotspot_tooltip_position&quot;:&quot;no&quot;,&quot;hotspot_position&quot;:null}],&quot;tooltip_trigger&quot;:&quot;mouseenter&quot;,&quot;hotspot_sequenced_animation&quot;:&quot;no&quot;,&quot;tooltip_position&quot;:&quot;top&quot;,&quot;tooltip_animation&quot;:&quot;e-hotspot--fade-in-out&quot;}\" data-widget_type=\"hotspot.default\">\n\t\t\t\t<div class=\"elementor-widget-container\">\n\t\t\t\t\t<img loading=\"lazy\" decoding=\"async\" width=\"500\" height=\"389\" src=\"https:\/\/adepolsc.org.br\/adepolsite\/wp-content\/uploads\/2025\/02\/018-COSTA\u2560aO-DO-SANTINHO.jpg\" class=\"attachment-large size-large wp-image-1323\" alt=\"\" \/>\n\t\t\t\t\t\t<div class=\"e-hotspot elementor-repeater-item-59e9d96      e-hotspot--circle\">\n\n\t\t\t\t\t\t\t\t<div class=\"e-hotspot__button e-hotspot--expand\">\n\t\t\t\t\t\t\t\t\t\t\t<div class=\"e-hotspot__outer-circle\"><\/div>\n\t\t\t\t\t\t<div class=\"e-hotspot__inner-circle\"><\/div>\n\t\t\t\t\t\t\t\t\t<\/div>\n\n\t\t\t\t\t\t\t\t\t\t\t\t\t\t\t\t\t\t<div class=\"e-hotspot__tooltip  e-hotspot--tooltip-position e-hotspot--fade-in-out \" >\n\t\t\t\t\t\t<p lang=\"pt-PT\"><span style=\"font-size: small;\"><span style=\"font-size: large;\"><b>COST\u00c3O DO SANTINHO<\/b><\/span><\/span><\/p><p class=\"western\" align=\"left\"><span style=\"font-family: Calibri, serif;\"><span style=\"font-size: small;\">De 10 a 15% de desconto nas tarifas vigentes.<\/span><\/span><\/p>\t\t\t\t\t<\/div>\n\t\t\t\t\t\t\t\t\t\n\t\t\t<\/div>\n\n\t\n\t\t\t\t\t\t<\/div>\n\t\t\t\t<\/div>\n\t\t\t\t<\/div>\n\t\t<div class=\"elementor-element elementor-element-13e657a e-con-full e-flex e-con e-child\" data-id=\"13e657a\" data-element_type=\"container\">\n\t\t\t\t<div class=\"elementor-element elementor-element-2ded76d elementor-widget elementor-widget-hotspot\" data-id=\"2ded76d\" data-element_type=\"widget\" data-settings=\"{&quot;hotspot&quot;:[{&quot;_id&quot;:&quot;59e9d96&quot;,&quot;hotspot_tooltip_content&quot;:&quot;&lt;p lang=\\&quot;pt-PT\\&quot;&gt;&lt;span style=\\&quot;font-size: small;\\&quot;&gt;&lt;span style=\\&quot;font-family: Calibri, serif;\\&quot;&gt;&lt;span style=\\&quot;font-size: large;\\&quot;&gt;&lt;b&gt;LE CANARD HOTEIS&lt;\\\/b&gt;&lt;\\\/span&gt;&lt;\\\/span&gt;&lt;\\\/span&gt;&lt;\\\/p&gt;&lt;p class=\\&quot;western\\&quot; align=\\&quot;left\\&quot;&gt;&lt;span style=\\&quot;font-family: Calibri, serif;\\&quot;&gt;&lt;span style=\\&quot;font-size: small;\\&quot;&gt;&lt;u&gt;CATEGORIA EXECUTIVA \\u2013 DIARIA&lt;\\\/u&gt;&lt;\\\/span&gt;&lt;\\\/span&gt;&lt;\\\/p&gt;&lt;p class=\\&quot;western\\&quot; align=\\&quot;left\\&quot;&gt;&lt;span style=\\&quot;font-family: Calibri, serif;\\&quot;&gt;&lt;span style=\\&quot;font-size: small;\\&quot;&gt;Aptos com 1 cama de casal ou com 2 camas de solteiro SINGLE = R$ 248,00 + 5% ISS = R$ 260,40&lt;\\\/span&gt;&lt;\\\/span&gt;&lt;\\\/p&gt;&lt;p class=\\&quot;western\\&quot; align=\\&quot;left\\&quot;&gt;&lt;span style=\\&quot;font-family: Calibri, serif;\\&quot;&gt;&lt;span style=\\&quot;font-size: small;\\&quot;&gt;DUPLO = R$ 298,00 + 5% ISS = R$ 312,90&lt;\\\/span&gt;&lt;\\\/span&gt;&lt;\\\/p&gt;&lt;p class=\\&quot;western\\&quot; align=\\&quot;left\\&quot;&gt;&lt;span style=\\&quot;font-family: Calibri, serif;\\&quot;&gt;&lt;span style=\\&quot;font-size: small;\\&quot;&gt;&lt;u&gt;CATEGORIA LUXO SUPERIOR \\u2013 DIARIA&lt;\\\/u&gt;&lt;\\\/span&gt;&lt;\\\/span&gt;&lt;\\\/p&gt;&lt;p class=\\&quot;western\\&quot; align=\\&quot;left\\&quot;&gt;&lt;span style=\\&quot;font-family: Calibri, serif;\\&quot;&gt;&lt;span style=\\&quot;font-size: small;\\&quot;&gt;Aptos com 1 ou 2 camas de casal&lt;\\\/span&gt;&lt;\\\/span&gt;&lt;\\\/p&gt;&lt;p class=\\&quot;western\\&quot; align=\\&quot;left\\&quot;&gt;&lt;span style=\\&quot;font-family: Calibri, serif;\\&quot;&gt;&lt;span style=\\&quot;font-size: small;\\&quot;&gt;SINGLE = R$ 318,00 + 5% ISS = R$ 333,90&lt;\\\/span&gt;&lt;\\\/span&gt;&lt;\\\/p&gt;&lt;p class=\\&quot;western\\&quot; align=\\&quot;left\\&quot;&gt;&lt;span style=\\&quot;font-family: Calibri, serif;\\&quot;&gt;&lt;span style=\\&quot;font-size: small;\\&quot;&gt;DUPLO = R$ 378,00 + 5% ISS = R$ 396,90&lt;\\\/span&gt;&lt;\\\/span&gt;&lt;\\\/p&gt;&lt;p class=\\&quot;western\\&quot; align=\\&quot;left\\&quot;&gt;&lt;span style=\\&quot;font-family: Calibri, serif;\\&quot;&gt;&lt;span style=\\&quot;font-size: small;\\&quot;&gt;TRIPLO = R$ 428,00 + 5% ISS = R$ 449,40 (2 camas de casal) QUADRUPLO = R$ 498,00 + 5% ISS = R$ 522,90 (2 camas de casal)&lt;\\\/span&gt;&lt;\\\/span&gt;&lt;\\\/p&gt;&lt;p class=\\&quot;western\\&quot; align=\\&quot;left\\&quot;&gt;&lt;span style=\\&quot;font-family: Calibri, serif;\\&quot;&gt;&lt;span style=\\&quot;font-size: small;\\&quot;&gt;&lt;u&gt;CATEGORIA LUXO (TORRE NOVA) \\u2013 DIARIA&lt;\\\/u&gt;&lt;\\\/span&gt;&lt;\\\/span&gt;&lt;\\\/p&gt;&lt;p class=\\&quot;western\\&quot; align=\\&quot;left\\&quot;&gt;&lt;span style=\\&quot;font-family: Calibri, serif;\\&quot;&gt;&lt;span style=\\&quot;font-size: small;\\&quot;&gt;Aptos com 1 cama de casal&lt;\\\/span&gt;&lt;\\\/span&gt;&lt;\\\/p&gt;&lt;p class=\\&quot;western\\&quot; align=\\&quot;left\\&quot;&gt;&lt;span style=\\&quot;font-family: Calibri, serif;\\&quot;&gt;&lt;span style=\\&quot;font-size: small;\\&quot;&gt;SINGLE = R$ 338,00 + 5% ISS = R$ 354,90 DUPLO = R$ 398,00 + 5% ISS = R$ 417,90&lt;\\\/span&gt;&lt;\\\/span&gt;&lt;\\\/p&gt;&lt;p class=\\&quot;western\\&quot; align=\\&quot;left\\&quot;&gt;&lt;span style=\\&quot;font-family: Calibri, serif;\\&quot;&gt;&lt;span style=\\&quot;font-size: small;\\&quot;&gt;Di\\u00e1ria Inclui: Caf\\u00e9 da manh\\u00e3, estacionamento, internet, sauna seca e academia completa.&lt;\\\/span&gt;&lt;\\\/span&gt;&lt;\\\/p&gt;&lt;p class=\\&quot;western\\&quot; align=\\&quot;left\\&quot;&gt;&lt;span style=\\&quot;font-family: Calibri, serif;\\&quot;&gt;&lt;span style=\\&quot;font-size: small;\\&quot;&gt;CHECK - IN = A partir das 14h00. CHECK - OUT = At\\u00e9 as 12h00&lt;\\\/span&gt;&lt;\\\/span&gt;&lt;\\\/p&gt;&quot;,&quot;hotspot_label&quot;:&quot;&quot;,&quot;hotspot_link&quot;:{&quot;url&quot;:&quot;&quot;,&quot;is_external&quot;:&quot;&quot;,&quot;nofollow&quot;:&quot;&quot;,&quot;custom_attributes&quot;:&quot;&quot;},&quot;hotspot_icon&quot;:{&quot;value&quot;:&quot;&quot;,&quot;library&quot;:&quot;&quot;},&quot;hotspot_custom_size&quot;:&quot;no&quot;,&quot;hotspot_horizontal&quot;:&quot;left&quot;,&quot;hotspot_vertical&quot;:&quot;top&quot;,&quot;hotspot_tooltip_position&quot;:&quot;no&quot;,&quot;hotspot_position&quot;:null}],&quot;tooltip_trigger&quot;:&quot;mouseenter&quot;,&quot;hotspot_sequenced_animation&quot;:&quot;no&quot;,&quot;tooltip_position&quot;:&quot;top&quot;,&quot;tooltip_animation&quot;:&quot;e-hotspot--fade-in-out&quot;}\" data-widget_type=\"hotspot.default\">\n\t\t\t\t<div class=\"elementor-widget-container\">\n\t\t\t\t\t<img loading=\"lazy\" decoding=\"async\" width=\"225\" height=\"225\" src=\"https:\/\/adepolsc.org.br\/adepolsite\/wp-content\/uploads\/2025\/02\/019-LE-CANARD-HOTEIS.jpeg\" class=\"attachment-large size-large wp-image-1324\" alt=\"\" \/>\n\t\t\t\t\t\t<div class=\"e-hotspot elementor-repeater-item-59e9d96      e-hotspot--circle\">\n\n\t\t\t\t\t\t\t\t<div class=\"e-hotspot__button e-hotspot--expand\">\n\t\t\t\t\t\t\t\t\t\t\t<div class=\"e-hotspot__outer-circle\"><\/div>\n\t\t\t\t\t\t<div class=\"e-hotspot__inner-circle\"><\/div>\n\t\t\t\t\t\t\t\t\t<\/div>\n\n\t\t\t\t\t\t\t\t\t\t\t\t\t\t\t\t\t\t<div class=\"e-hotspot__tooltip  e-hotspot--tooltip-position e-hotspot--fade-in-out \" >\n\t\t\t\t\t\t<p lang=\"pt-PT\"><span style=\"font-size: small;\"><span style=\"font-family: Calibri, serif;\"><span style=\"font-size: large;\"><b>LE CANARD HOTEIS<\/b><\/span><\/span><\/span><\/p><p class=\"western\" align=\"left\"><span style=\"font-family: Calibri, serif;\"><span style=\"font-size: small;\"><u>CATEGORIA EXECUTIVA \u2013 DIARIA<\/u><\/span><\/span><\/p><p class=\"western\" align=\"left\"><span style=\"font-family: Calibri, serif;\"><span style=\"font-size: small;\">Aptos com 1 cama de casal ou com 2 camas de solteiro SINGLE = R$ 248,00 + 5% ISS = R$ 260,40<\/span><\/span><\/p><p class=\"western\" align=\"left\"><span style=\"font-family: Calibri, serif;\"><span style=\"font-size: small;\">DUPLO = R$ 298,00 + 5% ISS = R$ 312,90<\/span><\/span><\/p><p class=\"western\" align=\"left\"><span style=\"font-family: Calibri, serif;\"><span style=\"font-size: small;\"><u>CATEGORIA LUXO SUPERIOR \u2013 DIARIA<\/u><\/span><\/span><\/p><p class=\"western\" align=\"left\"><span style=\"font-family: Calibri, serif;\"><span style=\"font-size: small;\">Aptos com 1 ou 2 camas de casal<\/span><\/span><\/p><p class=\"western\" align=\"left\"><span style=\"font-family: Calibri, serif;\"><span style=\"font-size: small;\">SINGLE = R$ 318,00 + 5% ISS = R$ 333,90<\/span><\/span><\/p><p class=\"western\" align=\"left\"><span style=\"font-family: Calibri, serif;\"><span style=\"font-size: small;\">DUPLO = R$ 378,00 + 5% ISS = R$ 396,90<\/span><\/span><\/p><p class=\"western\" align=\"left\"><span style=\"font-family: Calibri, serif;\"><span style=\"font-size: small;\">TRIPLO = R$ 428,00 + 5% ISS = R$ 449,40 (2 camas de casal) QUADRUPLO = R$ 498,00 + 5% ISS = R$ 522,90 (2 camas de casal)<\/span><\/span><\/p><p class=\"western\" align=\"left\"><span style=\"font-family: Calibri, serif;\"><span style=\"font-size: small;\"><u>CATEGORIA LUXO (TORRE NOVA) \u2013 DIARIA<\/u><\/span><\/span><\/p><p class=\"western\" align=\"left\"><span style=\"font-family: Calibri, serif;\"><span style=\"font-size: small;\">Aptos com 1 cama de casal<\/span><\/span><\/p><p class=\"western\" align=\"left\"><span style=\"font-family: Calibri, serif;\"><span style=\"font-size: small;\">SINGLE = R$ 338,00 + 5% ISS = R$ 354,90 DUPLO = R$ 398,00 + 5% ISS = R$ 417,90<\/span><\/span><\/p><p class=\"western\" align=\"left\"><span style=\"font-family: Calibri, serif;\"><span style=\"font-size: small;\">Di\u00e1ria Inclui: Caf\u00e9 da manh\u00e3, estacionamento, internet, sauna seca e academia completa.<\/span><\/span><\/p><p class=\"western\" align=\"left\"><span style=\"font-family: Calibri, serif;\"><span style=\"font-size: small;\">CHECK - IN = A partir das 14h00. CHECK - OUT = At\u00e9 as 12h00<\/span><\/span><\/p>\t\t\t\t\t<\/div>\n\t\t\t\t\t\t\t\t\t\n\t\t\t<\/div>\n\n\t\n\t\t\t\t\t\t<\/div>\n\t\t\t\t<\/div>\n\t\t\t\t<\/div>\n\t\t<div class=\"elementor-element elementor-element-9d76350 e-con-full e-flex e-con e-child\" data-id=\"9d76350\" data-element_type=\"container\">\n\t\t\t\t<div class=\"elementor-element elementor-element-97d8fb7 elementor-widget elementor-widget-hotspot\" data-id=\"97d8fb7\" data-element_type=\"widget\" data-settings=\"{&quot;hotspot&quot;:[{&quot;_id&quot;:&quot;59e9d96&quot;,&quot;hotspot_tooltip_content&quot;:&quot;&lt;p lang=\\&quot;pt-PT\\&quot;&gt;&lt;span style=\\&quot;font-size: small;\\&quot;&gt;&lt;span style=\\&quot;font-size: large;\\&quot;&gt;&lt;b&gt;POUSADA CH\\u00c1CARA DO RIO JORD\\u00c3O &lt;\\\/b&gt;&lt;\\\/span&gt;&lt;\\\/span&gt;&lt;\\\/p&gt;&lt;p class=\\&quot;western\\&quot; align=\\&quot;left\\&quot;&gt;&lt;span style=\\&quot;font-family: Calibri, serif;\\&quot;&gt;&lt;span style=\\&quot;font-size: small;\\&quot;&gt;&lt;span style=\\&quot;font-size: medium;\\&quot;&gt;12% de desconto pelos servi\\u00e7os de Day Use, loca\\u00e7\\u00e3o de sal\\u00f5es, eventos e hospedagem para os associados. &lt;\\\/span&gt;&lt;\\\/span&gt;&lt;\\\/span&gt;&lt;\\\/p&gt;&quot;,&quot;hotspot_label&quot;:&quot;&quot;,&quot;hotspot_link&quot;:{&quot;url&quot;:&quot;&quot;,&quot;is_external&quot;:&quot;&quot;,&quot;nofollow&quot;:&quot;&quot;,&quot;custom_attributes&quot;:&quot;&quot;},&quot;hotspot_icon&quot;:{&quot;value&quot;:&quot;&quot;,&quot;library&quot;:&quot;&quot;},&quot;hotspot_custom_size&quot;:&quot;no&quot;,&quot;hotspot_horizontal&quot;:&quot;left&quot;,&quot;hotspot_vertical&quot;:&quot;top&quot;,&quot;hotspot_tooltip_position&quot;:&quot;no&quot;,&quot;hotspot_position&quot;:null}],&quot;tooltip_trigger&quot;:&quot;mouseenter&quot;,&quot;hotspot_sequenced_animation&quot;:&quot;no&quot;,&quot;tooltip_position&quot;:&quot;top&quot;,&quot;tooltip_animation&quot;:&quot;e-hotspot--fade-in-out&quot;}\" data-widget_type=\"hotspot.default\">\n\t\t\t\t<div class=\"elementor-widget-container\">\n\t\t\t\t\t<img loading=\"lazy\" decoding=\"async\" width=\"219\" height=\"230\" src=\"https:\/\/adepolsc.org.br\/adepolsite\/wp-content\/uploads\/2025\/02\/021-POUSADA-CHA\u2560uCARA-DO-RIO-JORDA\u2560aO.jpeg\" class=\"attachment-large size-large wp-image-1326\" alt=\"\" \/>\n\t\t\t\t\t\t<div class=\"e-hotspot elementor-repeater-item-59e9d96      e-hotspot--circle\">\n\n\t\t\t\t\t\t\t\t<div class=\"e-hotspot__button e-hotspot--expand\">\n\t\t\t\t\t\t\t\t\t\t\t<div class=\"e-hotspot__outer-circle\"><\/div>\n\t\t\t\t\t\t<div class=\"e-hotspot__inner-circle\"><\/div>\n\t\t\t\t\t\t\t\t\t<\/div>\n\n\t\t\t\t\t\t\t\t\t\t\t\t\t\t\t\t\t\t<div class=\"e-hotspot__tooltip  e-hotspot--tooltip-position e-hotspot--fade-in-out \" >\n\t\t\t\t\t\t<p lang=\"pt-PT\"><span style=\"font-size: small;\"><span style=\"font-size: large;\"><b>POUSADA CH\u00c1CARA DO RIO JORD\u00c3O <\/b><\/span><\/span><\/p><p class=\"western\" align=\"left\"><span style=\"font-family: Calibri, serif;\"><span style=\"font-size: small;\"><span style=\"font-size: medium;\">12% de desconto pelos servi\u00e7os de Day Use, loca\u00e7\u00e3o de sal\u00f5es, eventos e hospedagem para os associados. <\/span><\/span><\/span><\/p>\t\t\t\t\t<\/div>\n\t\t\t\t\t\t\t\t\t\n\t\t\t<\/div>\n\n\t\n\t\t\t\t\t\t<\/div>\n\t\t\t\t<\/div>\n\t\t\t\t<\/div>\n\t\t\t\t<\/div>\n\t\t\t\t\t<\/div>\n\t\t\t\t<\/div>\n\t\t<div id=\"e-n-tab-content-58941248\" role=\"tabpanel\" aria-labelledby=\"e-n-tab-title-58941248\" data-tab-index=\"8\" style=\"--n-tabs-title-order: 8;\" class=\" elementor-element elementor-element-96294ae e-flex e-con-boxed e-con e-child\" data-id=\"96294ae\" data-element_type=\"container\">\n\t\t\t\t\t<div class=\"e-con-inner\">\n\t\t<div class=\"elementor-element elementor-element-12b9653 e-con-full e-flex e-con e-child\" data-id=\"12b9653\" data-element_type=\"container\">\n\t\t<div class=\"elementor-element elementor-element-8d66571 e-con-full e-flex e-con e-child\" data-id=\"8d66571\" data-element_type=\"container\">\n\t\t\t\t<div class=\"elementor-element elementor-element-9de59f9 elementor-widget elementor-widget-hotspot\" data-id=\"9de59f9\" data-element_type=\"widget\" data-settings=\"{&quot;hotspot&quot;:[{&quot;_id&quot;:&quot;59e9d96&quot;,&quot;hotspot_tooltip_content&quot;:&quot;&lt;p class=\\&quot;western\\&quot; align=\\&quot;left\\&quot;&gt;&lt;span style=\\&quot;font-family: Calibri, serif;\\&quot;&gt;&lt;span style=\\&quot;font-size: small;\\&quot;&gt;&lt;span style=\\&quot;font-size: large;\\&quot;&gt;&lt;b&gt;FECOM\\u00c9RCIO\\\/ SESC\\\/ SENAC &lt;br \\\/&gt;&lt;\\\/b&gt;&lt;\\\/span&gt;&lt;\\\/span&gt;&lt;\\\/span&gt;&lt;\\\/p&gt;&lt;p class=\\&quot;western\\&quot; align=\\&quot;left\\&quot;&gt;&lt;span style=\\&quot;font-family: Calibri, serif;\\&quot;&gt;&lt;span style=\\&quot;font-size: small;\\&quot;&gt;O Cart\\u00e3o Empres\\u00e1rio da Fecom\\u00e9rcio proporciona acesso uma variedade de servi\\u00e7os do Sesc e Senac com &lt;br \\\/&gt;descontos atrativos aos associados e seus dependentes. Para ativar seu beneficio \\u00e9 preciso entrar em contato com &lt;br \\\/&gt;o Administrativo da Associa\\u00e7\\u00e3o para adquirir sua carteirinha. &lt;\\\/span&gt;&lt;\\\/span&gt;&lt;\\\/p&gt;&lt;p class=\\&quot;western\\&quot; align=\\&quot;left\\&quot;&gt;&lt;span style=\\&quot;font-family: Calibri, serif;\\&quot;&gt;&lt;span style=\\&quot;font-size: small;\\&quot;&gt;Servi\\u00e7os: &lt;span style=\\&quot;color: #0563c1;\\&quot;&gt;&lt;u&gt;&lt;a href=\\&quot;http:\\\/\\\/www.sesc-sc.com.br\\\/servicos\\\/\\&quot;&gt;www.sesc-sc.com.br\\\/servicos\\\/&lt;\\\/a&gt;&lt;\\\/u&gt;&lt;\\\/span&gt;&lt;\\\/span&gt;&lt;\\\/span&gt;&lt;\\\/p&gt;&quot;,&quot;hotspot_label&quot;:&quot;&quot;,&quot;hotspot_link&quot;:{&quot;url&quot;:&quot;&quot;,&quot;is_external&quot;:&quot;&quot;,&quot;nofollow&quot;:&quot;&quot;,&quot;custom_attributes&quot;:&quot;&quot;},&quot;hotspot_icon&quot;:{&quot;value&quot;:&quot;&quot;,&quot;library&quot;:&quot;&quot;},&quot;hotspot_custom_size&quot;:&quot;no&quot;,&quot;hotspot_horizontal&quot;:&quot;left&quot;,&quot;hotspot_vertical&quot;:&quot;top&quot;,&quot;hotspot_tooltip_position&quot;:&quot;no&quot;,&quot;hotspot_position&quot;:null}],&quot;tooltip_trigger&quot;:&quot;mouseenter&quot;,&quot;hotspot_sequenced_animation&quot;:&quot;no&quot;,&quot;tooltip_position&quot;:&quot;top&quot;,&quot;tooltip_animation&quot;:&quot;e-hotspot--fade-in-out&quot;}\" data-widget_type=\"hotspot.default\">\n\t\t\t\t<div class=\"elementor-widget-container\">\n\t\t\t\t\t<img loading=\"lazy\" decoding=\"async\" width=\"800\" height=\"340\" src=\"https:\/\/adepolsc.org.br\/adepolsite\/wp-content\/uploads\/2025\/02\/015-FECOME\u2560uRCIO.png\" class=\"attachment-large size-large wp-image-1320\" alt=\"\" \/>\n\t\t\t\t\t\t<div class=\"e-hotspot elementor-repeater-item-59e9d96      e-hotspot--circle\">\n\n\t\t\t\t\t\t\t\t<div class=\"e-hotspot__button e-hotspot--expand\">\n\t\t\t\t\t\t\t\t\t\t\t<div class=\"e-hotspot__outer-circle\"><\/div>\n\t\t\t\t\t\t<div class=\"e-hotspot__inner-circle\"><\/div>\n\t\t\t\t\t\t\t\t\t<\/div>\n\n\t\t\t\t\t\t\t\t\t\t\t\t\t\t\t\t\t\t<div class=\"e-hotspot__tooltip  e-hotspot--tooltip-position e-hotspot--fade-in-out \" >\n\t\t\t\t\t\t<p class=\"western\" align=\"left\"><span style=\"font-family: Calibri, serif;\"><span style=\"font-size: small;\"><span style=\"font-size: large;\"><b>FECOM\u00c9RCIO\/ SESC\/ SENAC <br \/><\/b><\/span><\/span><\/span><\/p><p class=\"western\" align=\"left\"><span style=\"font-family: Calibri, serif;\"><span style=\"font-size: small;\">O Cart\u00e3o Empres\u00e1rio da Fecom\u00e9rcio proporciona acesso uma variedade de servi\u00e7os do Sesc e Senac com <br \/>descontos atrativos aos associados e seus dependentes. Para ativar seu beneficio \u00e9 preciso entrar em contato com <br \/>o Administrativo da Associa\u00e7\u00e3o para adquirir sua carteirinha. <\/span><\/span><\/p><p class=\"western\" align=\"left\"><span style=\"font-family: Calibri, serif;\"><span style=\"font-size: small;\">Servi\u00e7os: <span style=\"color: #0563c1;\"><u><a href=\"http:\/\/www.sesc-sc.com.br\/servicos\/\">www.sesc-sc.com.br\/servicos\/<\/a><\/u><\/span><\/span><\/span><\/p>\t\t\t\t\t<\/div>\n\t\t\t\t\t\t\t\t\t\n\t\t\t<\/div>\n\n\t\n\t\t\t\t\t\t<\/div>\n\t\t\t\t<\/div>\n\t\t\t\t<\/div>\n\t\t\t\t<\/div>\n\t\t\t\t\t<\/div>\n\t\t\t\t<\/div>\n\t\t\t\t\t<\/div>\n\t\t<\/div>\n\t\t\t\t\t\t<\/div>\n\t\t\t\t<\/div>\n\t\t\t\t\t<\/div>\n\t\t\t\t<\/div>\n\t\t\t\t<\/div>\n\t\t","protected":false},"excerpt":{"rendered":"<p>Conv\u00eanios Todos Educa\u00e7\u00e3o Sa\u00fade Cremat\u00f3rio Finan\u00e7as Seguros Hot\u00e9is Lazer FACULDADE CESUSC Concess\u00e3o de 15% de desconto no valor das mensalidades, nos cursos presenciais e gradua\u00e7\u00e3o e 25% de desconto nos cursos de P\u00f3s- Gradua\u00e7\u00e3o para os colaboradores\/associadosda Adepol-SC e seus dependentes. CREMAT\u00d3RIO VATICANO Plano d\u00e1 direito ao processo de crema\u00e7\u00e3o, urna de cinzas, cerimonial de [&hellip;]<\/p>\n","protected":false},"author":1,"featured_media":0,"parent":0,"menu_order":0,"comment_status":"closed","ping_status":"closed","template":"","meta":{"footnotes":""},"class_list":["post-283","page","type-page","status-publish","hentry"],"_links":{"self":[{"href":"https:\/\/adepolsc.org.br\/adepolsite\/wp-json\/wp\/v2\/pages\/283","targetHints":{"allow":["GET"]}}],"collection":[{"href":"https:\/\/adepolsc.org.br\/adepolsite\/wp-json\/wp\/v2\/pages"}],"about":[{"href":"https:\/\/adepolsc.org.br\/adepolsite\/wp-json\/wp\/v2\/types\/page"}],"author":[{"embeddable":true,"href":"https:\/\/adepolsc.org.br\/adepolsite\/wp-json\/wp\/v2\/users\/1"}],"replies":[{"embeddable":true,"href":"https:\/\/adepolsc.org.br\/adepolsite\/wp-json\/wp\/v2\/comments?post=283"}],"version-history":[{"count":70,"href":"https:\/\/adepolsc.org.br\/adepolsite\/wp-json\/wp\/v2\/pages\/283\/revisions"}],"predecessor-version":[{"id":1393,"href":"https:\/\/adepolsc.org.br\/adepolsite\/wp-json\/wp\/v2\/pages\/283\/revisions\/1393"}],"wp:attachment":[{"href":"https:\/\/adepolsc.org.br\/adepolsite\/wp-json\/wp\/v2\/media?parent=283"}],"curies":[{"name":"wp","href":"https:\/\/api.w.org\/{rel}","templated":true}]}}