{"id":494,"date":"2024-12-07T19:07:40","date_gmt":"2024-12-07T19:07:40","guid":{"rendered":"https:\/\/adepolsc.org.br\/adepolsite\/?page_id=494"},"modified":"2024-12-08T16:46:02","modified_gmt":"2024-12-08T16:46:02","slug":"livros-2","status":"publish","type":"page","link":"https:\/\/adepolsc.org.br\/adepolsite\/livros-2\/","title":{"rendered":"Livros"},"content":{"rendered":"\t\t<div data-elementor-type=\"wp-page\" data-elementor-id=\"494\" class=\"elementor elementor-494\" data-elementor-post-type=\"page\">\n\t\t\t\t<div class=\"elementor-element elementor-element-a60cc99 e-con-full e-flex e-con e-parent\" data-id=\"a60cc99\" data-element_type=\"container\">\n\t\t\t\t<div class=\"elementor-element elementor-element-63c29c9 elementor--h-position-left elementor--v-position-middle elementor-pagination-position-inside elementor-widget elementor-widget-slides\" data-id=\"63c29c9\" data-element_type=\"widget\" data-settings=\"{&quot;navigation&quot;:&quot;dots&quot;,&quot;autoplay&quot;:&quot;yes&quot;,&quot;pause_on_hover&quot;:&quot;yes&quot;,&quot;pause_on_interaction&quot;:&quot;yes&quot;,&quot;autoplay_speed&quot;:5000,&quot;infinite&quot;:&quot;yes&quot;,&quot;transition&quot;:&quot;slide&quot;,&quot;transition_speed&quot;:500}\" data-widget_type=\"slides.default\">\n\t\t\t\t<div class=\"elementor-widget-container\">\n\t\t\t\t\t\t\t<div class=\"elementor-swiper\">\n\t\t\t<div class=\"elementor-slides-wrapper elementor-main-swiper swiper\" dir=\"ltr\" data-animation=\"fadeInUp\">\n\t\t\t\t<div class=\"swiper-wrapper elementor-slides\">\n\t\t\t\t\t\t\t\t\t\t<div class=\"elementor-repeater-item-498a551 swiper-slide\"><div class=\"swiper-slide-bg\" role=\"img\"><\/div><div class=\"swiper-slide-inner\" ><div class=\"swiper-slide-contents\"><div class=\"elementor-slide-heading\">livros<\/div><\/div><\/div><\/div>\t\t\t\t<\/div>\n\t\t\t\t\t\t\t<\/div>\n\t\t<\/div>\n\t\t\t\t\t\t<\/div>\n\t\t\t\t<\/div>\n\t\t\t\t<\/div>\n\t\t<div class=\"elementor-element elementor-element-1611944 e-con-full e-flex e-con e-parent\" data-id=\"1611944\" data-element_type=\"container\" data-settings=\"{&quot;background_background&quot;:&quot;classic&quot;}\">\n\t\t<div class=\"elementor-element elementor-element-17d3f17 e-con-full e-flex e-con e-child\" data-id=\"17d3f17\" data-element_type=\"container\" id=\"noticias-sec-banner\">\n\t\t\t\t<\/div>\n\t\t\t\t<\/div>\n\t\t<div class=\"elementor-element elementor-element-f5f1c26 e-grid e-con-boxed e-con e-parent\" data-id=\"f5f1c26\" data-element_type=\"container\">\n\t\t\t\t\t<div class=\"e-con-inner\">\n\t\t<div class=\"elementor-element elementor-element-758ccd9 e-flex e-con-boxed e-con e-child\" data-id=\"758ccd9\" data-element_type=\"container\" data-settings=\"{&quot;background_background&quot;:&quot;classic&quot;}\">\n\t\t\t\t\t<div class=\"e-con-inner\">\n\t\t\t\t<div class=\"elementor-element elementor-element-851040a elementor-widget elementor-widget-image\" data-id=\"851040a\" data-element_type=\"widget\" data-widget_type=\"image.default\">\n\t\t\t\t<div class=\"elementor-widget-container\">\n\t\t\t\t\t\t\t\t\t\t\t\t\t\t\t<img fetchpriority=\"high\" decoding=\"async\" width=\"257\" height=\"396\" src=\"http:\/\/adepolsc.org.br\/adepolsite\/wp-content\/uploads\/2024\/12\/livro-01.png\" class=\"attachment-large size-large wp-image-496\" alt=\"\" srcset=\"http:\/\/adepolsc.org.br\/adepolsite\/wp-content\/uploads\/2024\/12\/livro-01.png 257w, http:\/\/adepolsc.org.br\/adepolsite\/wp-content\/uploads\/2024\/12\/livro-01-195x300.png 195w\" sizes=\"(max-width: 257px) 100vw, 257px\" \/>\t\t\t\t\t\t\t\t\t\t\t\t\t\t\t<\/div>\n\t\t\t\t<\/div>\n\t\t\t\t<div class=\"elementor-element elementor-element-5fb33c2 elementor-widget elementor-widget-heading\" data-id=\"5fb33c2\" data-element_type=\"widget\" data-widget_type=\"heading.default\">\n\t\t\t\t<div class=\"elementor-widget-container\">\n\t\t\t\t\t<h4 class=\"elementor-heading-title elementor-size-default\">Enfrentamento da Corrup\u00e7\u00e3o \ne Investiga\u00e7\u00e3o Criminal \nTecnol\u00f3gica Procedimentos, \nFontes Abertas, Estudo de Casos \ne Direito Anticorrup\u00e7\u00e3o.\nPor  Higor Vinicius Nogueira Jorge\n<br><br><br><\/h4>\t\t\t\t<\/div>\n\t\t\t\t<\/div>\n\t\t\t\t<div class=\"elementor-element elementor-element-8fc0cec elementor-align-right elementor-widget elementor-widget-button\" data-id=\"8fc0cec\" data-element_type=\"widget\" data-widget_type=\"button.default\">\n\t\t\t\t<div class=\"elementor-widget-container\">\n\t\t\t\t\t\t\t\t\t<div class=\"elementor-button-wrapper\">\n\t\t\t\t\t<a class=\"elementor-button elementor-button-link elementor-size-sm\" href=\"https:\/\/adepolsc.org.br\/adepolsite\/enfrentamento-da-corrupcao-e-investigacao-criminal-tecnologica-procedimentos\/\">\n\t\t\t\t\t\t<span class=\"elementor-button-content-wrapper\">\n\t\t\t\t\t\t\t\t\t<span class=\"elementor-button-text\">VEJA MAIS<\/span>\n\t\t\t\t\t<\/span>\n\t\t\t\t\t<\/a>\n\t\t\t\t<\/div>\n\t\t\t\t\t\t\t\t<\/div>\n\t\t\t\t<\/div>\n\t\t\t\t\t<\/div>\n\t\t\t\t<\/div>\n\t\t<div class=\"elementor-element elementor-element-9b7edbb e-flex e-con-boxed e-con e-child\" data-id=\"9b7edbb\" data-element_type=\"container\" data-settings=\"{&quot;background_background&quot;:&quot;classic&quot;}\">\n\t\t\t\t\t<div class=\"e-con-inner\">\n\t\t\t\t<div class=\"elementor-element elementor-element-23a3c4d elementor-widget elementor-widget-image\" data-id=\"23a3c4d\" data-element_type=\"widget\" data-widget_type=\"image.default\">\n\t\t\t\t<div class=\"elementor-widget-container\">\n\t\t\t\t\t\t\t\t\t\t\t\t\t\t\t<img decoding=\"async\" width=\"257\" height=\"396\" src=\"http:\/\/adepolsc.org.br\/adepolsite\/wp-content\/uploads\/2024\/12\/LIVRO-02-1.png\" class=\"attachment-large size-large wp-image-502\" alt=\"\" srcset=\"http:\/\/adepolsc.org.br\/adepolsite\/wp-content\/uploads\/2024\/12\/LIVRO-02-1.png 257w, http:\/\/adepolsc.org.br\/adepolsite\/wp-content\/uploads\/2024\/12\/LIVRO-02-1-195x300.png 195w\" sizes=\"(max-width: 257px) 100vw, 257px\" \/>\t\t\t\t\t\t\t\t\t\t\t\t\t\t\t<\/div>\n\t\t\t\t<\/div>\n\t\t\t\t<div class=\"elementor-element elementor-element-b497d17 elementor-widget elementor-widget-heading\" data-id=\"b497d17\" data-element_type=\"widget\" data-widget_type=\"heading.default\">\n\t\t\t\t<div class=\"elementor-widget-container\">\n\t\t\t\t\t<h4 class=\"elementor-heading-title elementor-size-default\">A \u201cPermeabilidade do Processo Penal\u201d \u00e9 o livro do destacado Delegado de Pol\u00edcia e Professor de Direito Penal da ACADEPOL-SC David Queiroz, decorrente da sua disserta\u00e7\u00e3o de Mestrado na Pontif\u00edcia Universidade Cat\u00f3lica<\/h4>\t\t\t\t<\/div>\n\t\t\t\t<\/div>\n\t\t\t\t<div class=\"elementor-element elementor-element-291bb32 elementor-align-right elementor-widget elementor-widget-button\" data-id=\"291bb32\" data-element_type=\"widget\" data-widget_type=\"button.default\">\n\t\t\t\t<div class=\"elementor-widget-container\">\n\t\t\t\t\t\t\t\t\t<div class=\"elementor-button-wrapper\">\n\t\t\t\t\t<a class=\"elementor-button elementor-button-link elementor-size-sm\" href=\"https:\/\/adepolsc.org.br\/adepolsite\/a-permeabilidade-do-processo-penal\/\">\n\t\t\t\t\t\t<span class=\"elementor-button-content-wrapper\">\n\t\t\t\t\t\t\t\t\t<span class=\"elementor-button-text\">VEJA MAIS<\/span>\n\t\t\t\t\t<\/span>\n\t\t\t\t\t<\/a>\n\t\t\t\t<\/div>\n\t\t\t\t\t\t\t\t<\/div>\n\t\t\t\t<\/div>\n\t\t\t\t\t<\/div>\n\t\t\t\t<\/div>\n\t\t<div class=\"elementor-element elementor-element-213fbc8 e-flex e-con-boxed e-con e-child\" data-id=\"213fbc8\" data-element_type=\"container\" data-settings=\"{&quot;background_background&quot;:&quot;classic&quot;}\">\n\t\t\t\t\t<div class=\"e-con-inner\">\n\t\t\t\t<div class=\"elementor-element elementor-element-3a37b70 elementor-widget elementor-widget-image\" data-id=\"3a37b70\" data-element_type=\"widget\" data-widget_type=\"image.default\">\n\t\t\t\t<div class=\"elementor-widget-container\">\n\t\t\t\t\t\t\t\t\t\t\t\t\t\t\t<img decoding=\"async\" width=\"257\" height=\"396\" src=\"http:\/\/adepolsc.org.br\/adepolsite\/wp-content\/uploads\/2024\/12\/LIVRO-03.png\" class=\"attachment-large size-large wp-image-503\" alt=\"\" srcset=\"http:\/\/adepolsc.org.br\/adepolsite\/wp-content\/uploads\/2024\/12\/LIVRO-03.png 257w, http:\/\/adepolsc.org.br\/adepolsite\/wp-content\/uploads\/2024\/12\/LIVRO-03-195x300.png 195w\" sizes=\"(max-width: 257px) 100vw, 257px\" \/>\t\t\t\t\t\t\t\t\t\t\t\t\t\t\t<\/div>\n\t\t\t\t<\/div>\n\t\t\t\t<div class=\"elementor-element elementor-element-591ec2d elementor-widget elementor-widget-heading\" data-id=\"591ec2d\" data-element_type=\"widget\" data-widget_type=\"heading.default\">\n\t\t\t\t<div class=\"elementor-widget-container\">\n\t\t\t\t\t<h4 class=\"elementor-heading-title elementor-size-default\">A obra se destina aos Profissionais do Direito que tenham contato com armas de fogo, bem como aos atiradores desportivos e apaixonados pelo tema. S\u00e3o tratados temas como hist\u00f3rico das armas de fogo\n<br><br>\n<\/h4>\t\t\t\t<\/div>\n\t\t\t\t<\/div>\n\t\t\t\t<div class=\"elementor-element elementor-element-c66290c elementor-align-right elementor-widget elementor-widget-button\" data-id=\"c66290c\" data-element_type=\"widget\" data-widget_type=\"button.default\">\n\t\t\t\t<div class=\"elementor-widget-container\">\n\t\t\t\t\t\t\t\t\t<div class=\"elementor-button-wrapper\">\n\t\t\t\t\t<a class=\"elementor-button elementor-button-link elementor-size-sm\" href=\"https:\/\/adepolsc.org.br\/adepolsite\/balistica-para-profissionais-do-direito\/\">\n\t\t\t\t\t\t<span class=\"elementor-button-content-wrapper\">\n\t\t\t\t\t\t\t\t\t<span class=\"elementor-button-text\">VEJA MAIS<\/span>\n\t\t\t\t\t<\/span>\n\t\t\t\t\t<\/a>\n\t\t\t\t<\/div>\n\t\t\t\t\t\t\t\t<\/div>\n\t\t\t\t<\/div>\n\t\t\t\t\t<\/div>\n\t\t\t\t<\/div>\n\t\t\t\t\t<\/div>\n\t\t\t\t<\/div>\n\t\t<div class=\"elementor-element elementor-element-79d3e88 e-grid e-con-boxed e-con e-parent\" data-id=\"79d3e88\" data-element_type=\"container\">\n\t\t\t\t\t<div class=\"e-con-inner\">\n\t\t<div class=\"elementor-element elementor-element-8d2f171 e-flex e-con-boxed e-con e-child\" data-id=\"8d2f171\" data-element_type=\"container\" data-settings=\"{&quot;background_background&quot;:&quot;classic&quot;}\">\n\t\t\t\t\t<div class=\"e-con-inner\">\n\t\t\t\t<div class=\"elementor-element elementor-element-ce5598c elementor-widget elementor-widget-image\" data-id=\"ce5598c\" data-element_type=\"widget\" data-widget_type=\"image.default\">\n\t\t\t\t<div class=\"elementor-widget-container\">\n\t\t\t\t\t\t\t\t\t\t\t\t\t\t\t<img loading=\"lazy\" decoding=\"async\" width=\"257\" height=\"396\" src=\"http:\/\/adepolsc.org.br\/adepolsite\/wp-content\/uploads\/2024\/12\/LIVRO-04.png\" class=\"attachment-large size-large wp-image-504\" alt=\"\" srcset=\"http:\/\/adepolsc.org.br\/adepolsite\/wp-content\/uploads\/2024\/12\/LIVRO-04.png 257w, http:\/\/adepolsc.org.br\/adepolsite\/wp-content\/uploads\/2024\/12\/LIVRO-04-195x300.png 195w\" sizes=\"(max-width: 257px) 100vw, 257px\" \/>\t\t\t\t\t\t\t\t\t\t\t\t\t\t\t<\/div>\n\t\t\t\t<\/div>\n\t\t\t\t<div class=\"elementor-element elementor-element-d299397 elementor-widget elementor-widget-heading\" data-id=\"d299397\" data-element_type=\"widget\" data-widget_type=\"heading.default\">\n\t\t\t\t<div class=\"elementor-widget-container\">\n\t\t\t\t\t<h4 class=\"elementor-heading-title elementor-size-default\">O livro, de autoria do nosso colega Delegado de Pol\u00edcia Civil e Doutorando em Direito Leonardo Marcondes Machado, foi elaborado considerando todas as modifica\u00e7\u00f5es introduzidas no ordenamento brasileiro pela Lei N. 13.964\/2019\n<br><br>\n<\/h4>\t\t\t\t<\/div>\n\t\t\t\t<\/div>\n\t\t\t\t<div class=\"elementor-element elementor-element-61de997 elementor-align-right elementor-widget elementor-widget-button\" data-id=\"61de997\" data-element_type=\"widget\" data-widget_type=\"button.default\">\n\t\t\t\t<div class=\"elementor-widget-container\">\n\t\t\t\t\t\t\t\t\t<div class=\"elementor-button-wrapper\">\n\t\t\t\t\t<a class=\"elementor-button elementor-button-link elementor-size-sm\" href=\"https:\/\/adepolsc.org.br\/adepolsite\/manual-de-inquerito-policial\/\">\n\t\t\t\t\t\t<span class=\"elementor-button-content-wrapper\">\n\t\t\t\t\t\t\t\t\t<span class=\"elementor-button-text\">VEJA MAIS<\/span>\n\t\t\t\t\t<\/span>\n\t\t\t\t\t<\/a>\n\t\t\t\t<\/div>\n\t\t\t\t\t\t\t\t<\/div>\n\t\t\t\t<\/div>\n\t\t\t\t\t<\/div>\n\t\t\t\t<\/div>\n\t\t<div class=\"elementor-element elementor-element-4ff8baf e-flex e-con-boxed e-con e-child\" data-id=\"4ff8baf\" data-element_type=\"container\" data-settings=\"{&quot;background_background&quot;:&quot;classic&quot;}\">\n\t\t\t\t\t<div class=\"e-con-inner\">\n\t\t\t\t<div class=\"elementor-element elementor-element-b0c4205 elementor-widget elementor-widget-image\" data-id=\"b0c4205\" data-element_type=\"widget\" data-widget_type=\"image.default\">\n\t\t\t\t<div class=\"elementor-widget-container\">\n\t\t\t\t\t\t\t\t\t\t\t\t\t\t\t<img loading=\"lazy\" decoding=\"async\" width=\"257\" height=\"396\" src=\"http:\/\/adepolsc.org.br\/adepolsite\/wp-content\/uploads\/2024\/12\/LIVRO-05.png\" class=\"attachment-large size-large wp-image-505\" alt=\"\" srcset=\"http:\/\/adepolsc.org.br\/adepolsite\/wp-content\/uploads\/2024\/12\/LIVRO-05.png 257w, http:\/\/adepolsc.org.br\/adepolsite\/wp-content\/uploads\/2024\/12\/LIVRO-05-195x300.png 195w\" sizes=\"(max-width: 257px) 100vw, 257px\" \/>\t\t\t\t\t\t\t\t\t\t\t\t\t\t\t<\/div>\n\t\t\t\t<\/div>\n\t\t\t\t<div class=\"elementor-element elementor-element-e5c4e77 elementor-widget elementor-widget-heading\" data-id=\"e5c4e77\" data-element_type=\"widget\" data-widget_type=\"heading.default\">\n\t\t\t\t<div class=\"elementor-widget-container\">\n\t\t\t\t\t<h4 class=\"elementor-heading-title elementor-size-default\">\u00c0 luz de tantos desafios p\u00fablicos e sociais em face da busca de uma sociedade fundada no direito \u00e0 seguran\u00e7a p\u00fablica, sob a tem\u00e1tica da figura do Agente Infiltrado, este livro n\u00e3o \u00e9 apenas um instrumento jur\u00eddico de reflex\u00e3o no intuito de sanar <\/h4>\t\t\t\t<\/div>\n\t\t\t\t<\/div>\n\t\t\t\t<div class=\"elementor-element elementor-element-01b62e9 elementor-align-right elementor-widget elementor-widget-button\" data-id=\"01b62e9\" data-element_type=\"widget\" data-widget_type=\"button.default\">\n\t\t\t\t<div class=\"elementor-widget-container\">\n\t\t\t\t\t\t\t\t\t<div class=\"elementor-button-wrapper\">\n\t\t\t\t\t<a class=\"elementor-button elementor-button-link elementor-size-sm\" href=\"https:\/\/adepolsc.org.br\/adepolsite\/o-agente-infiltrado-perspectivas-para-a-investigacao-criminal-na-contemporaneidadeadriano-krul-bini\/\">\n\t\t\t\t\t\t<span class=\"elementor-button-content-wrapper\">\n\t\t\t\t\t\t\t\t\t<span class=\"elementor-button-text\">VEJA MAIS<\/span>\n\t\t\t\t\t<\/span>\n\t\t\t\t\t<\/a>\n\t\t\t\t<\/div>\n\t\t\t\t\t\t\t\t<\/div>\n\t\t\t\t<\/div>\n\t\t\t\t\t<\/div>\n\t\t\t\t<\/div>\n\t\t<div class=\"elementor-element elementor-element-5d8a70c e-flex e-con-boxed e-con e-child\" data-id=\"5d8a70c\" data-element_type=\"container\" data-settings=\"{&quot;background_background&quot;:&quot;classic&quot;}\">\n\t\t\t\t\t<div class=\"e-con-inner\">\n\t\t\t\t<div class=\"elementor-element elementor-element-93d17d8 elementor-widget elementor-widget-image\" data-id=\"93d17d8\" data-element_type=\"widget\" data-widget_type=\"image.default\">\n\t\t\t\t<div class=\"elementor-widget-container\">\n\t\t\t\t\t\t\t\t\t\t\t\t\t\t\t<img loading=\"lazy\" decoding=\"async\" width=\"257\" height=\"396\" src=\"http:\/\/adepolsc.org.br\/adepolsite\/wp-content\/uploads\/2024\/12\/livro06.png\" class=\"attachment-large size-large wp-image-506\" alt=\"\" srcset=\"http:\/\/adepolsc.org.br\/adepolsite\/wp-content\/uploads\/2024\/12\/livro06.png 257w, http:\/\/adepolsc.org.br\/adepolsite\/wp-content\/uploads\/2024\/12\/livro06-195x300.png 195w\" sizes=\"(max-width: 257px) 100vw, 257px\" \/>\t\t\t\t\t\t\t\t\t\t\t\t\t\t\t<\/div>\n\t\t\t\t<\/div>\n\t\t\t\t<div class=\"elementor-element elementor-element-153407e elementor-widget elementor-widget-heading\" data-id=\"153407e\" data-element_type=\"widget\" data-widget_type=\"heading.default\">\n\t\t\t\t<div class=\"elementor-widget-container\">\n\t\t\t\t\t<h4 class=\"elementor-heading-title elementor-size-default\">Em ambicionada exalta\u00e7\u00e3o aos livros, muitas das vidas aqui personificadas experimentam dramas e compartilham emo\u00e7\u00f5es. O palco no qual sucedem essas cenas \u2013 o munic\u00edpio de S\u00e3o Miguel do Oeste, no extremo oeste catarinense<br><br>\n<\/h4>\t\t\t\t<\/div>\n\t\t\t\t<\/div>\n\t\t\t\t<div class=\"elementor-element elementor-element-bddebf2 elementor-align-right elementor-widget elementor-widget-button\" data-id=\"bddebf2\" data-element_type=\"widget\" data-widget_type=\"button.default\">\n\t\t\t\t<div class=\"elementor-widget-container\">\n\t\t\t\t\t\t\t\t\t<div class=\"elementor-button-wrapper\">\n\t\t\t\t\t<a class=\"elementor-button elementor-button-link elementor-size-sm\" href=\"https:\/\/adepolsc.org.br\/adepolsite\/nem-so-de-literatura-vive-o-homemalexandre-meyr\/\">\n\t\t\t\t\t\t<span class=\"elementor-button-content-wrapper\">\n\t\t\t\t\t\t\t\t\t<span class=\"elementor-button-text\">VEJA MAIS<\/span>\n\t\t\t\t\t<\/span>\n\t\t\t\t\t<\/a>\n\t\t\t\t<\/div>\n\t\t\t\t\t\t\t\t<\/div>\n\t\t\t\t<\/div>\n\t\t\t\t\t<\/div>\n\t\t\t\t<\/div>\n\t\t\t\t\t<\/div>\n\t\t\t\t<\/div>\n\t\t<div class=\"elementor-element elementor-element-6fa6d2a e-grid e-con-boxed e-con e-parent\" data-id=\"6fa6d2a\" data-element_type=\"container\">\n\t\t\t\t\t<div class=\"e-con-inner\">\n\t\t<div class=\"elementor-element elementor-element-c65ebc9 e-flex e-con-boxed e-con e-child\" data-id=\"c65ebc9\" data-element_type=\"container\" data-settings=\"{&quot;background_background&quot;:&quot;classic&quot;}\">\n\t\t\t\t\t<div class=\"e-con-inner\">\n\t\t\t\t<div class=\"elementor-element elementor-element-8913801 elementor-widget elementor-widget-image\" data-id=\"8913801\" data-element_type=\"widget\" data-widget_type=\"image.default\">\n\t\t\t\t<div class=\"elementor-widget-container\">\n\t\t\t\t\t\t\t\t\t\t\t\t\t\t\t<img loading=\"lazy\" decoding=\"async\" width=\"257\" height=\"396\" src=\"http:\/\/adepolsc.org.br\/adepolsite\/wp-content\/uploads\/2024\/12\/livro8.png\" class=\"attachment-large size-large wp-image-507\" alt=\"\" srcset=\"http:\/\/adepolsc.org.br\/adepolsite\/wp-content\/uploads\/2024\/12\/livro8.png 257w, http:\/\/adepolsc.org.br\/adepolsite\/wp-content\/uploads\/2024\/12\/livro8-195x300.png 195w\" sizes=\"(max-width: 257px) 100vw, 257px\" \/>\t\t\t\t\t\t\t\t\t\t\t\t\t\t\t<\/div>\n\t\t\t\t<\/div>\n\t\t\t\t<div class=\"elementor-element elementor-element-8c37240 elementor-widget elementor-widget-heading\" data-id=\"8c37240\" data-element_type=\"widget\" data-widget_type=\"heading.default\">\n\t\t\t\t<div class=\"elementor-widget-container\">\n\t\t\t\t\t<h4 class=\"elementor-heading-title elementor-size-default\">Organizada pelas psic\u00f3logas policiais e docentes da Academia de Pol\u00edcia Civil de Santa Catarina (@acadepolpcsc) Aline Pozzolo Batista (DPCAMI de Brusque) e Danielle Cadan (DPCAMI de Itaja\u00ed)<\/h4>\t\t\t\t<\/div>\n\t\t\t\t<\/div>\n\t\t\t\t<div class=\"elementor-element elementor-element-09f101d elementor-align-right elementor-widget elementor-widget-button\" data-id=\"09f101d\" data-element_type=\"widget\" data-widget_type=\"button.default\">\n\t\t\t\t<div class=\"elementor-widget-container\">\n\t\t\t\t\t\t\t\t\t<div class=\"elementor-button-wrapper\">\n\t\t\t\t\t<a class=\"elementor-button elementor-button-link elementor-size-sm\" href=\"https:\/\/adepolsc.org.br\/adepolsite\/violencias-vulnerabilidades-e-psicologia-um-olhar-para-o-sistema-de-justicaorganizado-por-aline-pozzolo-batista-e-danielle-cadan\/\">\n\t\t\t\t\t\t<span class=\"elementor-button-content-wrapper\">\n\t\t\t\t\t\t\t\t\t<span class=\"elementor-button-text\">VEJA MAIS<\/span>\n\t\t\t\t\t<\/span>\n\t\t\t\t\t<\/a>\n\t\t\t\t<\/div>\n\t\t\t\t\t\t\t\t<\/div>\n\t\t\t\t<\/div>\n\t\t\t\t\t<\/div>\n\t\t\t\t<\/div>\n\t\t\t\t\t<\/div>\n\t\t\t\t<\/div>\n\t\t\t\t<\/div>\n\t\t","protected":false},"excerpt":{"rendered":"<p>livros Enfrentamento da Corrup\u00e7\u00e3o e Investiga\u00e7\u00e3o Criminal Tecnol\u00f3gica Procedimentos, Fontes Abertas, Estudo de Casos e Direito Anticorrup\u00e7\u00e3o. Por Higor Vinicius Nogueira Jorge VEJA MAIS A \u201cPermeabilidade do Processo Penal\u201d \u00e9 o livro do destacado Delegado de Pol\u00edcia e Professor de Direito Penal da ACADEPOL-SC David Queiroz, decorrente da sua disserta\u00e7\u00e3o de Mestrado na Pontif\u00edcia Universidade [&hellip;]<\/p>\n","protected":false},"author":1,"featured_media":0,"parent":0,"menu_order":0,"comment_status":"closed","ping_status":"closed","template":"","meta":{"footnotes":""},"class_list":["post-494","page","type-page","status-publish","hentry"],"_links":{"self":[{"href":"https:\/\/adepolsc.org.br\/adepolsite\/wp-json\/wp\/v2\/pages\/494","targetHints":{"allow":["GET"]}}],"collection":[{"href":"https:\/\/adepolsc.org.br\/adepolsite\/wp-json\/wp\/v2\/pages"}],"about":[{"href":"https:\/\/adepolsc.org.br\/adepolsite\/wp-json\/wp\/v2\/types\/page"}],"author":[{"embeddable":true,"href":"https:\/\/adepolsc.org.br\/adepolsite\/wp-json\/wp\/v2\/users\/1"}],"replies":[{"embeddable":true,"href":"https:\/\/adepolsc.org.br\/adepolsite\/wp-json\/wp\/v2\/comments?post=494"}],"version-history":[{"count":33,"href":"https:\/\/adepolsc.org.br\/adepolsite\/wp-json\/wp\/v2\/pages\/494\/revisions"}],"predecessor-version":[{"id":637,"href":"https:\/\/adepolsc.org.br\/adepolsite\/wp-json\/wp\/v2\/pages\/494\/revisions\/637"}],"wp:attachment":[{"href":"https:\/\/adepolsc.org.br\/adepolsite\/wp-json\/wp\/v2\/media?parent=494"}],"curies":[{"name":"wp","href":"https:\/\/api.w.org\/{rel}","templated":true}]}}